{"id":959,"date":"2016-03-06T17:51:09","date_gmt":"2016-03-06T17:51:09","guid":{"rendered":"\/?post_type=portfolio&#038;p=959"},"modified":"2025-12-23T21:10:47","modified_gmt":"2025-12-23T21:10:47","slug":"editatona-sobre-mujeres-fotografas-5m","status":"publish","type":"portfolio","link":"https:\/\/www.wikiesfera.org\/es\/portfolio-item\/editatona-sobre-mujeres-fotografas-5m\/","title":{"rendered":"Editatona sobre mujeres fot\u00f3grafas #5M"},"content":{"rendered":"\n<h1 id=\"gt-tematica\" class=\"wp-block-heading\"><strong>&gt; Tem\u00e1tica<\/strong><\/h1>\n\n\n\n<h1 id=\"\" class=\"wp-block-heading\"><strong><figure><img fetchpriority=\"high\" decoding=\"async\" class=\"alignright wp-image-2048\" src=\"\/wp-content\/uploads\/2016\/03\/we-can-edit-232x300.jpeg\" alt=\"\" width=\"300\" height=\"388\" srcset=\"https:\/\/www.wikiesfera.org\/wp-content\/uploads\/2016\/03\/we-can-edit-232x300.jpeg 232w, https:\/\/www.wikiesfera.org\/wp-content\/uploads\/2016\/03\/we-can-edit-116x150.jpeg 116w, https:\/\/www.wikiesfera.org\/wp-content\/uploads\/2016\/03\/we-can-edit-400x518.jpeg 400w, https:\/\/www.wikiesfera.org\/wp-content\/uploads\/2016\/03\/we-can-edit.jpeg 500w\" sizes=\"(max-width: 300px) 100vw, 300px\" \/><\/figure><\/strong><\/h1>\n\n\n\n<p>El s\u00e1bado 5 de marzo de 2016, se desarroll\u00f3 una actividad en <strong>Medialab-Prado<\/strong> (<a href=\"https:\/\/twitter.com\/medialabprado\" target=\"_blank\" rel=\"noopener\">@medialabprado<\/a>) que llevaba por nombre <em><strong><a title=\"Editando juntas para visibilizarnos en Wikipedia #7M\" href=\"http:\/\/periodismociudadano.medialab-prado.es\/2016\/02\/24\/editatona-sobre-mujeres-fotografas-en-wikipedia-5m\/\" target=\"_blank\" rel=\"noopener\">\u00abEditatona sobre mujeres fot\u00f3grafas en Wikipedia #5M\u00bb<\/a><\/strong><\/em>. Contamos con la presencia de <strong>Nieves Lim\u00f3n<\/strong> (<a href=\"https:\/\/twitter.com\/nieves_limon\" target=\"_blank\" rel=\"noopener\">@nieves_limon<\/a>) del colectivo <a href=\"http:\/\/generoyfigura.com\/\" target=\"_blank\" rel=\"noopener\"><strong>G\u00e9nero y Figura<\/strong><\/a> (<a href=\"https:\/\/twitter.com\/generoyfigura\" target=\"_blank\" rel=\"noopener\">@generoyfigura<\/a>) que trata de visibilizar el trabajo y la vida de fot\u00f3grafas. <a href=\"https:\/\/en.goteo.org\/project\/genero-y-figura\/updates\/6242\" target=\"_blank\" rel=\"noopener\">Aqu\u00ed pod\u00e9is leer<\/a> el resumen que han hecho sobre la actividad. Tambi\u00e9n nos visit\u00f3&nbsp;<strong>Miguel \u00c1ngel Ram\u00edrez<\/strong> (<a href=\"https:\/\/twitter.com\/mangelrp\" target=\"_blank\" rel=\"noopener\">@mangelrp<\/a>), programador y wikipedista que vino de Sevilla para apoyar la actividad, hablando de los<strong> pilares en los que se basa Wikipedia<\/strong> y de la <strong>brecha de g\u00e9nero<\/strong> en este entorno.<\/p>\n\n\n\n<h1 id=\"gt-editatona-colaborativa\" class=\"wp-block-heading\"><strong>&gt; Editatona colaborativa<\/strong><\/h1>\n\n\n\n<p>Esta <em>editatona<\/em>, como ya lo denominan algunas <a title=\"\u00a1Primera Editatona!\" href=\"https:\/\/www.facebook.com\/events\/908517712522221\/\" target=\"_blank\" rel=\"noopener\">organizaciones feministas en M\u00e9xico<\/a>, o marat\u00f3n de edici\u00f3n sobre contenidos de mujeres en Wikipedia, ten\u00eda adem\u00e1s una parte experimental: en lugar de juntarnos muchas y que cada una editara algo distinto, planteamos la posibilidad de <strong>escribir los textos de forma colaborativa<\/strong> mediante la creaci\u00f3n de una serie de pads en los que se vuelca informaci\u00f3n y se elabora el texto antes de dar el paso de subirlo a Wikipedia.<\/p>\n\n\n\n<p>Desde que se puso en marcha el grupo de trabajo <strong><a href=\"http:\/\/medialab-prado.es\/article\/grupo-de-trabajo-de-wikiesfera\" target=\"_blank\" rel=\"noopener\">Wikiesfera<\/a><\/strong>, cuyo objetivo es <strong>romper con los miedos que sentimos al acercarnos a un entorno wiki y poner en valor las aportaciones individuales a la narraci\u00f3n colectiva de la Historia<\/strong>, hemos visto que lo dif\u00edcil de verdad no es aprender a usar la herramienta (que con el <a href=\"https:\/\/es.wikipedia.org\/wiki\/Wikipedia:Editor_Visual\" target=\"_blank\" rel=\"noopener\">editor visual<\/a> resulta cada vez m\u00e1s f\u00e1cil e intuitivo), sino crear el contenido. Muchas veces, <strong>la falta de referencias en medios de comunicaci\u00f3n sobre mujeres dificulta la labor de creaci\u00f3n de los art\u00edculos<\/strong>.<\/p>\n\n\n\n<p>Esta propuesta de editatona choca con los editatones tradicionales en los que se busca fundamentalmente la creaci\u00f3n de un gran n\u00famero de entradas en poco tiempo. <strong>Se prima la cantidad por encima de la calidad e incluso de la interacci\u00f3n entre los participantes.<\/strong> Y fomenta un cierto esp\u00edritu competitivo con el que desde Wikiesfera no comulgamos. Aunque el formato resulte \u00fatil, se pierde una valiosa oportunidad de <strong>crear redes de editores con mayor continuidad<\/strong> y de que<strong> la propia experiencia de la jornada sea m\u00e1s enriquecedora<\/strong>.<\/p>\n\n\n\n<hr class=\"wp-block-separator has-alpha-channel-opacity\"\/>\n\n\n\n<h1 id=\"gt-resultados\" class=\"wp-block-heading\"><strong>&gt; Resultados<\/strong><\/h1>\n\n\n\n<ul class=\"wp-block-list\">\n<li>N\u00famero de <strong><span style=\"text-decoration: underline;\">PARTICIPANTES<\/span>: 20<\/strong><\/li>\n\n\n\n<li>N\u00famero de <strong><span style=\"text-decoration: underline;\">ART\u00cdCULOS PUBLICADOS<\/span>: 20<\/strong><\/li>\n<\/ul>\n\n\n\n<h3 class=\"wp-block-heading\" id=\"gtgt-articulos-creados-3\"><strong>>> Art\u00edculos\u00a0<span style=\"text-decoration: underline;\">creados<\/span>:\u00a011<\/strong><\/h3>\n\n\n\n<ol class=\"wp-block-list\">\n<li><a href=\"https:\/\/es.wikipedia.org\/wiki\/Eulalia_de_Abaitua_y_Allende-Salazar\" target=\"_blank\" rel=\"noopener\">Eulalia de Abaitua Allende-Salazar<\/a> (1853-1943)<\/li>\n\n\n\n<li><a title=\"Hildegard Baum Rosenthal\" href=\"https:\/\/es.wikipedia.org\/wiki\/Hildegard_Baum_Rosenthal\" target=\"_blank\" rel=\"noopener\">Hildegard Baum Rosenthal<\/a> (1913-1990)<\/li>\n\n\n\n<li><a title=\"Cristina de Middel\" href=\"https:\/\/es.wikipedia.org\/wiki\/Cristina_N%C3%BA%C3%B1ez_Salmer%C3%B3n\" target=\"_blank\" rel=\"noopener\">Cristina N\u00fa\u00f1ez Salmer\u00f3n<\/a> (1962)<\/li>\n\n\n\n<li><a title=\"Ana Casas Broda\" href=\"https:\/\/es.wikipedia.org\/wiki\/Ana_Casas_Broda\" target=\"_blank\" rel=\"noopener\">Ana Casas Broda<\/a> (1965)<\/li>\n\n\n\n<li><a title=\"\" href=\"https:\/\/es.wikipedia.org\/wiki\/Sof%C3%ADa_Moro\" target=\"_blank\" rel=\"noopener\">Sof\u00eda Moro<\/a> (1966)<\/li>\n\n\n\n<li><a title=\"Laura Torrado\" href=\"https:\/\/es.wikipedia.org\/wiki\/Laura_Torrado\" target=\"_blank\" rel=\"noopener\">Laura Torrado<\/a> (1967)<\/li>\n\n\n\n<li><a title=\"Mara Le\u00f3n\" href=\"https:\/\/es.wikipedia.org\/wiki\/Mara_Le%C3%B3n\" target=\"_blank\" rel=\"noopener\">Mara Le\u00f3n<\/a> (1970)<\/li>\n\n\n\n<li><a title=\"Cristina Lucas\" href=\"https:\/\/es.wikipedia.org\/wiki\/Cristina_Lucas\" target=\"_blank\" rel=\"noopener\">Cristina Lucas<\/a> (1973)<\/li>\n\n\n\n<li><a href=\"https:\/\/es.wikipedia.org\/wiki\/Cristina_de_Middel\" target=\"_blank\" rel=\"noopener\">Cristina de Middel<\/a> (1975)<\/li>\n\n\n\n<li><a title=\"Martina Bacigalupo\" href=\"https:\/\/es.wikipedia.org\/wiki\/Martina_Bacigalupo\" target=\"_blank\" rel=\"noopener\">Martina Bacigalupo<\/a> (1978)<\/li>\n\n\n\n<li><a title=\"Lurdes R. Basol\u00ed\" href=\"https:\/\/es.wikipedia.org\/wiki\/Lurdes_R._Basol%C3%AD\" target=\"_blank\" rel=\"noopener\">Lurdes R. Basol\u00ed<\/a> (1981)<\/li>\n<\/ol>\n\n\n\n<h3 id=\"articulos%25c2%25a0traducidos-a-espanol%25c2%25a09\" class=\"wp-block-heading\"><strong>>> Art\u00edculos\u00a0<span style=\"text-decoration: underline;\">traducidos<\/span> a espa\u00f1ol:\u00a09<\/strong><\/h3>\n\n\n\n<ol class=\"wp-block-list\">\n<li><a href=\"https:\/\/es.wikipedia.org\/wiki\/Lady_Clementina_Hawarden\" target=\"_blank\" rel=\"noopener\">Lady Clementina Hawarden<\/a> (1822-1865)<\/li>\n\n\n\n<li><a href=\"https:\/\/es.wikipedia.org\/wiki\/Carrie_Mae_Weems\" target=\"_blank\" rel=\"noopener\">Carrie Mae Weems<\/a> (1953)<\/li>\n\n\n\n<li><a href=\"https:\/\/es.wikipedia.org\/wiki\/Adriana_Lestido\" target=\"_blank\" rel=\"noopener\">Adriana Lestido<\/a> (1955)<\/li>\n\n\n\n<li><a href=\"https:\/\/es.wikipedia.org\/wiki\/Cristina_Mart%C3%ADn_Lara\" target=\"_blank\" rel=\"noopener\">Cristina Mart\u00edn Lara<\/a> (1972)<\/li>\n\n\n\n<li><a href=\"https:\/\/es.wikipedia.org\/wiki\/Viviane_Sassen\" target=\"_blank\" rel=\"noopener\">Viviane Sassen<\/a> (1972)<\/li>\n\n\n\n<li><a href=\"https:\/\/es.wikipedia.org\/wiki\/Olivia_Arthur\" target=\"_blank\" rel=\"noopener\">Olivia Arthur<\/a> (1980)<\/li>\n\n\n\n<li><a href=\"https:\/\/es.wikipedia.org\/wiki\/Laia_Abril\" target=\"_blank\" rel=\"noopener\">Laia Abril<\/a> (1986)<\/li>\n\n\n\n<li><a href=\"https:\/\/es.wikipedia.org\/wiki\/Cristina_Otero\" target=\"_blank\" rel=\"noopener\">Cristina Otero<\/a> (1995)<\/li>\n\n\n\n<li><a href=\"https:\/\/es.wikipedia.org\/wiki\/Sara_Naomi_Leikowicz\" target=\"_blank\" rel=\"noopener\">Sara Naomi Leikowicz<\/a><\/li>\n<\/ol>\n\n\n\n<hr class=\"wp-block-separator has-alpha-channel-opacity\"\/>\n\n\n\n<h1 id=\"gt-en-los-medios\" class=\"wp-block-heading\"><strong>&gt; En los medios<\/strong><\/h1>\n\n\n\n<p>La propuesta, que se difundi\u00f3 en redes durante un par de semanas, consigui\u00f3 llamar la atenci\u00f3n y varias periodistas se interesaron por ella.<\/p>\n\n\n\n<h2 id=\"gtgt-prensa\" class=\"wp-block-heading\"><strong><span style=\"text-decoration: underline;\">&gt;&gt; Prensa<\/span><\/strong><\/h2>\n\n\n\n<ul class=\"wp-block-list\">\n<li><em><a href=\"http:\/\/ccaa.elpais.com\/ccaa\/2016\/03\/03\/madrid\/1457021468_579824.html\" target=\"_blank\" rel=\"noopener\">Cultura en femenino<\/a><\/em>, <strong>Sergio C. Fanjul<\/strong> en la secci\u00f3n de Madrid de <strong>El Pa\u00eds<\/strong> (<a href=\"https:\/\/twitter.com\/el_pais\" target=\"_blank\" rel=\"noopener\">@el_pais<\/a>).<\/li>\n\n\n\n<li><em><a href=\"http:\/\/www.elmundo.es\/madrid\/2016\/02\/26\/56cf322a46163f2b338b45a8.html\" target=\"_blank\" rel=\"noopener\">Medialab Prado, un espacio de premio donde hacen electro ganchillo y pr\u00f3tesis para ni\u00f1os amputados<\/a><\/em>, <strong>Ana Mar\u00eda Ortiz<\/strong> en la secci\u00f3n de Cultura de <strong>El Mundo<\/strong> (<a href=\"https:\/\/twitter.com\/elmundoes\" target=\"_blank\" rel=\"noopener\">@elmundoes<\/a>).<\/li>\n\n\n\n<li><em><a href=\"http:\/\/www.eldiario.es\/cultura\/politicas_culturales\/Europa-premia-cultura-colaborativa-MediaLab-Prado_0_492751461.html\" target=\"_blank\" rel=\"noopener\">Europa premia la cultura colaborativa de MediaLab-Prado<\/a><\/em>, <strong>Bel\u00e9n Remacha<\/strong> en la secci\u00f3n de Cultura de <strong>eldiario.es <\/strong>(<a href=\"https:\/\/twitter.com\/eldiarioes\" target=\"_blank\" rel=\"noopener\">@eldiarioes<\/a>).<\/li>\n<\/ul>\n\n\n\n<h2 id=\"gtgt-radio\" class=\"wp-block-heading\"><strong><span style=\"text-decoration: underline;\">&gt;&gt; Radio<\/span><\/strong><\/h2>\n\n\n\n<ul class=\"wp-block-list\">\n<li><em><a href=\"http:\/\/www.rtve.es\/alacarta\/audios\/hoy-empieza-todo-con-marta-echeverria\/hoy-empieza-todo-marta-echeverria-media-lab-prado-02-03-16\/3507259\/\" target=\"_blank\" rel=\"noopener\">Hoy empieza todo con Marta Echeverr\u00eda &#8211; Con Media-lab Prado &#8211; 02\/03\/16 02 mar 2016<\/a><\/em>, en el programa <strong>Hoy empieza todo<\/strong> (<a href=\"https:\/\/twitter.com\/HET2_Radio3\" target=\"_blank\" rel=\"noopener\">@HET2_Radio3<\/a>) de <strong>RNE3<\/strong> (<a href=\"https:\/\/twitter.com\/radio3_rne\" target=\"_blank\" rel=\"noopener\">@radio3_rne<\/a>).<\/li>\n<\/ul>\n\n\n\n<h2 id=\"gtgt-television\" class=\"wp-block-heading\"><strong><span style=\"text-decoration: underline;\">&gt;&gt; Televisi\u00f3n<\/span><\/strong><\/h2>\n\n\n\n<p>Adem\u00e1s de los art\u00edculos publicados en diversos medios digitales y de papel, <strong>Nieves Lim\u00f3n<\/strong> de <strong>G\u00e9nero y Figura<\/strong> y yo salimos en una pieza del <strong>informativo regional de TVE<\/strong>.<\/p>\n\n\n\n<p><iframe src=\"https:\/\/www.youtube.com\/embed\/h4jDKb1CjwE?si=FLCrD38mJ48rYhmQ\" width=\"560\" height=\"315\" frameborder=\"0\" allowfullscreen=\"allowfullscreen\" data-mce-fragment=\"1\"><span data-mce-type=\"bookmark\" style=\"display: inline-block; width: 0px; overflow: hidden; line-height: 0;\" class=\"mce_SELRES_start\">\ufeff<\/span><span data-mce-type=\"bookmark\" style=\"display: inline-block; width: 0px; overflow: hidden; line-height: 0;\" class=\"mce_SELRES_start\">\ufeff<\/span><span data-mce-type=\"bookmark\" style=\"display: inline-block; width: 0px; overflow: hidden; line-height: 0;\" class=\"mce_SELRES_start\">\ufeff<\/span><\/iframe><\/p>\n\n\n\n<hr class=\"wp-block-separator has-alpha-channel-opacity\"\/>\n\n\n\n<h1 id=\"gt-agradecimientos\" class=\"wp-block-heading\"><strong>&gt; Agradecimientos<\/strong><\/h1>\n\n\n\n<p>El \u00e9xito de este encuentro ha sido enorme. <strong>Llegamos a juntarnos 50 personas<\/strong> editando art\u00edculos nuevos y haciendo traducciones de art\u00edculos existentes en otras Wikipedias. De las personas que vinieron, muchas se han sumado al grupo de trabajo de Wikiesfera por lo que creceremos un poco m\u00e1s en nuestros encuentros semanales. <strong>Gracias a todas por venir, aprender, compartir y pasarlo bien juntas. Repetiremos =)<\/strong><\/p>\n\n\n\n<p>Adem\u00e1s, al mediod\u00eda contamos con un <strong>catering a cargo del \u00e1rea de igualdad<\/strong> del Ayuntamiento de Madrid que ayud\u00f3 mucho a que los \u00e1nimos no decayeran y la mayor\u00eda se quedara tambi\u00e9n durante la tarde. Tambi\u00e9n hicimos un <strong>sorteo de libros sobre feminismo y fot\u00f3grafas<\/strong> entre las participantes de la editatona gracias a las donaciones del \u00c1rea de Igualdad, de Oxfam Interm\u00f3n, del colectivo G\u00e9nero y Figura, y del grupo de usuarias Wikimujeres.<\/p>\n\n\n\n<p>Por todo ello, quiero agradecer a las personas que han empujado para que esta actividad saliera adelante, que no habr\u00eda sido posible sin<strong> la colaboraci\u00f3n<\/strong> de <a href=\"http:\/\/generoyfigura.com\/\" target=\"_blank\" rel=\"noopener\"><strong>G\u00e9nero y Figura<\/strong><\/a> (<a href=\"https:\/\/twitter.com\/generoyfigura\" target=\"_blank\" rel=\"noopener\">@generoyfigura<\/a>), el grupo de usuarias <a href=\"https:\/\/meta.wikimedia.org\/wiki\/Wikimujeres\" target=\"_blank\" rel=\"noopener\"><strong>Wikimujeres<\/strong><\/a> (<a href=\"https:\/\/twitter.com\/Wikimujeres_ES\" target=\"_blank\" rel=\"noopener\">@Wikimujeres_ES<\/a>), el grupo de trabajo <a href=\"https:\/\/cuartopropioenwikipedia.wordpress.com\/\" target=\"_blank\" rel=\"noopener\"><strong>Cuarto Propio en Wikipedia<\/strong><\/a> (<a href=\"https:\/\/twitter.com\/cuartopropiowik\" target=\"_blank\" rel=\"noopener\">@cuartopropiowik<\/a>), <a href=\"http:\/\/www.wikimedia.es\/wiki\/Portada\" target=\"_blank\" rel=\"noopener\"><strong>Wikimedia Espa\u00f1a<\/strong><\/a> (<a href=\"https:\/\/twitter.com\/wikimedia_es\" target=\"_blank\" rel=\"noopener\">@wikimedia_es<\/a>) y la <a href=\"https:\/\/wikimediafoundation.org\/wiki\/Home\" target=\"_blank\" rel=\"noopener\"><strong>Fundaci\u00f3n Wikimedia<\/strong><\/a> (<a href=\"https:\/\/twitter.com\/Wikimedia\" target=\"_blank\" rel=\"noopener\">@Wikimedia<\/a>), <strong>y al apoyo<\/strong> de la <a href=\"http:\/\/www.madrid.es\/portales\/munimadrid\/es\/Inicio\/igualdad?vgnextoid=6e1d9ad016e07010VgnVCM100000dc0ca8c0RCRD\" target=\"_blank\" rel=\"noopener\"><strong>Direcci\u00f3n General de Igualdad entre Mujeres y Hombres<\/strong><\/a> del Ayuntamiento de Madrid (<a href=\"https:\/\/twitter.com\/DG_Igualdad\" target=\"_blank\" rel=\"noopener\">@DG_Igualdad<\/a>) y de <a href=\"https:\/\/www.oxfam.org\/es\" target=\"_blank\" rel=\"noopener\"><strong>Oxfam Interm\u00f3n<\/strong><\/a> (<a href=\"https:\/\/twitter.com\/OxfamIntermon\" target=\"_blank\" rel=\"noopener\">@OxfamIntermon<\/a>).<\/p>\n\n\n\n<hr class=\"wp-block-separator has-alpha-channel-opacity\"\/>\n\n\n\n<h1 id=\"colaboran\" class=\"wp-block-heading\"><strong>> Colaboran<\/strong><\/h1>\n\n\n\n<div class=\"wp-block-columns are-vertically-aligned-top is-layout-flex wp-container-core-columns-is-layout-9d6595d7 wp-block-columns-is-layout-flex\">\n<div class=\"wp-block-column is-vertically-aligned-top is-layout-flow wp-block-column-is-layout-flow\"><div class=\"wp-block-image\">\n<figure class=\"alignleft size-large\"><img decoding=\"async\" width=\"1024\" height=\"273\" src=\"https:\/\/www.wikiesfera.org\/wp-content\/uploads\/2018\/04\/logo-MLP-2018_transparente-1024x273.png\" alt=\"\" class=\"wp-image-1033\" srcset=\"https:\/\/www.wikiesfera.org\/wp-content\/uploads\/2018\/04\/logo-MLP-2018_transparente-1024x273.png 1024w, https:\/\/www.wikiesfera.org\/wp-content\/uploads\/2018\/04\/logo-MLP-2018_transparente-300x80.png 300w, https:\/\/www.wikiesfera.org\/wp-content\/uploads\/2018\/04\/logo-MLP-2018_transparente-768x205.png 768w, https:\/\/www.wikiesfera.org\/wp-content\/uploads\/2018\/04\/logo-MLP-2018_transparente-150x40.png 150w, https:\/\/www.wikiesfera.org\/wp-content\/uploads\/2018\/04\/logo-MLP-2018_transparente-400x107.png 400w\" sizes=\"(max-width: 1024px) 100vw, 1024px\" \/><\/figure><\/div><\/div>\n\n\n\n<div class=\"wp-block-column is-vertically-aligned-top is-layout-flow wp-block-column-is-layout-flow\"><div class=\"wp-block-image\">\n<figure class=\"alignleft size-full\"><img decoding=\"async\" width=\"250\" height=\"75\" src=\"https:\/\/www.wikiesfera.org\/wp-content\/uploads\/2022\/05\/logo_oxfam_hz.png\" alt=\"\" class=\"wp-image-3088\" srcset=\"https:\/\/www.wikiesfera.org\/wp-content\/uploads\/2022\/05\/logo_oxfam_hz.png 250w, https:\/\/www.wikiesfera.org\/wp-content\/uploads\/2022\/05\/logo_oxfam_hz-150x45.png 150w\" sizes=\"(max-width: 250px) 100vw, 250px\" \/><\/figure><\/div><\/div>\n\n\n\n<div class=\"wp-block-column is-vertically-aligned-top is-layout-flow wp-block-column-is-layout-flow\"><\/div>\n\n\n\n<div class=\"wp-block-column is-vertically-aligned-top is-layout-flow wp-block-column-is-layout-flow\"><\/div>\n<\/div>\n\n\n\n<p><\/p>\n","protected":false},"excerpt":{"rendered":"<p>&gt; Tem\u00e1tica El s\u00e1bado 5 de marzo de 2016, se desarroll\u00f3 una actividad en Medialab-Prado (@medialabprado) que llevaba por nombre \u00abEditatona sobre mujeres fot\u00f3grafas en Wikipedia #5M\u00bb. Contamos con la presencia de Nieves Lim\u00f3n (@nieves_limon) del colectivo G\u00e9nero y Figura (@generoyfigura) que trata de visibilizar el trabajo y la vida de fot\u00f3grafas. Aqu\u00ed pod\u00e9is leer [&hellip;]<\/p>\n","protected":false},"author":1,"featured_media":4182,"comment_status":"closed","ping_status":"closed","template":"","format":"gallery","meta":{"_coblocks_attr":"","_coblocks_dimensions":"","_coblocks_responsive_height":"","_coblocks_accordion_ie_support":"","footnotes":""},"class_list":["post-959","portfolio","type-portfolio","status-publish","format-gallery","has-post-thumbnail","hentry","portfolio_category-160","portfolio_category-editatonas","portfolio_category-glam","portfolio_category-medialab","portfolio-entry","span_1_of_4 col clr"],"_links":{"self":[{"href":"https:\/\/www.wikiesfera.org\/es\/wp-json\/wp\/v2\/portfolio\/959","targetHints":{"allow":["GET"]}}],"collection":[{"href":"https:\/\/www.wikiesfera.org\/es\/wp-json\/wp\/v2\/portfolio"}],"about":[{"href":"https:\/\/www.wikiesfera.org\/es\/wp-json\/wp\/v2\/types\/portfolio"}],"author":[{"embeddable":true,"href":"https:\/\/www.wikiesfera.org\/es\/wp-json\/wp\/v2\/users\/1"}],"replies":[{"embeddable":true,"href":"https:\/\/www.wikiesfera.org\/es\/wp-json\/wp\/v2\/comments?post=959"}],"version-history":[{"count":15,"href":"https:\/\/www.wikiesfera.org\/es\/wp-json\/wp\/v2\/portfolio\/959\/revisions"}],"predecessor-version":[{"id":10618,"href":"https:\/\/www.wikiesfera.org\/es\/wp-json\/wp\/v2\/portfolio\/959\/revisions\/10618"}],"wp:featuredmedia":[{"embeddable":true,"href":"https:\/\/www.wikiesfera.org\/es\/wp-json\/wp\/v2\/media\/4182"}],"wp:attachment":[{"href":"https:\/\/www.wikiesfera.org\/es\/wp-json\/wp\/v2\/media?parent=959"}],"curies":[{"name":"wp","href":"https:\/\/api.w.org\/{rel}","templated":true}]}}