{"id":8092,"date":"2025-03-17T10:51:23","date_gmt":"2025-03-17T10:51:23","guid":{"rendered":"https:\/\/www.wikiesfera.org\/?post_type=portfolio&#038;p=8092"},"modified":"2026-03-26T22:27:41","modified_gmt":"2026-03-26T22:27:41","slug":"campana-de-mujeres-en-el-cine-2025","status":"publish","type":"portfolio","link":"https:\/\/www.wikiesfera.org\/es\/portfolio-item\/campana-de-mujeres-en-el-cine-2025\/","title":{"rendered":"Campa\u00f1a de mujeres en el cine 2025"},"content":{"rendered":"\n<h1 id=\"gt-tematica\" class=\"wp-block-heading\"><strong>&gt; Tem\u00e1tica<\/strong><\/h1>\n\n\n\n<div class=\"wp-block-columns is-layout-flex wp-container-core-columns-is-layout-9d6595d7 wp-block-columns-is-layout-flex\">\n<div class=\"wp-block-column is-layout-flow wp-block-column-is-layout-flow\" style=\"flex-basis:100%\">\n<p>Durante el mes de febrero de 2025, y coincidiendo con el momento del a\u00f1o en el que se suceden cert\u00e1menes cinematogr\u00e1ficos como los Globos de Oro, los Premios Feroz, los Premios Goya o los \u00d3scar de la Academia, desde Wikiesfera organizamos una <strong>campa\u00f1a as\u00edncrona para<\/strong> <strong>visibilizar en Wikipedia la trayectoria y contribuciones de las mujeres en las artes cinematogr\u00e1ficas<\/strong>, una industria que en la que siguen invilisibilizadas.<\/p>\n\n\n\n<p>En total, en la campa\u00f1a se publicaron <strong>110 art\u00edculos en 3 idiomas diferentes<\/strong> (espa\u00f1ol, asturiano y catal\u00e1n). Entre ellos, se encontraban decenas de biograf\u00edas de pioneras del cine, obras de o sobre mujeres, as\u00ed como cert\u00e1menes feministas.<\/p>\n<\/div>\n\n\n\n<div class=\"wp-block-column is-layout-flow wp-block-column-is-layout-flow\" style=\"flex-basis:30%\">\n<figure class=\"wp-block-image size-large\"><img fetchpriority=\"high\" decoding=\"async\" width=\"1024\" height=\"315\" src=\"https:\/\/www.wikiesfera.org\/wp-content\/uploads\/2025\/02\/CAMP-FEB25-Mujeres-cine-1024x315.png\" alt=\"Cabecera Campa\u00f1a mujeres en el cine 2025\" class=\"wp-image-8098\" srcset=\"https:\/\/www.wikiesfera.org\/wp-content\/uploads\/2025\/02\/CAMP-FEB25-Mujeres-cine-1024x315.png 1024w, https:\/\/www.wikiesfera.org\/wp-content\/uploads\/2025\/02\/CAMP-FEB25-Mujeres-cine-300x92.png 300w, https:\/\/www.wikiesfera.org\/wp-content\/uploads\/2025\/02\/CAMP-FEB25-Mujeres-cine-768x236.png 768w, https:\/\/www.wikiesfera.org\/wp-content\/uploads\/2025\/02\/CAMP-FEB25-Mujeres-cine-18x6.png 18w, https:\/\/www.wikiesfera.org\/wp-content\/uploads\/2025\/02\/CAMP-FEB25-Mujeres-cine-150x46.png 150w, https:\/\/www.wikiesfera.org\/wp-content\/uploads\/2025\/02\/CAMP-FEB25-Mujeres-cine-400x123.png 400w, https:\/\/www.wikiesfera.org\/wp-content\/uploads\/2025\/02\/CAMP-FEB25-Mujeres-cine.png 1300w\" sizes=\"(max-width: 1024px) 100vw, 1024px\" \/><\/figure>\n<\/div>\n<\/div>\n\n\n\n<hr class=\"wp-block-separator has-alpha-channel-opacity\"\/>\n\n\n\n<h1 id=\"gt-resultados\" class=\"wp-block-heading\"><strong>&gt; Resultados<\/strong><\/h1>\n\n\n\n<ul class=\"wp-block-list\">\n<li>N\u00famero de <span style=\"text-decoration: underline;\">PARTICIPANTES<\/span>: <strong>31<\/strong><\/li>\n\n\n\n<li>N\u00famero de <span style=\"text-decoration: underline;\">ART\u00cdCULOS<\/span> publicados: <strong>110<\/strong><\/li>\n\n\n\n<li>N\u00famero de ediciones en <span style=\"text-decoration: underline;\">FICHAS<\/span> de Wikidata: <strong>+ 800<\/strong><\/li>\n\n\n\n<li>N\u00famero <span style=\"text-decoration: underline;\">EDICIONES<\/span> en Wikipedia: <strong>+ 1.700<\/strong><\/li>\n<\/ul>\n\n\n\n<h2 id=\"articulos-publicados-en-wikipedia-en-espanol-95\" class=\"wp-block-heading\"><strong>>> Art\u00edculos publicados en Wikipedia en espa\u00f1ol:<\/strong> <strong>95<\/strong><\/h2>\n\n\n\n<div class=\"wp-block-columns is-not-stacked-on-mobile is-layout-flex wp-container-core-columns-is-layout-9d6595d7 wp-block-columns-is-layout-flex\">\n<div class=\"wp-block-column is-layout-flow wp-block-column-is-layout-flow\" style=\"flex-basis:100%\">\n<ul class=\"wp-block-list\">\n<li><a href=\"https:\/\/es.wikipedia.org\/wiki\/Beatrice_DeMille\">Beatrice DeMille<\/a> (1853-1923)<\/li>\n\n\n\n<li><a href=\"https:\/\/es.wikipedia.org\/wiki\/Harriet_Ford\">Harriet Ford <\/a>(1863-1949)<\/li>\n\n\n\n<li><a href=\"https:\/\/es.wikipedia.org\/wiki\/Pilar-Morin\">Pilar-Morin<\/a> (1865-1945)<\/li>\n\n\n\n<li><a href=\"https:\/\/es.wikipedia.org\/wiki\/Olga_Wohlbr%C3%BCck\">Olga Wohlbr\u00fcck <\/a>(1867-1933)<\/li>\n\n\n\n<li><a href=\"https:\/\/es.wikipedia.org\/wiki\/Maibelle_Heikes_Justice\">Maibelle Heikes Justice<\/a> (1871-1926)<\/li>\n\n\n\n<li><a href=\"https:\/\/es.wikipedia.org\/wiki\/Cissy_Fitzgerald\">Cissy Fitzgerald<\/a> (1873-1941)<\/li>\n\n\n\n<li><a href=\"https:\/\/es.wikipedia.org\/wiki\/Nina_Niovilla\">Nina Niovilla<\/a> (1874 &#8211; 1966)<\/li>\n\n\n\n<li><a href=\"https:\/\/es.wikipedia.org\/wiki\/Ethyle_Batley\">Ethyle Batley <\/a>(1876-1917)<\/li>\n\n\n\n<li><a href=\"https:\/\/es.wikipedia.org\/wiki\/Beulah_Marie_Dix\">Beulah Marie Dix<\/a> (1876-1970)<\/li>\n\n\n\n<li><a href=\"https:\/\/es.wikipedia.org\/wiki\/Thea_%C4%8Cervenkov%C3%A1\">Thea \u010cervenkov\u00e1<\/a> (1878-1961)<\/li>\n\n\n\n<li><a href=\"https:\/\/es.wikipedia.org\/wiki\/Helena_Smith_Dayton\">Helena Smith Dayton<\/a> (1883-1960)<\/li>\n\n\n\n<li><a href=\"https:\/\/es.wikipedia.org\/wiki\/Marta_Flantz\">Marta Flantz<\/a>\u200b (1885 \u2013 1938)<\/li>\n\n\n\n<li><a href=\"https:\/\/es.wikipedia.org\/wiki\/Emilie_Sannom\">Emilie Sannom<\/a> (1886-1931)<\/li>\n\n\n\n<li><a href=\"https:\/\/es.wikipedia.org\/wiki\/Clara_Beranger\">Clara Beranger<\/a> (1886-1956)<\/li>\n\n\n\n<li><a href=\"https:\/\/es.wikipedia.org\/wiki\/Mary_Murillo\">Mary Murillo <\/a>(1888-1944)<\/li>\n\n\n\n<li><a href=\"https:\/\/es.wikipedia.org\/wiki\/Alva_Lundin\">Alva Lundin<\/a> (1889-1972)<\/li>\n\n\n\n<li><a href=\"https:\/\/es.wikipedia.org\/wiki\/Carmen_Cartellieri\">Carmen Cartellieri <\/a>(1891-1953)<\/li>\n\n\n\n<li><a href=\"https:\/\/es.wikipedia.org\/wiki\/Olga_Rautenkranzov%C3%A1\">Olga Rautenkranzov\u00e1<\/a> (1891-siglo XX)<\/li>\n\n\n\n<li><a href=\"https:\/\/es.wikipedia.org\/wiki\/Marina_Torres\">Marina Torres<\/a> (1894-1967)<\/li>\n\n\n\n<li><a href=\"https:\/\/es.wikipedia.org\/wiki\/Viola_Lawrence\">Viola Lawrence<\/a> (1894-1973)<\/li>\n\n\n\n<li><a href=\"https:\/\/es.wikipedia.org\/wiki\/Marguerite_Viel\">Marguerite Viel <\/a>(1894-1976)<\/li>\n\n\n\n<li><a href=\"https:\/\/es.wikipedia.org\/wiki\/Betty_Burbridge\">Betty Burbridge<\/a> (1895-1987)<\/li>\n\n\n\n<li><a href=\"https:\/\/es.wikipedia.org\/wiki\/Bedia_Muvahhit\">Bedia Muvahhit <\/a>(1896-1994)<\/li>\n\n\n\n<li><a href=\"https:\/\/es.wikipedia.org\/wiki\/C._A._Lejeune\">C. A. Lejeune<\/a> (1897-1973)<\/li>\n\n\n\n<li><a href=\"https:\/\/es.wikipedia.org\/wiki\/Tressie_Souders\">Tressie Souders<\/a> (1897-1995)<\/li>\n\n\n\n<li><a href=\"https:\/\/es.wikipedia.org\/wiki\/Dorothy_Yost\">Dorothy Yost<\/a> (1899-1967)<\/li>\n\n\n\n<li><a href=\"https:\/\/es.wikipedia.org\/wiki\/Dorothy_Farnum\">Dorothy Farnum<\/a> (1900-1970)<\/li>\n\n\n\n<li><a href=\"https:\/\/es.wikipedia.org\/wiki\/Pu_Shunqing\">Pu Shunqing<\/a> (1902)<\/li>\n\n\n\n<li><a href=\"https:\/\/es.wikipedia.org\/wiki\/Mary_Ellen_Bute\">Mary Ellen Bute<\/a> (1906-1983)<\/li>\n\n\n\n<li><a href=\"https:\/\/es.wikipedia.org\/wiki\/Esther_Eng\">Esther Eng<\/a> (1914-1970) LGBT<\/li>\n\n\n\n<li>\u200b\u200b<a href=\"https:\/\/es.wikipedia.org\/wiki\/Pamela_Rose\">Pamela Rose<\/a> (1917-2023)<\/li>\n\n\n\n<li><a href=\"https:\/\/es.wikipedia.org\/wiki\/Teresa_Cunill%C3%A9\">Teresa Cunill\u00e9<\/a> (1924)<\/li>\n\n\n\n<li><a href=\"https:\/\/es.wikipedia.org\/wiki\/Phyllis_Dalton\">Phyllis Dalton<\/a> (1925-2025)<\/li>\n\n\n\n<li><a href=\"https:\/\/es.wikipedia.org\/wiki\/Sachiko_Hidari\">Sachiko Hidari<\/a> (1930-2001)<\/li>\n\n\n\n<li><a href=\"https:\/\/es.wikipedia.org\/wiki\/Monique_Pantel\">Monique Pantel <\/a>(1932-2021)<\/li>\n\n\n\n<li><a href=\"https:\/\/es.wikipedia.org\/wiki\/Zinaida_Mazheyka\">Zinaida Mazheyka<\/a> (1933-2014)&nbsp;<\/li>\n\n\n\n<li><a href=\"https:\/\/es.wikipedia.org\/wiki\/No%C3%A9mia_Delgado\">No\u00e9mia Delgado<\/a> (1933-2016)<\/li>\n\n\n\n<li><a href=\"https:\/\/es.wikipedia.org\/wiki\/Norma_Bah%C3%ADa_Pontes\">Norma Bah\u00eda Pontes<\/a> (1941-2010)<\/li>\n\n\n\n<li><a href=\"https:\/\/es.wikipedia.org\/wiki\/Paquita_N%C3%BA%C3%B1ez\">Paquita N\u00fa\u00f1ez <\/a>(1944-2019)<\/li>\n\n\n\n<li><a href=\"https:\/\/es.wikipedia.org\/wiki\/Margaret_Pomeranz\">Margaret Pomeranz<\/a> (1944)<\/li>\n<\/ul>\n<\/div>\n\n\n\n<div class=\"wp-block-column is-layout-flow wp-block-column-is-layout-flow\" style=\"flex-basis:100%\">\n<ul class=\"wp-block-list\">\n<li><a href=\"https:\/\/es.wikipedia.org\/wiki\/Rita_Moreira\">Rita Moreira<\/a> (1944)<\/li>\n\n\n\n<li><a href=\"https:\/\/es.wikipedia.org\/wiki\/Agn%C3%A8s_Godard\">Agn\u00e8s Godard<\/a> (1951)<\/li>\n\n\n\n<li><a href=\"https:\/\/es.wikipedia.org\/wiki\/Solange_Aumaitre\">Solange Aumaitre<\/a> (1951)<\/li>\n\n\n\n<li><a href=\"https:\/\/es.wikipedia.org\/wiki\/Gloria_Rolando\">Gloria Rolando<\/a> (1953)<\/li>\n\n\n\n<li><a href=\"https:\/\/es.wikipedia.org\/wiki\/Caroline_Champetier\">Caroline Champetier <\/a>(1954)<\/li>\n\n\n\n<li><a href=\"https:\/\/es.wikipedia.org\/wiki\/Ana_Luiza_Azevedo\">Ana Luiza Azevedo<\/a> (1959)<\/li>\n\n\n\n<li><a href=\"https:\/\/es.wikipedia.org\/wiki\/Tata_Amaral\">Tata Amaral<\/a> (1960)<\/li>\n\n\n\n<li><a href=\"https:\/\/es.wikipedia.org\/wiki\/Elvira_Dones\">Elvira Dones<\/a> (1960)<\/li>\n\n\n\n<li><a href=\"https:\/\/es.wikipedia.org\/wiki\/Jocelyn_Moorhouse\">Jocelyn Moorhouse<\/a> (1960)&nbsp;<\/li>\n\n\n\n<li><a href=\"https:\/\/es.wikipedia.org\/wiki\/Paula_Fairfield\">Paula Fairfield<\/a> (1961) LGBT<\/li>\n\n\n\n<li><a href=\"https:\/\/es.wikipedia.org\/wiki\/Margarida_Cardoso\">Margarida Cardoso<\/a> (1963)<\/li>\n\n\n\n<li><a href=\"https:\/\/es.wikipedia.org\/wiki\/Regina_Pessoa\">Regina Pessoa<\/a> (1969)<\/li>\n\n\n\n<li><a href=\"https:\/\/es.wikipedia.org\/wiki\/Catarina_Ruivo\">Catarina Ruivo<\/a> (1971)<\/li>\n\n\n\n<li><a href=\"https:\/\/es.wikipedia.org\/wiki\/Patricia_Sequeira\">Patricia Sequeira<\/a> (1973)<\/li>\n\n\n\n<li><a href=\"https:\/\/es.wikipedia.org\/wiki\/Mar%C3%ADa_Luisa_Guti%C3%A9rrez_(productora_de_cine)\">Mar\u00eda Luisa Guti\u00e9rrez<\/a> (1973) <\/li>\n\n\n\n<li><a href=\"https:\/\/es.wikipedia.org\/wiki\/Raquel_Freire\">Raquel Freire<\/a> (1973)<\/li>\n\n\n\n<li><a href=\"https:\/\/es.wikipedia.org\/w\/index.php?title=Ana%C3%AFs_Schaaff\">Ana\u00efs Schaaff <\/a>(1974)<\/li>\n\n\n\n<li><a href=\"https:\/\/es.wikipedia.org\/wiki\/Martha_Pessoa\">Martha Pessoa<\/a> (1974)<\/li>\n\n\n\n<li><a href=\"https:\/\/es.wikipedia.org\/wiki\/Pepa_San_Mart%C3%ADn\">Pepa San Martin<\/a> (1974)<\/li>\n\n\n\n<li><a href=\"https:\/\/es.wikipedia.org\/wiki\/Anna_Melikian\">Anna Melikian<\/a> (1976)<\/li>\n\n\n\n<li><a href=\"https:\/\/es.wikipedia.org\/wiki\/Akanksha_Damini_Joshi\">Akanksha Damini Joshi<\/a> (1976)<\/li>\n\n\n\n<li><a href=\"https:\/\/es.wikipedia.org\/wiki\/Kristina_Grozeva\">Kristina Grozeva <\/a>(1976)<\/li>\n\n\n\n<li><a href=\"https:\/\/es.wikipedia.org\/wiki\/Arantza_Santesteban\">Arantza Santesteban<\/a> (1979)<\/li>\n\n\n\n<li><a href=\"https:\/\/es.wikipedia.org\/wiki\/Julia_Bacha\">Julia Bacha <\/a>(1980)<\/li>\n\n\n\n<li><a href=\"https:\/\/es.wikipedia.org\/wiki\/Rachael_Tate\">Rachael Tate<\/a> (1982)<\/li>\n\n\n\n<li><a href=\"https:\/\/es.wikipedia.org\/wiki\/Vera_Egito\">Vera Egito <\/a>(1982)<\/li>\n\n\n\n<li><a href=\"https:\/\/es.wikipedia.org\/wiki\/Zhang_Mo\">Zhang Mo<\/a> (1983)<\/li>\n\n\n\n<li><a href=\"https:\/\/es.wikipedia.org\/wiki\/Ciomara_Morais\">Ciomara Morais<\/a> (1984)<\/li>\n\n\n\n<li><a href=\"https:\/\/es.wikipedia.org\/wiki\/Anita_Rocha_da_Silveira\">Anita Rocha da Silveira<\/a> (1985)<\/li>\n\n\n\n<li><a href=\"https:\/\/es.wikipedia.org\/wiki\/J%C3%A1de_Osiberu#Reconocimientos\">J\u00e1de Osiberu<\/a> (1985)<\/li>\n\n\n\n<li><a href=\"https:\/\/es.wikipedia.org\/wiki\/Natalia_Leite\">Natalia Leite<\/a> (1985)<\/li>\n\n\n\n<li><a href=\"https:\/\/es.wikipedia.org\/wiki\/Zaida_Carmona\">Zaida Carmona<\/a> (1986)&nbsp; <\/li>\n\n\n\n<li><a href=\"https:\/\/es.wikipedia.org\/wiki\/Mar%C3%ADa_Elorza\">Mar\u00eda Elorza<\/a> (1988)<\/li>\n\n\n\n<li><a href=\"https:\/\/es.wikipedia.org\/wiki\/Carlota_Guerrero\">Carlota Guerrero<\/a> (1989)<\/li>\n\n\n\n<li><a href=\"https:\/\/es.wikipedia.org\/wiki\/Marina_Amores\">Marina Amores<\/a> (1991)<\/li>\n\n\n\n<li><a href=\"https:\/\/es.wikipedia.org\/wiki\/Carla_Qu%C3%ADlez\">Carla Qu\u00edlez<\/a> (2008)<\/li>\n\n\n\n<li><a href=\"https:\/\/es.wikipedia.org\/wiki\/Carolina_Markowicz\">Carolina Markowicz<\/a><\/li>\n\n\n\n<li><a href=\"https:\/\/es.wikipedia.org\/wiki\/Gloria_Borders\">Gloria Borders<\/a><\/li>\n\n\n\n<li><a href=\"https:\/\/es.wikipedia.org\/wiki\/Nina_Hartstone\">Nina Hartstone&nbsp;<\/a><\/li>\n<\/ul>\n<\/div>\n<\/div>\n\n\n\n<p><strong>&gt;&gt;&gt; Obras<\/strong><\/p>\n\n\n\n<ul class=\"wp-block-list\">\n<li><a href=\"https:\/\/es.wikipedia.org\/wiki\/Les_Mis%C3%A8res_de_l%27aiguille\">Les Mis\u00e8res de l&#8217;aiguille<\/a> (1914)<\/li>\n\n\n\n<li><a href=\"https:\/\/es.wikipedia.org\/wiki\/Betty_to_the_Rescue\">Betty to the Rescue<\/a> (1917)<\/li>\n\n\n\n<li><a href=\"https:\/\/es.wikipedia.org\/wiki\/Castles_for_Two\">Castles for Two <\/a>(1917)<\/li>\n\n\n\n<li><a href=\"https:\/\/es.wikipedia.org\/wiki\/The_Jaguar%27s_Claws\">The Jaguar&#8217;s Claws<\/a> (1917)<\/li>\n\n\n\n<li><a href=\"https:\/\/es.wikipedia.org\/wiki\/Modesta_(cortometraje)\">Modesta (1956)<\/a><\/li>\n\n\n\n<li><a href=\"https:\/\/es.wikipedia.org\/wiki\/With_Babies_and_Banners:_Story_of_the_Women%27s_Emergency_Brigade\">With Babies and Banners: Story of the Women&#8217;s Emergency Brigade<\/a> (1979)<\/li>\n\n\n\n<li><a href=\"https:\/\/es.wikipedia.org\/wiki\/Eternamente_Pagu\">Eternamente Pagu<\/a> (1988)<\/li>\n\n\n\n<li><a href=\"https:\/\/es.wikipedia.org\/wiki\/El_d%C3%ADa_que_me_convert%C3%AD_en_mujer\">El d\u00eda que me convert\u00ed en mujer <\/a>(2000)<\/li>\n\n\n\n<li><a href=\"https:\/\/es.wikipedia.org\/wiki\/Lethal_Lesbian\">Lethal Lesbian<\/a> (2008)<\/li>\n\n\n\n<li><a href=\"https:\/\/es.wikipedia.org\/wiki\/Feminist:_Stories_from_Women%27s_Liberation\">Feminist: Stories from Women&#8217;s Liberation<\/a> (2013)<\/li>\n\n\n\n<li><a href=\"https:\/\/es.wikipedia.org\/wiki\/Mamma_%2B_Mamma\">Mamma + Mamma<\/a> (2018)<\/li>\n<\/ul>\n\n\n\n<p><strong>&gt;&gt;&gt; Festivales<\/strong><\/p>\n\n\n\n<ul class=\"wp-block-list\">\n<li><a href=\"https:\/\/es.wikipedia.org\/wiki\/Women_Make_Movies\">Women Make Movies<\/a> (1972)<\/li>\n\n\n\n<li><a href=\"https:\/\/es.wikipedia.org\/wiki\/Festival_de_Cine_L%C3%A9sbico_y_Feminista_de_Par%C3%ADs\">Festival de Cine L\u00e9sbico y Feminista de Par\u00eds<\/a> (1989)<\/li>\n\n\n\n<li><a href=\"https:\/\/es.wikipedia.org\/wiki\/St._John%27s_International_Women%27s_Film_Festival\">St. John&#8217;s International Women&#8217;s Film Festival<\/a> (1989)<\/li>\n\n\n\n<li><a href=\"https:\/\/es.wikipedia.org\/wiki\/Dublin_Feminist_Film_Festival\">Dublin Feminist Film Festival<\/a> (2014)<\/li>\n\n\n\n<li><a href=\"https:\/\/es.wikipedia.org\/wiki\/Festivales_Internacionales_de_Cine_de_Mujeres_de_Dortmund\/Colonia\">\u200b\u200bFestivales Internacionales de Cine de Mujeres de Dortmund\/Colonia<\/a><\/li>\n<\/ul>\n\n\n\n<h2 id=\"articulos-publicados-en-wikipedia-en-asturiano-14\" class=\"wp-block-heading\"><strong>>> Art\u00edculos publicados en Wikipedia en asturiano: 14<\/strong><\/h2>\n\n\n\n<ul class=\"wp-block-list\">\n<li><a href=\"https:\/\/ast.wikipedia.org\/wiki\/Germaine_Dulac\">Germaine Dulac<\/a> (1882-1942)<\/li>\n\n\n\n<li><a href=\"https:\/\/ast.wikipedia.org\/wiki\/Elena_Jordi\">Elena Jordi<\/a> (1882-1945)<\/li>\n\n\n\n<li><a href=\"https:\/\/ast.wikipedia.org\/wiki\/Marie-Anne_Colson-Malleville\">Marie-Anne Colson-Malleville<\/a> (1892-1971)<\/li>\n\n\n\n<li><a href=\"https:\/\/ast.wikipedia.org\/wiki\/Rosario_Pi\">Rosario Pi<\/a> (1899-1967)&nbsp;<\/li>\n\n\n\n<li><a href=\"https:\/\/ast.wikipedia.org\/wiki\/Helena_Cortesina\">Helena Cortesina<\/a> (1903-1984)<\/li>\n\n\n\n<li><a href=\"https:\/\/ast.wikipedia.org\/wiki\/Mar%C3%ADa_Forteza\">Mar\u00eda Forteza<\/a> (1913-1961)<\/li>\n\n\n\n<li><a href=\"https:\/\/ast.wikipedia.org\/wiki\/Mallorca_(pel%C3%ADcula)\">Mallorca<\/a> (c. 1933)&nbsp;<\/li>\n\n\n\n<li><a href=\"https:\/\/ast.wikipedia.org\/wiki\/Benedicta_S%C3%A1nchez\">Benedicta S\u00e1nchez<\/a> (1935)&nbsp;<\/li>\n\n\n\n<li><a href=\"https:\/\/ast.wikipedia.org\/wiki\/Paquita_N%C3%BA%C3%B1ez\">Paquita N\u00fa\u00f1ez<\/a> (1944-2019)&nbsp;<\/li>\n\n\n\n<li><a href=\"https:\/\/ast.wikipedia.org\/wiki\/Paca_Almenara\">Paca Almenara<\/a> \u2013<\/li>\n\n\n\n<li><a href=\"https:\/\/ast.wikipedia.org\/wiki\/Modesta\">Modesta<\/a> (1956)<\/li>\n\n\n\n<li><a href=\"https:\/\/ast.wikipedia.org\/wiki\/Zaida_Carmona\">Zaida Carmona<\/a> (1986)<\/li>\n\n\n\n<li><a href=\"https:\/\/ast.wikipedia.org\/wiki\/Carla_Qu%C3%ADlez\">Carla Qu\u00edlez<\/a> (2008)&nbsp;<\/li>\n\n\n\n<li><a href=\"https:\/\/ast.wikipedia.org\/wiki\/La_amiga_de_mi_amiga\">La amiga de mi amiga<\/a> (2022)<\/li>\n<\/ul>\n\n\n\n<h2 id=\"gtgt-articulos-publicados-en-wikipedia-en-catalan-1\" class=\"wp-block-heading\"><strong>&gt;&gt; Art\u00edculos publicados en Wikipedia en catal\u00e1n: 1<\/strong><\/h2>\n\n\n\n<ul class=\"wp-block-list\">\n<li><a href=\"https:\/\/ca.wikipedia.org\/wiki\/Clara_Beranger\">Clara Beranger<\/a> (1886-1956)<\/li>\n<\/ul>\n\n\n\n<hr class=\"wp-block-separator has-alpha-channel-opacity\"\/>\n\n\n\n<h1 id=\"gt-colabora\" class=\"wp-block-heading\"><strong>&gt; Colabora<\/strong><\/h1>\n\n\n\n<div class=\"wp-block-columns is-layout-flex wp-container-core-columns-is-layout-9d6595d7 wp-block-columns-is-layout-flex\">\n<div class=\"wp-block-column is-layout-flow wp-block-column-is-layout-flow\">\n<figure class=\"wp-block-image size-large\"><img decoding=\"async\" width=\"1024\" height=\"238\" src=\"https:\/\/www.wikiesfera.org\/wp-content\/uploads\/2018\/04\/Wikimedia_Foundation_logo_-_horizontal.svg_-1024x238.png\" alt=\"\" class=\"wp-image-1036\" srcset=\"https:\/\/www.wikiesfera.org\/wp-content\/uploads\/2018\/04\/Wikimedia_Foundation_logo_-_horizontal.svg_-1024x238.png 1024w, https:\/\/www.wikiesfera.org\/wp-content\/uploads\/2018\/04\/Wikimedia_Foundation_logo_-_horizontal.svg_-300x70.png 300w, https:\/\/www.wikiesfera.org\/wp-content\/uploads\/2018\/04\/Wikimedia_Foundation_logo_-_horizontal.svg_-768x179.png 768w, https:\/\/www.wikiesfera.org\/wp-content\/uploads\/2018\/04\/Wikimedia_Foundation_logo_-_horizontal.svg_-150x35.png 150w, https:\/\/www.wikiesfera.org\/wp-content\/uploads\/2018\/04\/Wikimedia_Foundation_logo_-_horizontal.svg_-400x93.png 400w, https:\/\/www.wikiesfera.org\/wp-content\/uploads\/2018\/04\/Wikimedia_Foundation_logo_-_horizontal.svg_.png 2000w\" sizes=\"(max-width: 1024px) 100vw, 1024px\" \/><\/figure>\n<\/div>\n\n\n\n<div class=\"wp-block-column is-layout-flow wp-block-column-is-layout-flow\"><\/div>\n\n\n\n<div class=\"wp-block-column is-layout-flow wp-block-column-is-layout-flow\"><\/div>\n\n\n\n<div class=\"wp-block-column is-layout-flow wp-block-column-is-layout-flow\"><\/div>\n<\/div>\n\n\n\n<p><\/p>\n","protected":false},"excerpt":{"rendered":"<p>&gt; Tem\u00e1tica Durante el mes de febrero de 2025, y coincidiendo con el momento del a\u00f1o en el que se suceden cert\u00e1menes cinematogr\u00e1ficos como los Globos de Oro, los Premios Feroz, los Premios Goya o los \u00d3scar de la Academia, desde Wikiesfera organizamos una campa\u00f1a as\u00edncrona para visibilizar en Wikipedia la trayectoria y contribuciones de [&hellip;]<\/p>\n","protected":false},"author":1,"featured_media":11668,"comment_status":"open","ping_status":"closed","template":"","format":"gallery","meta":{"_coblocks_attr":"","_coblocks_dimensions":"","_coblocks_responsive_height":"","_coblocks_accordion_ie_support":"","footnotes":""},"class_list":["post-8092","portfolio","type-portfolio","status-publish","format-gallery","has-post-thumbnail","hentry","portfolio_category-380","portfolio_category-campanas","portfolio_category-glam","portfolio_category-wikimedia-foundation","portfolio-entry","span_1_of_4 col clr"],"_links":{"self":[{"href":"https:\/\/www.wikiesfera.org\/es\/wp-json\/wp\/v2\/portfolio\/8092","targetHints":{"allow":["GET"]}}],"collection":[{"href":"https:\/\/www.wikiesfera.org\/es\/wp-json\/wp\/v2\/portfolio"}],"about":[{"href":"https:\/\/www.wikiesfera.org\/es\/wp-json\/wp\/v2\/types\/portfolio"}],"author":[{"embeddable":true,"href":"https:\/\/www.wikiesfera.org\/es\/wp-json\/wp\/v2\/users\/1"}],"replies":[{"embeddable":true,"href":"https:\/\/www.wikiesfera.org\/es\/wp-json\/wp\/v2\/comments?post=8092"}],"version-history":[{"count":4,"href":"https:\/\/www.wikiesfera.org\/es\/wp-json\/wp\/v2\/portfolio\/8092\/revisions"}],"predecessor-version":[{"id":8156,"href":"https:\/\/www.wikiesfera.org\/es\/wp-json\/wp\/v2\/portfolio\/8092\/revisions\/8156"}],"wp:featuredmedia":[{"embeddable":true,"href":"https:\/\/www.wikiesfera.org\/es\/wp-json\/wp\/v2\/media\/11668"}],"wp:attachment":[{"href":"https:\/\/www.wikiesfera.org\/es\/wp-json\/wp\/v2\/media?parent=8092"}],"curies":[{"name":"wp","href":"https:\/\/api.w.org\/{rel}","templated":true}]}}