{"id":7645,"date":"2025-02-10T11:19:00","date_gmt":"2025-02-10T11:19:00","guid":{"rendered":"https:\/\/www.wikiesfera.org\/?post_type=portfolio&#038;p=7645"},"modified":"2025-12-23T13:08:53","modified_gmt":"2025-12-23T13:08:53","slug":"editatona-de-mujeres-stem-2025","status":"publish","type":"portfolio","link":"https:\/\/www.wikiesfera.org\/es\/portfolio-item\/editatona-de-mujeres-stem-2025\/","title":{"rendered":"Editatona de mujeres STEM #8F 2025"},"content":{"rendered":"\n<h1 id=\"gt-tematica\" class=\"wp-block-heading\"><strong>&gt; Tem\u00e1tica<\/strong><\/h1>\n\n\n\n<div class=\"wp-block-columns is-layout-flex wp-container-core-columns-is-layout-9d6595d7 wp-block-columns-is-layout-flex\">\n<div class=\"wp-block-column is-layout-flow wp-block-column-is-layout-flow\" style=\"flex-basis:50%\">\n<p>Aprovechando el&nbsp;<strong><a href=\"https:\/\/es.wikipedia.org\/wiki\/D%C3%ADa_Internacional_de_la_Mujer_y_la_Ni%C3%B1a_en_la_Ciencia\">D\u00eda Internacional de la Mujer y la Ni\u00f1a en la Ciencia<\/a><\/strong>, que se celebra cada&nbsp;<strong>11 de febrero<\/strong>, el pasado s\u00e1bado 8 de febrero desde Wikiesfera y en coordinaci\u00f3n con <strong><a href=\"https:\/\/www.medialab-matadero.es\">Medialab Matadero<\/a><\/strong> (<a href=\"https:\/\/www.instagram.com\/medialabmatadero\/\">@medialabMM<\/a>) en Madrid dedicamos una jornada a visibilizar en Wikipedia a <strong>mujeres STEM<\/strong>&nbsp;mediante <strong>la creaci\u00f3n y la traducci\u00f3n de diferentes biograf\u00edas<\/strong>.<\/p>\n<\/div>\n\n\n\n<div class=\"wp-block-column is-layout-flow wp-block-column-is-layout-flow\" style=\"flex-basis:50%\">\n<figure class=\"wp-block-image size-full\"><img fetchpriority=\"high\" decoding=\"async\" width=\"934\" height=\"580\" src=\"https:\/\/www.wikiesfera.org\/wp-content\/uploads\/2025\/02\/Captura-de-Pantalla-2025-06-04-a-las-1.05.33.png\" alt=\"\" class=\"wp-image-9221\" srcset=\"https:\/\/www.wikiesfera.org\/wp-content\/uploads\/2025\/02\/Captura-de-Pantalla-2025-06-04-a-las-1.05.33.png 934w, https:\/\/www.wikiesfera.org\/wp-content\/uploads\/2025\/02\/Captura-de-Pantalla-2025-06-04-a-las-1.05.33-300x186.png 300w, https:\/\/www.wikiesfera.org\/wp-content\/uploads\/2025\/02\/Captura-de-Pantalla-2025-06-04-a-las-1.05.33-768x477.png 768w, https:\/\/www.wikiesfera.org\/wp-content\/uploads\/2025\/02\/Captura-de-Pantalla-2025-06-04-a-las-1.05.33-18x12.png 18w, https:\/\/www.wikiesfera.org\/wp-content\/uploads\/2025\/02\/Captura-de-Pantalla-2025-06-04-a-las-1.05.33-150x93.png 150w, https:\/\/www.wikiesfera.org\/wp-content\/uploads\/2025\/02\/Captura-de-Pantalla-2025-06-04-a-las-1.05.33-400x248.png 400w\" sizes=\"(max-width: 934px) 100vw, 934px\" \/><\/figure>\n<\/div>\n<\/div>\n\n\n\n<hr class=\"wp-block-separator has-alpha-channel-opacity\"\/>\n\n\n\n<h1 id=\"gt-experta\" class=\"wp-block-heading\"><strong>&gt; Experta<\/strong><\/h1>\n\n\n\n<div class=\"wp-block-columns is-layout-flex wp-container-core-columns-is-layout-9d6595d7 wp-block-columns-is-layout-flex\">\n<div class=\"wp-block-column is-layout-flow wp-block-column-is-layout-flow\" style=\"flex-basis:100%\">\n<p>Como en cada editatona, invitamos a una experta en la tem\u00e1tica que vamos a tratar. En esta ocasi\u00f3n, contamos con la presencia de la ingeniera inform\u00e1tica <strong><a href=\"https:\/\/es.wikipedia.org\/wiki\/Nerea_Luis\">Nerea Luis Mingueza<\/a><\/strong>&nbsp;(<a href=\"https:\/\/www.linkedin.com\/in\/nerealuis\/\">@nerealuis<\/a>) doctora en inteligencia artificial (IA) y cofundadora del festival T3chFest y conocida por su compromiso con la promoci\u00f3n de la diversidad y la inclusi\u00f3n en el sector tecnol\u00f3gico. Nerea nos habl\u00f3 de c\u00f3mo est\u00e1 evolucionando la IA generativa en estos \u00faltimos a\u00f1os y c\u00f3mo se est\u00e1n afrontando los problemas de sesgos en las herramientas que estamos usando.<\/p>\n\n\n\n<p>Adem\u00e1s, a las participantes de la editatona les regalamos el libro <em><a href=\"https:\/\/es.wikipedia.org\/wiki\/La_mujer_invisible_(libro)\">La mujer invisible. Descubre c\u00f3mo los datos configuran un mundo hecho por y para los hombres<\/a><\/em> de la autora feminista brit\u00e1nica <a href=\"https:\/\/es.wikipedia.org\/wiki\/Caroline_Criado_Perez\"><strong>Caroline Criado Perez<\/strong><\/a>, en el que describe los efectos adversos para las mujeres causados por el sesgo de g\u00e9nero en la recopilaci\u00f3n de macrodatos.<\/p>\n<\/div>\n\n\n\n<div class=\"wp-block-column is-vertically-aligned-top is-layout-flow wp-block-column-is-layout-flow\" style=\"flex-basis:30%\">\n<figure class=\"wp-block-image size-full\"><img decoding=\"async\" width=\"787\" height=\"787\" src=\"https:\/\/www.wikiesfera.org\/wp-content\/uploads\/2025\/01\/Nerea-Luis.jpeg\" alt=\"\" class=\"wp-image-6917\" style=\"aspect-ratio:1;object-fit:cover\" srcset=\"https:\/\/www.wikiesfera.org\/wp-content\/uploads\/2025\/01\/Nerea-Luis.jpeg 787w, https:\/\/www.wikiesfera.org\/wp-content\/uploads\/2025\/01\/Nerea-Luis-300x300.jpeg 300w, https:\/\/www.wikiesfera.org\/wp-content\/uploads\/2025\/01\/Nerea-Luis-150x150.jpeg 150w, https:\/\/www.wikiesfera.org\/wp-content\/uploads\/2025\/01\/Nerea-Luis-768x768.jpeg 768w, https:\/\/www.wikiesfera.org\/wp-content\/uploads\/2025\/01\/Nerea-Luis-400x400.jpeg 400w\" sizes=\"(max-width: 787px) 100vw, 787px\" \/><\/figure>\n<\/div>\n<\/div>\n\n\n\n<hr class=\"wp-block-separator has-alpha-channel-opacity\"\/>\n\n\n\n<h1 id=\"gt-resultados\" class=\"wp-block-heading\"><strong>&gt; Resultados<\/strong><\/h1>\n\n\n\n<ul class=\"wp-block-list\">\n<li>N\u00famero de <span style=\"text-decoration: underline;\"><strong>PARTICIPANTES<\/strong><\/span>: <strong>18<\/strong><\/li>\n\n\n\n<li>N\u00famero de art\u00edculos <span style=\"text-decoration: underline;\"><strong>PUBLICADOS<\/strong><\/span>: <strong>26<\/strong><\/li>\n<\/ul>\n\n\n\n<h3 id=\"gtgt-articulos-creados-10\" class=\"wp-block-heading\"><strong>&gt;&gt; Art\u00edculos <span style=\"text-decoration: underline;\">creados<\/span>: 10<\/strong><\/h3>\n\n\n\n<ol class=\"wp-block-list\">\n<li><a href=\"https:\/\/es.wikipedia.org\/wiki\/Ariadna_Font\">Ariadna Font Llitj\u00f3s<\/a> (1974)<\/li>\n\n\n\n<li><a href=\"https:\/\/es.wikipedia.org\/wiki\/Cristina_Vi%C3%A9itez\">Cristina Vi\u00e9itez Manrique<\/a> (1984)<\/li>\n\n\n\n<li><a href=\"https:\/\/es.wikipedia.org\/wiki\/Melissa_Garc%C3%ADa_Caballero\">Melissa Garc\u00eda Caballero<\/a> (1985)<\/li>\n\n\n\n<li><a href=\"https:\/\/es.wikipedia.org\/wiki\/Amaia_Arruabarrena-Aristorena\">Amaia Arruabarrena Aristorena<\/a> (1987)<\/li>\n\n\n\n<li><a href=\"https:\/\/es.wikipedia.org\/wiki\/Nuria_Galiana\">Nuria Galiana Ib\u00e1\u00f1ez<\/a> (1988)<\/li>\n\n\n\n<li><a href=\"https:\/\/es.wikipedia.org\/wiki\/Mar%C3%ADa_Grandury\">Mar\u00eda Grandury<\/a> (1998)<\/li>\n\n\n\n<li><a href=\"https:\/\/es.wikipedia.org\/wiki\/Irene_Abril\">Irene Abril Cabezas<\/a><\/li>\n\n\n\n<li><a href=\"https:\/\/es.wikipedia.org\/wiki\/Marta_Villegas\">Marta Villegas<\/a><\/li>\n\n\n\n<li><a href=\"https:\/\/es.wikipedia.org\/wiki\/Patricia_Horcajada\">Patricia Horcajada Cort\u00e9s<\/a><\/li>\n\n\n\n<li><a href=\"https:\/\/es.wikipedia.org\/wiki\/Rosa_D%C3%ADaz_Moles\">Rosa D\u00edaz Moles<\/a><\/li>\n<\/ol>\n\n\n\n<h3 id=\"gtgt-articulos-traducidos-a-espanol-16\" class=\"wp-block-heading\"><strong>&gt;&gt; Art\u00edculos <span style=\"text-decoration: underline;\">traducidos<\/span> a espa\u00f1ol: 16<\/strong><\/h3>\n\n\n\n<ol class=\"wp-block-list\">\n<li><a href=\"https:\/\/es.wikipedia.org\/wiki\/Sofia_Quintino\">Sofia da Concei\u00e7\u00e3o Quintino<\/a> (1879-1964)<\/li>\n\n\n\n<li><a href=\"https:\/\/es.wikipedia.org\/wiki\/Isabel_Gago\">Isabel Maria Mele\u00e7as Gago<\/a> (1913-2012)<\/li>\n\n\n\n<li><a href=\"https:\/\/es.wikipedia.org\/wiki\/Rose_Leke\">Rose Gana Fomban Leke<\/a> (1947)<\/li>\n\n\n\n<li><a href=\"https:\/\/es.wikipedia.org\/wiki\/Marisa_Fern%C3%A1ndez\">Marisa Fern\u00e1ndez Rodr\u00edguez<\/a> (1953)<\/li>\n\n\n\n<li><a href=\"https:\/\/es.wikipedia.org\/wiki\/Arantza_Urkaregi\">Arantza Urkaregi<\/a> (1954)<\/li>\n\n\n\n<li><a href=\"https:\/\/es.wikipedia.org\/wiki\/Ana_Ach%C3%BAcarro\">Ana Ach\u00facarro Jim\u00e9nez<\/a> (1962)<\/li>\n\n\n\n<li><a href=\"https:\/\/es.wikipedia.org\/wiki\/Rosa_M._Badia\">Rosa Mar\u00eda Badia Sala<\/a> (1966)<\/li>\n\n\n\n<li><a href=\"https:\/\/es.wikipedia.org\/wiki\/Peggoty_Mutai\">Peggoty Mutai<\/a> (1970)<\/li>\n\n\n\n<li><a href=\"https:\/\/es.wikipedia.org\/wiki\/Marta_Sales\">Marta Sales Pardo<\/a> (1976)<\/li>\n\n\n\n<li><a href=\"https:\/\/es.wikipedia.org\/wiki\/Maia_Garc%C3%ADa\">Maia Garc\u00eda Vergniory<\/a> (1978)<\/li>\n\n\n\n<li><a href=\"https:\/\/es.wikipedia.org\/wiki\/Meritxell_Huch\">Meritxell Huch Ortega<\/a> (1978)<\/li>\n\n\n\n<li><a href=\"https:\/\/es.wikipedia.org\/wiki\/Mar_Mezcua\">Mar Mezcua Pallerola<\/a> (1984)<\/li>\n\n\n\n<li><a href=\"https:\/\/es.wikipedia.org\/wiki\/Ver%C3%B3nica_Bol%C3%B3n\">Ver\u00f3nica Bol\u00f3n Canedo<\/a> (1984)<\/li>\n\n\n\n<li><a href=\"https:\/\/es.wikipedia.org\/wiki\/Juliet_Obanda_Makanga\">Juliet Obanda Makanga<\/a> (1985)<\/li>\n\n\n\n<li><a href=\"https:\/\/es.wikipedia.org\/wiki\/Noelia_Ferruz\">Noelia Ferruz Capapey<\/a> (1988)<\/li>\n\n\n\n<li><a href=\"https:\/\/es.wikipedia.org\/wiki\/Conference_on_Neural_Information_Processing_Systems\">Conference on Neural Information Processing Systems<\/a><\/li>\n<\/ol>\n\n\n\n<hr class=\"wp-block-separator has-alpha-channel-opacity\"\/>\n\n\n\n<h1 id=\"gt-colaboran\" class=\"wp-block-heading\"><strong>&gt; Colaboran<\/strong><\/h1>\n\n\n\n<div class=\"wp-block-columns are-vertically-aligned-top is-layout-flex wp-container-core-columns-is-layout-9d6595d7 wp-block-columns-is-layout-flex\">\n<div class=\"wp-block-column is-vertically-aligned-top is-layout-flow wp-block-column-is-layout-flow\"><div class=\"wp-block-image\">\n<figure class=\"alignleft size-full\"><img decoding=\"async\" width=\"250\" height=\"75\" src=\"https:\/\/www.wikiesfera.org\/wp-content\/uploads\/2023\/05\/logo_medialab-matadero.png\" alt=\"\" class=\"wp-image-4111\" srcset=\"https:\/\/www.wikiesfera.org\/wp-content\/uploads\/2023\/05\/logo_medialab-matadero.png 250w, https:\/\/www.wikiesfera.org\/wp-content\/uploads\/2023\/05\/logo_medialab-matadero-150x45.png 150w\" sizes=\"(max-width: 250px) 100vw, 250px\" \/><\/figure><\/div><\/div>\n\n\n\n<div class=\"wp-block-column is-vertically-aligned-top is-layout-flow wp-block-column-is-layout-flow\"><div class=\"wp-block-image\">\n<figure class=\"alignleft size-large\"><img loading=\"lazy\" decoding=\"async\" width=\"1024\" height=\"238\" src=\"https:\/\/www.wikiesfera.org\/wp-content\/uploads\/2018\/04\/Wikimedia_Foundation_logo_-_horizontal.svg_-1024x238.png\" alt=\"\" class=\"wp-image-1036\" srcset=\"https:\/\/www.wikiesfera.org\/wp-content\/uploads\/2018\/04\/Wikimedia_Foundation_logo_-_horizontal.svg_-1024x238.png 1024w, https:\/\/www.wikiesfera.org\/wp-content\/uploads\/2018\/04\/Wikimedia_Foundation_logo_-_horizontal.svg_-300x70.png 300w, https:\/\/www.wikiesfera.org\/wp-content\/uploads\/2018\/04\/Wikimedia_Foundation_logo_-_horizontal.svg_-768x179.png 768w, https:\/\/www.wikiesfera.org\/wp-content\/uploads\/2018\/04\/Wikimedia_Foundation_logo_-_horizontal.svg_-150x35.png 150w, https:\/\/www.wikiesfera.org\/wp-content\/uploads\/2018\/04\/Wikimedia_Foundation_logo_-_horizontal.svg_-400x93.png 400w, https:\/\/www.wikiesfera.org\/wp-content\/uploads\/2018\/04\/Wikimedia_Foundation_logo_-_horizontal.svg_.png 2000w\" sizes=\"(max-width: 1024px) 100vw, 1024px\" \/><\/figure><\/div><\/div>\n\n\n\n<div class=\"wp-block-column is-vertically-aligned-top is-layout-flow wp-block-column-is-layout-flow\"><\/div>\n\n\n\n<div class=\"wp-block-column is-vertically-aligned-top is-layout-flow wp-block-column-is-layout-flow\"><\/div>\n<\/div>\n\n\n\n<p>&nbsp; &nbsp; <\/p>\n","protected":false},"excerpt":{"rendered":"<p>&gt; Tem\u00e1tica Aprovechando el&nbsp;D\u00eda Internacional de la Mujer y la Ni\u00f1a en la Ciencia, que se celebra cada&nbsp;11 de febrero, el pasado s\u00e1bado 8 de febrero desde Wikiesfera y en coordinaci\u00f3n con Medialab Matadero (@medialabMM) en Madrid dedicamos una jornada a visibilizar en Wikipedia a mujeres STEM&nbsp;mediante la creaci\u00f3n y la traducci\u00f3n de diferentes biograf\u00edas. [&hellip;]<\/p>\n","protected":false},"author":1,"featured_media":4189,"comment_status":"closed","ping_status":"closed","template":"","format":"gallery","meta":{"_coblocks_attr":"","_coblocks_dimensions":"","_coblocks_responsive_height":"","_coblocks_accordion_ie_support":"","footnotes":""},"class_list":["post-7645","portfolio","type-portfolio","status-publish","format-gallery","has-post-thumbnail","hentry","portfolio_category-380","portfolio_category-editatonas","portfolio_category-genero","portfolio_category-medialab","portfolio_category-stem","portfolio-entry","span_1_of_4 col clr"],"_links":{"self":[{"href":"https:\/\/www.wikiesfera.org\/es\/wp-json\/wp\/v2\/portfolio\/7645","targetHints":{"allow":["GET"]}}],"collection":[{"href":"https:\/\/www.wikiesfera.org\/es\/wp-json\/wp\/v2\/portfolio"}],"about":[{"href":"https:\/\/www.wikiesfera.org\/es\/wp-json\/wp\/v2\/types\/portfolio"}],"author":[{"embeddable":true,"href":"https:\/\/www.wikiesfera.org\/es\/wp-json\/wp\/v2\/users\/1"}],"replies":[{"embeddable":true,"href":"https:\/\/www.wikiesfera.org\/es\/wp-json\/wp\/v2\/comments?post=7645"}],"version-history":[{"count":40,"href":"https:\/\/www.wikiesfera.org\/es\/wp-json\/wp\/v2\/portfolio\/7645\/revisions"}],"predecessor-version":[{"id":10449,"href":"https:\/\/www.wikiesfera.org\/es\/wp-json\/wp\/v2\/portfolio\/7645\/revisions\/10449"}],"wp:featuredmedia":[{"embeddable":true,"href":"https:\/\/www.wikiesfera.org\/es\/wp-json\/wp\/v2\/media\/4189"}],"wp:attachment":[{"href":"https:\/\/www.wikiesfera.org\/es\/wp-json\/wp\/v2\/media?parent=7645"}],"curies":[{"name":"wp","href":"https:\/\/api.w.org\/{rel}","templated":true}]}}