{"id":6494,"date":"2024-12-16T11:09:19","date_gmt":"2024-12-16T11:09:19","guid":{"rendered":"https:\/\/www.wikiesfera.org\/?post_type=portfolio&#038;p=6494"},"modified":"2025-12-23T21:25:13","modified_gmt":"2025-12-23T21:25:13","slug":"editatona-de-defensoras-de-ddhh-2024","status":"publish","type":"portfolio","link":"https:\/\/www.wikiesfera.org\/es\/portfolio-item\/editatona-de-defensoras-de-ddhh-2024\/","title":{"rendered":"Editatona de defensoras de DDHH 2024"},"content":{"rendered":"\n<h1 id=\"gt-tematica\" class=\"wp-block-heading\"><strong>&gt; Tem\u00e1tica<\/strong><\/h1>\n\n\n\n<div class=\"wp-block-columns is-layout-flex wp-container-core-columns-is-layout-9d6595d7 wp-block-columns-is-layout-flex\">\n<div class=\"wp-block-column is-layout-flow wp-block-column-is-layout-flow\" style=\"flex-basis:100%\">\n<p>El pasado s\u00e1bado 14 de diciembre desde Wikiesfera y en coordinaci\u00f3n con <strong><a href=\"https:\/\/www.medialab-matadero.es\">Medialab Matadero<\/a><\/strong> (<a href=\"https:\/\/www.instagram.com\/medialabmatadero\/\">@medialabMM<\/a>) en Madrid dedicamos una jornada a visibilizar en Wikipedia a <strong>defensoras de los Derechos Humanos<\/strong>&nbsp;mediante <strong>la creaci\u00f3n y la traducci\u00f3n de diferentes biograf\u00edas<\/strong>.<\/p>\n<\/div>\n\n\n\n<div class=\"wp-block-column is-layout-flow wp-block-column-is-layout-flow\" style=\"flex-basis:30%\">\n<figure class=\"wp-block-image size-large\"><img fetchpriority=\"high\" decoding=\"async\" width=\"1024\" height=\"544\" src=\"https:\/\/www.wikiesfera.org\/wp-content\/uploads\/2024\/11\/convocatoria-defensoras-ddhh-2024-1024x544.png\" alt=\"\" class=\"wp-image-6385\" srcset=\"https:\/\/www.wikiesfera.org\/wp-content\/uploads\/2024\/11\/convocatoria-defensoras-ddhh-2024-1024x544.png 1024w, https:\/\/www.wikiesfera.org\/wp-content\/uploads\/2024\/11\/convocatoria-defensoras-ddhh-2024-300x159.png 300w, https:\/\/www.wikiesfera.org\/wp-content\/uploads\/2024\/11\/convocatoria-defensoras-ddhh-2024-768x408.png 768w, https:\/\/www.wikiesfera.org\/wp-content\/uploads\/2024\/11\/convocatoria-defensoras-ddhh-2024-150x80.png 150w, https:\/\/www.wikiesfera.org\/wp-content\/uploads\/2024\/11\/convocatoria-defensoras-ddhh-2024-640x340.png 640w, https:\/\/www.wikiesfera.org\/wp-content\/uploads\/2024\/11\/convocatoria-defensoras-ddhh-2024-400x213.png 400w, https:\/\/www.wikiesfera.org\/wp-content\/uploads\/2024\/11\/convocatoria-defensoras-ddhh-2024.png 1280w\" sizes=\"(max-width: 1024px) 100vw, 1024px\" \/><\/figure>\n<\/div>\n<\/div>\n\n\n\n<hr class=\"wp-block-separator has-alpha-channel-opacity\"\/>\n\n\n\n<h1 id=\"gt-experta\" class=\"wp-block-heading\"><strong>&gt; Experta<\/strong><\/h1>\n\n\n\n<div class=\"wp-block-columns is-layout-flex wp-container-core-columns-is-layout-9d6595d7 wp-block-columns-is-layout-flex\">\n<div class=\"wp-block-column is-layout-flow wp-block-column-is-layout-flow\" style=\"flex-basis:100%\">\n<p>Como en cada editatona, invitamos a una experta en la tem\u00e1tica que vamos a tratar. En esta ocasi\u00f3n, contamos con la presencia de la periodista y escritora argentina <strong><a href=\"https:\/\/es.wikipedia.org\/wiki\/Luciana_Peker\">Luciana Peker<\/a><\/strong> (<a href=\"https:\/\/www.instagram.com\/luciana.peker\/\" data-type=\"link\" data-id=\"https:\/\/www.instagram.com\/isabelsd99\/\" target=\"_blank\" rel=\"noreferrer noopener\">@luciana.peker<\/a>) especializada en g\u00e9nero y defensora del derecho al aborto. Desde marzo de 2023, ha denunciado p\u00fablicamente amenazas y hostigamientos relacionados con su trabajo period\u00edstico, especialmente por su cobertura del caso de&nbsp;abuso sexual&nbsp;de la actriz&nbsp;<a href=\"https:\/\/es.wikipedia.org\/wiki\/Thelma_Fardin\" target=\"_blank\" rel=\"noreferrer noopener\">Thelma Fard\u00edn<\/a>, as\u00ed como a otras integrantes del movimiento&nbsp;<a href=\"https:\/\/es.wikipedia.org\/wiki\/Ni_una_menos\" target=\"_blank\" rel=\"noreferrer noopener\">Ni una menos<\/a>.<\/p>\n<\/div>\n\n\n\n<div class=\"wp-block-column is-layout-flow wp-block-column-is-layout-flow\" style=\"flex-basis:30%\">\n<figure class=\"wp-block-image size-full\"><img decoding=\"async\" width=\"919\" height=\"613\" src=\"https:\/\/www.wikiesfera.org\/wp-content\/uploads\/2024\/11\/Luciana_Peker_-_Foto_Salva_2.jpg\" alt=\"\" class=\"wp-image-6384\" style=\"aspect-ratio:1;object-fit:cover\" srcset=\"https:\/\/www.wikiesfera.org\/wp-content\/uploads\/2024\/11\/Luciana_Peker_-_Foto_Salva_2.jpg 919w, https:\/\/www.wikiesfera.org\/wp-content\/uploads\/2024\/11\/Luciana_Peker_-_Foto_Salva_2-300x200.jpg 300w, https:\/\/www.wikiesfera.org\/wp-content\/uploads\/2024\/11\/Luciana_Peker_-_Foto_Salva_2-768x512.jpg 768w, https:\/\/www.wikiesfera.org\/wp-content\/uploads\/2024\/11\/Luciana_Peker_-_Foto_Salva_2-150x100.jpg 150w, https:\/\/www.wikiesfera.org\/wp-content\/uploads\/2024\/11\/Luciana_Peker_-_Foto_Salva_2-400x267.jpg 400w\" sizes=\"(max-width: 919px) 100vw, 919px\" \/><\/figure>\n<\/div>\n<\/div>\n\n\n\n<hr class=\"wp-block-separator has-alpha-channel-opacity\"\/>\n\n\n\n<h1 id=\"gt-resultados\" class=\"wp-block-heading\"><strong>&gt; Resultados<\/strong><\/h1>\n\n\n\n<ul class=\"wp-block-list\">\n<li>N\u00famero de <strong><span style=\"text-decoration: underline;\">PARTICIPANTES<\/span>: 16<\/strong><\/li>\n\n\n\n<li>N\u00famero de <strong><span style=\"text-decoration: underline;\">ART\u00cdCULOS PUBLICADOS<\/span>: 24<\/strong><\/li>\n<\/ul>\n\n\n\n<h3 id=\"articulos-creados-10\" class=\"wp-block-heading\"><strong>>> Art\u00edculos <span style=\"text-decoration: underline;\">creados<\/span>: 10<\/strong><\/h3>\n\n\n\n<ol class=\"wp-block-list\">\n<li><a href=\"https:\/\/es.wikipedia.org\/wiki\/Fabiola_Lalinde\">Fabiola Lalinde<\/a> (1937-2022)<\/li>\n\n\n\n<li><a href=\"https:\/\/es.wikipedia.org\/wiki\/Hilda_Farfante\">Hilda Farfante<\/a> (1931)<\/li>\n\n\n\n<li><a href=\"https:\/\/es.wikipedia.org\/w\/index.php?title=Luz_Marina_Becerra\">Luz Marina Becerra Panesso<\/a> (1974)<\/li>\n\n\n\n<li><a href=\"https:\/\/es.wikipedia.org\/wiki\/Carolina_El%C3%ADas\" target=\"_blank\" rel=\"noreferrer noopener\">Carolina El\u00edas Espinoza<\/a> (1976)<\/li>\n\n\n\n<li><a href=\"https:\/\/es.wikipedia.org\/wiki\/B%C3%A1rbara_Tard%C3%B3n\" target=\"_blank\" rel=\"noreferrer noopener\">B\u00e1rbara Tard\u00f3n Recio<\/a> (1976)<\/li>\n\n\n\n<li><a href=\"https:\/\/es.wikipedia.org\/wiki\/Luz_Estella_Romero\">Luz Estella Romero Villalba<\/a> (1978)<\/li>\n\n\n\n<li><a href=\"https:\/\/es.wikipedia.org\/wiki\/Beatriz_Vald%C3%A9s_Correa\" target=\"_blank\" rel=\"noreferrer noopener\">Beatriz Vald\u00e9s Correa<\/a> (1998)<\/li>\n\n\n\n<li><a href=\"https:\/\/es.wikipedia.org\/wiki\/Annie_Sinanduku_Mwange\">Annie Sinanduku Mwange<\/a><\/li>\n\n\n\n<li><a href=\"https:\/\/es.wikipedia.org\/wiki\/Katherine_Mart%C3%ADnez\">Katherine Mart\u00ednez<\/a><\/li>\n\n\n\n<li><a href=\"https:\/\/es.wikipedia.org\/wiki\/Sof%C3%ADa_Carrillo_Zegarra\">Sof\u00eda Carrillo Zegarra<\/a><\/li>\n<\/ol>\n\n\n\n<h3 id=\"articulos-traducidos-a-espanol-13\" class=\"wp-block-heading\"><strong>>> Art\u00edculos <span style=\"text-decoration: underline;\">traducidos<\/span> a espa\u00f1ol: 13<\/strong><\/h3>\n\n\n\n<ol class=\"wp-block-list\">\n<li><a href=\"https:\/\/es.wikipedia.org\/wiki\/Maria_Pau_Trayner\">Maria Pau Trayner Vilanova<\/a> (1936)<\/li>\n\n\n\n<li><a href=\"https:\/\/es.wikipedia.org\/wiki\/Lourdes_Barreto\">Lourdes Barreto<\/a> (1944)<\/li>\n\n\n\n<li><a href=\"https:\/\/es.wikipedia.org\/wiki\/Pastora_Gonz%C3%A1lez_Vi%C3%A9itez\">Pastora Gonz\u00e1lez Vieites<\/a> (1948-2019)<\/li>\n\n\n\n<li><a href=\"https:\/\/es.m.wikipedia.org\/wiki\/Gis%C3%A8le_Pelicot\">Gis\u00e8le Pelicot<\/a> (1952)<\/li>\n\n\n\n<li><a href=\"https:\/\/es.wikipedia.org\/wiki\/Montserrat_Fern%C3%A1ndez_Garrido\">Montserrat Fern\u00e1ndez Garrido<\/a> (1954)<\/li>\n\n\n\n<li><a href=\"https:\/\/es.wikipedia.org\/wiki\/Vania_Arana\">Vania Arana<\/a> (1967)<\/li>\n\n\n\n<li><a href=\"https:\/\/es.wikipedia.org\/wiki\/Vanessa_Mendoza_Cort%C3%A9s\">Vanessa Mendoza Cort\u00e9s<\/a> (1980)<\/li>\n\n\n\n<li><a href=\"https:\/\/es.wikipedia.org\/wiki\/Amanda_Zurawski\">Amanda Zurawski<\/a> (1987)<\/li>\n\n\n\n<li><a href=\"https:\/\/es.wikipedia.org\/wiki\/Anabel_Montes_Mier\">Anabel Montes Mier<\/a> (1987)<\/li>\n\n\n\n<li><a href=\"https:\/\/es.wikipedia.org\/wiki\/Najla_Mohamed-Lamin\">Najla Mohamed-Lamin<\/a> (1989)<\/li>\n\n\n\n<li><a href=\"https:\/\/es.wikipedia.org\/wiki\/Mahrang_Baloch\">Mahrang Baloch<\/a> (1993)<\/li>\n\n\n\n<li><a href=\"https:\/\/es.wikipedia.org\/wiki\/Rima_Sultana_Rimu\">Rima Sultana Rimu<\/a> (2002)<\/li>\n\n\n\n<li><a href=\"https:\/\/es.wikipedia.org\/wiki\/Alicia_Cawiya\">Alicia Cawiya<\/a><\/li>\n<\/ol>\n\n\n\n<h3 id=\"articulos-traducidos-a-asturiano-1\" class=\"wp-block-heading\"><strong>>> Art\u00edculos <span style=\"text-decoration: underline;\">traducidos<\/span> a asturiano: 1<\/strong><\/h3>\n\n\n\n<ol class=\"wp-block-list\">\n<li><a href=\"https:\/\/ast.wikipedia.org\/wiki\/Hilda_Farfante\">Hilda Farfante<\/a><\/li>\n<\/ol>\n\n\n\n<hr class=\"wp-block-separator has-alpha-channel-opacity\"\/>\n\n\n\n<h1 id=\"gt-colaboran\" class=\"wp-block-heading\"><strong>&gt; Colaboran<\/strong><\/h1>\n\n\n\n<div class=\"wp-block-columns is-layout-flex wp-container-core-columns-is-layout-9d6595d7 wp-block-columns-is-layout-flex\">\n<div class=\"wp-block-column is-layout-flow wp-block-column-is-layout-flow\"><div class=\"wp-block-image\">\n<figure class=\"alignleft size-full is-resized\"><img decoding=\"async\" width=\"250\" height=\"75\" src=\"https:\/\/www.wikiesfera.org\/wp-content\/uploads\/2023\/05\/logo_medialab-matadero.png\" alt=\"\" class=\"wp-image-4111\" style=\"width:222px;height:auto\" srcset=\"https:\/\/www.wikiesfera.org\/wp-content\/uploads\/2023\/05\/logo_medialab-matadero.png 250w, https:\/\/www.wikiesfera.org\/wp-content\/uploads\/2023\/05\/logo_medialab-matadero-150x45.png 150w\" sizes=\"(max-width: 250px) 100vw, 250px\" \/><\/figure><\/div><\/div>\n\n\n\n<div class=\"wp-block-column is-layout-flow wp-block-column-is-layout-flow\"><div class=\"wp-block-image\">\n<figure class=\"alignleft size-full is-resized\"><img loading=\"lazy\" decoding=\"async\" width=\"2000\" height=\"465\" src=\"https:\/\/www.wikiesfera.org\/wp-content\/uploads\/2018\/04\/Wikimedia_Foundation_logo_-_horizontal.svg_.png\" alt=\"\" class=\"wp-image-1036\" style=\"width:241px;height:auto\" srcset=\"https:\/\/www.wikiesfera.org\/wp-content\/uploads\/2018\/04\/Wikimedia_Foundation_logo_-_horizontal.svg_.png 2000w, https:\/\/www.wikiesfera.org\/wp-content\/uploads\/2018\/04\/Wikimedia_Foundation_logo_-_horizontal.svg_-300x70.png 300w, https:\/\/www.wikiesfera.org\/wp-content\/uploads\/2018\/04\/Wikimedia_Foundation_logo_-_horizontal.svg_-768x179.png 768w, https:\/\/www.wikiesfera.org\/wp-content\/uploads\/2018\/04\/Wikimedia_Foundation_logo_-_horizontal.svg_-1024x238.png 1024w, https:\/\/www.wikiesfera.org\/wp-content\/uploads\/2018\/04\/Wikimedia_Foundation_logo_-_horizontal.svg_-150x35.png 150w, https:\/\/www.wikiesfera.org\/wp-content\/uploads\/2018\/04\/Wikimedia_Foundation_logo_-_horizontal.svg_-400x93.png 400w\" sizes=\"(max-width: 2000px) 100vw, 2000px\" \/><\/figure><\/div><\/div>\n\n\n\n<div class=\"wp-block-column is-layout-flow wp-block-column-is-layout-flow\"><\/div>\n\n\n\n<div class=\"wp-block-column is-layout-flow wp-block-column-is-layout-flow\"><\/div>\n<\/div>\n\n\n\n<p>&nbsp; &nbsp; <\/p>\n","protected":false},"excerpt":{"rendered":"<p>&gt; Tem\u00e1tica El pasado s\u00e1bado 14 de diciembre desde Wikiesfera y en coordinaci\u00f3n con Medialab Matadero (@medialabMM) en Madrid dedicamos una jornada a visibilizar en Wikipedia a defensoras de los Derechos Humanos&nbsp;mediante la creaci\u00f3n y la traducci\u00f3n de diferentes biograf\u00edas. &gt; Experta Como en cada editatona, invitamos a una experta en la tem\u00e1tica que vamos [&hellip;]<\/p>\n","protected":false},"author":1,"featured_media":4189,"comment_status":"closed","ping_status":"closed","template":"","format":"gallery","meta":{"_coblocks_attr":"","_coblocks_dimensions":"","_coblocks_responsive_height":"","_coblocks_accordion_ie_support":"","footnotes":""},"class_list":["post-6494","portfolio","type-portfolio","status-publish","format-gallery","has-post-thumbnail","hentry","portfolio_category-341","portfolio_category-editatonas","portfolio_category-medialab","portfolio_category-memoria","portfolio-entry","span_1_of_4 col clr"],"_links":{"self":[{"href":"https:\/\/www.wikiesfera.org\/es\/wp-json\/wp\/v2\/portfolio\/6494","targetHints":{"allow":["GET"]}}],"collection":[{"href":"https:\/\/www.wikiesfera.org\/es\/wp-json\/wp\/v2\/portfolio"}],"about":[{"href":"https:\/\/www.wikiesfera.org\/es\/wp-json\/wp\/v2\/types\/portfolio"}],"author":[{"embeddable":true,"href":"https:\/\/www.wikiesfera.org\/es\/wp-json\/wp\/v2\/users\/1"}],"replies":[{"embeddable":true,"href":"https:\/\/www.wikiesfera.org\/es\/wp-json\/wp\/v2\/comments?post=6494"}],"version-history":[{"count":20,"href":"https:\/\/www.wikiesfera.org\/es\/wp-json\/wp\/v2\/portfolio\/6494\/revisions"}],"predecessor-version":[{"id":10639,"href":"https:\/\/www.wikiesfera.org\/es\/wp-json\/wp\/v2\/portfolio\/6494\/revisions\/10639"}],"wp:featuredmedia":[{"embeddable":true,"href":"https:\/\/www.wikiesfera.org\/es\/wp-json\/wp\/v2\/media\/4189"}],"wp:attachment":[{"href":"https:\/\/www.wikiesfera.org\/es\/wp-json\/wp\/v2\/media?parent=6494"}],"curies":[{"name":"wp","href":"https:\/\/api.w.org\/{rel}","templated":true}]}}