{"id":6437,"date":"2024-12-02T11:06:36","date_gmt":"2024-12-02T11:06:36","guid":{"rendered":"https:\/\/www.wikiesfera.org\/?post_type=portfolio&#038;p=6437"},"modified":"2025-12-22T14:50:28","modified_gmt":"2025-12-22T14:50:28","slug":"editatona-de-aragonesas-en-las-artes-escenicas-30n-2024","status":"publish","type":"portfolio","link":"https:\/\/www.wikiesfera.org\/es\/portfolio-item\/editatona-de-aragonesas-en-las-artes-escenicas-30n-2024\/","title":{"rendered":"Editatona de aragonesas en las artes esc\u00e9nicas #30N 2024"},"content":{"rendered":"\n<h1 id=\"gt-tematica\" class=\"wp-block-heading\"><strong>&gt; Tem\u00e1tica<\/strong><\/h1>\n\n\n\n<div class=\"wp-block-columns is-layout-flex wp-container-core-columns-is-layout-9d6595d7 wp-block-columns-is-layout-flex\">\n<div class=\"wp-block-column is-layout-flow wp-block-column-is-layout-flow\" style=\"flex-basis:100%\">\n<p>El pasado s\u00e1bado 30 de noviembre, el <strong>Proyecto Aspasia<\/strong> del <strong>Gobierno de Arag\u00f3n<\/strong> (<a href=\"https:\/\/www.instagram.com\/laaab_es\">@Laaab_es<\/a>) continu\u00f3 con su ciclo de editatonas con una jornada dedicada a <a href=\"https:\/\/www.laaab.es\/2024\/11\/editatona-claquetatelon\/\" target=\"_blank\" rel=\"noreferrer noopener\"><strong>mujeres aragonesas en las artes esc\u00e9nicas<\/strong><\/a>. En esta ocasi\u00f3n, la actividad se realiz\u00f3 de manera virtual a trav\u00e9s de la plataforma Zoom.<\/p>\n\n\n\n<p>Una de las misiones de la <strong><a href=\"https:\/\/www.laaab.es\/comunidad-aspasia\/\" target=\"_blank\" rel=\"noreferrer noopener\">#ComunidadAspasia<\/a><\/strong> es hacer visibles a las mujeres y promover la perspectiva de g\u00e9nero hacia una sociedad m\u00e1s igualitaria. Este evento tendr\u00e1 continuidad con otras editatonas dedicadas a diferentes tem\u00e1ticas, con un doble objetivo: visibilizar cada vez a m\u00e1s aragonesas relevantes en Wikipedia y seguir asentando el grupo de editoras WikiArag\u00f3n.<\/p>\n<\/div>\n\n\n\n<div class=\"wp-block-column is-layout-flow wp-block-column-is-layout-flow\" style=\"flex-basis:30%\">\n<figure class=\"wp-block-image size-full\"><img fetchpriority=\"high\" decoding=\"async\" width=\"460\" height=\"310\" src=\"https:\/\/www.wikiesfera.org\/wp-content\/uploads\/2020\/12\/imagenes_aspasia1_2d0a646e.jpeg\" alt=\"\" class=\"wp-image-1836\" srcset=\"https:\/\/www.wikiesfera.org\/wp-content\/uploads\/2020\/12\/imagenes_aspasia1_2d0a646e.jpeg 460w, https:\/\/www.wikiesfera.org\/wp-content\/uploads\/2020\/12\/imagenes_aspasia1_2d0a646e-300x202.jpeg 300w, https:\/\/www.wikiesfera.org\/wp-content\/uploads\/2020\/12\/imagenes_aspasia1_2d0a646e-150x101.jpeg 150w, https:\/\/www.wikiesfera.org\/wp-content\/uploads\/2020\/12\/imagenes_aspasia1_2d0a646e-400x270.jpeg 400w\" sizes=\"(max-width: 460px) 100vw, 460px\" \/><\/figure>\n<\/div>\n<\/div>\n\n\n\n<hr class=\"wp-block-separator has-alpha-channel-opacity\"\/>\n\n\n\n<h1 id=\"gt-experta\" class=\"wp-block-heading\"><strong>&gt; Experta<\/strong><\/h1>\n\n\n\n<p>Como en cada editatona, invitamos a una experta en la tem\u00e1tica que vamos a tratar. En esta ocasi\u00f3n, tuvimos la suerte de contar con <strong><a href=\"https:\/\/es.wikipedia.org\/wiki\/Esther_Gimeno\">Esther Gimeno<\/a><\/strong>&nbsp;(<a href=\"https:\/\/www.instagram.com\/esthergimenog\/\" target=\"_blank\" rel=\"noreferrer noopener\">@\u200cesthergimenog<\/a>), actriz, c\u00f3mica y guionista aragonesa.<\/p>\n\n\n\n<p>Gimeno es una de las primeras mujeres en la escena del <em>stand-up comedy<\/em> en Espa\u00f1a y nos habl\u00f3 sobre c\u00f3mo estamos las mujeres en el mundo de la comedia.<\/p>\n\n\n\n<figure class=\"wp-block-embed is-type-video is-provider-youtube wp-block-embed-youtube wp-embed-aspect-16-9 wp-has-aspect-ratio\"><div class=\"wp-block-embed__wrapper\">\n<iframe title=\"Ponencia de Esther Gimeno Gasc\u00f3n sobre mujeres en las artes esc\u00e9nicas\" width=\"980\" height=\"551\" src=\"https:\/\/www.youtube.com\/embed\/dJ_S60OwqzE?feature=oembed\" frameborder=\"0\" allow=\"accelerometer; autoplay; clipboard-write; encrypted-media; gyroscope; picture-in-picture; web-share\" referrerpolicy=\"strict-origin-when-cross-origin\" allowfullscreen><\/iframe>\n<\/div><\/figure>\n\n\n\n<hr class=\"wp-block-separator has-alpha-channel-opacity\"\/>\n\n\n\n<h1 id=\"gt-resultados\" class=\"wp-block-heading\"><strong>&gt; Resultados<\/strong><\/h1>\n\n\n\n<ul class=\"wp-block-list\">\n<li>N\u00famero de <strong><span style=\"text-decoration: underline;\">PARTICIPANTES<\/span>: 6<\/strong><\/li>\n\n\n\n<li>N\u00famero de art\u00edculos <strong><span style=\"text-decoration: underline;\">PUBLICADOS<\/span>: 6<\/strong><\/li>\n<\/ul>\n\n\n\n<ol class=\"wp-block-list\">\n<li><a href=\"https:\/\/es.wikipedia.org\/wiki\/Cristina_Y%C3%A1%C3%B1ez\" target=\"_blank\" rel=\"noreferrer noopener\">Cristina Y\u00e1\u00f1ez Giner<\/a> (1963)<\/li>\n\n\n\n<li><a href=\"https:\/\/es.wikipedia.org\/wiki\/Amelia_Hern%C3%A1ndez_Causap%C3%A9\" target=\"_blank\" rel=\"noreferrer noopener\">Amelia Hern\u00e1ndez Causap\u00e9<\/a> (1967)<\/li>\n\n\n\n<li><a href=\"https:\/\/es.wikipedia.org\/wiki\/Mar%C3%ADa_Salgado_Gispert\" target=\"_blank\" rel=\"noreferrer noopener\">Mar\u00eda Salgado Gispert<\/a> (1970)<\/li>\n\n\n\n<li><a href=\"https:\/\/es.wikipedia.org\/wiki\/Patricia_Roda\" target=\"_blank\" rel=\"noreferrer noopener\">Patricia Roda<\/a> (1978)<\/li>\n\n\n\n<li><a href=\"https:\/\/es.wikipedia.org\/wiki\/Gala_Gracia\" target=\"_blank\" rel=\"noreferrer noopener\">Gala Gracia<\/a> (1988)<\/li>\n\n\n\n<li><a href=\"https:\/\/es.wikipedia.org\/wiki\/Laura_Torrijos-Besc%C3%B3s\" target=\"_blank\" rel=\"noreferrer noopener\">Laura Torrijos-Besc\u00f3s<\/a> (2000)<\/li>\n<\/ol>\n\n\n\n<hr class=\"wp-block-separator has-alpha-channel-opacity\"\/>\n\n\n\n<h1 id=\"colaboran\" class=\"wp-block-heading\"><strong>> Colaboran<\/strong><\/h1>\n\n\n\n<div class=\"wp-block-columns is-layout-flex wp-container-core-columns-is-layout-9d6595d7 wp-block-columns-is-layout-flex\">\n<div class=\"wp-block-column is-layout-flow wp-block-column-is-layout-flow\"><div class=\"wp-block-image\">\n<figure class=\"alignleft size-full is-resized\"><img decoding=\"async\" width=\"500\" height=\"150\" src=\"https:\/\/www.wikiesfera.org\/wp-content\/uploads\/2024\/02\/logo_gob-aragon.png\" alt=\"\" class=\"wp-image-4905\" style=\"width:241px;height:auto\" srcset=\"https:\/\/www.wikiesfera.org\/wp-content\/uploads\/2024\/02\/logo_gob-aragon.png 500w, https:\/\/www.wikiesfera.org\/wp-content\/uploads\/2024\/02\/logo_gob-aragon-300x90.png 300w, https:\/\/www.wikiesfera.org\/wp-content\/uploads\/2024\/02\/logo_gob-aragon-150x45.png 150w, https:\/\/www.wikiesfera.org\/wp-content\/uploads\/2024\/02\/logo_gob-aragon-400x120.png 400w\" sizes=\"(max-width: 500px) 100vw, 500px\" \/><\/figure><\/div><\/div>\n\n\n\n<div class=\"wp-block-column is-layout-flow wp-block-column-is-layout-flow\"><div class=\"wp-block-image\">\n<figure class=\"alignleft size-full is-resized\"><img decoding=\"async\" width=\"250\" height=\"75\" src=\"https:\/\/www.wikiesfera.org\/wp-content\/uploads\/2022\/05\/logo_laaab_hz.png\" alt=\"\" class=\"wp-image-3087\" style=\"width:222px;height:auto\" srcset=\"https:\/\/www.wikiesfera.org\/wp-content\/uploads\/2022\/05\/logo_laaab_hz.png 250w, https:\/\/www.wikiesfera.org\/wp-content\/uploads\/2022\/05\/logo_laaab_hz-150x45.png 150w\" sizes=\"(max-width: 250px) 100vw, 250px\" \/><\/figure><\/div><\/div>\n\n\n\n<div class=\"wp-block-column is-layout-flow wp-block-column-is-layout-flow\"><\/div>\n\n\n\n<div class=\"wp-block-column is-layout-flow wp-block-column-is-layout-flow\"><\/div>\n<\/div>\n","protected":false},"excerpt":{"rendered":"<p>&gt; Tem\u00e1tica El pasado s\u00e1bado 30 de noviembre, el Proyecto Aspasia del Gobierno de Arag\u00f3n (@Laaab_es) continu\u00f3 con su ciclo de editatonas con una jornada dedicada a mujeres aragonesas en las artes esc\u00e9nicas. En esta ocasi\u00f3n, la actividad se realiz\u00f3 de manera virtual a trav\u00e9s de la plataforma Zoom. Una de las misiones de la [&hellip;]<\/p>\n","protected":false},"author":1,"featured_media":1839,"comment_status":"closed","ping_status":"closed","template":"","format":"gallery","meta":{"_coblocks_attr":"","_coblocks_dimensions":"","_coblocks_responsive_height":"","_coblocks_accordion_ie_support":"","footnotes":""},"class_list":["post-6437","portfolio","type-portfolio","status-publish","format-gallery","has-post-thumbnail","hentry","portfolio_category-341","portfolio_category-aspasia","portfolio_category-editatonas","portfolio_category-glam","portfolio-entry","span_1_of_4 col clr"],"_links":{"self":[{"href":"https:\/\/www.wikiesfera.org\/es\/wp-json\/wp\/v2\/portfolio\/6437","targetHints":{"allow":["GET"]}}],"collection":[{"href":"https:\/\/www.wikiesfera.org\/es\/wp-json\/wp\/v2\/portfolio"}],"about":[{"href":"https:\/\/www.wikiesfera.org\/es\/wp-json\/wp\/v2\/types\/portfolio"}],"author":[{"embeddable":true,"href":"https:\/\/www.wikiesfera.org\/es\/wp-json\/wp\/v2\/users\/1"}],"replies":[{"embeddable":true,"href":"https:\/\/www.wikiesfera.org\/es\/wp-json\/wp\/v2\/comments?post=6437"}],"version-history":[{"count":18,"href":"https:\/\/www.wikiesfera.org\/es\/wp-json\/wp\/v2\/portfolio\/6437\/revisions"}],"predecessor-version":[{"id":10306,"href":"https:\/\/www.wikiesfera.org\/es\/wp-json\/wp\/v2\/portfolio\/6437\/revisions\/10306"}],"wp:featuredmedia":[{"embeddable":true,"href":"https:\/\/www.wikiesfera.org\/es\/wp-json\/wp\/v2\/media\/1839"}],"wp:attachment":[{"href":"https:\/\/www.wikiesfera.org\/es\/wp-json\/wp\/v2\/media?parent=6437"}],"curies":[{"name":"wp","href":"https:\/\/api.w.org\/{rel}","templated":true}]}}