{"id":6329,"date":"2024-11-19T10:26:51","date_gmt":"2024-11-19T10:26:51","guid":{"rendered":"https:\/\/www.wikiesfera.org\/?post_type=portfolio&#038;p=6329"},"modified":"2026-03-26T22:31:35","modified_gmt":"2026-03-26T22:31:35","slug":"editatona-de-mujeres-memoria-y-resistencia-18n","status":"publish","type":"portfolio","link":"https:\/\/www.wikiesfera.org\/es\/portfolio-item\/editatona-de-mujeres-memoria-y-resistencia-18n\/","title":{"rendered":"Editatona de mujeres, memoria y resistencia #18N"},"content":{"rendered":"\n<h1 id=\"gt-tematica\" class=\"wp-block-heading\"><strong>&gt; Tem\u00e1tica<\/strong><\/h1>\n\n\n\n<div class=\"wp-block-columns is-layout-flex wp-container-core-columns-is-layout-9d6595d7 wp-block-columns-is-layout-flex\">\n<div class=\"wp-block-column is-layout-flow wp-block-column-is-layout-flow\" style=\"flex-basis:66%\">\n<p>El pasado lunes 18 de noviembre, desde <strong>Wikiesfera<\/strong>&nbsp;y coincidiendo con el&nbsp;<strong><a href=\"https:\/\/es.wikipedia.org\/wiki\/20N\" target=\"_blank\" rel=\"noreferrer noopener\">20N<\/a>,&nbsp;aniversario de la muerte de Francisco Franco<\/strong>, dedicamos una jornada para visibilizar en Wikipedia&nbsp;<strong>a mujeres que sufrieron persecuci\u00f3n, c\u00e1rcel y exilio durante la dictadura por desafiar el r\u00e9gimen o defender sus derechos y libertades<\/strong>. Desde las 17:00 horas, participantes y organizadoras nos juntamos en una de las salas de la librer\u00eda <a href=\"https:\/\/lafabulosalibreria.es\/\" target=\"_blank\" rel=\"noreferrer noopener\"><strong>La Fabulosa<\/strong><\/a> de Madrid para hacer visible la ausencia de contenido de este tipo en Wikipedia.<\/p>\n<\/div>\n\n\n\n<div class=\"wp-block-column is-layout-flow wp-block-column-is-layout-flow\" style=\"flex-basis:33%\">\n<figure class=\"wp-block-image size-large\"><img fetchpriority=\"high\" decoding=\"async\" width=\"1024\" height=\"544\" src=\"https:\/\/www.wikiesfera.org\/wp-content\/uploads\/2024\/10\/2024-convocatoria-editatona-de-mujeres-memoria-y-resistencia-1024x544.png\" alt=\"\" class=\"wp-image-6260\" srcset=\"https:\/\/www.wikiesfera.org\/wp-content\/uploads\/2024\/10\/2024-convocatoria-editatona-de-mujeres-memoria-y-resistencia-1024x544.png 1024w, https:\/\/www.wikiesfera.org\/wp-content\/uploads\/2024\/10\/2024-convocatoria-editatona-de-mujeres-memoria-y-resistencia-300x159.png 300w, https:\/\/www.wikiesfera.org\/wp-content\/uploads\/2024\/10\/2024-convocatoria-editatona-de-mujeres-memoria-y-resistencia-768x408.png 768w, https:\/\/www.wikiesfera.org\/wp-content\/uploads\/2024\/10\/2024-convocatoria-editatona-de-mujeres-memoria-y-resistencia-150x80.png 150w, https:\/\/www.wikiesfera.org\/wp-content\/uploads\/2024\/10\/2024-convocatoria-editatona-de-mujeres-memoria-y-resistencia-640x340.png 640w, https:\/\/www.wikiesfera.org\/wp-content\/uploads\/2024\/10\/2024-convocatoria-editatona-de-mujeres-memoria-y-resistencia-400x213.png 400w, https:\/\/www.wikiesfera.org\/wp-content\/uploads\/2024\/10\/2024-convocatoria-editatona-de-mujeres-memoria-y-resistencia.png 1280w\" sizes=\"(max-width: 1024px) 100vw, 1024px\" \/><\/figure>\n<\/div>\n<\/div>\n\n\n\n<hr class=\"wp-block-separator has-alpha-channel-opacity\"\/>\n\n\n\n<h1 id=\"gt-experta\" class=\"wp-block-heading\"><strong>&gt; Experta<\/strong><\/h1>\n\n\n\n<div class=\"wp-block-columns is-layout-flex wp-container-core-columns-is-layout-9d6595d7 wp-block-columns-is-layout-flex\">\n<div class=\"wp-block-column is-layout-flow wp-block-column-is-layout-flow\" style=\"flex-basis:66%\">\n<p>Como en todas las actividades que organizamos, siempre contamos con una persona experta que nos ayuda a poner en contexto la editatona sobre la que vamos a realizar las biograf\u00edas. En esta ocasi\u00f3n, contamos con&nbsp;la soci\u00f3loga y polit\u00f3loga&nbsp;<strong>Isabel Serrano Dur\u00e1n<\/strong>&nbsp;(<a href=\"https:\/\/www.instagram.com\/isabelsd99\/\" target=\"_blank\" rel=\"noreferrer noopener\">@isabelsd99<\/a>) estudiosa de la identidad andaluza y la lucha por reivindicar los s\u00edmbolos, ra\u00edces y referentes de su tierra, que nos habl\u00f3 sobre la&nbsp;<strong>invisibilizaci\u00f3n de las mujeres durante la dictadura franquista<\/strong>, haciendo un recorrido sobre la violencia ejercida contra las mujeres en ese periodo.<\/p>\n\n\n\n<p>Adem\u00e1s, a todas las participantes de la editatona, <strong>les regamos el libro de Isabel Serrano Dur\u00e1n<\/strong>, <em>Muros de silencio<\/em> (2024), un ensayo que desentra\u00f1a&nbsp;<strong>c\u00f3mo el r\u00e9gimen franquista someti\u00f3 a las mujeres a una violencia sistem\u00e1tica y al silenciamiento<\/strong>, intentando borrar su relevancia hist\u00f3rica y social. Serrano reivindica el papel de las mujeres, v\u00edctimas y supervivientes, y explora c\u00f3mo el recuerdo y la resistencia emergen, rompiendo los \u00abmuros de silencio\u00bb impuestos por d\u00e9cadas de represi\u00f3n.<\/p>\n<\/div>\n\n\n\n<div class=\"wp-block-column is-layout-flow wp-block-column-is-layout-flow\" style=\"flex-basis:33%\">\n<figure class=\"wp-block-image size-full\"><img decoding=\"async\" width=\"300\" height=\"300\" src=\"https:\/\/www.wikiesfera.org\/wp-content\/uploads\/2024\/10\/isabel-serrano-bn.png\" alt=\"\" class=\"wp-image-6257\" style=\"aspect-ratio:1;object-fit:cover\" srcset=\"https:\/\/www.wikiesfera.org\/wp-content\/uploads\/2024\/10\/isabel-serrano-bn.png 300w, https:\/\/www.wikiesfera.org\/wp-content\/uploads\/2024\/10\/isabel-serrano-bn-150x150.png 150w\" sizes=\"(max-width: 300px) 100vw, 300px\" \/><\/figure>\n<\/div>\n<\/div>\n\n\n\n<hr class=\"wp-block-separator has-alpha-channel-opacity\"\/>\n\n\n\n<h1 id=\"gt-resultados\" class=\"wp-block-heading\"><strong>&gt; Resultados<\/strong><\/h1>\n\n\n\n<ul class=\"wp-block-list\">\n<li>N\u00famero de <strong><span style=\"text-decoration: underline;\">PARTICIPANTES<\/span>: 14<\/strong><\/li>\n\n\n\n<li>N\u00famero de art\u00edculos <strong><span style=\"text-decoration: underline;\">PUBLICADOS<\/span>: 15<\/strong><\/li>\n<\/ul>\n\n\n\n<h3 id=\"gtgt-articulosnbspcreadosnbsp5\" class=\"wp-block-heading\"><strong>&gt;&gt; Art\u00edculos <span style=\"text-decoration: underline;\">creados<\/span>: 5<\/strong><\/h3>\n\n\n\n<ol class=\"wp-block-list\">\n<li><a href=\"https:\/\/es.wikipedia.org\/wiki\/Casilda_Calzada\" target=\"_blank\" rel=\"noreferrer noopener\">Casilda Calzada Quintana<\/a> (1891-1936)<\/li>\n\n\n\n<li><a href=\"https:\/\/es.wikipedia.org\/wiki\/Amalia_G%C3%B3mez_del_Corral\" target=\"_blank\" rel=\"noreferrer noopener\">Amalia G\u00f3mez del Corral<\/a> (1898-\u00bf?)<\/li>\n\n\n\n<li><a href=\"https:\/\/es.wikipedia.org\/wiki\/Amalia_Dom%C3%ADnguez_de_la_Rosa\" target=\"_blank\" rel=\"noreferrer noopener\">Amalia Dom\u00ednguez de la Rosa<\/a> (1907-1995)<\/li>\n\n\n\n<li><a href=\"https:\/\/es.wikipedia.org\/wiki\/Magdalena_de_Cos\" target=\"_blank\" rel=\"noreferrer noopener\">Magadalena de Cos Borbolla<\/a> (1919-2008)<\/li>\n\n\n\n<li><em><a href=\"https:\/\/es.wikipedia.org\/wiki\/Mujeres_de_instintos_perversos\" target=\"_blank\" rel=\"noreferrer noopener\">Mujeres de instintos perversos. La justicia militar franquista contra las mujeres de Albacete (1939-1948)<\/a><\/em><\/li>\n<\/ol>\n\n\n\n<h3 id=\"gtgt-articulosnbsptraducidosnbsp10\" class=\"wp-block-heading\"><strong>&gt;&gt; Art\u00edculos <span style=\"text-decoration: underline;\">traducidos<\/span>: 10<\/strong><\/h3>\n\n\n\n<ol class=\"wp-block-list\">\n<li><a href=\"https:\/\/es.wikipedia.org\/wiki\/Mar%C3%ADa_Pi_Ferrer\" target=\"_blank\" rel=\"noreferrer noopener\">Mar\u00eda Pi i Ferrer<\/a> (1884-1960)<\/li>\n\n\n\n<li><a href=\"https:\/\/es.wikipedia.org\/wiki\/Edith_Bone\" target=\"_blank\" rel=\"noreferrer noopener\">Edith Bone<\/a>&nbsp;(1889-1975)<\/li>\n\n\n\n<li><a href=\"https:\/\/es.wikipedia.org\/wiki\/Simone_T%C3%A9ry\" target=\"_blank\" rel=\"noreferrer noopener\">Simone T\u00e9ry<\/a> (1897-1967)<\/li>\n\n\n\n<li><a href=\"https:\/\/es.wikipedia.org\/wiki\/Teresa_Torrelles_i_Espina\" target=\"_blank\" rel=\"noreferrer noopener\">Teresa Torrelles i Espina<\/a> (1908-1991)<\/li>\n\n\n\n<li><a href=\"https:\/\/es.wikipedia.org\/wiki\/Carme_Recasens_Aubert\" target=\"_blank\" rel=\"noreferrer noopener\">Carme Recasens i Aubert<\/a> (1912-1979)<\/li>\n\n\n\n<li><a href=\"https:\/\/es.wikipedia.org\/wiki\/Maria_Dom%C3%A8nech_Perich\" target=\"_blank\" rel=\"noreferrer noopener\">Mar\u00eda Dom\u00e8nech Perich<\/a> (1913-1997)<\/li>\n\n\n\n<li><a href=\"https:\/\/es.wikipedia.org\/wiki\/Magda_Bo%C5%A1kovi%C4%87\" target=\"_blank\" rel=\"noreferrer noopener\">Magda Bo\u0161kovi\u0107<\/a> (1914-1942)<\/li>\n\n\n\n<li><a href=\"https:\/\/es.wikipedia.org\/wiki\/Elisa_Reverter_L%C3%B3pez\" target=\"_blank\" rel=\"noreferrer noopener\">Elisa Reverter L\u00f3pez<\/a> (1917-2009)<\/li>\n\n\n\n<li><a href=\"https:\/\/es.wikipedia.org\/wiki\/Fidela_Fern%C3%A1ndez_de_Velasco_P%C3%A9rez\" target=\"_blank\" rel=\"noreferrer noopener\">Fidela Fern\u00e1ndez de Velasco<\/a> (1920)<\/li>\n\n\n\n<li><em><a href=\"https:\/\/es.wikipedia.org\/wiki\/La_casa_de_las_chivas_(pel%C3%ADcula)\" target=\"_blank\" rel=\"noreferrer noopener\">La casa de las chivas<\/a><\/em> (1972)<\/li>\n<\/ol>\n\n\n\n<hr class=\"wp-block-separator has-alpha-channel-opacity\"\/>\n\n\n\n<h1 id=\"gt-colaboran\" class=\"wp-block-heading\"><strong>&gt; Colaboran<\/strong><\/h1>\n\n\n\n<div class=\"wp-block-columns are-vertically-aligned-center is-layout-flex wp-container-core-columns-is-layout-9d6595d7 wp-block-columns-is-layout-flex\">\n<div class=\"wp-block-column is-vertically-aligned-center is-layout-flow wp-block-column-is-layout-flow\"><div class=\"wp-block-image\">\n<figure class=\"alignleft size-large is-resized\"><img decoding=\"async\" width=\"1024\" height=\"238\" src=\"http:\/\/www.wikiesfera.org\/wp-content\/uploads\/2018\/04\/Wikimedia_Foundation_logo_-_horizontal.svg_-1024x238.png\" alt=\"\" class=\"wp-image-1036\" style=\"width:241px;height:auto\" srcset=\"https:\/\/www.wikiesfera.org\/wp-content\/uploads\/2018\/04\/Wikimedia_Foundation_logo_-_horizontal.svg_-1024x238.png 1024w, https:\/\/www.wikiesfera.org\/wp-content\/uploads\/2018\/04\/Wikimedia_Foundation_logo_-_horizontal.svg_-300x70.png 300w, https:\/\/www.wikiesfera.org\/wp-content\/uploads\/2018\/04\/Wikimedia_Foundation_logo_-_horizontal.svg_-768x179.png 768w, https:\/\/www.wikiesfera.org\/wp-content\/uploads\/2018\/04\/Wikimedia_Foundation_logo_-_horizontal.svg_-150x35.png 150w, https:\/\/www.wikiesfera.org\/wp-content\/uploads\/2018\/04\/Wikimedia_Foundation_logo_-_horizontal.svg_-400x93.png 400w, https:\/\/www.wikiesfera.org\/wp-content\/uploads\/2018\/04\/Wikimedia_Foundation_logo_-_horizontal.svg_.png 2000w\" sizes=\"(max-width: 1024px) 100vw, 1024px\" \/><\/figure><\/div><\/div>\n\n\n\n<div class=\"wp-block-column is-vertically-aligned-center is-layout-flow wp-block-column-is-layout-flow\"><div class=\"wp-block-image\">\n<figure class=\"alignleft size-large is-resized\"><img loading=\"lazy\" decoding=\"async\" width=\"1024\" height=\"1024\" src=\"https:\/\/www.wikiesfera.org\/wp-content\/uploads\/2022\/09\/logo-lafabulosa_redondo-1024x1024.png\" alt=\"\" class=\"wp-image-3508\" style=\"width:76px;height:auto\" srcset=\"https:\/\/www.wikiesfera.org\/wp-content\/uploads\/2022\/09\/logo-lafabulosa_redondo-1024x1024.png 1024w, https:\/\/www.wikiesfera.org\/wp-content\/uploads\/2022\/09\/logo-lafabulosa_redondo-300x300.png 300w, https:\/\/www.wikiesfera.org\/wp-content\/uploads\/2022\/09\/logo-lafabulosa_redondo-150x150.png 150w, https:\/\/www.wikiesfera.org\/wp-content\/uploads\/2022\/09\/logo-lafabulosa_redondo-768x768.png 768w, https:\/\/www.wikiesfera.org\/wp-content\/uploads\/2022\/09\/logo-lafabulosa_redondo-1536x1536.png 1536w, https:\/\/www.wikiesfera.org\/wp-content\/uploads\/2022\/09\/logo-lafabulosa_redondo-400x400.png 400w, https:\/\/www.wikiesfera.org\/wp-content\/uploads\/2022\/09\/logo-lafabulosa_redondo.png 2048w\" sizes=\"(max-width: 1024px) 100vw, 1024px\" \/><\/figure><\/div><\/div>\n\n\n\n<div class=\"wp-block-column is-vertically-aligned-center is-layout-flow wp-block-column-is-layout-flow\"><\/div>\n\n\n\n<div class=\"wp-block-column is-vertically-aligned-center is-layout-flow wp-block-column-is-layout-flow\"><\/div>\n<\/div>\n\n\n\n<p><\/p>\n","protected":false},"excerpt":{"rendered":"<p>&gt; Tem\u00e1tica El pasado lunes 18 de noviembre, desde Wikiesfera&nbsp;y coincidiendo con el&nbsp;20N,&nbsp;aniversario de la muerte de Francisco Franco, dedicamos una jornada para visibilizar en Wikipedia&nbsp;a mujeres que sufrieron persecuci\u00f3n, c\u00e1rcel y exilio durante la dictadura por desafiar el r\u00e9gimen o defender sus derechos y libertades. Desde las 17:00 horas, participantes y organizadoras nos juntamos [&hellip;]<\/p>\n","protected":false},"author":1,"featured_media":11668,"comment_status":"closed","ping_status":"closed","template":"","format":"gallery","meta":{"_coblocks_attr":"","_coblocks_dimensions":"","_coblocks_responsive_height":"","_coblocks_accordion_ie_support":"","footnotes":""},"class_list":["post-6329","portfolio","type-portfolio","status-publish","format-gallery","has-post-thumbnail","hentry","portfolio_category-341","portfolio_category-editatonas","portfolio_category-memoria","portfolio_category-wikimedia-foundation","portfolio-entry","span_1_of_4 col clr"],"_links":{"self":[{"href":"https:\/\/www.wikiesfera.org\/es\/wp-json\/wp\/v2\/portfolio\/6329","targetHints":{"allow":["GET"]}}],"collection":[{"href":"https:\/\/www.wikiesfera.org\/es\/wp-json\/wp\/v2\/portfolio"}],"about":[{"href":"https:\/\/www.wikiesfera.org\/es\/wp-json\/wp\/v2\/types\/portfolio"}],"author":[{"embeddable":true,"href":"https:\/\/www.wikiesfera.org\/es\/wp-json\/wp\/v2\/users\/1"}],"replies":[{"embeddable":true,"href":"https:\/\/www.wikiesfera.org\/es\/wp-json\/wp\/v2\/comments?post=6329"}],"version-history":[{"count":15,"href":"https:\/\/www.wikiesfera.org\/es\/wp-json\/wp\/v2\/portfolio\/6329\/revisions"}],"predecessor-version":[{"id":11691,"href":"https:\/\/www.wikiesfera.org\/es\/wp-json\/wp\/v2\/portfolio\/6329\/revisions\/11691"}],"wp:featuredmedia":[{"embeddable":true,"href":"https:\/\/www.wikiesfera.org\/es\/wp-json\/wp\/v2\/media\/11668"}],"wp:attachment":[{"href":"https:\/\/www.wikiesfera.org\/es\/wp-json\/wp\/v2\/media?parent=6329"}],"curies":[{"name":"wp","href":"https:\/\/api.w.org\/{rel}","templated":true}]}}