{"id":5636,"date":"2024-06-10T12:45:13","date_gmt":"2024-06-10T12:45:13","guid":{"rendered":"http:\/\/www.wikiesfera.org\/?post_type=portfolio&#038;p=5636"},"modified":"2026-02-07T00:57:40","modified_gmt":"2026-02-07T00:57:40","slug":"editatona-de-mujeres-nobles-8j","status":"publish","type":"portfolio","link":"https:\/\/www.wikiesfera.org\/es\/portfolio-item\/editatona-de-mujeres-nobles-8j\/","title":{"rendered":"Editatona de mujeres nobles #8J"},"content":{"rendered":"\n<h1 id=\"gt-tematica\" class=\"wp-block-heading\"><strong>&gt; Tem\u00e1tica<\/strong><\/h1>\n\n\n\n<div class=\"wp-block-columns is-layout-flex wp-container-core-columns-is-layout-9d6595d7 wp-block-columns-is-layout-flex\">\n<div class=\"wp-block-column is-layout-flow wp-block-column-is-layout-flow\" style=\"flex-basis:100%\">\n<p>El pasado s\u00e1bado 8 de junio, en el contexto de la <a href=\"https:\/\/www.cultura.gob.es\/cultura\/areas\/archivos\/mc\/archivos\/nhn\/actividades\/dia-internacional-archivos.html\" target=\"_blank\" rel=\"noreferrer noopener\"><strong>Semana Internacional de los Archivos<\/strong><\/a>, desde <strong>Wikiesfera<\/strong>&nbsp;y en coordinaci\u00f3n con la&nbsp;<strong>Subdirecci\u00f3n General de los Archivos Estatales<\/strong>&nbsp;(<a href=\"https:\/\/www.instagram.com\/archivosest\/\">@archivosest<\/a>) del&nbsp;<strong>Ministerio de Cultura del Gobierno de Espa\u00f1a<\/strong>&nbsp;(<a href=\"https:\/\/www.instagram.com\/culturagob\/\">@culturagob<\/a>) dedicamos una sesi\u00f3n en el <strong>Archivo Hist\u00f3rico de la Nobleza<\/strong>, en Toledo, para visibilizar en Wikipedia a <strong>mujeres nobles<\/strong> mediante <strong>la creaci\u00f3n de diferentes art\u00edculos<\/strong>.<\/p>\n\n\n\n<p>Para esta actividad utilizamos los nombres de algunas nobles presentes en el cat\u00e1logo de la exposici\u00f3n <strong><a href=\"https:\/\/www.cultura.gob.es\/cultura\/areas\/archivos\/mc\/archivos\/nhn\/exposiciones\/exposiciones-temporales1\/mujer-nobleza-poder-2023.html\" target=\"_blank\" rel=\"noopener\"><em>\u00abMujer, Nobleza y Poder\u00bb<\/em><\/a><\/strong>.  Esta exposici\u00f3n ofrec\u00eda una visi\u00f3n detallada de mujeres destacadas en la historia de Espa\u00f1a que, superando los roles tradicionales de su g\u00e9nero, ejercieron poder e influencia en la pol\u00edtica y la cultura de su \u00e9poca.<\/p>\n<\/div>\n\n\n\n<div class=\"wp-block-column is-layout-flow wp-block-column-is-layout-flow\" style=\"flex-basis:30%\">\n<figure class=\"wp-block-image size-large\"><img fetchpriority=\"high\" decoding=\"async\" width=\"1024\" height=\"544\" src=\"https:\/\/www.wikiesfera.org\/wp-content\/uploads\/2024\/05\/convocatoria-editatona-nobles-1024x544.jpg\" alt=\"\" class=\"wp-image-5446\" srcset=\"https:\/\/www.wikiesfera.org\/wp-content\/uploads\/2024\/05\/convocatoria-editatona-nobles-1024x544.jpg 1024w, https:\/\/www.wikiesfera.org\/wp-content\/uploads\/2024\/05\/convocatoria-editatona-nobles-300x159.jpg 300w, https:\/\/www.wikiesfera.org\/wp-content\/uploads\/2024\/05\/convocatoria-editatona-nobles-768x408.jpg 768w, https:\/\/www.wikiesfera.org\/wp-content\/uploads\/2024\/05\/convocatoria-editatona-nobles-150x80.jpg 150w, https:\/\/www.wikiesfera.org\/wp-content\/uploads\/2024\/05\/convocatoria-editatona-nobles-640x340.jpg 640w, https:\/\/www.wikiesfera.org\/wp-content\/uploads\/2024\/05\/convocatoria-editatona-nobles-400x213.jpg 400w, https:\/\/www.wikiesfera.org\/wp-content\/uploads\/2024\/05\/convocatoria-editatona-nobles.jpg 1280w\" sizes=\"(max-width: 1024px) 100vw, 1024px\" \/><\/figure>\n<\/div>\n<\/div>\n\n\n\n<hr class=\"wp-block-separator has-alpha-channel-opacity\"\/>\n\n\n\n<h1 id=\"gt-resultados\" class=\"wp-block-heading\"><strong>&gt; Resultados<\/strong><\/h1>\n\n\n\n<ul class=\"wp-block-list\">\n<li>N\u00famero de <b><u><strong>PARTICIPANTE<\/strong><\/u><\/b><strong><u><u>S<\/u><\/u>: 10<\/strong><\/li>\n\n\n\n<li>N\u00famero de <b><u><strong>ART\u00cdCULOS PUBLICADO<\/strong><\/u><\/b><strong><u><u>S<\/u><\/u>: 10<\/strong><\/li>\n<\/ul>\n\n\n\n<ol class=\"wp-block-list\">\n<li><a href=\"https:\/\/es.wikipedia.org\/wiki\/Leonor_de_Queralt_Perell%C3%B3s\" target=\"_blank\" rel=\"noopener\">Elionor de Queralt Perell\u00f3s<\/a> (?-1432)<\/li>\n\n\n\n<li><a href=\"https:\/\/es.wikipedia.org\/wiki\/Alamanda_de_Carr%C3%B2s\" target=\"_blank\" rel=\"noopener\">Alamanda de Carr\u00f2s<\/a> (?-1438)<\/li>\n\n\n\n<li><a href=\"https:\/\/es.wikipedia.org\/wiki\/Leonor_Pimentel_y_Z%C3%BA%C3%B1iga\" target=\"_blank\" rel=\"noopener\">Leonor Pimentel y Z\u00fa\u00f1iga<\/a> (1437-1486)<\/li>\n\n\n\n<li><a href=\"https:\/\/es.wikipedia.org\/wiki\/Mar%C3%ADa_Manrique_de_Lara\" target=\"_blank\" rel=\"noopener\">Mar\u00eda Manrique de Lara Figueroa<\/a> (?-1527)<\/li>\n\n\n\n<li><a href=\"https:\/\/es.wikipedia.org\/wiki\/Estefan%C3%ADa_Manrique_de_Castilla\" target=\"_blank\" rel=\"noopener\">Estefan\u00eda Manrique de Castilla<\/a> (\u00bf?-1606)<\/li>\n\n\n\n<li><a href=\"https:\/\/es.wikipedia.org\/wiki\/Artemisa_Doria_Carretto\" target=\"_blank\" rel=\"noopener\">Artemisa Doria Carretto<\/a> (1550-1644)<\/li>\n\n\n\n<li><a href=\"https:\/\/es.wikipedia.org\/wiki\/Mar%C3%ADa_Agustina_de_la_Torre\" target=\"_blank\" rel=\"noopener\">Mar\u00eda Agustina de la Torre<\/a> (1712-1784)<\/li>\n\n\n\n<li><a href=\"https:\/\/es.wikipedia.org\/wiki\/Mar%C3%ADa_de_la_Concepci%C3%B3n_de_Pinedo_Gonz%C3%A1lez_de_Quijano\" target=\"_blank\" rel=\"noopener\">Mar\u00eda de la Concepci\u00f3n Pinedo Gonz\u00e1lez de Quijano<\/a> (1754-1802)<\/li>\n\n\n\n<li><a href=\"https:\/\/es.wikipedia.org\/wiki\/Mar%C3%ADa_del_Carmen_%C3%81lvarez_de_las_Asturias-Boh%C3%B3rques_Gir%C3%A1ldez\" target=\"_blank\" rel=\"noopener\">Mar\u00eda del Carmen \u00c1lvarez de las Asturias-Boh\u00f3rques Gir\u00e1ldez<\/a> (1820-1895)<\/li>\n\n\n\n<li><a href=\"https:\/\/es.wikipedia.org\/wiki\/Mar%C3%ADa_Luisa_Carvajal_D%C3%A1valos\" target=\"_blank\" rel=\"noopener\">Mar\u00eda Luisa Carvajal D\u00e1valos<\/a> (1853-1947)<\/li>\n<\/ol>\n\n\n\n<hr class=\"wp-block-separator has-alpha-channel-opacity\"\/>\n\n\n\n<h1 id=\"gt-colaboran\" class=\"wp-block-heading\"><strong>&gt; Colaboran<\/strong><\/h1>\n\n\n\n<div class=\"wp-block-columns are-vertically-aligned-center is-layout-flex wp-container-core-columns-is-layout-9d6595d7 wp-block-columns-is-layout-flex\">\n<div class=\"wp-block-column is-vertically-aligned-center is-layout-flow wp-block-column-is-layout-flow\"><div class=\"wp-block-image\">\n<figure class=\"alignleft size-large\"><img decoding=\"async\" width=\"1024\" height=\"238\" src=\"https:\/\/www.wikiesfera.org\/wp-content\/uploads\/2018\/04\/Wikimedia_Foundation_logo_-_horizontal.svg_-1024x238.png\" alt=\"\" class=\"wp-image-1036\" srcset=\"https:\/\/www.wikiesfera.org\/wp-content\/uploads\/2018\/04\/Wikimedia_Foundation_logo_-_horizontal.svg_-1024x238.png 1024w, https:\/\/www.wikiesfera.org\/wp-content\/uploads\/2018\/04\/Wikimedia_Foundation_logo_-_horizontal.svg_-300x70.png 300w, https:\/\/www.wikiesfera.org\/wp-content\/uploads\/2018\/04\/Wikimedia_Foundation_logo_-_horizontal.svg_-768x179.png 768w, https:\/\/www.wikiesfera.org\/wp-content\/uploads\/2018\/04\/Wikimedia_Foundation_logo_-_horizontal.svg_-150x35.png 150w, https:\/\/www.wikiesfera.org\/wp-content\/uploads\/2018\/04\/Wikimedia_Foundation_logo_-_horizontal.svg_-400x93.png 400w, https:\/\/www.wikiesfera.org\/wp-content\/uploads\/2018\/04\/Wikimedia_Foundation_logo_-_horizontal.svg_.png 2000w\" sizes=\"(max-width: 1024px) 100vw, 1024px\" \/><\/figure><\/div><\/div>\n\n\n\n<div class=\"wp-block-column is-vertically-aligned-center is-layout-flow wp-block-column-is-layout-flow\"><div class=\"wp-block-image\">\n<figure class=\"alignleft size-large\"><img decoding=\"async\" width=\"1024\" height=\"281\" src=\"https:\/\/www.wikiesfera.org\/wp-content\/uploads\/2024\/02\/logo-MInisterio-Cultura_2023-1024x281.png\" alt=\"\" class=\"wp-image-4875\" srcset=\"https:\/\/www.wikiesfera.org\/wp-content\/uploads\/2024\/02\/logo-MInisterio-Cultura_2023-1024x281.png 1024w, https:\/\/www.wikiesfera.org\/wp-content\/uploads\/2024\/02\/logo-MInisterio-Cultura_2023-300x82.png 300w, https:\/\/www.wikiesfera.org\/wp-content\/uploads\/2024\/02\/logo-MInisterio-Cultura_2023-768x211.png 768w, https:\/\/www.wikiesfera.org\/wp-content\/uploads\/2024\/02\/logo-MInisterio-Cultura_2023-1536x421.png 1536w, https:\/\/www.wikiesfera.org\/wp-content\/uploads\/2024\/02\/logo-MInisterio-Cultura_2023-150x41.png 150w, https:\/\/www.wikiesfera.org\/wp-content\/uploads\/2024\/02\/logo-MInisterio-Cultura_2023-400x110.png 400w, https:\/\/www.wikiesfera.org\/wp-content\/uploads\/2024\/02\/logo-MInisterio-Cultura_2023.png 1750w\" sizes=\"(max-width: 1024px) 100vw, 1024px\" \/><\/figure><\/div><\/div>\n\n\n\n<div class=\"wp-block-column is-vertically-aligned-center is-layout-flow wp-block-column-is-layout-flow\"><div class=\"wp-block-image\">\n<figure class=\"alignleft size-full is-resized\"><img loading=\"lazy\" decoding=\"async\" width=\"768\" height=\"770\" src=\"https:\/\/www.wikiesfera.org\/wp-content\/uploads\/2024\/02\/archivos-estatales.jpg\" alt=\"\" class=\"wp-image-4874\" style=\"width:60px;height:auto\" srcset=\"https:\/\/www.wikiesfera.org\/wp-content\/uploads\/2024\/02\/archivos-estatales.jpg 768w, https:\/\/www.wikiesfera.org\/wp-content\/uploads\/2024\/02\/archivos-estatales-300x300.jpg 300w, https:\/\/www.wikiesfera.org\/wp-content\/uploads\/2024\/02\/archivos-estatales-150x150.jpg 150w, https:\/\/www.wikiesfera.org\/wp-content\/uploads\/2024\/02\/archivos-estatales-400x401.jpg 400w\" sizes=\"(max-width: 768px) 100vw, 768px\" \/><\/figure><\/div><\/div>\n\n\n\n<div class=\"wp-block-column is-vertically-aligned-center is-layout-flow wp-block-column-is-layout-flow\"><\/div>\n<\/div>\n\n\n\n<p>&nbsp; &nbsp; &nbsp;<\/p>\n","protected":false},"excerpt":{"rendered":"<p>&gt; Tem\u00e1tica El pasado s\u00e1bado 8 de junio, en el contexto de la Semana Internacional de los Archivos, desde Wikiesfera&nbsp;y en coordinaci\u00f3n con la&nbsp;Subdirecci\u00f3n General de los Archivos Estatales&nbsp;(@archivosest) del&nbsp;Ministerio de Cultura del Gobierno de Espa\u00f1a&nbsp;(@culturagob) dedicamos una sesi\u00f3n en el Archivo Hist\u00f3rico de la Nobleza, en Toledo, para visibilizar en Wikipedia a mujeres nobles [&hellip;]<\/p>\n","protected":false},"author":1,"featured_media":4857,"comment_status":"closed","ping_status":"closed","template":"","format":"gallery","meta":{"_coblocks_attr":"","_coblocks_dimensions":"","_coblocks_responsive_height":"","_coblocks_accordion_ie_support":"","footnotes":""},"class_list":["post-5636","portfolio","type-portfolio","status-publish","format-gallery","has-post-thumbnail","hentry","portfolio_category-341","portfolio_category-editatonas","portfolio_category-glam","portfolio_category-wikimedia-foundation","portfolio-entry","span_1_of_4 col clr"],"_links":{"self":[{"href":"https:\/\/www.wikiesfera.org\/es\/wp-json\/wp\/v2\/portfolio\/5636","targetHints":{"allow":["GET"]}}],"collection":[{"href":"https:\/\/www.wikiesfera.org\/es\/wp-json\/wp\/v2\/portfolio"}],"about":[{"href":"https:\/\/www.wikiesfera.org\/es\/wp-json\/wp\/v2\/types\/portfolio"}],"author":[{"embeddable":true,"href":"https:\/\/www.wikiesfera.org\/es\/wp-json\/wp\/v2\/users\/1"}],"replies":[{"embeddable":true,"href":"https:\/\/www.wikiesfera.org\/es\/wp-json\/wp\/v2\/comments?post=5636"}],"version-history":[{"count":14,"href":"https:\/\/www.wikiesfera.org\/es\/wp-json\/wp\/v2\/portfolio\/5636\/revisions"}],"predecessor-version":[{"id":10998,"href":"https:\/\/www.wikiesfera.org\/es\/wp-json\/wp\/v2\/portfolio\/5636\/revisions\/10998"}],"wp:featuredmedia":[{"embeddable":true,"href":"https:\/\/www.wikiesfera.org\/es\/wp-json\/wp\/v2\/media\/4857"}],"wp:attachment":[{"href":"https:\/\/www.wikiesfera.org\/es\/wp-json\/wp\/v2\/media?parent=5636"}],"curies":[{"name":"wp","href":"https:\/\/api.w.org\/{rel}","templated":true}]}}