{"id":5401,"date":"2024-05-09T10:40:05","date_gmt":"2024-05-09T10:40:05","guid":{"rendered":"http:\/\/www.wikiesfera.org\/?post_type=portfolio&#038;p=5401"},"modified":"2026-02-07T00:40:35","modified_gmt":"2026-02-07T00:40:35","slug":"iv-editatona-de-investigadoras-8m","status":"publish","type":"portfolio","link":"https:\/\/www.wikiesfera.org\/es\/portfolio-item\/iv-editatona-de-investigadoras-8m\/","title":{"rendered":"IV Editatona de investigadoras #8M"},"content":{"rendered":"\n<h1 id=\"gt-tematica\" class=\"wp-block-heading\"><strong>&gt; Tem\u00e1tica<\/strong><\/h1>\n\n\n\n<div class=\"wp-block-columns is-layout-flex wp-container-core-columns-is-layout-9d6595d7 wp-block-columns-is-layout-flex\">\n<div class=\"wp-block-column is-layout-flow wp-block-column-is-layout-flow\" style=\"flex-basis:100%\">\n<p>El pasado mi\u00e9rcoles 8 de mayo, desde <strong>Wikiesfera<\/strong>&nbsp;y en coordinaci\u00f3n con la&nbsp;<strong>Subdirecci\u00f3n General de los Archivos Estatales<\/strong>&nbsp;(<a href=\"https:\/\/www.instagram.com\/archivosest\/\">@archivosest<\/a>) del&nbsp;<strong>Ministerio de Cultura del Gobierno de Espa\u00f1a<\/strong>&nbsp;(<a href=\"https:\/\/www.instagram.com\/culturagob\/\">@culturagob<\/a>) dedicamos una sesi\u00f3n virtual para visibilizar en Wikipedia <strong>a mujeres que investigaron en los Archivos Estatales entre 1900 y 1970<\/strong> mediante <strong>la creaci\u00f3n, traducci\u00f3n y mejora de diferentes art\u00edculos<\/strong>.<\/p>\n<\/div>\n\n\n\n<div class=\"wp-block-column is-layout-flow wp-block-column-is-layout-flow\" style=\"flex-basis:30%\">\n<figure class=\"wp-block-image size-large\"><img fetchpriority=\"high\" decoding=\"async\" width=\"1024\" height=\"544\" src=\"https:\/\/www.wikiesfera.org\/wp-content\/uploads\/2024\/04\/cabecera-iv-editatona-investigadoras-8m-1024x544.png\" alt=\"\" class=\"wp-image-5256\" srcset=\"https:\/\/www.wikiesfera.org\/wp-content\/uploads\/2024\/04\/cabecera-iv-editatona-investigadoras-8m-1024x544.png 1024w, https:\/\/www.wikiesfera.org\/wp-content\/uploads\/2024\/04\/cabecera-iv-editatona-investigadoras-8m-300x159.png 300w, https:\/\/www.wikiesfera.org\/wp-content\/uploads\/2024\/04\/cabecera-iv-editatona-investigadoras-8m-768x408.png 768w, https:\/\/www.wikiesfera.org\/wp-content\/uploads\/2024\/04\/cabecera-iv-editatona-investigadoras-8m-150x80.png 150w, https:\/\/www.wikiesfera.org\/wp-content\/uploads\/2024\/04\/cabecera-iv-editatona-investigadoras-8m-640x340.png 640w, https:\/\/www.wikiesfera.org\/wp-content\/uploads\/2024\/04\/cabecera-iv-editatona-investigadoras-8m-400x213.png 400w, https:\/\/www.wikiesfera.org\/wp-content\/uploads\/2024\/04\/cabecera-iv-editatona-investigadoras-8m.png 1280w\" sizes=\"(max-width: 1024px) 100vw, 1024px\" \/><\/figure>\n<\/div>\n<\/div>\n\n\n\n<p><\/p>\n\n\n\n<h3 id=\"gtgt-anteriores-ediciones\" class=\"wp-block-heading\"><strong>&gt;&gt; Anteriores ediciones<\/strong><\/h3>\n\n\n\n<p>Esta actividad se vincula al proyecto <strong><a href=\"https:\/\/www.cultura.gob.es\/cultura\/archivos\/difusion\/mujeres-archivos\/mujeres-investigadoras.html\">Mujeres Investigadoras en los Archivos Estatales (1900-1970)<\/a><\/strong>: una iniciativa pionera en la archiv\u00edstica espa\u00f1ola, centrada en <strong>destacar el rol de las mujeres en la investigaci\u00f3n hist\u00f3rica<\/strong>. Re\u00fane esfuerzos de siete centros de la Subdirecci\u00f3n General de Archivos Estatales, creando un micrositio en el Portal de Archivos Espa\u00f1oles (PARES). Este proyecto ofrece acceso a <strong>documentos que revelan la contribuci\u00f3n femenina en la historia y ciencia<\/strong>, y contin\u00faa expandi\u00e9ndose, sirviendo como un recurso valioso y un tributo a las mujeres investigadoras.<\/p>\n\n\n\n<ul class=\"wp-block-list\">\n<li>17 de febrero de 2024 | <a href=\"http:\/\/www.wikiesfera.org\/portfolio-item\/i-editatona-de-investigadoras-17f\/\" target=\"_blank\" rel=\"noopener\">I Editatona de mujeres investigadoras #17F<\/a> | Archivo Hist\u00f3rico Nacional (Madrid)<\/li>\n\n\n\n<li>20 de marzo de 2024 | <a href=\"https:\/\/www.wikiesfera.org\/portfolio-item\/ii-editatona-de-investigadoras-20m\/\" target=\"_blank\" rel=\"noopener\">II Editatona de mujeres investigadoras #20M<\/a> | Virtual<\/li>\n\n\n\n<li>13 de abril de 2024 | <a href=\"https:\/\/www.wikiesfera.org\/portfolio-item\/iii-editatona-de-investigadoras-13a\/\" target=\"_blank\" rel=\"noreferrer noopener\">III Editatona de mujeres investigadoras #13A<\/a> | Archivo de la Corona de Arag\u00f3n (Barcelona)<\/li>\n<\/ul>\n\n\n\n<hr class=\"wp-block-separator has-alpha-channel-opacity\"\/>\n\n\n\n<h1 id=\"gt-resultados\" class=\"wp-block-heading\"><strong>&gt; Resultados<\/strong><\/h1>\n\n\n\n<ul class=\"wp-block-list\">\n<li>N\u00famero de <strong><span style=\"text-decoration: underline;\">PARTICIPANTES<\/span>: 15<\/strong><\/li>\n\n\n\n<li>N\u00famero de <strong><u>ART\u00cdCULOS PUBLICADOS<\/u>: 16<\/strong><\/li>\n\n\n\n<li>N\u00famero de <strong><u>ART\u00cdCULOS MEJORADOS:<\/u> 10<\/strong><\/li>\n<\/ul>\n\n\n\n<h2 id=\"gtgt-articulos-creados-12\" class=\"wp-block-heading\"><strong>&gt;&gt; Art\u00edculos <span style=\"text-decoration: underline;\">creados<\/span>: 12<\/strong><\/h2>\n\n\n\n<ol class=\"wp-block-list\">\n<li><a href=\"https:\/\/es.wikipedia.org\/wiki\/Rosario_Fuentes_P%C3%A9rez\" target=\"_blank\" rel=\"noopener\">Rosario Fuentes P\u00e9rez<\/a> (1898-1970)<\/li>\n\n\n\n<li><a href=\"https:\/\/es.wikipedia.org\/wiki\/Mar%C3%ADa_Galvarriato\" target=\"_blank\" rel=\"noopener\">Mar\u00eda Galvarriato Garc\u00eda<\/a> (1902-1993)<\/li>\n\n\n\n<li><a href=\"https:\/\/es.wikipedia.org\/wiki\/Mar%C3%ADa_Luisa_Fuertes\" target=\"_blank\" rel=\"noopener\">Mar\u00eda Luisa Fuertes Grasa<\/a> (1912-1995)<\/li>\n\n\n\n<li><a href=\"https:\/\/es.wikipedia.org\/wiki\/Pilar_Herrero\" target=\"_blank\" rel=\"noopener\">Pilar Herrero Hinojo<\/a> (1919-1999)<\/li>\n\n\n\n<li><a href=\"https:\/\/es.wikipedia.org\/wiki\/Mar%C3%ADa_Vilar_Bonet\" target=\"_blank\" rel=\"noopener\">Mar\u00eda Vilar Bonet<\/a> (1923-2007)<\/li>\n\n\n\n<li><a href=\"https:\/\/es.wikipedia.org\/wiki\/Oliva_Armayor\" target=\"_blank\" rel=\"noopener\">Oliva Armayor Gonz\u00e1lez<\/a> (1924-2021)<\/li>\n\n\n\n<li><a href=\"https:\/\/es.wikipedia.org\/wiki\/Victorina_Alonso-Cort%C3%A9s\" target=\"_blank\" rel=\"noopener\">Victorina Alonso-Cort\u00e9s Concejo<\/a> (1929-2024)<\/li>\n\n\n\n<li><a href=\"https:\/\/es.wikipedia.org\/wiki\/Concepci%C3%B3n_de_la_Fuente\" target=\"_blank\" rel=\"noopener\">Concepci\u00f3n de la Fuente Cobos<\/a> (1930-2009)<\/li>\n\n\n\n<li><a href=\"https:\/\/es.wikipedia.org\/wiki\/Ana_D%C3%ADaz_Medina\" target=\"_blank\" rel=\"noopener\">Ana D\u00edaz Medina<\/a> (1939-2012)<\/li>\n\n\n\n<li><a href=\"https:\/\/es.wikipedia.org\/wiki\/Valentina_Fern%C3%A1ndez_Vargas\" target=\"_blank\" rel=\"noopener\">Valentina Fern\u00e1ndez Vargas<\/a> (1940-2018)<\/li>\n\n\n\n<li><a href=\"https:\/\/es.wikipedia.org\/wiki\/Silvia_Cubiles\" target=\"_blank\" rel=\"noopener\">Silvia Cubiles Fern\u00e1ndez<\/a> (1942-2013)<\/li>\n\n\n\n<li><a href=\"https:\/\/es.wikipedia.org\/wiki\/Pilar_Hern%C3%A1ndez_Aparicio\" target=\"_blank\" rel=\"noopener\">Pilar Hern\u00e1ndez Aparicio<\/a> (1944-2014)<\/li>\n<\/ol>\n\n\n\n<h2 id=\"gtgt-articulos-traducidos-4\" class=\"wp-block-heading\"><strong>&gt;&gt; Art\u00edculos <span style=\"text-decoration: underline;\">traducidos<\/span>: 4<\/strong><\/h2>\n\n\n\n<ol class=\"wp-block-list\">\n<li><a href=\"https:\/\/es.wikipedia.org\/wiki\/Frances_Parkinson_Keyes\" target=\"_blank\" rel=\"noopener\">Frances Parkinson Keyes<\/a> (1885-1970)<\/li>\n\n\n\n<li><a href=\"https:\/\/es.wikipedia.org\/wiki\/Grete_Mecenseffy\" target=\"_blank\" rel=\"noopener\">Grete Mecenseffy<\/a> (1898-1995)<\/li>\n\n\n\n<li><a href=\"https:\/\/es.wikipedia.org\/wiki\/%C3%80ngels_Masi%C3%A0_de_Ros\" target=\"_blank\" rel=\"noopener\">\u00c0ngels Masi\u00e0 de Ros<\/a> (1907-1998)<\/li>\n\n\n\n<li><a href=\"https:\/\/es.wikipedia.org\/wiki\/Grete_Walter-Klingenstein\" target=\"_blank\" rel=\"noopener\">Grete Walter-Klingenstein<\/a> (1939)<\/li>\n<\/ol>\n\n\n\n<h2 id=\"gtgt-articulos-mejorados-10\" class=\"wp-block-heading\"><strong>&gt;&gt; Art\u00edculos <span style=\"text-decoration: underline;\">mejorados<\/span>: 10<\/strong><\/h2>\n\n\n\n<ol class=\"wp-block-list\">\n<li><a href=\"https:\/\/es.wikipedia.org\/wiki\/Mar%C3%ADa_Luisa_Caturla\" target=\"_blank\" rel=\"noopener\">Mar\u00eda Luisa Caturla<\/a> (1888-1984)<\/li>\n\n\n\n<li><a href=\"https:\/\/es.wikipedia.org\/wiki\/Mar%C3%ADa_%C3%81ngeles_Belda_Soler\" target=\"_blank\" rel=\"noopener\">Mar\u00eda \u00c1ngeles Belda Soler<\/a> (1906-1991)<\/li>\n\n\n\n<li><a href=\"https:\/\/es.wikipedia.org\/wiki\/Carmen_Caama%C3%B1o_D%C3%ADaz\" target=\"_blank\" rel=\"noopener\">Carmen Caama\u00f1o D\u00edaz<\/a> (1909-2006)<\/li>\n\n\n\n<li><a href=\"https:\/\/es.wikipedia.org\/wiki\/Mar%C3%ADa_Bra%C3%B1a_de_Diego\" target=\"_blank\" rel=\"noopener\">Mar\u00eda Bra\u00f1a de Diego<\/a> (1912-2007)<\/li>\n\n\n\n<li><a href=\"https:\/\/es.wikipedia.org\/wiki\/%C3%81ngeles_Alvari%C3%B1o\" target=\"_blank\" rel=\"noopener\">Mar\u00eda de los \u00c1ngeles Alvari\u00f1o Gonz\u00e1lez<\/a> (1916-2005)<\/li>\n\n\n\n<li><a href=\"https:\/\/es.wikipedia.org\/wiki\/Carmen_Bravo-Villasante\" target=\"_blank\" rel=\"noopener\">Carmen Bravo-Villasante<\/a> (1918-1994)<\/li>\n\n\n\n<li><a href=\"https:\/\/es.wikipedia.org\/wiki\/Carmen_Bernis_Madrazo\" target=\"_blank\" rel=\"noopener\">Carmen Bernis Madrazo<\/a> (1918-2001)<\/li>\n\n\n\n<li><a href=\"https:\/\/es.wikipedia.org\/wiki\/Soledad_Carrasco_Urgoiti\" target=\"_blank\" rel=\"noopener\">Mar\u00eda Soledad Carrasco Urgoiti<\/a> (1922-2007)<\/li>\n\n\n\n<li><a href=\"https:\/\/es.wikipedia.org\/wiki\/Mercedes_Agull%C3%B3\" target=\"_blank\" rel=\"noopener\">Mercedes Agull\u00f3 y Cobo<\/a> (1923-2019)<\/li>\n\n\n\n<li><a href=\"https:\/\/es.wikipedia.org\/wiki\/Luisa_Isabel_%C3%81lvarez_de_Toledo\" target=\"_blank\" rel=\"noopener\">Luisa Isabel \u00c1lvarez de Toledo<\/a> (1936-2008)<\/li>\n<\/ol>\n\n\n\n<hr class=\"wp-block-separator has-alpha-channel-opacity\"\/>\n\n\n\n<h1 id=\"gt-colaboran\" class=\"wp-block-heading\"><strong>&gt; Colaboran<\/strong><\/h1>\n\n\n\n<div class=\"wp-block-columns are-vertically-aligned-center is-layout-flex wp-container-core-columns-is-layout-9d6595d7 wp-block-columns-is-layout-flex\">\n<div class=\"wp-block-column is-vertically-aligned-center is-layout-flow wp-block-column-is-layout-flow\"><div class=\"wp-block-image\">\n<figure class=\"alignleft size-large is-resized\"><img decoding=\"async\" width=\"1024\" height=\"238\" src=\"http:\/\/www.wikiesfera.org\/wp-content\/uploads\/2018\/04\/Wikimedia_Foundation_logo_-_horizontal.svg_-1024x238.png\" alt=\"\" class=\"wp-image-1036\" style=\"width:241px;height:auto\" srcset=\"https:\/\/www.wikiesfera.org\/wp-content\/uploads\/2018\/04\/Wikimedia_Foundation_logo_-_horizontal.svg_-1024x238.png 1024w, https:\/\/www.wikiesfera.org\/wp-content\/uploads\/2018\/04\/Wikimedia_Foundation_logo_-_horizontal.svg_-300x70.png 300w, https:\/\/www.wikiesfera.org\/wp-content\/uploads\/2018\/04\/Wikimedia_Foundation_logo_-_horizontal.svg_-768x179.png 768w, https:\/\/www.wikiesfera.org\/wp-content\/uploads\/2018\/04\/Wikimedia_Foundation_logo_-_horizontal.svg_-150x35.png 150w, https:\/\/www.wikiesfera.org\/wp-content\/uploads\/2018\/04\/Wikimedia_Foundation_logo_-_horizontal.svg_-400x93.png 400w, https:\/\/www.wikiesfera.org\/wp-content\/uploads\/2018\/04\/Wikimedia_Foundation_logo_-_horizontal.svg_.png 2000w\" sizes=\"(max-width: 1024px) 100vw, 1024px\" \/><\/figure><\/div><\/div>\n\n\n\n<div class=\"wp-block-column is-vertically-aligned-center is-layout-flow wp-block-column-is-layout-flow\"><div class=\"wp-block-image\">\n<figure class=\"alignleft size-large is-resized\"><img decoding=\"async\" width=\"1024\" height=\"281\" src=\"http:\/\/www.wikiesfera.org\/wp-content\/uploads\/2024\/02\/logo-MInisterio-Cultura_2023-1024x281.png\" alt=\"\" class=\"wp-image-4875\" style=\"width:204px;height:auto\" srcset=\"https:\/\/www.wikiesfera.org\/wp-content\/uploads\/2024\/02\/logo-MInisterio-Cultura_2023-1024x281.png 1024w, https:\/\/www.wikiesfera.org\/wp-content\/uploads\/2024\/02\/logo-MInisterio-Cultura_2023-300x82.png 300w, https:\/\/www.wikiesfera.org\/wp-content\/uploads\/2024\/02\/logo-MInisterio-Cultura_2023-768x211.png 768w, https:\/\/www.wikiesfera.org\/wp-content\/uploads\/2024\/02\/logo-MInisterio-Cultura_2023-1536x421.png 1536w, https:\/\/www.wikiesfera.org\/wp-content\/uploads\/2024\/02\/logo-MInisterio-Cultura_2023-150x41.png 150w, https:\/\/www.wikiesfera.org\/wp-content\/uploads\/2024\/02\/logo-MInisterio-Cultura_2023-400x110.png 400w, https:\/\/www.wikiesfera.org\/wp-content\/uploads\/2024\/02\/logo-MInisterio-Cultura_2023.png 1750w\" sizes=\"(max-width: 1024px) 100vw, 1024px\" \/><\/figure><\/div><\/div>\n\n\n\n<div class=\"wp-block-column is-vertically-aligned-center is-layout-flow wp-block-column-is-layout-flow\"><div class=\"wp-block-image\">\n<figure class=\"alignleft size-full is-resized\"><img loading=\"lazy\" decoding=\"async\" width=\"768\" height=\"770\" src=\"http:\/\/www.wikiesfera.org\/wp-content\/uploads\/2024\/02\/archivos-estatales.jpg\" alt=\"\" class=\"wp-image-4874\" style=\"width:57px;height:auto\" srcset=\"https:\/\/www.wikiesfera.org\/wp-content\/uploads\/2024\/02\/archivos-estatales.jpg 768w, https:\/\/www.wikiesfera.org\/wp-content\/uploads\/2024\/02\/archivos-estatales-300x300.jpg 300w, https:\/\/www.wikiesfera.org\/wp-content\/uploads\/2024\/02\/archivos-estatales-150x150.jpg 150w, https:\/\/www.wikiesfera.org\/wp-content\/uploads\/2024\/02\/archivos-estatales-400x401.jpg 400w\" sizes=\"(max-width: 768px) 100vw, 768px\" \/><\/figure><\/div><\/div>\n\n\n\n<div class=\"wp-block-column is-vertically-aligned-center is-layout-flow wp-block-column-is-layout-flow\"><\/div>\n<\/div>\n\n\n\n<p>&nbsp; &nbsp; &nbsp;<\/p>\n\n\n\n<p><\/p>\n","protected":false},"excerpt":{"rendered":"<p>&gt; Tem\u00e1tica El pasado mi\u00e9rcoles 8 de mayo, desde Wikiesfera&nbsp;y en coordinaci\u00f3n con la&nbsp;Subdirecci\u00f3n General de los Archivos Estatales&nbsp;(@archivosest) del&nbsp;Ministerio de Cultura del Gobierno de Espa\u00f1a&nbsp;(@culturagob) dedicamos una sesi\u00f3n virtual para visibilizar en Wikipedia a mujeres que investigaron en los Archivos Estatales entre 1900 y 1970 mediante la creaci\u00f3n, traducci\u00f3n y mejora de diferentes art\u00edculos. [&hellip;]<\/p>\n","protected":false},"author":1,"featured_media":4857,"comment_status":"closed","ping_status":"closed","template":"","format":"gallery","meta":{"_coblocks_attr":"","_coblocks_dimensions":"","_coblocks_responsive_height":"","_coblocks_accordion_ie_support":"","footnotes":""},"class_list":["post-5401","portfolio","type-portfolio","status-publish","format-gallery","has-post-thumbnail","hentry","portfolio_category-341","portfolio_category-archivos-estatales","portfolio_category-editatonas","portfolio_category-glam","portfolio_category-wikimedia-foundation","portfolio-entry","span_1_of_4 col clr"],"_links":{"self":[{"href":"https:\/\/www.wikiesfera.org\/es\/wp-json\/wp\/v2\/portfolio\/5401","targetHints":{"allow":["GET"]}}],"collection":[{"href":"https:\/\/www.wikiesfera.org\/es\/wp-json\/wp\/v2\/portfolio"}],"about":[{"href":"https:\/\/www.wikiesfera.org\/es\/wp-json\/wp\/v2\/types\/portfolio"}],"author":[{"embeddable":true,"href":"https:\/\/www.wikiesfera.org\/es\/wp-json\/wp\/v2\/users\/1"}],"replies":[{"embeddable":true,"href":"https:\/\/www.wikiesfera.org\/es\/wp-json\/wp\/v2\/comments?post=5401"}],"version-history":[{"count":12,"href":"https:\/\/www.wikiesfera.org\/es\/wp-json\/wp\/v2\/portfolio\/5401\/revisions"}],"predecessor-version":[{"id":10994,"href":"https:\/\/www.wikiesfera.org\/es\/wp-json\/wp\/v2\/portfolio\/5401\/revisions\/10994"}],"wp:featuredmedia":[{"embeddable":true,"href":"https:\/\/www.wikiesfera.org\/es\/wp-json\/wp\/v2\/media\/4857"}],"wp:attachment":[{"href":"https:\/\/www.wikiesfera.org\/es\/wp-json\/wp\/v2\/media?parent=5401"}],"curies":[{"name":"wp","href":"https:\/\/api.w.org\/{rel}","templated":true}]}}