{"id":4858,"date":"2024-02-17T15:57:26","date_gmt":"2024-02-17T15:57:26","guid":{"rendered":"http:\/\/www.wikiesfera.org\/?post_type=portfolio&#038;p=4858"},"modified":"2025-12-22T15:10:08","modified_gmt":"2025-12-22T15:10:08","slug":"editatona-de-aragonesas-stem-16f-2024","status":"publish","type":"portfolio","link":"https:\/\/www.wikiesfera.org\/es\/portfolio-item\/editatona-de-aragonesas-stem-16f-2024\/","title":{"rendered":"Editatona de aragonesas STEM #16F 2024"},"content":{"rendered":"\n<h1 id=\"gt-tematica\" class=\"wp-block-heading\"><strong>&gt; Tem\u00e1tica<\/strong><\/h1>\n\n\n\n<div class=\"wp-block-columns is-layout-flex wp-container-core-columns-is-layout-9d6595d7 wp-block-columns-is-layout-flex\">\n<div class=\"wp-block-column is-layout-flow wp-block-column-is-layout-flow\" style=\"flex-basis:100%\">\n<p>El pasado viernes 16 de febrero,&nbsp;el <strong>Proyecto Aspasia<\/strong> del <strong>Gobierno de Arag\u00f3n<\/strong> (<a href=\"https:\/\/twitter.com\/aragonabierto\" target=\"_blank\" rel=\"noopener\">@aragonabierto<\/a>) continu\u00f3 con su ciclo de editatonas con una jornada dedicada a <a href=\"https:\/\/www.laaab.es\/2024\/01\/editatona-stem2024\/\" target=\"_blank\" rel=\"noopener\"><strong>mujeres STEM aragonesas<\/strong><\/a>. Esta actividad se enmarca dentro del <strong><a href=\"https:\/\/es.wikipedia.org\/wiki\/D%C3%ADa_Internacional_de_la_Mujer_y_la_Ni%C3%B1a_en_la_Ciencia\" target=\"_blank\" rel=\"noopener\">D\u00eda Internacional de la Mujer y la Ni\u00f1a en la Ciencia<\/a><\/strong>, que se celebra cada <a href=\"https:\/\/11defebrero.org\/\" target=\"_blank\" rel=\"noopener\">11 de febrero<\/a> (<a href=\"https:\/\/twitter.com\/11defebreroES\" target=\"_blank\" rel=\"noopener\">@11defebreroES<\/a>), <em>\u00abcon el fin de lograr el acceso y la participaci\u00f3n plena y equitativa en la ciencia para las mujeres y las ni\u00f1as, adem\u00e1s para lograr la igualdad de g\u00e9nero y el empoderamiento de las mujeres y las ni\u00f1as\u00bb<\/em>.<\/p>\n\n\n\n<p>Una de las misiones de la <strong><a href=\"https:\/\/www.laaab.es\/comunidad-aspasia\/\" target=\"_blank\" rel=\"noopener\">#ComunidadAspasia<\/a><\/strong> es hacer visibles a las mujeres y promover la perspectiva de g\u00e9nero hacia una sociedad m\u00e1s igualitaria. Este evento tendr\u00e1 continuidad con otras editatonas dedicadas a diferentes tem\u00e1ticas durante 2022, con un doble objetivo: visibilizar cada vez a m\u00e1s aragonesas relevantes en Wikipedia y seguir asentando el grupo de editoras WikiArag\u00f3n.<\/p>\n<\/div>\n\n\n\n<div class=\"wp-block-column is-layout-flow wp-block-column-is-layout-flow\" style=\"flex-basis:30%\">\n<figure class=\"wp-block-image size-full\"><img fetchpriority=\"high\" decoding=\"async\" width=\"460\" height=\"310\" src=\"https:\/\/www.wikiesfera.org\/wp-content\/uploads\/2020\/12\/imagenes_aspasia1_2d0a646e.jpeg\" alt=\"\" class=\"wp-image-1836\" srcset=\"https:\/\/www.wikiesfera.org\/wp-content\/uploads\/2020\/12\/imagenes_aspasia1_2d0a646e.jpeg 460w, https:\/\/www.wikiesfera.org\/wp-content\/uploads\/2020\/12\/imagenes_aspasia1_2d0a646e-300x202.jpeg 300w, https:\/\/www.wikiesfera.org\/wp-content\/uploads\/2020\/12\/imagenes_aspasia1_2d0a646e-150x101.jpeg 150w, https:\/\/www.wikiesfera.org\/wp-content\/uploads\/2020\/12\/imagenes_aspasia1_2d0a646e-400x270.jpeg 400w\" sizes=\"(max-width: 460px) 100vw, 460px\" \/><\/figure>\n<\/div>\n<\/div>\n\n\n\n<hr class=\"wp-block-separator has-alpha-channel-opacity\"\/>\n\n\n\n<h1 id=\"gt-experta\" class=\"wp-block-heading\"><strong>&gt; Experta<\/strong><\/h1>\n\n\n\n<p>Como en cada editatona, invitamos a una experta en la tem\u00e1tica que vamos a tratar. En esta ocasi\u00f3n, tuvimos la suerte de contar con <span data-wp-editing=\"1\"><strong><a href=\"https:\/\/es.wikipedia.org\/wiki\/Raquel_Villacampa\">Raquel Villacampa<\/a><\/strong>&nbsp;(<a href=\"https:\/\/www.instagram.com\/raquel_villacam\" target=\"_blank\" rel=\"noopener\">@\u200craquel_villacam<\/a>)<\/span>, doctora en matem\u00e1ticas por la Universidad de Zaragoza, especialista en Geometr\u00eda Diferencial<span data-wp-editing=\"1\"> y divulgadora cient\u00edfica<\/span>.<\/p>\n\n\n\n<figure class=\"wp-block-embed is-type-video is-provider-youtube wp-block-embed-youtube wp-embed-aspect-16-9 wp-has-aspect-ratio\"><div class=\"wp-block-embed__wrapper\">\n<iframe title=\"Ponencia de Raquel Villacampa sobre mujeres STEM\" width=\"980\" height=\"551\" src=\"https:\/\/www.youtube.com\/embed\/pGch-EjaxQc?feature=oembed\" frameborder=\"0\" allow=\"accelerometer; autoplay; clipboard-write; encrypted-media; gyroscope; picture-in-picture; web-share\" referrerpolicy=\"strict-origin-when-cross-origin\" allowfullscreen><\/iframe>\n<\/div><\/figure>\n\n\n\n<hr class=\"wp-block-separator has-alpha-channel-opacity\"\/>\n\n\n\n<h1 id=\"gt-resultados\" class=\"wp-block-heading\"><strong>&gt; Resultados<\/strong><\/h1>\n\n\n\n<ul class=\"wp-block-list\">\n<li>N\u00famero de <strong><b><u>PARTICIPANTES:<\/u><\/b> 12<\/strong><\/li>\n\n\n\n<li>N\u00famero de <strong><u>ART\u00cdCULOS CREADOS:<\/u> 6<\/strong><\/li>\n<\/ul>\n\n\n\n<ol class=\"wp-block-list\">\n<li>\n<ol class=\"wp-block-list\">\n<li><a href=\"https:\/\/es.wikipedia.org\/wiki\/Carolina_Jim%C3%A9nez_Butigieg\" target=\"_blank\" rel=\"noopener\">Carolina Jim\u00e9nez Butigieg<\/a> (siglo XX)<\/li>\n\n\n\n<li><a href=\"https:\/\/es.wikipedia.org\/wiki\/Pepa_Pardo\" target=\"_blank\" rel=\"noopener\">Pepa Pardo Rodrigo<\/a> (1974)<\/li>\n\n\n\n<li><a href=\"https:\/\/es.wikipedia.org\/wiki\/Raquel_Villacampa\" target=\"_blank\" rel=\"noopener\">Raquel Villacampa Guti\u00e9rrez<\/a> (1981)<\/li>\n\n\n\n<li><a href=\"https:\/\/es.wikipedia.org\/wiki\/Eva_Tejedor_Calvo\" target=\"_blank\" rel=\"noopener\">Eva Tejedor Calvo<\/a><\/li>\n\n\n\n<li><a href=\"https:\/\/es.wikipedia.org\/wiki\/M%C2%AA_Antonia_Navascu%C3%A9s\" target=\"_blank\" rel=\"noopener\"><span class=\"b\">M\u00aa Antonia Navascu\u00e9s Sanagust\u00edn<\/span><\/a><\/li>\n\n\n\n<li><a href=\"https:\/\/es.wikipedia.org\/wiki\/Mar%C3%ADa_Fern%C3%A1ndez_Guajardo\" target=\"_blank\" rel=\"noopener\">Mar\u00eda Fern\u00e1ndez Guajardo<\/a><\/li>\n<\/ol>\n<\/li>\n<\/ol>\n\n\n\n<hr class=\"wp-block-separator has-alpha-channel-opacity\"\/>\n\n\n\n<h1 id=\"colaboran\" class=\"wp-block-heading\"><strong>> Colaboran<\/strong><\/h1>\n\n\n\n<div class=\"wp-block-columns are-vertically-aligned-center is-layout-flex wp-container-core-columns-is-layout-9d6595d7 wp-block-columns-is-layout-flex\">\n<div class=\"wp-block-column is-vertically-aligned-center is-layout-flow wp-block-column-is-layout-flow\"><div class=\"wp-block-image\">\n<figure class=\"alignleft size-full\"><img decoding=\"async\" width=\"500\" height=\"150\" src=\"https:\/\/www.wikiesfera.org\/wp-content\/uploads\/2024\/02\/logo_gob-aragon.png\" alt=\"\" class=\"wp-image-4905\" srcset=\"https:\/\/www.wikiesfera.org\/wp-content\/uploads\/2024\/02\/logo_gob-aragon.png 500w, https:\/\/www.wikiesfera.org\/wp-content\/uploads\/2024\/02\/logo_gob-aragon-300x90.png 300w, https:\/\/www.wikiesfera.org\/wp-content\/uploads\/2024\/02\/logo_gob-aragon-150x45.png 150w, https:\/\/www.wikiesfera.org\/wp-content\/uploads\/2024\/02\/logo_gob-aragon-400x120.png 400w\" sizes=\"(max-width: 500px) 100vw, 500px\" \/><\/figure><\/div><\/div>\n\n\n\n<div class=\"wp-block-column is-vertically-aligned-center is-layout-flow wp-block-column-is-layout-flow\"><div class=\"wp-block-image\">\n<figure class=\"alignleft size-full\"><img decoding=\"async\" width=\"512\" height=\"198\" src=\"https:\/\/www.wikiesfera.org\/wp-content\/uploads\/2020\/12\/logo-laaab.png\" alt=\"\" class=\"wp-image-1830\" srcset=\"https:\/\/www.wikiesfera.org\/wp-content\/uploads\/2020\/12\/logo-laaab.png 512w, https:\/\/www.wikiesfera.org\/wp-content\/uploads\/2020\/12\/logo-laaab-300x116.png 300w, https:\/\/www.wikiesfera.org\/wp-content\/uploads\/2020\/12\/logo-laaab-150x58.png 150w, https:\/\/www.wikiesfera.org\/wp-content\/uploads\/2020\/12\/logo-laaab-400x155.png 400w\" sizes=\"(max-width: 512px) 100vw, 512px\" \/><\/figure><\/div><\/div>\n\n\n\n<div class=\"wp-block-column is-vertically-aligned-center is-layout-flow wp-block-column-is-layout-flow\"><\/div>\n\n\n\n<div class=\"wp-block-column is-vertically-aligned-center is-layout-flow wp-block-column-is-layout-flow\"><\/div>\n<\/div>\n\n\n\n<p> &nbsp;&nbsp;&nbsp;<\/p>\n","protected":false},"excerpt":{"rendered":"<p>&gt; Tem\u00e1tica El pasado viernes 16 de febrero,&nbsp;el Proyecto Aspasia del Gobierno de Arag\u00f3n (@aragonabierto) continu\u00f3 con su ciclo de editatonas con una jornada dedicada a mujeres STEM aragonesas. Esta actividad se enmarca dentro del D\u00eda Internacional de la Mujer y la Ni\u00f1a en la Ciencia, que se celebra cada 11 de febrero (@11defebreroES), \u00abcon [&hellip;]<\/p>\n","protected":false},"author":1,"featured_media":1839,"comment_status":"closed","ping_status":"closed","template":"","format":"gallery","meta":{"_coblocks_attr":"","_coblocks_dimensions":"","_coblocks_responsive_height":"","_coblocks_accordion_ie_support":"","footnotes":""},"class_list":["post-4858","portfolio","type-portfolio","status-publish","format-gallery","has-post-thumbnail","hentry","portfolio_category-341","portfolio_category-aspasia","portfolio_category-editatonas","portfolio_category-genero","portfolio_category-stem","portfolio-entry","span_1_of_4 col clr"],"_links":{"self":[{"href":"https:\/\/www.wikiesfera.org\/es\/wp-json\/wp\/v2\/portfolio\/4858","targetHints":{"allow":["GET"]}}],"collection":[{"href":"https:\/\/www.wikiesfera.org\/es\/wp-json\/wp\/v2\/portfolio"}],"about":[{"href":"https:\/\/www.wikiesfera.org\/es\/wp-json\/wp\/v2\/types\/portfolio"}],"author":[{"embeddable":true,"href":"https:\/\/www.wikiesfera.org\/es\/wp-json\/wp\/v2\/users\/1"}],"replies":[{"embeddable":true,"href":"https:\/\/www.wikiesfera.org\/es\/wp-json\/wp\/v2\/comments?post=4858"}],"version-history":[{"count":10,"href":"https:\/\/www.wikiesfera.org\/es\/wp-json\/wp\/v2\/portfolio\/4858\/revisions"}],"predecessor-version":[{"id":10333,"href":"https:\/\/www.wikiesfera.org\/es\/wp-json\/wp\/v2\/portfolio\/4858\/revisions\/10333"}],"wp:featuredmedia":[{"embeddable":true,"href":"https:\/\/www.wikiesfera.org\/es\/wp-json\/wp\/v2\/media\/1839"}],"wp:attachment":[{"href":"https:\/\/www.wikiesfera.org\/es\/wp-json\/wp\/v2\/media?parent=4858"}],"curies":[{"name":"wp","href":"https:\/\/api.w.org\/{rel}","templated":true}]}}