{"id":4616,"date":"2023-10-23T14:39:04","date_gmt":"2023-10-23T14:39:04","guid":{"rendered":"https:\/\/www.wikiesfera.org\/?post_type=portfolio&#038;p=4616"},"modified":"2025-12-23T21:14:29","modified_gmt":"2025-12-23T21:14:29","slug":"editatona-de-podcast-feministas-20o","status":"publish","type":"portfolio","link":"https:\/\/www.wikiesfera.org\/es\/portfolio-item\/editatona-de-podcast-feministas-20o\/","title":{"rendered":"Editatona de p\u00f3dcast feministas #20O"},"content":{"rendered":"\n<h1 id=\"gt-tematica\" class=\"wp-block-heading\"><strong>&gt; Tem\u00e1tica<\/strong><\/h1>\n\n\n<div class=\"wp-block-image\">\n<figure class=\"alignright\"><img decoding=\"async\" width=\"300\" height=\"159\" src=\"http:\/\/www.wikiesfera.org\/wp-content\/uploads\/2023\/09\/cabecera-editatona-podcast-feministas-2023-300x159.jpg\" alt=\"\" class=\"wp-image-4563\" srcset=\"https:\/\/www.wikiesfera.org\/wp-content\/uploads\/2023\/09\/cabecera-editatona-podcast-feministas-2023-300x159.jpg 300w, https:\/\/www.wikiesfera.org\/wp-content\/uploads\/2023\/09\/cabecera-editatona-podcast-feministas-2023-1024x544.jpg 1024w, https:\/\/www.wikiesfera.org\/wp-content\/uploads\/2023\/09\/cabecera-editatona-podcast-feministas-2023-768x408.jpg 768w, https:\/\/www.wikiesfera.org\/wp-content\/uploads\/2023\/09\/cabecera-editatona-podcast-feministas-2023-150x80.jpg 150w, https:\/\/www.wikiesfera.org\/wp-content\/uploads\/2023\/09\/cabecera-editatona-podcast-feministas-2023-640x340.jpg 640w, https:\/\/www.wikiesfera.org\/wp-content\/uploads\/2023\/09\/cabecera-editatona-podcast-feministas-2023-400x213.jpg 400w, https:\/\/www.wikiesfera.org\/wp-content\/uploads\/2023\/09\/cabecera-editatona-podcast-feministas-2023.jpg 1280w\" sizes=\"(max-width: 300px) 100vw, 300px\" \/><\/figure><\/div>\n\n\n<p>El pasado viernes 20 de octubre desde Wikiesfera y en coordinaci\u00f3n con <strong>Medialab Matadero<\/strong> (<a href=\"https:\/\/twitter.com\/medialabMM\" target=\"_blank\" rel=\"noopener\">@medialabMM<\/a>) en Madrid dedicamos una jornada a visibilizar en Wikipedia <strong>p\u00f3dcast feministas y podcasteras<\/strong>&nbsp;mediante <strong>la creaci\u00f3n y la traducci\u00f3n de diferentes art\u00edculos<\/strong>.<\/p>\n\n\n\n<h1 id=\"gt-experta\" class=\"wp-block-heading\"><strong>&gt; Experta<\/strong><\/h1>\n\n\n\n<p>Como en cada editatona, invitamos a una experta en la tem\u00e1tica que vamos a tratar. En esta ocasi\u00f3n, contamos con la presencia de la periodista, escritora y documentalista sonora <strong><a href=\"https:\/\/es.wikipedia.org\/wiki\/Isabel_Cadenas_Ca%C3%B1%C3%B3n\" target=\"_blank\" rel=\"noreferrer noopener\">Isabel Cadenas Ca\u00f1\u00f3n<\/a><\/strong>&nbsp;(<a href=\"https:\/\/twitter.com\/txabela_cc\">@txabela_cc<\/a>), especializada en asuntos relacionados con la <strong>memoria hist\u00f3rica<\/strong> y creadora del podcast <em><strong><a href=\"http:\/\/deesonosehabla.com\/\" target=\"_blank\" rel=\"noreferrer noopener\" data-type=\"link\" data-id=\"http:\/\/deesonosehabla.com\/\">(De eso no se habla)<\/a><\/strong><\/em> (<a href=\"https:\/\/twitter.com\/deesono_podcast\" target=\"_blank\" rel=\"noreferrer noopener\" data-type=\"link\" data-id=\"https:\/\/twitter.com\/deesono_podcast\">@deesono_podcast<\/a>), que nos habl\u00f3 de c\u00f3mo fue su proceso para centrarse en el mundo del audio desde los silencios que existen en la sociedad.<\/p>\n\n\n\n<hr class=\"wp-block-separator has-alpha-channel-opacity\"\/>\n\n\n\n<h1 id=\"gt-resultados\" class=\"wp-block-heading\"><strong>&gt; Resultados<\/strong><\/h1>\n\n\n\n<ul class=\"wp-block-list\">\n<li>N\u00famero de <strong><u>PARTICIPANTES:<\/u> 11<\/strong><\/li>\n\n\n\n<li>N\u00famero de <span style=\"text-decoration: underline;\"><strong>ART\u00cdCULOS <\/strong><\/span><strong><span style=\"text-decoration: underline;\">PUBLICADOS<\/span>: 13<\/strong><\/li>\n<\/ul>\n\n\n\n<h3 id=\"gtgt-articulosnbspcreadosnbsp3\" class=\"wp-block-heading\"><strong>&gt;&gt; Art\u00edculos <span style=\"text-decoration: underline;\">creados<\/span>: 3<\/strong><\/h3>\n\n\n\n<ol class=\"wp-block-list\">\n<li><a href=\"https:\/\/es.wikipedia.org\/wiki\/(De_eso_no_se_habla)\" target=\"_blank\" rel=\"noopener\"><em>(De eso no se habla)<\/em><\/a><\/li>\n\n\n\n<li><a href=\"https:\/\/es.wikipedia.org\/wiki\/Saldremos_mejores\" target=\"_blank\" rel=\"noopener\"><em>Saldremos mejores<\/em><\/a><\/li>\n\n\n\n<li><a href=\"https:\/\/es.wikipedia.org\/wiki\/Gabinete_de_curiosidades_(p%C3%B3dcast)\" target=\"_blank\" rel=\"noopener\"><em>Gabinete de curiosidades<\/em><\/a><\/li>\n<\/ol>\n\n\n\n<h3 id=\"gtgt-articulosnbsptraducidosnbspa-espanol-10\" class=\"wp-block-heading\"><strong>&gt;&gt; Art\u00edculos <span style=\"text-decoration: underline;\">traducidos<\/span> a espa\u00f1ol: 10<\/strong><\/h3>\n\n\n\n<p><strong><span style=\"text-decoration: underline;\">&gt;&gt;&gt; Biograf\u00edas<\/span><\/strong> [8]<\/p>\n\n\n\n<ol class=\"wp-block-list\">\n<li><a href=\"https:\/\/es.wikipedia.org\/wiki\/Ruth_Gr%C3%BCtzbauch\" target=\"_blank\" rel=\"noopener\">Ruth Gr\u00fctzbauch<\/a> (1978)<\/li>\n\n\n\n<li><a href=\"https:\/\/es.wikipedia.org\/wiki\/Anna_Khachiyan\" target=\"_blank\" rel=\"noopener\">Anna Khachiyan<\/a> (1985)<\/li>\n\n\n\n<li><a href=\"https:\/\/es.wikipedia.org\/wiki\/Ana_Polo\" target=\"_blank\" rel=\"noopener\">Ana Polo<\/a> (1990)<\/li>\n\n\n\n<li><a href=\"https:\/\/es.wikipedia.org\/wiki\/Maria_Rovira_i_Lastra\" target=\"_blank\" rel=\"noopener\">Maria Rovira \/ <em>Oye Sherman<\/em><\/a> (1990)<\/li>\n\n\n\n<li><a href=\"https:\/\/es.wikipedia.org\/wiki\/Cl%C3%A0udia_Rius_i_Llorens\" target=\"_blank\" rel=\"noopener\">Cl\u00e0udia Rius i Llorens<\/a> (1994)<\/li>\n\n\n\n<li><a href=\"https:\/\/es.wikipedia.org\/wiki\/Of%C3%A8lia_Carbonell_Torrents\" target=\"_blank\" rel=\"noopener\">Of\u00e8lia Carbonell Torrents<\/a> (1994)<\/li>\n\n\n\n<li><a href=\"https:\/\/es.wikipedia.org\/wiki\/Nandar\" target=\"_blank\" rel=\"noopener\">Nandar<\/a> (1995)<\/li>\n\n\n\n<li><a href=\"https:\/\/es.wikipedia.org\/wiki\/Kellie_Carter_Jackson\" target=\"_blank\" rel=\"noopener\">Kellie Carter Jackson<\/a><\/li>\n<\/ol>\n\n\n\n<p><strong><span style=\"text-decoration: underline;\">&gt;&gt;&gt; P\u00f3dcast<\/span><\/strong> [2]<\/p>\n\n\n\n<ol class=\"wp-block-list\">\n<li><a href=\"https:\/\/es.wikipedia.org\/wiki\/Gent_de_Merda\" target=\"_blank\" rel=\"noopener\"><em>Gent de Merda<\/em><\/a><\/li>\n\n\n\n<li><a href=\"https:\/\/es.wikipedia.org\/wiki\/Red_Scare\" target=\"_blank\" rel=\"noopener\"><em>Red Scare<\/em><\/a><\/li>\n<\/ol>\n\n\n\n<hr class=\"wp-block-separator has-alpha-channel-opacity\"\/>\n\n\n\n<h1 id=\"gt-colaboran\" class=\"wp-block-heading\"><strong>&gt; Colaboran<\/strong><\/h1>\n\n\n\n<div class=\"wp-block-columns is-layout-flex wp-container-core-columns-is-layout-9d6595d7 wp-block-columns-is-layout-flex\">\n<div class=\"wp-block-column is-layout-flow wp-block-column-is-layout-flow\"><div class=\"wp-block-image\">\n<figure class=\"alignleft\"><img decoding=\"async\" width=\"300\" height=\"123\" src=\"http:\/\/www.wikiesfera.org\/wp-content\/uploads\/2023\/04\/logo_medialab-matadero_negro-300x123.png\" alt=\"Logotipo de Medialab en Matadero\" class=\"wp-image-3941\" srcset=\"https:\/\/www.wikiesfera.org\/wp-content\/uploads\/2023\/04\/logo_medialab-matadero_negro-300x123.png 300w, https:\/\/www.wikiesfera.org\/wp-content\/uploads\/2023\/04\/logo_medialab-matadero_negro-1024x419.png 1024w, https:\/\/www.wikiesfera.org\/wp-content\/uploads\/2023\/04\/logo_medialab-matadero_negro-768x314.png 768w, https:\/\/www.wikiesfera.org\/wp-content\/uploads\/2023\/04\/logo_medialab-matadero_negro-150x61.png 150w, https:\/\/www.wikiesfera.org\/wp-content\/uploads\/2023\/04\/logo_medialab-matadero_negro-400x164.png 400w, https:\/\/www.wikiesfera.org\/wp-content\/uploads\/2023\/04\/logo_medialab-matadero_negro.png 1100w\" sizes=\"(max-width: 300px) 100vw, 300px\" \/><\/figure><\/div><\/div>\n\n\n\n<div class=\"wp-block-column is-layout-flow wp-block-column-is-layout-flow\"><div class=\"wp-block-image\">\n<figure class=\"alignleft\"><img decoding=\"async\" width=\"300\" height=\"70\" src=\"\/wp-content\/uploads\/2018\/04\/Wikimedia_Foundation_logo_-_horizontal.svg_-300x70.png\" alt=\"\" class=\"wp-image-1036\" srcset=\"https:\/\/www.wikiesfera.org\/wp-content\/uploads\/2018\/04\/Wikimedia_Foundation_logo_-_horizontal.svg_-300x70.png 300w, https:\/\/www.wikiesfera.org\/wp-content\/uploads\/2018\/04\/Wikimedia_Foundation_logo_-_horizontal.svg_-768x179.png 768w, https:\/\/www.wikiesfera.org\/wp-content\/uploads\/2018\/04\/Wikimedia_Foundation_logo_-_horizontal.svg_-1024x238.png 1024w, https:\/\/www.wikiesfera.org\/wp-content\/uploads\/2018\/04\/Wikimedia_Foundation_logo_-_horizontal.svg_-150x35.png 150w, https:\/\/www.wikiesfera.org\/wp-content\/uploads\/2018\/04\/Wikimedia_Foundation_logo_-_horizontal.svg_-400x93.png 400w, https:\/\/www.wikiesfera.org\/wp-content\/uploads\/2018\/04\/Wikimedia_Foundation_logo_-_horizontal.svg_.png 2000w\" sizes=\"(max-width: 300px) 100vw, 300px\" \/><\/figure><\/div><\/div>\n\n\n\n<div class=\"wp-block-column is-layout-flow wp-block-column-is-layout-flow\"><\/div>\n\n\n\n<div class=\"wp-block-column is-layout-flow wp-block-column-is-layout-flow\"><\/div>\n<\/div>\n\n\n\n<p>&nbsp; &nbsp; <\/p>\n\n\n\n<p><\/p>\n","protected":false},"excerpt":{"rendered":"<p>&gt; Tem\u00e1tica El pasado viernes 20 de octubre desde Wikiesfera y en coordinaci\u00f3n con Medialab Matadero (@medialabMM) en Madrid dedicamos una jornada a visibilizar en Wikipedia p\u00f3dcast feministas y podcasteras&nbsp;mediante la creaci\u00f3n y la traducci\u00f3n de diferentes art\u00edculos. &gt; Experta Como en cada editatona, invitamos a una experta en la tem\u00e1tica que vamos a tratar. [&hellip;]<\/p>\n","protected":false},"author":1,"featured_media":4189,"comment_status":"closed","ping_status":"closed","template":"","format":"gallery","meta":{"_coblocks_attr":"","_coblocks_dimensions":"","_coblocks_responsive_height":"","_coblocks_accordion_ie_support":"","footnotes":""},"class_list":["post-4616","portfolio","type-portfolio","status-publish","format-gallery","has-post-thumbnail","hentry","portfolio_category-208","portfolio_category-editatonas","portfolio_category-genero","portfolio_category-medialab","portfolio-entry","span_1_of_4 col clr"],"_links":{"self":[{"href":"https:\/\/www.wikiesfera.org\/es\/wp-json\/wp\/v2\/portfolio\/4616","targetHints":{"allow":["GET"]}}],"collection":[{"href":"https:\/\/www.wikiesfera.org\/es\/wp-json\/wp\/v2\/portfolio"}],"about":[{"href":"https:\/\/www.wikiesfera.org\/es\/wp-json\/wp\/v2\/types\/portfolio"}],"author":[{"embeddable":true,"href":"https:\/\/www.wikiesfera.org\/es\/wp-json\/wp\/v2\/users\/1"}],"replies":[{"embeddable":true,"href":"https:\/\/www.wikiesfera.org\/es\/wp-json\/wp\/v2\/comments?post=4616"}],"version-history":[{"count":17,"href":"https:\/\/www.wikiesfera.org\/es\/wp-json\/wp\/v2\/portfolio\/4616\/revisions"}],"predecessor-version":[{"id":10624,"href":"https:\/\/www.wikiesfera.org\/es\/wp-json\/wp\/v2\/portfolio\/4616\/revisions\/10624"}],"wp:featuredmedia":[{"embeddable":true,"href":"https:\/\/www.wikiesfera.org\/es\/wp-json\/wp\/v2\/media\/4189"}],"wp:attachment":[{"href":"https:\/\/www.wikiesfera.org\/es\/wp-json\/wp\/v2\/media?parent=4616"}],"curies":[{"name":"wp","href":"https:\/\/api.w.org\/{rel}","templated":true}]}}