{"id":4327,"date":"2023-07-03T11:02:22","date_gmt":"2023-07-03T11:02:22","guid":{"rendered":"https:\/\/www.wikiesfera.org\/?post_type=portfolio&#038;p=4327"},"modified":"2025-12-23T21:15:27","modified_gmt":"2025-12-23T21:15:27","slug":"editaton-de-artistas-de-canarias-isla-de-arte-30j","status":"publish","type":"portfolio","link":"https:\/\/www.wikiesfera.org\/es\/portfolio-item\/editaton-de-artistas-de-canarias-isla-de-arte-30j\/","title":{"rendered":"Editat\u00f3n de artistas de Canarias &#8216;Isla de Arte&#8217; #30J"},"content":{"rendered":"\n<h1 id=\"gt-tematica\" class=\"wp-block-heading\"><strong>&gt; Tem\u00e1tica<\/strong><\/h1>\n\n\n<div class=\"wp-block-image\">\n<figure class=\"alignright\"><img fetchpriority=\"high\" decoding=\"async\" width=\"300\" height=\"300\" src=\"http:\/\/www.wikiesfera.org\/wp-content\/uploads\/2023\/07\/354601239_190300437338125_890492567051943480_n-300x300.jpg\" alt=\"\" class=\"wp-image-4338\" srcset=\"https:\/\/www.wikiesfera.org\/wp-content\/uploads\/2023\/07\/354601239_190300437338125_890492567051943480_n-300x300.jpg 300w, https:\/\/www.wikiesfera.org\/wp-content\/uploads\/2023\/07\/354601239_190300437338125_890492567051943480_n-1024x1024.jpg 1024w, https:\/\/www.wikiesfera.org\/wp-content\/uploads\/2023\/07\/354601239_190300437338125_890492567051943480_n-150x150.jpg 150w, https:\/\/www.wikiesfera.org\/wp-content\/uploads\/2023\/07\/354601239_190300437338125_890492567051943480_n-768x768.jpg 768w, https:\/\/www.wikiesfera.org\/wp-content\/uploads\/2023\/07\/354601239_190300437338125_890492567051943480_n-400x400.jpg 400w, https:\/\/www.wikiesfera.org\/wp-content\/uploads\/2023\/07\/354601239_190300437338125_890492567051943480_n.jpg 1387w\" sizes=\"(max-width: 300px) 100vw, 300px\" \/><\/figure><\/div>\n\n\n<p>El pasado viernes 30 de junio, tuvo lugar el <strong>Editat\u00f3n de artistas de Canarias &#8216;Isla de Arte&#8217; #30J<\/strong> organizado por la <strong>Casa de Col\u00f3n<\/strong> (<a href=\"https:\/\/www.instagram.com\/casadecolongc\/\" target=\"_blank\" rel=\"noopener\">@casadecolongc<\/a>) en coordinaci\u00f3n con <strong>Wikiesfera<\/strong>. La actividad se ha realizado en el marco de la exposici\u00f3n <strong><em>Isla de Arte. Una colecci\u00f3n para el Museo de Bellas Artes de Gran Canaria<\/em><\/strong> (<a href=\"https:\/\/www.instagram.com\/grancanariaisladearte\/\" target=\"_blank\" rel=\"noopener\">@grancanariaisladearte<\/a>), una muestra vinculada con el fondo del <strong>Museo de Bellas Artes de Gran Canaria<\/strong> organizada por el <strong>Cabildo de Gran Canaria<\/strong> (<a href=\"https:\/\/www.instagram.com\/cabildodegrancanaria\/\" target=\"_blank\" rel=\"noopener\">@cabildodegrancanaria<\/a>).<\/p>\n\n\n\n<p>El objetivo de este marat\u00f3n de edici\u00f3n era <strong>visibilizar el mayor n\u00famero de biograf\u00edas de artistas canarios presentes en la exposici\u00f3n<\/strong> y que todav\u00eda no ten\u00edan art\u00edculo en Wikipedia, pese a ser figuras relevantes de la cultura canaria de los siglos XIX y XX. La an\u00e9cdota curiosa tuvo lugar en la elaboraci\u00f3n del listado de nombres y descubrir que todas las mujeres cuya obra se encontraba en la muestra ya ten\u00edan art\u00edculo en Wikipedia gracias, en parte, a <strong>editatonas previas realizadas para visibilizar a mujeres canarias en distintas \u00e1reas<\/strong>:<\/p>\n\n\n\n<ul class=\"wp-block-list\">\n<li>la <a href=\"https:\/\/www.wikiesfera.org\/portfolio-item\/editatona-virtual-gran-canaria-19s\/\" target=\"_blank\" rel=\"noopener\">Editatona virtual Gran Canaria #19S<\/a> (2020);<\/li>\n\n\n\n<li>la <a href=\"https:\/\/www.wikiesfera.org\/portfolio-item\/editatona-virtual-de-poetas-canarias-12d\/\" target=\"_blank\" rel=\"noopener\">Editatona virtual de poetas canarias #12D<\/a> (2020);<\/li>\n\n\n\n<li>y la <a href=\"https:\/\/www.wikiesfera.org\/portfolio-item\/ii-editatona-gran-canaria-27m\/\" target=\"_blank\" rel=\"noopener noreferrer\">II Editatona Gran Canaria #27M<\/a>&nbsp;(2021).<\/li>\n<\/ul>\n\n\n\n<hr class=\"wp-block-separator has-alpha-channel-opacity\"\/>\n\n\n\n<h1 id=\"gt-charla\" class=\"wp-block-heading\"><strong>&gt; Charla<\/strong><\/h1>\n\n\n<div class=\"wp-block-image\">\n<figure class=\"alignright\"><img decoding=\"async\" width=\"300\" height=\"300\" src=\"http:\/\/www.wikiesfera.org\/wp-content\/uploads\/2023\/07\/348672898_189164294118406_2233579630458277399_n-300x300.jpg\" alt=\"\" class=\"wp-image-4340\" srcset=\"https:\/\/www.wikiesfera.org\/wp-content\/uploads\/2023\/07\/348672898_189164294118406_2233579630458277399_n-300x300.jpg 300w, https:\/\/www.wikiesfera.org\/wp-content\/uploads\/2023\/07\/348672898_189164294118406_2233579630458277399_n-1024x1024.jpg 1024w, https:\/\/www.wikiesfera.org\/wp-content\/uploads\/2023\/07\/348672898_189164294118406_2233579630458277399_n-150x150.jpg 150w, https:\/\/www.wikiesfera.org\/wp-content\/uploads\/2023\/07\/348672898_189164294118406_2233579630458277399_n-768x768.jpg 768w, https:\/\/www.wikiesfera.org\/wp-content\/uploads\/2023\/07\/348672898_189164294118406_2233579630458277399_n-400x400.jpg 400w, https:\/\/www.wikiesfera.org\/wp-content\/uploads\/2023\/07\/348672898_189164294118406_2233579630458277399_n.jpg 1080w\" sizes=\"(max-width: 300px) 100vw, 300px\" \/><\/figure><\/div>\n\n\n<p>En esta ocasi\u00f3n, durante la ma\u00f1ana de la jornada en la que se iba a desarrollar el editat\u00f3n, tuvo lugar una charla-coloquio con <strong>Patricia Horrillo<\/strong> (<a href=\"https:\/\/www.instagram.com\/patrihorrillo\/\" target=\"_blank\" rel=\"noopener\">@PatriHorrillo<\/a>), fundadora de <strong>Wikiesfera<\/strong> (<a href=\"https:\/\/www.instagram.com\/wikiesfera\/\" target=\"_blank\" rel=\"noopener\">@wikiesfera<\/a>).<\/p>\n\n\n\n<p>La ponencia, que llevaba por t\u00edtulo <strong><em>\u00ab\u00bfEst\u00e1 realmente todo en Wikipedia?\u00bb<\/em><\/strong>, ten\u00eda como objetivo hacer una introducci\u00f3n sobre Wikipedia y abrir un di\u00e1logo con las personas asistentes sobre las posibilidades que ofrece la enciclopedia libre como herramienta de divulgaci\u00f3n de la cultura y el patrimonio.<\/p>\n\n\n\n<hr class=\"wp-block-separator has-alpha-channel-opacity\"\/>\n\n\n\n<h1 id=\"gt-resultados\" class=\"wp-block-heading\"><strong>&gt; Resultados<\/strong><\/h1>\n\n\n\n<ul class=\"wp-block-list\">\n<li>N\u00famero de <strong><u>PARTICIPANTES:<\/u> 7<\/strong><\/li>\n\n\n\n<li>N\u00famero de <span style=\"text-decoration: underline;\"><strong>ART\u00cdCULOS <\/strong><\/span><strong><u>CREADOS:<\/u> 7<\/strong><\/li>\n<\/ul>\n\n\n\n<ol class=\"wp-block-list\">\n<li><a href=\"https:\/\/es.wikipedia.org\/wiki\/Fray_Lesco\" target=\"_blank\" rel=\"noopener\">Fray Lesco<\/a> (1868-1940\u200b)<\/li>\n\n\n\n<li><a href=\"https:\/\/es.wikipedia.org\/wiki\/Jos%C3%A9_Hurtado_de_Mendoza\" target=\"_blank\" rel=\"noopener\">Jos\u00e9 Hurtado de Mendoza<\/a> (1885-1971)<\/li>\n\n\n\n<li><a href=\"https:\/\/es.wikipedia.org\/wiki\/Jorge_Oramas\" target=\"_blank\" rel=\"noopener\">Jorge Oramas<\/a> (1911-1935)<\/li>\n\n\n\n<li><a href=\"https:\/\/es.wikipedia.org\/wiki\/Antonio_Padr%C3%B3n\" target=\"_blank\" rel=\"noopener\">Antonio Padr\u00f3n<\/a> (1920-1968)<\/li>\n\n\n\n<li><a href=\"https:\/\/es.wikipedia.org\/wiki\/Mir%C3%B3_Mainou\" target=\"_blank\" rel=\"noopener\">Mir\u00f3 Mainou<\/a> (1921-2000)<\/li>\n\n\n\n<li><a href=\"https:\/\/es.wikipedia.org\/wiki\/Rafaely\" target=\"_blank\" rel=\"noopener\">Rafaely<\/a> (1933-1982)<\/li>\n\n\n\n<li><a href=\"https:\/\/es.wikipedia.org\/wiki\/Alejandro_Reino\" target=\"_blank\" rel=\"noopener\">Alejandro Reino<\/a> (1935-2018)<\/li>\n<\/ol>\n\n\n\n<hr class=\"wp-block-separator has-alpha-channel-opacity\"\/>\n\n\n\n<h1 id=\"gt-colaboran\" class=\"wp-block-heading\"><strong>&gt; Colaboran<\/strong><\/h1>\n\n\n\n<div class=\"wp-block-columns is-layout-flex wp-container-core-columns-is-layout-9d6595d7 wp-block-columns-is-layout-flex\">\n<div class=\"wp-block-column is-layout-flow wp-block-column-is-layout-flow\"><div class=\"wp-block-image\">\n<figure class=\"alignleft\"><img decoding=\"async\" width=\"250\" height=\"75\" src=\"http:\/\/www.wikiesfera.org\/wp-content\/uploads\/2023\/07\/logo_cabildo-gran-canaria_hz.jpg\" alt=\"\" class=\"wp-image-4351\" srcset=\"https:\/\/www.wikiesfera.org\/wp-content\/uploads\/2023\/07\/logo_cabildo-gran-canaria_hz.jpg 250w, https:\/\/www.wikiesfera.org\/wp-content\/uploads\/2023\/07\/logo_cabildo-gran-canaria_hz-150x45.jpg 150w\" sizes=\"(max-width: 250px) 100vw, 250px\" \/><\/figure><\/div><\/div>\n\n\n\n<div class=\"wp-block-column is-layout-flow wp-block-column-is-layout-flow\"><div class=\"wp-block-image\">\n<figure class=\"alignleft\"><img loading=\"lazy\" decoding=\"async\" width=\"250\" height=\"75\" src=\"http:\/\/www.wikiesfera.org\/wp-content\/uploads\/2023\/07\/logo_casa-de-colon_hz.png\" alt=\"\" class=\"wp-image-4349\" srcset=\"https:\/\/www.wikiesfera.org\/wp-content\/uploads\/2023\/07\/logo_casa-de-colon_hz.png 250w, https:\/\/www.wikiesfera.org\/wp-content\/uploads\/2023\/07\/logo_casa-de-colon_hz-150x45.png 150w\" sizes=\"(max-width: 250px) 100vw, 250px\" \/><\/figure><\/div><\/div>\n\n\n\n<div class=\"wp-block-column is-layout-flow wp-block-column-is-layout-flow\"><\/div>\n\n\n\n<div class=\"wp-block-column is-layout-flow wp-block-column-is-layout-flow\"><\/div>\n<\/div>\n\n\n\n<p>&nbsp; &nbsp;<\/p>\n","protected":false},"excerpt":{"rendered":"<p>&gt; Tem\u00e1tica El pasado viernes 30 de junio, tuvo lugar el Editat\u00f3n de artistas de Canarias &#8216;Isla de Arte&#8217; #30J organizado por la Casa de Col\u00f3n (@casadecolongc) en coordinaci\u00f3n con Wikiesfera. La actividad se ha realizado en el marco de la exposici\u00f3n Isla de Arte. Una colecci\u00f3n para el Museo de Bellas Artes de Gran [&hellip;]<\/p>\n","protected":false},"author":1,"featured_media":4348,"comment_status":"closed","ping_status":"closed","template":"","format":"gallery","meta":{"_coblocks_attr":"","_coblocks_dimensions":"","_coblocks_responsive_height":"","_coblocks_accordion_ie_support":"","footnotes":""},"class_list":["post-4327","portfolio","type-portfolio","status-publish","format-gallery","has-post-thumbnail","hentry","portfolio_category-208","portfolio_category-casa-de-colon","portfolio_category-editatones","portfolio_category-genero","portfolio_category-glam","portfolio-entry","span_1_of_4 col clr"],"_links":{"self":[{"href":"https:\/\/www.wikiesfera.org\/es\/wp-json\/wp\/v2\/portfolio\/4327","targetHints":{"allow":["GET"]}}],"collection":[{"href":"https:\/\/www.wikiesfera.org\/es\/wp-json\/wp\/v2\/portfolio"}],"about":[{"href":"https:\/\/www.wikiesfera.org\/es\/wp-json\/wp\/v2\/types\/portfolio"}],"author":[{"embeddable":true,"href":"https:\/\/www.wikiesfera.org\/es\/wp-json\/wp\/v2\/users\/1"}],"replies":[{"embeddable":true,"href":"https:\/\/www.wikiesfera.org\/es\/wp-json\/wp\/v2\/comments?post=4327"}],"version-history":[{"count":17,"href":"https:\/\/www.wikiesfera.org\/es\/wp-json\/wp\/v2\/portfolio\/4327\/revisions"}],"predecessor-version":[{"id":10625,"href":"https:\/\/www.wikiesfera.org\/es\/wp-json\/wp\/v2\/portfolio\/4327\/revisions\/10625"}],"wp:featuredmedia":[{"embeddable":true,"href":"https:\/\/www.wikiesfera.org\/es\/wp-json\/wp\/v2\/media\/4348"}],"wp:attachment":[{"href":"https:\/\/www.wikiesfera.org\/es\/wp-json\/wp\/v2\/media?parent=4327"}],"curies":[{"name":"wp","href":"https:\/\/api.w.org\/{rel}","templated":true}]}}