{"id":3647,"date":"2022-11-21T11:22:49","date_gmt":"2022-11-21T11:22:49","guid":{"rendered":"\/?post_type=portfolio&#038;p=3647"},"modified":"2025-12-29T22:08:04","modified_gmt":"2025-12-29T22:08:04","slug":"editatona-de-aragonesas-en-las-artes-escenicas-19n","status":"publish","type":"portfolio","link":"https:\/\/www.wikiesfera.org\/es\/portfolio-item\/editatona-de-aragonesas-en-las-artes-escenicas-19n\/","title":{"rendered":"Editatona de aragonesas en las artes esc\u00e9nicas #19N"},"content":{"rendered":"\n<h1 id=\"gt-tematica\" class=\"wp-block-heading\"><strong>&gt; Tem\u00e1tica<\/strong><\/h1>\n\n\n\n<div class=\"wp-block-columns is-layout-flex wp-container-core-columns-is-layout-9d6595d7 wp-block-columns-is-layout-flex\">\n<div class=\"wp-block-column is-layout-flow wp-block-column-is-layout-flow\" style=\"flex-basis:100%\">\n<p>El pasado s\u00e1bado 19 de noviembre, el <strong>Proyecto Aspasia<\/strong> del <strong>Gobierno de Arag\u00f3n<\/strong> (<a href=\"https:\/\/twitter.com\/aragonabierto\" target=\"_blank\" rel=\"noopener\">@aragonabierto<\/a>) continu\u00f3 con su ciclo de editatonas con una jornada dedicada a <a href=\"https:\/\/www.laaab.es\/2022\/10\/claquetaeditatona\/\" target=\"_blank\" rel=\"noopener\"><strong>mujeres aragonesas en las artes esc\u00e9nicas<\/strong><\/a>. En esta ocasi\u00f3n, la actividad se realiz\u00f3 de manera presencial en la sede del LAAAB \u00b7 Laboratorio de Arag\u00f3n [Gobierno] Abierto en Zaragoza.<\/p>\n\n\n\n<p>Una de las misiones de la <strong><a href=\"https:\/\/www.laaab.es\/comunidad-aspasia\/\" target=\"_blank\" rel=\"noopener\">#ComunidadAspasia<\/a><\/strong> es hacer visibles a las mujeres y promover la perspectiva de g\u00e9nero hacia una sociedad m\u00e1s igualitaria. Este evento tendr\u00e1 continuidad con otras editatonas dedicadas a diferentes tem\u00e1ticas durante 2023, con un doble objetivo: visibilizar cada vez a m\u00e1s aragonesas relevantes en Wikipedia y seguir asentando el grupo de editoras WikiArag\u00f3n.<\/p>\n<\/div>\n\n\n\n<div class=\"wp-block-column is-layout-flow wp-block-column-is-layout-flow\" style=\"flex-basis:29.73%\">\n<figure class=\"wp-block-image size-full\"><img fetchpriority=\"high\" decoding=\"async\" width=\"460\" height=\"310\" src=\"https:\/\/www.wikiesfera.org\/wp-content\/uploads\/2020\/12\/imagenes_aspasia1_2d0a646e.jpeg\" alt=\"\" class=\"wp-image-1836\" srcset=\"https:\/\/www.wikiesfera.org\/wp-content\/uploads\/2020\/12\/imagenes_aspasia1_2d0a646e.jpeg 460w, https:\/\/www.wikiesfera.org\/wp-content\/uploads\/2020\/12\/imagenes_aspasia1_2d0a646e-300x202.jpeg 300w, https:\/\/www.wikiesfera.org\/wp-content\/uploads\/2020\/12\/imagenes_aspasia1_2d0a646e-150x101.jpeg 150w, https:\/\/www.wikiesfera.org\/wp-content\/uploads\/2020\/12\/imagenes_aspasia1_2d0a646e-400x270.jpeg 400w\" sizes=\"(max-width: 460px) 100vw, 460px\" \/><\/figure>\n<\/div>\n<\/div>\n\n\n\n<hr class=\"wp-block-separator has-alpha-channel-opacity\"\/>\n\n\n\n<h1 id=\"gt-experta\" class=\"wp-block-heading\"><strong>&gt; Experta<\/strong><\/h1>\n\n\n\n<p>Como en cada editatona, invitamos a una experta en la tem\u00e1tica que vamos a tratar. En esta ocasi\u00f3n, contamos con <strong><a href=\"https:\/\/es.wikipedia.org\/wiki\/Encarni_Corrales\">Encarni Corrales<\/a><\/strong>, actriz, improvisadora y cantante, que nos cont\u00f3 con humor las entretelas de la profesi\u00f3n: los obst\u00e1culos, los retos y las situaciones que viven las mujeres en las artes esc\u00e9nicas en el camino a la igualdad real.<\/p>\n\n\n\n<p><\/p>\n\n\n\n<figure class=\"wp-block-embed is-type-video is-provider-youtube wp-block-embed-youtube wp-embed-aspect-16-9 wp-has-aspect-ratio\"><div class=\"wp-block-embed__wrapper\">\n<iframe title=\"Ponencia de Encarni Corrales sobre mujeres en las artes esc\u00e9nicas\" width=\"980\" height=\"551\" src=\"https:\/\/www.youtube.com\/embed\/muJm7GlJPAo?feature=oembed\" frameborder=\"0\" allow=\"accelerometer; autoplay; clipboard-write; encrypted-media; gyroscope; picture-in-picture; web-share\" referrerpolicy=\"strict-origin-when-cross-origin\" allowfullscreen><\/iframe>\n<\/div><\/figure>\n\n\n\n<p><\/p>\n\n\n\n<p>Adem\u00e1s, como la #ComunidadAspasia ha cumplido ya dos a\u00f1os de vida, <strong>Patricia Horrillo<\/strong>&nbsp;(<a href=\"https:\/\/www.instagram.com\/PatriHorrillo\" target=\"_blank\" rel=\"noopener\">@PatriHorrillo<\/a>), coordinadora de Wikiesfera y de la editatona, hizo un repaso a la brecha de g\u00e9nero en Wikipedia, viendo c\u00f3mo est\u00e1 actualmente y analizando los avances que se han hecho desde el nodo de WikiArag\u00f3n y las editatonas realizadas hasta el momento en la visibilidad de mujeres aragonesas.<\/p>\n\n\n\n<p><\/p>\n\n\n\n<figure class=\"wp-block-embed is-type-video is-provider-youtube wp-block-embed-youtube wp-embed-aspect-16-9 wp-has-aspect-ratio\"><div class=\"wp-block-embed__wrapper\">\n<iframe title=\"Ponencia de Patricia Horrillo en el segundo aniversario de Aspasia\" width=\"980\" height=\"551\" src=\"https:\/\/www.youtube.com\/embed\/XqFH9RFLN-Q?feature=oembed\" frameborder=\"0\" allow=\"accelerometer; autoplay; clipboard-write; encrypted-media; gyroscope; picture-in-picture; web-share\" referrerpolicy=\"strict-origin-when-cross-origin\" allowfullscreen><\/iframe>\n<\/div><\/figure>\n\n\n\n<hr class=\"wp-block-separator has-alpha-channel-opacity\"\/>\n\n\n\n<h1 id=\"gt-resultados\" class=\"wp-block-heading\"><strong>&gt; Resultados<\/strong><\/h1>\n\n\n\n<ul class=\"wp-block-list\">\n<li>N\u00famero de <strong><span style=\"text-decoration: underline;\">PARTICIPANTES:<\/span><\/strong> <strong>15<\/strong><\/li>\n\n\n\n<li>N\u00famero de <strong><span style=\"text-decoration: underline;\">ART\u00cdCULOS CREADOS:<\/span><\/strong> <strong>7<\/strong><\/li>\n<\/ul>\n\n\n\n<ol class=\"wp-block-list\">\n<li><a href=\"https:\/\/es.wikipedia.org\/wiki\/Marisol_Aznar\" target=\"_blank\" rel=\"noopener\">Marisol Aznar<\/a> (1972)<\/li>\n\n\n\n<li><a href=\"https:\/\/es.wikipedia.org\/wiki\/Ana_Garc%C3%ADa_Arnaiz\" target=\"_blank\" rel=\"noopener\">Ana Garc\u00eda Arnaiz<\/a> (1973)<\/li>\n\n\n\n<li><a href=\"https:\/\/es.wikipedia.org\/wiki\/Laura_Sip%C3%A1n\" target=\"_blank\" rel=\"noopener\">Laura Sip\u00e1n<\/a> (1979)<\/li>\n\n\n\n<li><a href=\"https:\/\/es.wikipedia.org\/wiki\/Encarni_Corrales\" target=\"_blank\" rel=\"noopener\">Encarni Corrales<\/a> (1982)<\/li>\n\n\n\n<li><a href=\"https:\/\/es.wikipedia.org\/wiki\/Cristina_Vilches_Estella\" target=\"_blank\" rel=\"noopener\">Cristina Vilches Estella<\/a> (1991)<\/li>\n\n\n\n<li><a href=\"https:\/\/es.wikipedia.org\/wiki\/Marta_Lallana\" target=\"_blank\" rel=\"noopener\">Marta Lallana<\/a> (1994)<\/li>\n\n\n\n<li><a href=\"https:\/\/es.wikipedia.org\/wiki\/Mirella_R._Abrisqueta\" target=\"_blank\" rel=\"noopener\">Mirella R. Abrisqueta<\/a><\/li>\n<\/ol>\n\n\n\n<hr class=\"wp-block-separator has-alpha-channel-opacity\"\/>\n\n\n\n<h1 id=\"colaboran\" class=\"wp-block-heading\"><strong>> Colaboran<\/strong><\/h1>\n\n\n\n<div class=\"wp-block-columns is-layout-flex wp-container-core-columns-is-layout-9d6595d7 wp-block-columns-is-layout-flex\">\n<div class=\"wp-block-column is-layout-flow wp-block-column-is-layout-flow\"><div class=\"wp-block-image\">\n<figure class=\"alignleft size-full\"><img decoding=\"async\" width=\"250\" height=\"75\" src=\"https:\/\/www.wikiesfera.org\/wp-content\/uploads\/2022\/05\/logo_laaab_hz.png\" alt=\"\" class=\"wp-image-3087\" srcset=\"https:\/\/www.wikiesfera.org\/wp-content\/uploads\/2022\/05\/logo_laaab_hz.png 250w, https:\/\/www.wikiesfera.org\/wp-content\/uploads\/2022\/05\/logo_laaab_hz-150x45.png 150w\" sizes=\"(max-width: 250px) 100vw, 250px\" \/><\/figure><\/div><\/div>\n\n\n\n<div class=\"wp-block-column is-layout-flow wp-block-column-is-layout-flow\"><div class=\"wp-block-image\">\n<figure class=\"alignleft size-large\"><img decoding=\"async\" width=\"1024\" height=\"238\" src=\"https:\/\/www.wikiesfera.org\/wp-content\/uploads\/2018\/04\/Wikimedia_Foundation_logo_-_horizontal.svg_-1024x238.png\" alt=\"\" class=\"wp-image-1036\" srcset=\"https:\/\/www.wikiesfera.org\/wp-content\/uploads\/2018\/04\/Wikimedia_Foundation_logo_-_horizontal.svg_-1024x238.png 1024w, https:\/\/www.wikiesfera.org\/wp-content\/uploads\/2018\/04\/Wikimedia_Foundation_logo_-_horizontal.svg_-300x70.png 300w, https:\/\/www.wikiesfera.org\/wp-content\/uploads\/2018\/04\/Wikimedia_Foundation_logo_-_horizontal.svg_-768x179.png 768w, https:\/\/www.wikiesfera.org\/wp-content\/uploads\/2018\/04\/Wikimedia_Foundation_logo_-_horizontal.svg_-150x35.png 150w, https:\/\/www.wikiesfera.org\/wp-content\/uploads\/2018\/04\/Wikimedia_Foundation_logo_-_horizontal.svg_-400x93.png 400w, https:\/\/www.wikiesfera.org\/wp-content\/uploads\/2018\/04\/Wikimedia_Foundation_logo_-_horizontal.svg_.png 2000w\" sizes=\"(max-width: 1024px) 100vw, 1024px\" \/><\/figure><\/div><\/div>\n\n\n\n<div class=\"wp-block-column is-layout-flow wp-block-column-is-layout-flow\"><\/div>\n\n\n\n<div class=\"wp-block-column is-layout-flow wp-block-column-is-layout-flow\"><\/div>\n<\/div>\n","protected":false},"excerpt":{"rendered":"<p>&gt; Tem\u00e1tica El pasado s\u00e1bado 19 de noviembre, el Proyecto Aspasia del Gobierno de Arag\u00f3n (@aragonabierto) continu\u00f3 con su ciclo de editatonas con una jornada dedicada a mujeres aragonesas en las artes esc\u00e9nicas. En esta ocasi\u00f3n, la actividad se realiz\u00f3 de manera presencial en la sede del LAAAB \u00b7 Laboratorio de Arag\u00f3n [Gobierno] Abierto en [&hellip;]<\/p>\n","protected":false},"author":7,"featured_media":1839,"comment_status":"closed","ping_status":"closed","template":"","format":"gallery","meta":{"_coblocks_attr":"","_coblocks_dimensions":"","_coblocks_responsive_height":"","_coblocks_accordion_ie_support":"","footnotes":""},"class_list":["post-3647","portfolio","type-portfolio","status-publish","format-gallery","has-post-thumbnail","hentry","portfolio_category-164","portfolio_category-aspasia","portfolio_category-editatonas","portfolio_category-glam","portfolio-entry","span_1_of_4 col clr"],"_links":{"self":[{"href":"https:\/\/www.wikiesfera.org\/es\/wp-json\/wp\/v2\/portfolio\/3647","targetHints":{"allow":["GET"]}}],"collection":[{"href":"https:\/\/www.wikiesfera.org\/es\/wp-json\/wp\/v2\/portfolio"}],"about":[{"href":"https:\/\/www.wikiesfera.org\/es\/wp-json\/wp\/v2\/types\/portfolio"}],"author":[{"embeddable":true,"href":"https:\/\/www.wikiesfera.org\/es\/wp-json\/wp\/v2\/users\/7"}],"replies":[{"embeddable":true,"href":"https:\/\/www.wikiesfera.org\/es\/wp-json\/wp\/v2\/comments?post=3647"}],"version-history":[{"count":10,"href":"https:\/\/www.wikiesfera.org\/es\/wp-json\/wp\/v2\/portfolio\/3647\/revisions"}],"predecessor-version":[{"id":10420,"href":"https:\/\/www.wikiesfera.org\/es\/wp-json\/wp\/v2\/portfolio\/3647\/revisions\/10420"}],"wp:featuredmedia":[{"embeddable":true,"href":"https:\/\/www.wikiesfera.org\/es\/wp-json\/wp\/v2\/media\/1839"}],"wp:attachment":[{"href":"https:\/\/www.wikiesfera.org\/es\/wp-json\/wp\/v2\/media?parent=3647"}],"curies":[{"name":"wp","href":"https:\/\/api.w.org\/{rel}","templated":true}]}}