{"id":2723,"date":"2022-02-07T12:26:29","date_gmt":"2022-02-07T12:26:29","guid":{"rendered":"\/?post_type=portfolio&#038;p=2723"},"modified":"2025-12-29T22:10:20","modified_gmt":"2025-12-29T22:10:20","slug":"editatona-de-bibliotecarias-aragonesas-5f","status":"publish","type":"portfolio","link":"https:\/\/www.wikiesfera.org\/es\/portfolio-item\/editatona-de-bibliotecarias-aragonesas-5f\/","title":{"rendered":"Editatona de bibliotecarias aragonesas #5F"},"content":{"rendered":"\n<h1 id=\"gt-tematica\" class=\"wp-block-heading\"><strong>&gt; Tem\u00e1tica<\/strong><\/h1>\n\n\n\n<div class=\"wp-block-columns is-layout-flex wp-container-core-columns-is-layout-9d6595d7 wp-block-columns-is-layout-flex\">\n<div class=\"wp-block-column is-layout-flow wp-block-column-is-layout-flow\" style=\"flex-basis:66.66%\">\n<p>El s\u00e1bado 5 de febrero, coincidiendo con la celebraci\u00f3n de <a href=\"https:\/\/es.wikipedia.org\/wiki\/%C3%81gueda_de_Catania\" target=\"_blank\" rel=\"noopener\">Santa \u00c1gueda<\/a> (tradicionalmente considerada la patrona de las mujeres), organizamos junto a la <strong><a href=\"https:\/\/www.bibliotecaspublicas.es\/bpz\" target=\"_blank\" rel=\"noopener\">Biblioteca P\u00fablica de Zaragoza<\/a><\/strong> (<a href=\"https:\/\/www.bibliotecaspublicas.es\/bpz\/Con-cenos\/La-biblioteca.html\" target=\"_blank\" rel=\"noopener\">@BPZ_biblioteca<\/a>) una editatona presencial dedicada a visibilizar a las <strong>bibliotecarias relevantes aragonesas<\/strong>, cuya presencia sigue siendo escasa en Wikipedia. El objetivo de la jornada fue se\u00f1alar esa ausencia, comprender por qu\u00e9 se produce y trabajar colectivamente para empezar a corregirla.<\/p>\n\n\n\n<p>La actividad tuvo lugar en la sala de la <strong>Hemeroteca de la Biblioteca P\u00fablica del Estado en Zaragoza<\/strong> y reuni\u00f3 a bibliotecarias, profesionales del \u00e1mbito de la documentaci\u00f3n y la archiv\u00edstica, y p\u00fablico general interesadas en aprender c\u00f3mo se construye el conocimiento en la enciclopedia libre. A lo largo de la sesi\u00f3n, las participantes dieron sus primeros pasos en la edici\u00f3n, crearon y mejoraron art\u00edculos y reflexionaron sobre el papel crucial que tiene su experiencia para ampliar y equilibrar los contenidos disponibles en Wikipedia.<\/p>\n\n\n\n<p><\/p>\n<\/div>\n\n\n\n<div class=\"wp-block-column is-layout-flow wp-block-column-is-layout-flow\" style=\"flex-basis:33.33%\">\n<figure class=\"wp-block-image size-large\"><img fetchpriority=\"high\" decoding=\"async\" width=\"863\" height=\"1024\" src=\"https:\/\/www.wikiesfera.org\/wp-content\/uploads\/2022\/02\/primer-plano-863x1024.jpg\" alt=\"\" class=\"wp-image-2734\" srcset=\"https:\/\/www.wikiesfera.org\/wp-content\/uploads\/2022\/02\/primer-plano-863x1024.jpg 863w, https:\/\/www.wikiesfera.org\/wp-content\/uploads\/2022\/02\/primer-plano-253x300.jpg 253w, https:\/\/www.wikiesfera.org\/wp-content\/uploads\/2022\/02\/primer-plano-768x912.jpg 768w, https:\/\/www.wikiesfera.org\/wp-content\/uploads\/2022\/02\/primer-plano-126x150.jpg 126w, https:\/\/www.wikiesfera.org\/wp-content\/uploads\/2022\/02\/primer-plano-400x475.jpg 400w, https:\/\/www.wikiesfera.org\/wp-content\/uploads\/2022\/02\/primer-plano.jpg 1257w\" sizes=\"(max-width: 863px) 100vw, 863px\" \/><\/figure>\n<\/div>\n<\/div>\n\n\n\n<hr class=\"wp-block-separator has-alpha-channel-opacity\"\/>\n\n\n\n<h1 id=\"gt-resultados\" class=\"wp-block-heading\"><strong>&gt; Resultados<\/strong><\/h1>\n\n\n\n<ul class=\"wp-block-list\">\n<li>N\u00famero de&nbsp;<strong><span style=\"text-decoration: underline;\">PARTICIPANTES<\/span>: 17<\/strong><\/li>\n\n\n\n<li>N\u00famero de <strong><span style=\"text-decoration: underline;\">ART\u00cdCULOS\u00a0PUBLICADOS:<\/span> 8<\/strong><\/li>\n<\/ul>\n\n\n\n<h3 id=\"gtgt-biografias-9\" class=\"wp-block-heading\"><strong>&gt;&gt; Biograf\u00edas: 9<\/strong><\/h3>\n\n\n\n<ol class=\"wp-block-list\">\n<li><a href=\"https:\/\/es.wikipedia.org\/wiki\/Serafina_Javierre\" target=\"_blank\" rel=\"noopener\">Serafina Javierre Mur<\/a> (1901-?)<\/li>\n\n\n\n<li><a href=\"https:\/\/es.wikipedia.org\/wiki\/Mar%C3%ADa_Pilar_Moneva\" target=\"_blank\" rel=\"noopener\">Mar\u00eda Pilar Moneva de Oro<\/a> (1902-1980)<\/li>\n\n\n\n<li><a href=\"https:\/\/es.wikipedia.org\/wiki\/Mar%C3%ADa_Pilar_Lamarque\" target=\"_blank\" rel=\"noopener\">Mar\u00eda Pilar Lamarque S\u00e1nchez<\/a> (1903-1993)<\/li>\n\n\n\n<li><a href=\"https:\/\/es.wikipedia.org\/wiki\/Mar%C3%ADa_Buj_Luna\" target=\"_blank\" rel=\"noopener\">Mar\u00eda Buj Luna<\/a> (1906-1967)<\/li>\n\n\n\n<li><a href=\"https:\/\/es.wikipedia.org\/wiki\/Mar%C3%ADa_%C3%81frica_Ibarra_y_Oroz\" target=\"_blank\" rel=\"noopener\">Mar\u00eda \u00c1frica Ibarra y Oroz<\/a> (1904-1996)<\/li>\n\n\n\n<li><a href=\"https:\/\/es.wikipedia.org\/wiki\/Pilar_Loscertales\" target=\"_blank\" rel=\"noopener\">Mar\u00eda Pilar Loscertales Bayl\u00edn<\/a> (1910-1972)<\/li>\n\n\n\n<li><a href=\"https:\/\/es.wikipedia.org\/wiki\/Asunci%C3%B3n_Mart%C3%ADnez_Bara\" target=\"_blank\" rel=\"noopener\">Asunci\u00f3n Mart\u00ednez Bara<\/a> (1904-1959)<\/li>\n\n\n\n<li><span class=\"b\"><a href=\"https:\/\/es.wikipedia.org\/wiki\/Remedios_Moralejo\" target=\"_blank\" rel=\"noopener\">Remedios Moralejo \u00c1lvarez<\/a> (1934)&nbsp;<\/span><\/li>\n<\/ol>\n\n\n\n<hr class=\"wp-block-separator has-alpha-channel-opacity\"\/>\n\n\n\n<h1 id=\"gt-colaboran\" class=\"wp-block-heading\"><strong>&gt; Colaboran<\/strong><\/h1>\n\n\n\n<div class=\"wp-block-columns are-vertically-aligned-center is-layout-flex wp-container-core-columns-is-layout-9d6595d7 wp-block-columns-is-layout-flex\">\n<div class=\"wp-block-column is-vertically-aligned-center is-layout-flow wp-block-column-is-layout-flow\"><div class=\"wp-block-image\">\n<figure class=\"alignleft size-full\"><img decoding=\"async\" width=\"500\" height=\"150\" src=\"https:\/\/www.wikiesfera.org\/wp-content\/uploads\/2024\/02\/logo_gob-aragon.png\" alt=\"\" class=\"wp-image-4905\" srcset=\"https:\/\/www.wikiesfera.org\/wp-content\/uploads\/2024\/02\/logo_gob-aragon.png 500w, https:\/\/www.wikiesfera.org\/wp-content\/uploads\/2024\/02\/logo_gob-aragon-300x90.png 300w, https:\/\/www.wikiesfera.org\/wp-content\/uploads\/2024\/02\/logo_gob-aragon-150x45.png 150w, https:\/\/www.wikiesfera.org\/wp-content\/uploads\/2024\/02\/logo_gob-aragon-400x120.png 400w\" sizes=\"(max-width: 500px) 100vw, 500px\" \/><\/figure><\/div><\/div>\n\n\n\n<div class=\"wp-block-column is-vertically-aligned-center is-layout-flow wp-block-column-is-layout-flow\"><div class=\"wp-block-image\">\n<figure class=\"alignleft size-full\"><img decoding=\"async\" width=\"980\" height=\"343\" src=\"https:\/\/www.wikiesfera.org\/wp-content\/uploads\/2022\/02\/logo_bpe-zaragoza.png\" alt=\"\" class=\"wp-image-10177\" srcset=\"https:\/\/www.wikiesfera.org\/wp-content\/uploads\/2022\/02\/logo_bpe-zaragoza.png 980w, https:\/\/www.wikiesfera.org\/wp-content\/uploads\/2022\/02\/logo_bpe-zaragoza-300x105.png 300w, https:\/\/www.wikiesfera.org\/wp-content\/uploads\/2022\/02\/logo_bpe-zaragoza-768x269.png 768w, https:\/\/www.wikiesfera.org\/wp-content\/uploads\/2022\/02\/logo_bpe-zaragoza-18x6.png 18w, https:\/\/www.wikiesfera.org\/wp-content\/uploads\/2022\/02\/logo_bpe-zaragoza-150x53.png 150w, https:\/\/www.wikiesfera.org\/wp-content\/uploads\/2022\/02\/logo_bpe-zaragoza-400x140.png 400w\" sizes=\"(max-width: 980px) 100vw, 980px\" \/><\/figure><\/div><\/div>\n\n\n\n<div class=\"wp-block-column is-vertically-aligned-center is-layout-flow wp-block-column-is-layout-flow\"><\/div>\n\n\n\n<div class=\"wp-block-column is-vertically-aligned-center is-layout-flow wp-block-column-is-layout-flow\"><\/div>\n<\/div>\n","protected":false},"excerpt":{"rendered":"<p>&gt; Tem\u00e1tica El s\u00e1bado 5 de febrero, coincidiendo con la celebraci\u00f3n de Santa \u00c1gueda (tradicionalmente considerada la patrona de las mujeres), organizamos junto a la Biblioteca P\u00fablica de Zaragoza (@BPZ_biblioteca) una editatona presencial dedicada a visibilizar a las bibliotecarias relevantes aragonesas, cuya presencia sigue siendo escasa en Wikipedia. El objetivo de la jornada fue se\u00f1alar [&hellip;]<\/p>\n","protected":false},"author":7,"featured_media":2735,"comment_status":"closed","ping_status":"closed","template":"","format":"gallery","meta":{"_coblocks_attr":"","_coblocks_dimensions":"","_coblocks_responsive_height":"","_coblocks_accordion_ie_support":"","footnotes":""},"class_list":["post-2723","portfolio","type-portfolio","status-publish","format-gallery","has-post-thumbnail","hentry","portfolio_category-164","portfolio_category-editatonas","portfolio_category-glam","portfolio-entry","span_1_of_4 col clr"],"_links":{"self":[{"href":"https:\/\/www.wikiesfera.org\/es\/wp-json\/wp\/v2\/portfolio\/2723","targetHints":{"allow":["GET"]}}],"collection":[{"href":"https:\/\/www.wikiesfera.org\/es\/wp-json\/wp\/v2\/portfolio"}],"about":[{"href":"https:\/\/www.wikiesfera.org\/es\/wp-json\/wp\/v2\/types\/portfolio"}],"author":[{"embeddable":true,"href":"https:\/\/www.wikiesfera.org\/es\/wp-json\/wp\/v2\/users\/7"}],"replies":[{"embeddable":true,"href":"https:\/\/www.wikiesfera.org\/es\/wp-json\/wp\/v2\/comments?post=2723"}],"version-history":[{"count":11,"href":"https:\/\/www.wikiesfera.org\/es\/wp-json\/wp\/v2\/portfolio\/2723\/revisions"}],"predecessor-version":[{"id":10473,"href":"https:\/\/www.wikiesfera.org\/es\/wp-json\/wp\/v2\/portfolio\/2723\/revisions\/10473"}],"wp:featuredmedia":[{"embeddable":true,"href":"https:\/\/www.wikiesfera.org\/es\/wp-json\/wp\/v2\/media\/2735"}],"wp:attachment":[{"href":"https:\/\/www.wikiesfera.org\/es\/wp-json\/wp\/v2\/media?parent=2723"}],"curies":[{"name":"wp","href":"https:\/\/api.w.org\/{rel}","templated":true}]}}