{"id":2497,"date":"2021-12-02T12:16:59","date_gmt":"2021-12-02T12:16:59","guid":{"rendered":"\/?post_type=portfolio&#038;p=2497"},"modified":"2025-12-29T22:10:36","modified_gmt":"2025-12-29T22:10:36","slug":"editatona-de-mujeres-musicas-1d-2021","status":"publish","type":"portfolio","link":"https:\/\/www.wikiesfera.org\/es\/portfolio-item\/editatona-de-mujeres-musicas-1d-2021\/","title":{"rendered":"Editatona de mujeres m\u00fasicas #1D 2021"},"content":{"rendered":"\n<h1 id=\"gt-tematica\" class=\"wp-block-heading\"><strong>&gt; Tem\u00e1tica<\/strong><\/h1>\n\n\n\n<h1 id=\"\" class=\"wp-block-heading\"><strong><figure><img fetchpriority=\"high\" decoding=\"async\" class=\"alignright wp-image-2505 size-medium\" src=\"\/wp-content\/uploads\/2021\/12\/editatona-Torrejon_03-1-300x300.jpeg\" alt=\"\" width=\"300\" height=\"300\" srcset=\"https:\/\/www.wikiesfera.org\/wp-content\/uploads\/2021\/12\/editatona-Torrejon_03-1-300x300.jpeg 300w, https:\/\/www.wikiesfera.org\/wp-content\/uploads\/2021\/12\/editatona-Torrejon_03-1-1024x1024.jpeg 1024w, https:\/\/www.wikiesfera.org\/wp-content\/uploads\/2021\/12\/editatona-Torrejon_03-1-150x150.jpeg 150w, https:\/\/www.wikiesfera.org\/wp-content\/uploads\/2021\/12\/editatona-Torrejon_03-1-768x768.jpeg 768w, https:\/\/www.wikiesfera.org\/wp-content\/uploads\/2021\/12\/editatona-Torrejon_03-1-400x400.jpeg 400w, https:\/\/www.wikiesfera.org\/wp-content\/uploads\/2021\/12\/editatona-Torrejon_03-1.jpeg 1256w\" sizes=\"(max-width: 300px) 100vw, 300px\" \/><\/figure><\/strong><\/h1>\n\n\n\n<p>El pasado mi\u00e9rcoles 1 de diciembre, cerca de la celebraci\u00f3n anual del #25N <strong><a href=\"https:\/\/es.wikipedia.org\/wiki\/D%C3%ADa_Internacional_de_la_Eliminaci%C3%B3n_de_la_Violencia_contra_la_Mujer\" target=\"_blank\" rel=\"noopener noreferrer\">D\u00eda Internacional de la Eliminaci\u00f3n de la Violencia contra la Mujer<\/a><\/strong>, en el Centro Polivalente &#8216;Abogados de Atocha&#8217; de Torrej\u00f3n de Ardoz, la <a href=\"https:\/\/asviudas.blogspot.com\/\" target=\"_blank\" rel=\"noopener noreferrer\"><strong>Asociaci\u00f3n de Viudas de Torrej\u00f3n de Ardoz<\/strong><\/a> organiz\u00f3 una editatona dedicada a mujeres de m\u00fasicas e inventoras para hacer visible la ausencia de contenido relacionado con ellas en Wikipedia.<\/p>\n\n\n\n<p>Esta actividad fue la segunda editatona realizada con la Asociaci\u00f3n de Viudas de Torrej\u00f3n, que ya hab\u00edan participado en otro <a href=\"https:\/\/wikiesfera.org\/portfolio-item\/editatona-de-mujeres-stem-28n\/\" target=\"_blank\" rel=\"noopener\">marat\u00f3n de Wikipedia sobre mujeres STEM en 2019<\/a>.<\/p>\n\n\n\n<hr class=\"wp-block-separator has-alpha-channel-opacity\"\/>\n\n\n\n<h1 id=\"gt-resultados\" class=\"wp-block-heading\"><strong>&gt; Resultados<\/strong><\/h1>\n\n\n\n<ul class=\"wp-block-list\">\n<li>N\u00famero de <span style=\"text-decoration: underline;\"><strong>PARTICIPANTES: 12<\/strong><\/span><\/li>\n\n\n\n<li>N\u00famero de <strong><span style=\"text-decoration: underline;\">ART\u00cdCULOS TRADUCIDOS: 12<\/span><\/strong><\/li>\n<\/ul>\n\n\n\n<ol class=\"wp-block-list\">\n<li><a href=\"https:\/\/es.wikipedia.org\/wiki\/Ada_Henry_Van_Pelt\" target=\"_blank\" rel=\"noopener\">Ada Henry Van Pelt<\/a>, inventora (1838-1923)<\/li>\n\n\n\n<li><a href=\"https:\/\/es.wikipedia.org\/wiki\/Concepci%C3%B3_Bordalba\" target=\"_blank\" rel=\"noopener\">Concepci\u00f3 Bordalba<\/a>, soprano (1866-1910)<\/li>\n\n\n\n<li><a href=\"https:\/\/es.wikipedia.org\/wiki\/Matilde_Pretel\" target=\"_blank\" rel=\"noopener\">Matilde Pretel<\/a>, cantante (1874-1965)<\/li>\n\n\n\n<li><a href=\"https:\/\/es.wikipedia.org\/wiki\/Valerie_Hunter_Gordon\" target=\"_blank\" rel=\"noopener\">Valerie Hunter Gordon<\/a>, inventora (1921-2016)<\/li>\n\n\n\n<li><a href=\"https:\/\/es.wikipedia.org\/wiki\/In%C3%A9s_Rivadeneira\" target=\"_blank\" rel=\"noopener\">In\u00e9s Rivadeneira<\/a>, mezzosoprano (1928-2020)<\/li>\n\n\n\n<li><a href=\"https:\/\/es.wikipedia.org\/wiki\/Ethel_Finck\" target=\"_blank\" rel=\"noopener\">Ethel Finck<\/a>, inventora (1932-2003)<\/li>\n\n\n\n<li><a href=\"https:\/\/es.wikipedia.org\/wiki\/Joana_Sainz_Garc%C3%ADa\" target=\"_blank\" rel=\"noopener\">Joana Sainz Garc\u00eda<\/a>, cantante (1989-2019)<\/li>\n\n\n\n<li><a href=\"https:\/\/es.wikipedia.org\/wiki\/Teresa_Llacuna_i_Puig\" target=\"_blank\" rel=\"noopener\">Teresa Llacuna i Puig<\/a>, pianista cl\u00e1sica (1935)<\/li>\n\n\n\n<li><a href=\"https:\/\/es.wikipedia.org\/wiki\/Carme_Vil%C3%A0_i_Fassier\" target=\"_blank\" rel=\"noopener\">Carme Vil\u00e0 i Fassier<\/a>, pianista (1937)<\/li>\n\n\n\n<li><a href=\"https:\/\/es.wikipedia.org\/wiki\/Maria_Rosa_Ribas_i_Monn%C3%A9\" target=\"_blank\" rel=\"noopener\">Maria Rosa Ribas i Monn\u00e9<\/a>, compositora (1944)<\/li>\n\n\n\n<li><a href=\"https:\/\/es.wikipedia.org\/wiki\/Margarita_Escarpa\" target=\"_blank\" rel=\"noopener\">Margarita Escarpa<\/a>, guitarrista (1964)<\/li>\n\n\n\n<li><a href=\"https:\/\/es.wikipedia.org\/wiki\/Emily_Winterburn\" target=\"_blank\" rel=\"noopener\">Emily Winterburn<\/a><\/li>\n<\/ol>\n\n\n\n<p>Gracias a <strong>Encarna, Antonina, Celia, Luisa, Gloria, Paquita, Mercedes, Maribel, Isabel, Charo, Teresa y \u00c1ngela<\/strong>&nbsp;por visibilizar a todas estas mujeres incre\u00edbles en Wikipedia.<\/p>\n\n\n\n<hr class=\"wp-block-separator has-alpha-channel-opacity\"\/>\n\n\n\n<h1 id=\"colaboran\" class=\"wp-block-heading\"><strong>> Colaboran<\/strong><\/h1>\n\n\n\n<div class=\"wp-block-columns is-layout-flex wp-container-core-columns-is-layout-9d6595d7 wp-block-columns-is-layout-flex\">\n<div class=\"wp-block-column is-layout-flow wp-block-column-is-layout-flow\"><div class=\"wp-block-image\">\n<figure class=\"alignleft size-large\"><img decoding=\"async\" width=\"1024\" height=\"238\" src=\"https:\/\/www.wikiesfera.org\/wp-content\/uploads\/2018\/04\/Wikimedia_Foundation_logo_-_horizontal.svg_-1024x238.png\" alt=\"\" class=\"wp-image-1036\" srcset=\"https:\/\/www.wikiesfera.org\/wp-content\/uploads\/2018\/04\/Wikimedia_Foundation_logo_-_horizontal.svg_-1024x238.png 1024w, https:\/\/www.wikiesfera.org\/wp-content\/uploads\/2018\/04\/Wikimedia_Foundation_logo_-_horizontal.svg_-300x70.png 300w, https:\/\/www.wikiesfera.org\/wp-content\/uploads\/2018\/04\/Wikimedia_Foundation_logo_-_horizontal.svg_-768x179.png 768w, https:\/\/www.wikiesfera.org\/wp-content\/uploads\/2018\/04\/Wikimedia_Foundation_logo_-_horizontal.svg_-150x35.png 150w, https:\/\/www.wikiesfera.org\/wp-content\/uploads\/2018\/04\/Wikimedia_Foundation_logo_-_horizontal.svg_-400x93.png 400w, https:\/\/www.wikiesfera.org\/wp-content\/uploads\/2018\/04\/Wikimedia_Foundation_logo_-_horizontal.svg_.png 2000w\" sizes=\"(max-width: 1024px) 100vw, 1024px\" \/><\/figure><\/div><\/div>\n\n\n\n<div class=\"wp-block-column is-layout-flow wp-block-column-is-layout-flow\"><div class=\"wp-block-image\">\n<figure class=\"alignleft size-full\"><img decoding=\"async\" width=\"250\" height=\"75\" src=\"https:\/\/www.wikiesfera.org\/wp-content\/uploads\/2022\/05\/logo_aso-viudas-torrejon_hz.jpg\" alt=\"\" class=\"wp-image-3076\" srcset=\"https:\/\/www.wikiesfera.org\/wp-content\/uploads\/2022\/05\/logo_aso-viudas-torrejon_hz.jpg 250w, https:\/\/www.wikiesfera.org\/wp-content\/uploads\/2022\/05\/logo_aso-viudas-torrejon_hz-150x45.jpg 150w\" sizes=\"(max-width: 250px) 100vw, 250px\" \/><\/figure><\/div><\/div>\n\n\n\n<div class=\"wp-block-column is-layout-flow wp-block-column-is-layout-flow\"><\/div>\n\n\n\n<div class=\"wp-block-column is-layout-flow wp-block-column-is-layout-flow\"><\/div>\n<\/div>\n\n\n\n<p><\/p>\n","protected":false},"excerpt":{"rendered":"<p>&gt; Tem\u00e1tica El pasado mi\u00e9rcoles 1 de diciembre, cerca de la celebraci\u00f3n anual del #25N D\u00eda Internacional de la Eliminaci\u00f3n de la Violencia contra la Mujer, en el Centro Polivalente &#8216;Abogados de Atocha&#8217; de Torrej\u00f3n de Ardoz, la Asociaci\u00f3n de Viudas de Torrej\u00f3n de Ardoz organiz\u00f3 una editatona dedicada a mujeres de m\u00fasicas e inventoras [&hellip;]<\/p>\n","protected":false},"author":7,"featured_media":2504,"comment_status":"closed","ping_status":"closed","template":"","format":"gallery","meta":{"_coblocks_attr":"","_coblocks_dimensions":"","_coblocks_responsive_height":"","_coblocks_accordion_ie_support":"","footnotes":""},"class_list":["post-2497","portfolio","type-portfolio","status-publish","format-gallery","has-post-thumbnail","hentry","portfolio_category-159","portfolio_category-editatonas","portfolio_category-glam","portfolio-entry","span_1_of_4 col clr"],"_links":{"self":[{"href":"https:\/\/www.wikiesfera.org\/es\/wp-json\/wp\/v2\/portfolio\/2497","targetHints":{"allow":["GET"]}}],"collection":[{"href":"https:\/\/www.wikiesfera.org\/es\/wp-json\/wp\/v2\/portfolio"}],"about":[{"href":"https:\/\/www.wikiesfera.org\/es\/wp-json\/wp\/v2\/types\/portfolio"}],"author":[{"embeddable":true,"href":"https:\/\/www.wikiesfera.org\/es\/wp-json\/wp\/v2\/users\/7"}],"replies":[{"embeddable":true,"href":"https:\/\/www.wikiesfera.org\/es\/wp-json\/wp\/v2\/comments?post=2497"}],"version-history":[{"count":9,"href":"https:\/\/www.wikiesfera.org\/es\/wp-json\/wp\/v2\/portfolio\/2497\/revisions"}],"predecessor-version":[{"id":10484,"href":"https:\/\/www.wikiesfera.org\/es\/wp-json\/wp\/v2\/portfolio\/2497\/revisions\/10484"}],"wp:featuredmedia":[{"embeddable":true,"href":"https:\/\/www.wikiesfera.org\/es\/wp-json\/wp\/v2\/media\/2504"}],"wp:attachment":[{"href":"https:\/\/www.wikiesfera.org\/es\/wp-json\/wp\/v2\/media?parent=2497"}],"curies":[{"name":"wp","href":"https:\/\/api.w.org\/{rel}","templated":true}]}}