{"id":2354,"date":"2021-10-18T10:07:12","date_gmt":"2021-10-18T10:07:12","guid":{"rendered":"\/?post_type=portfolio&#038;p=2354"},"modified":"2025-12-23T18:49:44","modified_gmt":"2025-12-23T18:49:44","slug":"editatona-de-mujeres-rurales-15o","status":"publish","type":"portfolio","link":"https:\/\/www.wikiesfera.org\/es\/portfolio-item\/editatona-de-mujeres-rurales-15o\/","title":{"rendered":"Editatona de mujeres rurales #15O"},"content":{"rendered":"\n<h1 id=\"gt-tematica\" class=\"wp-block-heading\"><strong>&gt; Tem\u00e1tica<\/strong><\/h1>\n\n\n\n<div class=\"wp-block-columns is-layout-flex wp-container-core-columns-is-layout-9d6595d7 wp-block-columns-is-layout-flex\">\n<div class=\"wp-block-column is-layout-flow wp-block-column-is-layout-flow\" style=\"flex-basis:100%\">\n<p>El viernes 15 de octubre, coincidiendo con el <strong><a href=\"https:\/\/www.un.org\/es\/observances\/rural-women-day\" target=\"_blank\" rel=\"noopener\">D\u00eda Internacional de las Mujeres Rurales<\/a><\/strong>, el <strong>Proyecto Aspasia<\/strong>&nbsp;del&nbsp;<strong>Gobierno de Arag\u00f3n<\/strong>&nbsp;(<a href=\"https:\/\/twitter.com\/aragonabierto\" target=\"_blank\" rel=\"noopener\">@aragonabierto<\/a>) sigui\u00f3 con su ciclo de editatonas con una jornada dedicada a<strong> <a href=\"https:\/\/www.laaab.es\/2021\/10\/editatonadefensoras\/\" target=\"_blank\" rel=\"noopener\">mujeres rurales y defensoras de la tierra<\/a><\/strong>. Una de las misiones de la <a href=\"http:\/\/www.laaab.es\/2020\/11\/comunidad-aspasia\/\" target=\"_blank\" rel=\"noopener\">#ComunidadAspasia<\/a> es hacer visibles a las mujeres y promover la perspectiva de g\u00e9nero hacia una sociedad m\u00e1s igualitaria.<\/p>\n\n\n\n<p>Esta actividad, junto al <a href=\"https:\/\/wikiesfera.org\/portfolio-category\/aspasia\/\" target=\"_blank\" rel=\"noopener\">resto de editatonas de Aspasia<\/a> entre 2020 y 2021, han tenido como objetivo visibilizar en Wikipedia a mujeres de diferentes \u00e1reas y <strong>crear un grupo estable de editoras<\/strong>: <strong>Wikiesfera Arag\u00f3n<\/strong>. Una de las noticias que se compartieron y aplaudieron durante el encuentro de la semana pasada es que <strong>se continuar\u00e1n haciendo nuevas editatonas durante 2022<\/strong>.<\/p>\n<\/div>\n\n\n\n<div class=\"wp-block-column is-layout-flow wp-block-column-is-layout-flow\" style=\"flex-basis:30%\">\n<figure class=\"wp-block-image size-full\"><img fetchpriority=\"high\" decoding=\"async\" width=\"460\" height=\"310\" src=\"https:\/\/www.wikiesfera.org\/wp-content\/uploads\/2020\/12\/imagenes_aspasia1_2d0a646e.jpeg\" alt=\"\" class=\"wp-image-1836\" srcset=\"https:\/\/www.wikiesfera.org\/wp-content\/uploads\/2020\/12\/imagenes_aspasia1_2d0a646e.jpeg 460w, https:\/\/www.wikiesfera.org\/wp-content\/uploads\/2020\/12\/imagenes_aspasia1_2d0a646e-300x202.jpeg 300w, https:\/\/www.wikiesfera.org\/wp-content\/uploads\/2020\/12\/imagenes_aspasia1_2d0a646e-150x101.jpeg 150w, https:\/\/www.wikiesfera.org\/wp-content\/uploads\/2020\/12\/imagenes_aspasia1_2d0a646e-400x270.jpeg 400w\" sizes=\"(max-width: 460px) 100vw, 460px\" \/><\/figure>\n<\/div>\n<\/div>\n\n\n\n<hr class=\"wp-block-separator has-alpha-channel-opacity\"\/>\n\n\n\n<h1 id=\"gt-experta\" class=\"wp-block-heading\"><strong>&gt; Experta<\/strong><\/h1>\n\n\n\n<p>Como en cada editatona, invitamos a una experta en la tem\u00e1tica que vamos a tratar. En esta ocasi\u00f3n, contamos con <strong>M\u00aa Luz Hern\u00e1ndez Navarro&nbsp;<\/strong>(<a href=\"https:\/\/twitter.com\/mluzhernandezn\" target=\"_blank\" rel=\"noopener\">@mluzhernandezn<\/a>), ge\u00f3grafa y profesora titular del Departamento de Geograf\u00eda y Ordenaci\u00f3n del Territorio&nbsp;de la Universidad de Zaragoza (<a href=\"https:\/\/twitter.com\/unizar\" target=\"_blank\" rel=\"noopener\">@unizar<\/a>), y responsable de las investigaciones <a href=\"https:\/\/www.aragon.es\/documents\/20127\/5691205\/Estudio+de+la+situaci%C3%B3n+del+mundo+rural+aragon%C3%A9s+desde+una+perspectiva+de+g%C3%A9nero+2020.pdf\/7686c65a-4b2c-572c-b737-1db7799573f4?t=1621506706472\" target=\"_blank\" rel=\"noopener\"><em>Estudio de la situaci\u00f3n del mundo rural aragon\u00e9s desde una perspectiva de g\u00e9nero, 2020<\/em><\/a>&nbsp;y&nbsp;<a href=\"https:\/\/www.aragon.es\/documents\/20127\/5691205\/Mujeres+y+desarrollo+socioecon%C3%B3mico+en+el+medio+rural+en+Arag%C3%B3n.pdf\/49bec2d3-de16-8fef-3058-5a4c561de869?t=1621582136580\" target=\"_blank\" rel=\"noopener\"><em>Mujeres y desarrollo socioecon\u00f3mico en el medio rural en Arag\u00f3n: aproximaci\u00f3n desde una perspectiva de g\u00e9nero<\/em><\/a>, que nos habl\u00f3 sobre la situaci\u00f3n de las mujeres rurales en Arag\u00f3n. Os compartimos su presentaci\u00f3n:<\/p>\n\n\n\n<p><iframe src=\"https:\/\/docs.google.com\/presentation\/d\/e\/2PACX-1vQSdpR0gJUzOb3b7epDRTYk_zv2PSJUI5JMDT8OYGnC_hWrRKWe2iH7WduZA4KQeA\/embed?start=true&amp;loop=true&amp;delayms=3000\" width=\"560\" height=\"350\" frameborder=\"0\" allowfullscreen=\"allowfullscreen\"><span data-mce-type=\"bookmark\" style=\"display: inline-block; width: 0px; overflow: hidden; line-height: 0;\" class=\"mce_SELRES_start\">\ufeff<\/span><span data-mce-type=\"bookmark\" style=\"display: inline-block; width: 0px; overflow: hidden; line-height: 0;\" class=\"mce_SELRES_start\">\ufeff<\/span><\/iframe><\/p>\n\n\n\n<hr class=\"wp-block-separator has-alpha-channel-opacity\"\/>\n\n\n\n<h1 id=\"gt-resultados\" class=\"wp-block-heading\"><strong>&gt; Resultados<\/strong><\/h1>\n\n\n\n<ul class=\"wp-block-list\">\n<li>N\u00famero de <strong><span style=\"text-decoration: underline;\">PARTICIPANTES<\/span>: 8<\/strong><\/li>\n\n\n\n<li>N\u00famero de <strong><span style=\"text-decoration: underline;\">ART\u00cdCULOS CREADOS<\/span>: 4<\/strong><\/li>\n<\/ul>\n\n\n\n<ol class=\"wp-block-list\">\n<li><a href=\"https:\/\/es.wikipedia.org\/wiki\/Josefina_Loste\" target=\"_blank\" rel=\"noopener\">Josefina Loste de Mur<\/a> (1936)<\/li>\n\n\n\n<li><a href=\"https:\/\/es.wikipedia.org\/wiki\/Mary_Tricas\" target=\"_blank\" rel=\"noopener\">Mary Tricas Puyalto<\/a> (1950)<\/li>\n\n\n\n<li><a href=\"https:\/\/es.wikipedia.org\/wiki\/Elena_Villagrasa_Ferrer\" target=\"_blank\" rel=\"noopener\">Elena Villagrasa Ferrer<\/a><\/li>\n\n\n\n<li><a href=\"https:\/\/es.wikipedia.org\/wiki\/Emilia_Puig\" target=\"_blank\" rel=\"noopener\">Emilia Puig Amor\u00f3s<\/a><\/li>\n<\/ol>\n\n\n\n<hr class=\"wp-block-separator has-alpha-channel-opacity\"\/>\n\n\n\n<h1 id=\"colaboran\" class=\"wp-block-heading\"><strong>> Colaboran<\/strong><\/h1>\n\n\n\n<div class=\"wp-block-columns is-layout-flex wp-container-core-columns-is-layout-9d6595d7 wp-block-columns-is-layout-flex\">\n<div class=\"wp-block-column is-layout-flow wp-block-column-is-layout-flow\"><div class=\"wp-block-image\">\n<figure class=\"alignleft size-full\"><img decoding=\"async\" width=\"250\" height=\"75\" src=\"https:\/\/www.wikiesfera.org\/wp-content\/uploads\/2022\/05\/logo_laaab_hz.png\" alt=\"\" class=\"wp-image-3087\" srcset=\"https:\/\/www.wikiesfera.org\/wp-content\/uploads\/2022\/05\/logo_laaab_hz.png 250w, https:\/\/www.wikiesfera.org\/wp-content\/uploads\/2022\/05\/logo_laaab_hz-150x45.png 150w\" sizes=\"(max-width: 250px) 100vw, 250px\" \/><\/figure><\/div><\/div>\n\n\n\n<div class=\"wp-block-column is-layout-flow wp-block-column-is-layout-flow\"><div class=\"wp-block-image\">\n<figure class=\"alignleft size-large\"><img decoding=\"async\" width=\"1024\" height=\"238\" src=\"https:\/\/www.wikiesfera.org\/wp-content\/uploads\/2018\/04\/Wikimedia_Foundation_logo_-_horizontal.svg_-1024x238.png\" alt=\"\" class=\"wp-image-1036\" srcset=\"https:\/\/www.wikiesfera.org\/wp-content\/uploads\/2018\/04\/Wikimedia_Foundation_logo_-_horizontal.svg_-1024x238.png 1024w, https:\/\/www.wikiesfera.org\/wp-content\/uploads\/2018\/04\/Wikimedia_Foundation_logo_-_horizontal.svg_-300x70.png 300w, https:\/\/www.wikiesfera.org\/wp-content\/uploads\/2018\/04\/Wikimedia_Foundation_logo_-_horizontal.svg_-768x179.png 768w, https:\/\/www.wikiesfera.org\/wp-content\/uploads\/2018\/04\/Wikimedia_Foundation_logo_-_horizontal.svg_-150x35.png 150w, https:\/\/www.wikiesfera.org\/wp-content\/uploads\/2018\/04\/Wikimedia_Foundation_logo_-_horizontal.svg_-400x93.png 400w, https:\/\/www.wikiesfera.org\/wp-content\/uploads\/2018\/04\/Wikimedia_Foundation_logo_-_horizontal.svg_.png 2000w\" sizes=\"(max-width: 1024px) 100vw, 1024px\" \/><\/figure><\/div><\/div>\n\n\n\n<div class=\"wp-block-column is-layout-flow wp-block-column-is-layout-flow\"><\/div>\n\n\n\n<div class=\"wp-block-column is-layout-flow wp-block-column-is-layout-flow\"><\/div>\n<\/div>\n\n\n\n<p>&nbsp; &nbsp; &nbsp; <\/p>\n","protected":false},"excerpt":{"rendered":"<p>&gt; Tem\u00e1tica El viernes 15 de octubre, coincidiendo con el D\u00eda Internacional de las Mujeres Rurales, el Proyecto Aspasia&nbsp;del&nbsp;Gobierno de Arag\u00f3n&nbsp;(@aragonabierto) sigui\u00f3 con su ciclo de editatonas con una jornada dedicada a mujeres rurales y defensoras de la tierra. Una de las misiones de la #ComunidadAspasia es hacer visibles a las mujeres y promover la [&hellip;]<\/p>\n","protected":false},"author":1,"featured_media":1839,"comment_status":"closed","ping_status":"closed","template":"","format":"gallery","meta":{"_coblocks_attr":"","_coblocks_dimensions":"","_coblocks_responsive_height":"","_coblocks_accordion_ie_support":"","footnotes":""},"class_list":["post-2354","portfolio","type-portfolio","status-publish","format-gallery","has-post-thumbnail","hentry","portfolio_category-159","portfolio_category-aspasia","portfolio_category-editatonas","portfolio_category-equidad","portfolio-entry","span_1_of_4 col clr"],"_links":{"self":[{"href":"https:\/\/www.wikiesfera.org\/es\/wp-json\/wp\/v2\/portfolio\/2354","targetHints":{"allow":["GET"]}}],"collection":[{"href":"https:\/\/www.wikiesfera.org\/es\/wp-json\/wp\/v2\/portfolio"}],"about":[{"href":"https:\/\/www.wikiesfera.org\/es\/wp-json\/wp\/v2\/types\/portfolio"}],"author":[{"embeddable":true,"href":"https:\/\/www.wikiesfera.org\/es\/wp-json\/wp\/v2\/users\/1"}],"replies":[{"embeddable":true,"href":"https:\/\/www.wikiesfera.org\/es\/wp-json\/wp\/v2\/comments?post=2354"}],"version-history":[{"count":9,"href":"https:\/\/www.wikiesfera.org\/es\/wp-json\/wp\/v2\/portfolio\/2354\/revisions"}],"predecessor-version":[{"id":10500,"href":"https:\/\/www.wikiesfera.org\/es\/wp-json\/wp\/v2\/portfolio\/2354\/revisions\/10500"}],"wp:featuredmedia":[{"embeddable":true,"href":"https:\/\/www.wikiesfera.org\/es\/wp-json\/wp\/v2\/media\/1839"}],"wp:attachment":[{"href":"https:\/\/www.wikiesfera.org\/es\/wp-json\/wp\/v2\/media?parent=2354"}],"curies":[{"name":"wp","href":"https:\/\/api.w.org\/{rel}","templated":true}]}}