{"id":1806,"date":"2020-12-14T10:00:05","date_gmt":"2020-12-14T10:00:05","guid":{"rendered":"\/?post_type=portfolio&#038;p=1806"},"modified":"2025-12-23T20:38:41","modified_gmt":"2025-12-23T20:38:41","slug":"editatona-virtual-de-poetas-canarias-12d","status":"publish","type":"portfolio","link":"https:\/\/www.wikiesfera.org\/es\/portfolio-item\/editatona-virtual-de-poetas-canarias-12d\/","title":{"rendered":"Editatona virtual de poetas canarias #12D"},"content":{"rendered":"\n<h1 id=\"gt-tematica\" class=\"wp-block-heading\"><strong>&gt; Tem\u00e1tica<\/strong><\/h1>\n\n\n\n<h1 id=\"\" class=\"wp-block-heading\"><strong><figure><img fetchpriority=\"high\" decoding=\"async\" class=\"alignright wp-image-1814 size-medium\" src=\"\/wp-content\/uploads\/2020\/12\/cartel-300x300.jpeg\" alt=\"\" width=\"300\" height=\"300\" srcset=\"https:\/\/www.wikiesfera.org\/wp-content\/uploads\/2020\/12\/cartel-300x300.jpeg 300w, https:\/\/www.wikiesfera.org\/wp-content\/uploads\/2020\/12\/cartel-1024x1024.jpeg 1024w, https:\/\/www.wikiesfera.org\/wp-content\/uploads\/2020\/12\/cartel-150x150.jpeg 150w, https:\/\/www.wikiesfera.org\/wp-content\/uploads\/2020\/12\/cartel-768x768.jpeg 768w, https:\/\/www.wikiesfera.org\/wp-content\/uploads\/2020\/12\/cartel-400x400.jpeg 400w, https:\/\/www.wikiesfera.org\/wp-content\/uploads\/2020\/12\/cartel.jpeg 1200w\" sizes=\"(max-width: 300px) 100vw, 300px\" \/><\/figure><\/strong><\/h1>\n\n\n\n<p>El pasado s\u00e1bado 12 de diciembre, en la <strong><a href=\"http:\/\/www.tomasmorales.com\/es\" target=\"_blank\" rel=\"noopener\">Casa Museo Tom\u00e1s Morales<\/a> <\/strong>(<a href=\"https:\/\/twitter.com\/cmtomasmorales\" target=\"_blank\" rel=\"noopener\">@cmtomasmorales<\/a>) en colaboraci\u00f3n con la <strong><a href=\"https:\/\/www.ulpgc.es\/\" target=\"_blank\" rel=\"noopener\">Universidad de Las Palmas de Gran Canaria<\/a><\/strong> (<a href=\"https:\/\/twitter.com\/ulpgc\" target=\"_blank\" rel=\"noopener\">@ulpgc<\/a>)&nbsp;se dedic\u00f3 una editatona a las <strong>poetisas canarias<\/strong> que, pese a su trayectoria literaria, todav\u00eda no ten\u00edan art\u00edculo en Wikipedia.<\/p>\n\n\n\n<p>Desde las 10:00 horas, participantes y organizadoras se juntaron en ambos espacios (mediante la coordinaci\u00f3n virtual de Patricia Horrillo) para visibilizar sus perfiles.<\/p>\n\n\n\n<h1 id=\"gt-experta\" class=\"wp-block-heading\"><strong>&gt; Experta<\/strong><\/h1>\n\n\n\n<p>En esta ocasi\u00f3n, contamos con la presencia de la periodista y escritora <strong>Josefa Molina<\/strong>&nbsp;que nos habl\u00f3 sobre la <strong>situaci\u00f3n de las mujeres en el mundo de la literatura<\/strong>, tanto en su participaci\u00f3n como en el reconocimiento de ellas en los premios literarios.<\/p>\n\n\n\n<hr class=\"wp-block-separator has-alpha-channel-opacity\"\/>\n\n\n\n<h1 id=\"gt-resultados\" class=\"wp-block-heading\"><strong>&gt; Resultados<\/strong><\/h1>\n\n\n\n<ul class=\"wp-block-list\">\n<li>N\u00famero de <strong><u>PARTICIPANTES:<\/u> 16<\/strong><\/li>\n\n\n\n<li>N\u00famero de <strong><span style=\"text-decoration: underline;\">ART\u00cdCULOS CREADOS:<\/span> 7<\/strong><\/li>\n<\/ul>\n\n\n\n<ol class=\"wp-block-list\">\n<li><a href=\"https:\/\/es.wikipedia.org\/wiki\/Fernanda_Siliuto\" target=\"_blank\" rel=\"noopener\">Fernanda Siliuto<\/a> (1834-1859)<\/li>\n\n\n\n<li><a href=\"https:\/\/es.wikipedia.org\/wiki\/Victorina_Bridoux\" target=\"_blank\" rel=\"noopener\">Victorina Bridoux<\/a> (1835-1862)<\/li>\n\n\n\n<li><a href=\"https:\/\/es.wikipedia.org\/wiki\/Ignacia_de_Lara\" target=\"_blank\" rel=\"noopener\">Ignacia de Lara<\/a> (1880-1940)<\/li>\n\n\n\n<li><a href=\"https:\/\/es.wikipedia.org\/wiki\/Inocencia_P%C3%A1ez\" target=\"_blank\" rel=\"noopener\">Inocencia P\u00e1ez<\/a> (1927-2007)<\/li>\n\n\n\n<li><a href=\"https:\/\/es.wikipedia.org\/wiki\/Ver%C3%B3nica_Garc%C3%ADa\" target=\"_blank\" rel=\"noopener\">Ver\u00f3nica Garc\u00eda<\/a> (1967)<\/li>\n\n\n\n<li><a href=\"https:\/\/es.wikipedia.org\/wiki\/Tina_Su%C3%A1rez\" target=\"_blank\" rel=\"noopener\">Tina Su\u00e1rez<\/a> (1971)<\/li>\n\n\n\n<li><a href=\"https:\/\/es.wikipedia.org\/wiki\/Alba_Sabina\" target=\"_blank\" rel=\"noopener\">Alba Sabina P\u00e9rez<\/a> (1984)<\/li>\n<\/ol>\n\n\n\n<hr class=\"wp-block-separator has-alpha-channel-opacity\"\/>\n\n\n\n<h1 id=\"gt-colaboran\" class=\"wp-block-heading\"><strong>&gt; Colaboran<\/strong><\/h1>\n\n\n\n<div class=\"wp-block-columns is-layout-flex wp-container-core-columns-is-layout-9d6595d7 wp-block-columns-is-layout-flex\">\n<div class=\"wp-block-column is-layout-flow wp-block-column-is-layout-flow\"><div class=\"wp-block-image\">\n<figure class=\"alignleft\"><img decoding=\"async\" width=\"300\" height=\"143\" src=\"\/wp-content\/uploads\/2020\/12\/logo_museotomasmorales-scaled-1-300x143.jpg\" alt=\"\" class=\"wp-image-1807\" srcset=\"https:\/\/www.wikiesfera.org\/wp-content\/uploads\/2020\/12\/logo_museotomasmorales-scaled-1-300x143.jpg 300w, https:\/\/www.wikiesfera.org\/wp-content\/uploads\/2020\/12\/logo_museotomasmorales-scaled-1-1024x487.jpg 1024w, https:\/\/www.wikiesfera.org\/wp-content\/uploads\/2020\/12\/logo_museotomasmorales-scaled-1-768x365.jpg 768w, https:\/\/www.wikiesfera.org\/wp-content\/uploads\/2020\/12\/logo_museotomasmorales-scaled-1-1536x730.jpg 1536w, https:\/\/www.wikiesfera.org\/wp-content\/uploads\/2020\/12\/logo_museotomasmorales-scaled-1-2048x974.jpg 2048w, https:\/\/www.wikiesfera.org\/wp-content\/uploads\/2020\/12\/logo_museotomasmorales-scaled-1-150x71.jpg 150w, https:\/\/www.wikiesfera.org\/wp-content\/uploads\/2020\/12\/logo_museotomasmorales-scaled-1-400x190.jpg 400w\" sizes=\"(max-width: 300px) 100vw, 300px\" \/><\/figure><\/div><\/div>\n\n\n\n<div class=\"wp-block-column is-layout-flow wp-block-column-is-layout-flow\"><\/div>\n\n\n\n<div class=\"wp-block-column is-layout-flow wp-block-column-is-layout-flow\"><\/div>\n\n\n\n<div class=\"wp-block-column is-layout-flow wp-block-column-is-layout-flow\"><\/div>\n<\/div>\n","protected":false},"excerpt":{"rendered":"<p>&gt; Tem\u00e1tica El pasado s\u00e1bado 12 de diciembre, en la Casa Museo Tom\u00e1s Morales (@cmtomasmorales) en colaboraci\u00f3n con la Universidad de Las Palmas de Gran Canaria (@ulpgc)&nbsp;se dedic\u00f3 una editatona a las poetisas canarias que, pese a su trayectoria literaria, todav\u00eda no ten\u00edan art\u00edculo en Wikipedia. Desde las 10:00 horas, participantes y organizadoras se juntaron [&hellip;]<\/p>\n","protected":false},"author":1,"featured_media":4364,"comment_status":"closed","ping_status":"closed","template":"","format":"gallery","meta":{"_coblocks_attr":"","_coblocks_dimensions":"","_coblocks_responsive_height":"","_coblocks_accordion_ie_support":"","footnotes":""},"class_list":["post-1806","portfolio","type-portfolio","status-publish","format-gallery","has-post-thumbnail","hentry","portfolio_category-158","portfolio_category-casa-museo-tomas-morales","portfolio_category-editatonas","portfolio_category-glam","portfolio-entry","span_1_of_4 col clr"],"_links":{"self":[{"href":"https:\/\/www.wikiesfera.org\/es\/wp-json\/wp\/v2\/portfolio\/1806","targetHints":{"allow":["GET"]}}],"collection":[{"href":"https:\/\/www.wikiesfera.org\/es\/wp-json\/wp\/v2\/portfolio"}],"about":[{"href":"https:\/\/www.wikiesfera.org\/es\/wp-json\/wp\/v2\/types\/portfolio"}],"author":[{"embeddable":true,"href":"https:\/\/www.wikiesfera.org\/es\/wp-json\/wp\/v2\/users\/1"}],"replies":[{"embeddable":true,"href":"https:\/\/www.wikiesfera.org\/es\/wp-json\/wp\/v2\/comments?post=1806"}],"version-history":[{"count":9,"href":"https:\/\/www.wikiesfera.org\/es\/wp-json\/wp\/v2\/portfolio\/1806\/revisions"}],"predecessor-version":[{"id":10594,"href":"https:\/\/www.wikiesfera.org\/es\/wp-json\/wp\/v2\/portfolio\/1806\/revisions\/10594"}],"wp:featuredmedia":[{"embeddable":true,"href":"https:\/\/www.wikiesfera.org\/es\/wp-json\/wp\/v2\/media\/4364"}],"wp:attachment":[{"href":"https:\/\/www.wikiesfera.org\/es\/wp-json\/wp\/v2\/media?parent=1806"}],"curies":[{"name":"wp","href":"https:\/\/api.w.org\/{rel}","templated":true}]}}