{"id":1750,"date":"2020-11-09T16:35:09","date_gmt":"2020-11-09T16:35:09","guid":{"rendered":"\/?post_type=portfolio&#038;p=1750"},"modified":"2025-12-23T20:39:18","modified_gmt":"2025-12-23T20:39:18","slug":"editatona-virtual-de-cientificas-lgbt-7n-2020","status":"publish","type":"portfolio","link":"https:\/\/www.wikiesfera.org\/es\/portfolio-item\/editatona-virtual-de-cientificas-lgbt-7n-2020\/","title":{"rendered":"Editatona virtual de cient\u00edficas LGBT #7N 2020"},"content":{"rendered":"\n<h1 id=\"gt-tematica\" class=\"wp-block-heading\"><strong>&gt; Tem\u00e1tica<\/strong><\/h1>\n\n\n\n<h1 id=\"\" class=\"wp-block-heading\"><strong><figure><img fetchpriority=\"high\" decoding=\"async\" class=\"alignright size-medium wp-image-1753\" src=\"\/wp-content\/uploads\/2020\/11\/El615-JXEA0W6O5-300x264.png\" alt=\"\" width=\"300\" height=\"264\" srcset=\"https:\/\/www.wikiesfera.org\/wp-content\/uploads\/2020\/11\/El615-JXEA0W6O5-300x264.png 300w, https:\/\/www.wikiesfera.org\/wp-content\/uploads\/2020\/11\/El615-JXEA0W6O5-150x132.png 150w, https:\/\/www.wikiesfera.org\/wp-content\/uploads\/2020\/11\/El615-JXEA0W6O5-400x352.png 400w, https:\/\/www.wikiesfera.org\/wp-content\/uploads\/2020\/11\/El615-JXEA0W6O5.png 596w\" sizes=\"(max-width: 300px) 100vw, 300px\" \/><\/figure><\/strong><\/h1>\n\n\n\n<p>El pasado s\u00e1bado 7 de noviembre, tuvo lugar la <a href=\"https:\/\/prismaciencia.org\/2020\/11\/03\/jornada-prisma-en-pamplona\/\" target=\"_blank\" rel=\"noopener noreferrer\">Jornada PRISMA en Pamplona<\/a> organizada por <strong>PRISMA<\/strong> (<a href=\"https:\/\/twitter.com\/PRISMAciencia\" target=\"_blank\" rel=\"noopener noreferrer\">@PRISMAciencia<\/a>), Asociaci\u00f3n para la Diversidad Afectivo-Sexual y de G\u00e9nero en Ciencia, Tecnolog\u00eda e Innovaci\u00f3n, y el <strong>Planetario de Pamplona<\/strong> (<a href=\"https:\/\/twitter.com\/pamplonetario\" target=\"_blank\" rel=\"noopener noreferrer\">@pamplonetario<\/a>). Dentro de las actividades programadas para ese d\u00eda, desde Wikiesfera se coordin\u00f3 una nueva editatona para incluir perfiles de <strong>cient\u00edficas y cient\u00edficos LGBT<\/strong> en Wikipedia.<\/p>\n\n\n\n<h1 id=\"gt-experto\" class=\"wp-block-heading\"><strong>&gt; Experto<\/strong><\/h1>\n\n\n\n<p>Como en cada editatona, invitamos a una personas experta en la tem\u00e1tica que vamos a tratar. En esta ocasi\u00f3n, contamos con la presencia de <strong>Tiago Botelho<\/strong> (<a href=\"https:\/\/twitter.com\/bottiago\" target=\"_blank\" rel=\"noopener noreferrer\">@bottiago<\/a>) presidente de la Asociaci\u00f3n PRISMA, que nos habl\u00f3 sobre la invisibilizaci\u00f3n del colectivo LGBT en diferentes contextos. Aqu\u00ed os dejamos su presentaci\u00f3n con algunos datos importantes.<\/p>\n\n\n\n<p><a href=\"http:\/\/www.wikiesfera.org\/wp-content\/uploads\/2020\/11\/Jornadas-PRISMA-Pamplona-2020.pdf\">Jornadas PRISMA Pamplona 2020<\/a><\/p>\n\n\n\n<p><object style=\"width: 800px; height: 450px; border: 1px solid black;\" data=\"https:\/\/wikiesfera.org\/\/wp-content\/uploads\/2020\/11\/Jornadas-PRISMA-Pamplona-2020.pdf?#zoom=85&amp;scrollbar=0&amp;toolbar=0&amp;navpanes=0\" type=\"application\/pdf\" width=\"300\" height=\"150\"><embed src=\"https:\/\/wikiesfera.org\/\/wp-content\/uploads\/2020\/11\/Jornadas-PRISMA-Pamplona-2020.pdf?#zoom=85&amp;scrollbar=0&amp;toolbar=0&amp;navpanes=0\" type=\"application\/pdf\"><\/object><\/p>\n\n\n\n<hr class=\"wp-block-separator has-alpha-channel-opacity\"\/>\n\n\n\n<h1 id=\"gt-resultados\" class=\"wp-block-heading\"><strong>&gt; Resultados<\/strong><\/h1>\n\n\n\n<ul class=\"wp-block-list\">\n<li>N\u00famero de <strong><span style=\"text-decoration: underline;\">PARTICIPANTES<\/span>: 13<\/strong><\/li>\n\n\n\n<li>N\u00famero de <strong><span style=\"text-decoration: underline;\">ART\u00cdCULOS CREADOS<\/span>: 6<\/strong><\/li>\n<\/ul>\n\n\n\n<ol class=\"wp-block-list\">\n<li><a href=\"https:\/\/es.wikipedia.org\/wiki\/Carmen_Garc%C3%ADa_de_Merlo\" target=\"_blank\" rel=\"noopener noreferrer\">Carmen Garc\u00eda de Merlo<\/a> (1962)<\/li>\n\n\n\n<li><a href=\"https:\/\/es.wikipedia.org\/wiki\/Javier_D%C3%ADaz-Nido\" target=\"_blank\" rel=\"noopener noreferrer\">Javier D\u00edaz Nido<\/a> (1962)<\/li>\n\n\n\n<li><a href=\"https:\/\/es.wikipedia.org\/wiki\/Juan_Cruz_Cigudosa\" target=\"_blank\" rel=\"noopener noreferrer\">Juan Cruz Cigudosa Garc\u00eda<\/a> (1964)<\/li>\n\n\n\n<li><a href=\"https:\/\/es.wikipedia.org\/wiki\/Lucas_Platero\" target=\"_blank\" rel=\"noopener noreferrer\">Lucas Platero<\/a> (1970)<\/li>\n\n\n\n<li><a href=\"https:\/\/es.wikipedia.org\/wiki\/Carlota_de_Benito_Moreno\" target=\"_blank\" rel=\"noopener noreferrer\">Carlota de Benito Moreno<\/a> (1985)<\/li>\n\n\n\n<li><a href=\"https:\/\/es.wikipedia.org\/wiki\/Juan_Margalef\" target=\"_blank\" rel=\"noopener noreferrer\">Juan Margalef Bentabol<\/a> (1988)<\/li>\n<\/ol>\n\n\n\n<hr class=\"wp-block-separator has-alpha-channel-opacity\"\/>\n\n\n\n<h1 id=\"gt-colaboran\" class=\"wp-block-heading\"><strong>&gt; Colaboran<\/strong><\/h1>\n\n\n\n<div class=\"wp-block-columns is-layout-flex wp-container-core-columns-is-layout-9d6595d7 wp-block-columns-is-layout-flex\">\n<div class=\"wp-block-column is-layout-flow wp-block-column-is-layout-flow\"><div class=\"wp-block-image\">\n<figure class=\"alignleft\"><img decoding=\"async\" width=\"300\" height=\"105\" src=\"\/wp-content\/uploads\/2020\/07\/logo-prisma-300x105.jpg\" alt=\"\" class=\"wp-image-1490\" srcset=\"https:\/\/www.wikiesfera.org\/wp-content\/uploads\/2020\/07\/logo-prisma-300x105.jpg 300w, https:\/\/www.wikiesfera.org\/wp-content\/uploads\/2020\/07\/logo-prisma-150x53.jpg 150w, https:\/\/www.wikiesfera.org\/wp-content\/uploads\/2020\/07\/logo-prisma-400x140.jpg 400w, https:\/\/www.wikiesfera.org\/wp-content\/uploads\/2020\/07\/logo-prisma.jpg 740w\" sizes=\"(max-width: 300px) 100vw, 300px\" \/><\/figure><\/div><\/div>\n\n\n\n<div class=\"wp-block-column is-layout-flow wp-block-column-is-layout-flow\"><div class=\"wp-block-image\">\n<figure class=\"alignleft\"><img decoding=\"async\" width=\"300\" height=\"70\" src=\"\/wp-content\/uploads\/2018\/04\/Wikimedia_Foundation_logo_-_horizontal.svg_-300x70.png\" alt=\"\" class=\"wp-image-1036\" srcset=\"https:\/\/www.wikiesfera.org\/wp-content\/uploads\/2018\/04\/Wikimedia_Foundation_logo_-_horizontal.svg_-300x70.png 300w, https:\/\/www.wikiesfera.org\/wp-content\/uploads\/2018\/04\/Wikimedia_Foundation_logo_-_horizontal.svg_-768x179.png 768w, https:\/\/www.wikiesfera.org\/wp-content\/uploads\/2018\/04\/Wikimedia_Foundation_logo_-_horizontal.svg_-1024x238.png 1024w, https:\/\/www.wikiesfera.org\/wp-content\/uploads\/2018\/04\/Wikimedia_Foundation_logo_-_horizontal.svg_-150x35.png 150w, https:\/\/www.wikiesfera.org\/wp-content\/uploads\/2018\/04\/Wikimedia_Foundation_logo_-_horizontal.svg_-400x93.png 400w, https:\/\/www.wikiesfera.org\/wp-content\/uploads\/2018\/04\/Wikimedia_Foundation_logo_-_horizontal.svg_.png 2000w\" sizes=\"(max-width: 300px) 100vw, 300px\" \/><\/figure><\/div><\/div>\n\n\n\n<div class=\"wp-block-column is-layout-flow wp-block-column-is-layout-flow\"><\/div>\n\n\n\n<div class=\"wp-block-column is-layout-flow wp-block-column-is-layout-flow\"><\/div>\n<\/div>\n\n\n\n<p>&nbsp; &nbsp; &nbsp; &nbsp;<\/p>\n\n\n\n<p>&nbsp;<\/p>\n","protected":false},"excerpt":{"rendered":"<p>&gt; Tem\u00e1tica El pasado s\u00e1bado 7 de noviembre, tuvo lugar la Jornada PRISMA en Pamplona organizada por PRISMA (@PRISMAciencia), Asociaci\u00f3n para la Diversidad Afectivo-Sexual y de G\u00e9nero en Ciencia, Tecnolog\u00eda e Innovaci\u00f3n, y el Planetario de Pamplona (@pamplonetario). Dentro de las actividades programadas para ese d\u00eda, desde Wikiesfera se coordin\u00f3 una nueva editatona para incluir [&hellip;]<\/p>\n","protected":false},"author":1,"featured_media":4577,"comment_status":"closed","ping_status":"closed","template":"","format":"gallery","meta":{"_coblocks_attr":"","_coblocks_dimensions":"","_coblocks_responsive_height":"","_coblocks_accordion_ie_support":"","footnotes":""},"class_list":["post-1750","portfolio","type-portfolio","status-publish","format-gallery","has-post-thumbnail","hentry","portfolio_category-158","portfolio_category-editatonas","portfolio_category-equidad","portfolio_category-lgbt","portfolio_category-stem","portfolio-entry","span_1_of_4 col clr"],"_links":{"self":[{"href":"https:\/\/www.wikiesfera.org\/es\/wp-json\/wp\/v2\/portfolio\/1750","targetHints":{"allow":["GET"]}}],"collection":[{"href":"https:\/\/www.wikiesfera.org\/es\/wp-json\/wp\/v2\/portfolio"}],"about":[{"href":"https:\/\/www.wikiesfera.org\/es\/wp-json\/wp\/v2\/types\/portfolio"}],"author":[{"embeddable":true,"href":"https:\/\/www.wikiesfera.org\/es\/wp-json\/wp\/v2\/users\/1"}],"replies":[{"embeddable":true,"href":"https:\/\/www.wikiesfera.org\/es\/wp-json\/wp\/v2\/comments?post=1750"}],"version-history":[{"count":33,"href":"https:\/\/www.wikiesfera.org\/es\/wp-json\/wp\/v2\/portfolio\/1750\/revisions"}],"predecessor-version":[{"id":10595,"href":"https:\/\/www.wikiesfera.org\/es\/wp-json\/wp\/v2\/portfolio\/1750\/revisions\/10595"}],"wp:featuredmedia":[{"embeddable":true,"href":"https:\/\/www.wikiesfera.org\/es\/wp-json\/wp\/v2\/media\/4577"}],"wp:attachment":[{"href":"https:\/\/www.wikiesfera.org\/es\/wp-json\/wp\/v2\/media?parent=1750"}],"curies":[{"name":"wp","href":"https:\/\/api.w.org\/{rel}","templated":true}]}}