{"id":1520,"date":"2020-09-21T09:36:07","date_gmt":"2020-09-21T09:36:07","guid":{"rendered":"http:\/\/www.wikiesfera.org\/?post_type=portfolio&#038;p=1520"},"modified":"2025-12-23T19:49:09","modified_gmt":"2025-12-23T19:49:09","slug":"editatona-virtual-gran-canaria-19s","status":"publish","type":"portfolio","link":"https:\/\/www.wikiesfera.org\/es\/portfolio-item\/editatona-virtual-gran-canaria-19s\/","title":{"rendered":"Editatona virtual Gran Canaria #19S"},"content":{"rendered":"\n<h1 id=\"gt-tematica\" class=\"wp-block-heading\"><strong>&gt; Tem\u00e1tica<\/strong><\/h1>\n\n\n\n<h1 id=\"\" class=\"wp-block-heading\"><strong><figure><img fetchpriority=\"high\" decoding=\"async\" class=\"alignright wp-image-1521\" src=\"http:\/\/www.wikiesfera.org\/wp-content\/uploads\/2020\/09\/Captura-de-pantalla-2020-09-21-a-las-11.10.36-300x142.png\" alt=\"\" width=\"450\" height=\"213\" srcset=\"https:\/\/www.wikiesfera.org\/wp-content\/uploads\/2020\/09\/Captura-de-pantalla-2020-09-21-a-las-11.10.36-300x142.png 300w, https:\/\/www.wikiesfera.org\/wp-content\/uploads\/2020\/09\/Captura-de-pantalla-2020-09-21-a-las-11.10.36-1024x484.png 1024w, https:\/\/www.wikiesfera.org\/wp-content\/uploads\/2020\/09\/Captura-de-pantalla-2020-09-21-a-las-11.10.36-768x363.png 768w, https:\/\/www.wikiesfera.org\/wp-content\/uploads\/2020\/09\/Captura-de-pantalla-2020-09-21-a-las-11.10.36-1536x726.png 1536w, https:\/\/www.wikiesfera.org\/wp-content\/uploads\/2020\/09\/Captura-de-pantalla-2020-09-21-a-las-11.10.36-2048x968.png 2048w, https:\/\/www.wikiesfera.org\/wp-content\/uploads\/2020\/09\/Captura-de-pantalla-2020-09-21-a-las-11.10.36-150x71.png 150w, https:\/\/www.wikiesfera.org\/wp-content\/uploads\/2020\/09\/Captura-de-pantalla-2020-09-21-a-las-11.10.36-400x189.png 400w\" sizes=\"(max-width: 450px) 100vw, 450px\" \/><\/figure><\/strong><\/h1>\n\n\n\n<p>El pasado s\u00e1bado 19 de septiembre tuvo lugar de forma virtual la <a href=\"https:\/\/www.editatonagrancanaria.com\/\" target=\"_blank\" rel=\"noopener noreferrer\"><strong>Editatona Gran Canaria<\/strong><\/a> organizada por la <a href=\"https:\/\/www.fundaciondisa.org\/\" target=\"_blank\" rel=\"noopener noreferrer\"><strong>Fundaci\u00f3n DISA<\/strong><\/a> (<a href=\"https:\/\/twitter.com\/FundacionDISA\" target=\"_blank\" rel=\"noopener noreferrer\">@FundacionDISA<\/a>).<\/p>\n\n\n\n<h1 id=\"gt-experta\" class=\"wp-block-heading\"><strong>&gt; Experta<\/strong><\/h1>\n\n\n\n<p>En esta ocasi\u00f3n, contamos con la presencia de la investigadora <strong>Nira Santana<\/strong> (<a href=\"https:\/\/twitter.com\/NiraSantana1\" target=\"_blank\" rel=\"noopener noreferrer\">@NiraSantana1<\/a>), experta en arte, g\u00e9nero y videojuegos, que nos habl\u00f3 sobre la situaci\u00f3n de las mujeres en el mundo de los videojuegos, tanto en su participaci\u00f3n como en la representaci\u00f3n de ellas en estos espacios digitales.<\/p>\n\n\n\n<p><iframe src=\"https:\/\/www.youtube.com\/embed\/yXBlbfhWgrw\" width=\"560\" height=\"315\" frameborder=\"0\" allowfullscreen=\"allowfullscreen\" data-mce-fragment=\"1\"><span data-mce-type=\"bookmark\" style=\"display: inline-block; width: 0px; overflow: hidden; line-height: 0;\" class=\"mce_SELRES_start\">\ufeff<\/span><\/iframe><\/p>\n\n\n\n<hr class=\"wp-block-separator has-alpha-channel-opacity\"\/>\n\n\n\n<h1 id=\"gt-resultados\" class=\"wp-block-heading\"><strong>&gt; Resultados<\/strong><\/h1>\n\n\n\n<ul class=\"wp-block-list\">\n<li>N\u00famero de <strong><span style=\"text-decoration: underline;\">PARTICIPANTES<\/span>: 8<\/strong><\/li>\n\n\n\n<li>N\u00famero de <strong><span style=\"text-decoration: underline;\">ART\u00cdCULOS CREADOS<\/span>: 4<\/strong><\/li>\n<\/ul>\n\n\n\n<ol class=\"wp-block-list\">\n<li><a href=\"https:\/\/es.wikipedia.org\/wiki\/Mercedes_Machado\" target=\"_blank\" rel=\"noopener noreferrer\">Mercedes Machado<\/a> (1896\u20131970)<\/li>\n\n\n\n<li><a href=\"https:\/\/es.wikipedia.org\/wiki\/Dorotea_de_Armas\" target=\"_blank\" rel=\"noopener noreferrer\">Dorotea de Armas<\/a> (1899\u20131997)<\/li>\n\n\n\n<li><a href=\"https:\/\/es.wikipedia.org\/wiki\/Alcira_Padr%C3%B3n\" target=\"_blank\" rel=\"noopener noreferrer\">Alcira Padr\u00f3n<\/a> (1929\u20132020)<\/li>\n\n\n\n<li><a href=\"https:\/\/es.wikipedia.org\/wiki\/Yolanda_Graziani\" target=\"_blank\" rel=\"noopener noreferrer\">Yolanda Graziani<\/a> (1926)<\/li>\n<\/ol>\n\n\n\n<hr class=\"wp-block-separator has-alpha-channel-opacity\"\/>\n\n\n\n<h1 id=\"gt-colabora\" class=\"wp-block-heading\"><strong>&gt; Colabora<\/strong><\/h1>\n\n\n\n<div class=\"wp-block-columns is-layout-flex wp-container-core-columns-is-layout-9d6595d7 wp-block-columns-is-layout-flex\">\n<div class=\"wp-block-column is-layout-flow wp-block-column-is-layout-flow\">\n<figure class=\"wp-block-image\"><img decoding=\"async\" src=\"https:\/\/asterquigas.org\/wp-content\/uploads\/Disa_logo.png\" alt=\"\"\/><\/figure>\n<\/div>\n\n\n\n<div class=\"wp-block-column is-layout-flow wp-block-column-is-layout-flow\"><\/div>\n\n\n\n<div class=\"wp-block-column is-layout-flow wp-block-column-is-layout-flow\"><\/div>\n\n\n\n<div class=\"wp-block-column is-layout-flow wp-block-column-is-layout-flow\"><\/div>\n<\/div>\n\n\n\n<p><\/p>\n","protected":false},"excerpt":{"rendered":"<p>&gt; Tem\u00e1tica El pasado s\u00e1bado 19 de septiembre tuvo lugar de forma virtual la Editatona Gran Canaria organizada por la Fundaci\u00f3n DISA (@FundacionDISA). &gt; Experta En esta ocasi\u00f3n, contamos con la presencia de la investigadora Nira Santana (@NiraSantana1), experta en arte, g\u00e9nero y videojuegos, que nos habl\u00f3 sobre la situaci\u00f3n de las mujeres en el [&hellip;]<\/p>\n","protected":false},"author":1,"featured_media":4361,"comment_status":"closed","ping_status":"closed","template":"","format":"gallery","meta":{"_coblocks_attr":"","_coblocks_dimensions":"","_coblocks_responsive_height":"","_coblocks_accordion_ie_support":"","footnotes":""},"class_list":["post-1520","portfolio","type-portfolio","status-publish","format-gallery","has-post-thumbnail","hentry","portfolio_category-158","portfolio_category-editatonas","portfolio_category-fundacion-disa","portfolio_category-genero","portfolio-entry","span_1_of_4 col clr"],"_links":{"self":[{"href":"https:\/\/www.wikiesfera.org\/es\/wp-json\/wp\/v2\/portfolio\/1520","targetHints":{"allow":["GET"]}}],"collection":[{"href":"https:\/\/www.wikiesfera.org\/es\/wp-json\/wp\/v2\/portfolio"}],"about":[{"href":"https:\/\/www.wikiesfera.org\/es\/wp-json\/wp\/v2\/types\/portfolio"}],"author":[{"embeddable":true,"href":"https:\/\/www.wikiesfera.org\/es\/wp-json\/wp\/v2\/users\/1"}],"replies":[{"embeddable":true,"href":"https:\/\/www.wikiesfera.org\/es\/wp-json\/wp\/v2\/comments?post=1520"}],"version-history":[{"count":12,"href":"https:\/\/www.wikiesfera.org\/es\/wp-json\/wp\/v2\/portfolio\/1520\/revisions"}],"predecessor-version":[{"id":10548,"href":"https:\/\/www.wikiesfera.org\/es\/wp-json\/wp\/v2\/portfolio\/1520\/revisions\/10548"}],"wp:featuredmedia":[{"embeddable":true,"href":"https:\/\/www.wikiesfera.org\/es\/wp-json\/wp\/v2\/media\/4361"}],"wp:attachment":[{"href":"https:\/\/www.wikiesfera.org\/es\/wp-json\/wp\/v2\/media?parent=1520"}],"curies":[{"name":"wp","href":"https:\/\/api.w.org\/{rel}","templated":true}]}}