{"id":1388,"date":"2020-02-13T17:33:33","date_gmt":"2020-02-13T17:33:33","guid":{"rendered":"\/?post_type=portfolio&#038;p=1388"},"modified":"2025-12-23T20:01:35","modified_gmt":"2025-12-23T20:01:35","slug":"editatona-de-mujeres-stem-11f-2020","status":"publish","type":"portfolio","link":"https:\/\/www.wikiesfera.org\/es\/portfolio-item\/editatona-de-mujeres-stem-11f-2020\/","title":{"rendered":"Editatona de mujeres STEM #11F 2020"},"content":{"rendered":"\n<h1 id=\"gt-tematica\" class=\"wp-block-heading\"><strong>&gt; Tem\u00e1tica<\/strong><\/h1>\n\n\n\n<h1 id=\"\" class=\"wp-block-heading\"><strong><figure><img fetchpriority=\"high\" decoding=\"async\" class=\"alignright wp-image-1390\" src=\"\/wp-content\/uploads\/2020\/02\/cartel-stem-11f.jpeg\" alt=\"\" width=\"300\" height=\"428\" srcset=\"https:\/\/www.wikiesfera.org\/wp-content\/uploads\/2020\/02\/cartel-stem-11f.jpeg 480w, https:\/\/www.wikiesfera.org\/wp-content\/uploads\/2020\/02\/cartel-stem-11f-211x300.jpeg 211w, https:\/\/www.wikiesfera.org\/wp-content\/uploads\/2020\/02\/cartel-stem-11f-105x150.jpeg 105w, https:\/\/www.wikiesfera.org\/wp-content\/uploads\/2020\/02\/cartel-stem-11f-400x570.jpeg 400w\" sizes=\"(max-width: 300px) 100vw, 300px\" \/><\/figure><\/strong><\/h1>\n\n\n\n<p>El pasado martes 11 de febrero, con motivo del <strong><a href=\"https:\/\/11defebrero.org\/\" target=\"_blank\" rel=\"noopener noreferrer\">D\u00eda Internacional de la Mujer y la Ni\u00f1a en la Ciencia<\/a>&nbsp;<\/strong>(<a href=\"https:\/\/twitter.com\/11defebreroES\" target=\"_blank\" rel=\"noopener\">@11defebreroES<\/a>), la Unidad de Cultura Cient\u00edfica y de la Innovaci\u00f3n, UCC+i (<a href=\"https:\/\/twitter.com\/CordobaCiencia\" target=\"_blank\" rel=\"noopener\">@CordobaCiencia<\/a>) dedic\u00f3 una <a href=\"http:\/\/www.ingenia21.org\/editatona\/\" target=\"_blank\" rel=\"noopener noreferrer\">editatona a cient\u00edficas e investigadoras<\/a> para hacer visible la ausencia de contenido relacionado con ellas en Wikipedia.<\/p>\n\n\n\n<p>Desde las 16:00 horas, participantes y organizadoras, coordinadas por las profesoras de la Universidad de C\u00f3rdoba (<a href=\"https:\/\/twitter.com\/Univcordoba\" target=\"_blank\" rel=\"noopener\">@Univcordoba<\/a>) Lilia D. Tapia (<a href=\"https:\/\/twitter.com\/LilithtapiaM\" target=\"_blank\" rel=\"noopener\">@LilithtapiaM<\/a>) e Isabel L\u00f3pez, nos juntamos en el Rectorado de la antigua Facultad de Veterinaria para hablar sobre la situaci\u00f3n actual de las mujeres en el mundo de la ciencia y desarrollar la actividad de creaci\u00f3n de biograf\u00edas en Wikipedia.<\/p>\n\n\n\n<hr class=\"wp-block-separator has-alpha-channel-opacity\"\/>\n\n\n\n<h1 id=\"gt-resultados\" class=\"wp-block-heading\"><strong>&gt; Resultados<\/strong><\/h1>\n\n\n\n<ul class=\"wp-block-list\">\n<li>N\u00famero de <strong><span style=\"text-decoration: underline;\">PARTICIPANTES<\/span>: 21<\/strong><\/li>\n\n\n\n<li>N\u00famero de <strong><span style=\"text-decoration: underline;\">ART\u00cdCULOS CREADOS<\/span>: 10<\/strong><\/li>\n<\/ul>\n\n\n\n<ol class=\"wp-block-list\">\n<li><a href=\"https:\/\/es.wikipedia.org\/wiki\/Amelia_Sanch%C3%ADs\" target=\"_blank\" rel=\"noopener noreferrer\">Amelia Sanchis<\/a> (1961)<\/li>\n\n\n\n<li><a href=\"https:\/\/es.wikipedia.org\/wiki\/Teresa_Rold%C3%A1n\" target=\"_blank\" rel=\"noopener noreferrer\">Teresa Rold\u00e1n<\/a> (1962)<\/li>\n\n\n\n<li><a href=\"https:\/\/es.wikipedia.org\/wiki\/Susana_Guerrero\" target=\"_blank\" rel=\"noopener noreferrer\">Susana Guerrero<\/a> (1969)<\/li>\n\n\n\n<li><a href=\"https:\/\/es.wikipedia.org\/wiki\/Carmen_Ruiz_Repullo\" target=\"_blank\" rel=\"noopener noreferrer\">Carmen Ruiz Repullo<\/a> (1976)<\/li>\n\n\n\n<li><a href=\"https:\/\/es.wikipedia.org\/wiki\/Piedad_Brox\" target=\"_blank\" rel=\"noopener noreferrer\">Piedad Brox<\/a> (1979)<\/li>\n\n\n\n<li><a href=\"https:\/\/es.wikipedia.org\/wiki\/Biola_Javierre\" target=\"_blank\" rel=\"noopener noreferrer\">Biola Javierre<\/a> (1983)<\/li>\n\n\n\n<li><a href=\"https:\/\/es.wikipedia.org\/wiki\/Ana_Monreal\" target=\"_blank\" rel=\"noopener noreferrer\">Ana Monreal<\/a> (1984)<\/li>\n\n\n\n<li><a href=\"https:\/\/es.wikipedia.org\/wiki\/Idoia_Ochoa\" target=\"_blank\" rel=\"noopener noreferrer\">Idoia Ochoa<\/a> (1985)<\/li>\n\n\n\n<li><a href=\"https:\/\/es.wikipedia.org\/wiki\/Eva_Pag%C3%A1n\" target=\"_blank\" rel=\"noopener noreferrer\">Eva Pag\u00e1n<\/a><\/li>\n\n\n\n<li><a href=\"https:\/\/es.wikipedia.org\/wiki\/Nuria_Barbarroja\" target=\"_blank\" rel=\"noopener noreferrer\">Nuria Barbarroja<\/a><\/li>\n<\/ol>\n\n\n\n<hr class=\"wp-block-separator has-alpha-channel-opacity\"\/>\n\n\n\n<h1 id=\"colaboran\" class=\"wp-block-heading\"><strong>> Colaboran<\/strong><\/h1>\n\n\n\n<div class=\"wp-block-columns is-layout-flex wp-container-core-columns-is-layout-9d6595d7 wp-block-columns-is-layout-flex\">\n<div class=\"wp-block-column is-layout-flow wp-block-column-is-layout-flow\"><div class=\"wp-block-image\">\n<figure class=\"alignleft\"><img decoding=\"async\" width=\"300\" height=\"104\" src=\"\/wp-content\/uploads\/2020\/02\/UCCi-Horizontal-156-300x104.jpg\" alt=\"\" class=\"wp-image-1391\" srcset=\"https:\/\/www.wikiesfera.org\/wp-content\/uploads\/2020\/02\/UCCi-Horizontal-156-300x104.jpg 300w, https:\/\/www.wikiesfera.org\/wp-content\/uploads\/2020\/02\/UCCi-Horizontal-156-150x52.jpg 150w, https:\/\/www.wikiesfera.org\/wp-content\/uploads\/2020\/02\/UCCi-Horizontal-156-400x139.jpg 400w, https:\/\/www.wikiesfera.org\/wp-content\/uploads\/2020\/02\/UCCi-Horizontal-156.jpg 450w\" sizes=\"(max-width: 300px) 100vw, 300px\" \/><\/figure><\/div><\/div>\n\n\n\n<div class=\"wp-block-column is-layout-flow wp-block-column-is-layout-flow\"><div class=\"wp-block-image\">\n<figure class=\"alignleft\"><img decoding=\"async\" width=\"300\" height=\"95\" src=\"\/wp-content\/uploads\/2020\/02\/politecnica-300x95.jpg\" alt=\"\" class=\"wp-image-1392\" srcset=\"https:\/\/www.wikiesfera.org\/wp-content\/uploads\/2020\/02\/politecnica-300x95.jpg 300w, https:\/\/www.wikiesfera.org\/wp-content\/uploads\/2020\/02\/politecnica-768x244.jpg 768w, https:\/\/www.wikiesfera.org\/wp-content\/uploads\/2020\/02\/politecnica-150x48.jpg 150w, https:\/\/www.wikiesfera.org\/wp-content\/uploads\/2020\/02\/politecnica-400x127.jpg 400w, https:\/\/www.wikiesfera.org\/wp-content\/uploads\/2020\/02\/politecnica.jpg 786w\" sizes=\"(max-width: 300px) 100vw, 300px\" \/><\/figure><\/div><\/div>\n\n\n\n<div class=\"wp-block-column is-layout-flow wp-block-column-is-layout-flow\"><\/div>\n\n\n\n<div class=\"wp-block-column is-layout-flow wp-block-column-is-layout-flow\"><\/div>\n<\/div>\n\n\n\n<p>&nbsp;<\/p>\n\n\n\n<p><\/p>\n","protected":false},"excerpt":{"rendered":"<p>&gt; Tem\u00e1tica El pasado martes 11 de febrero, con motivo del D\u00eda Internacional de la Mujer y la Ni\u00f1a en la Ciencia&nbsp;(@11defebreroES), la Unidad de Cultura Cient\u00edfica y de la Innovaci\u00f3n, UCC+i (@CordobaCiencia) dedic\u00f3 una editatona a cient\u00edficas e investigadoras para hacer visible la ausencia de contenido relacionado con ellas en Wikipedia. Desde las 16:00 [&hellip;]<\/p>\n","protected":false},"author":1,"featured_media":1401,"comment_status":"closed","ping_status":"closed","template":"","format":"gallery","meta":{"_coblocks_attr":"","_coblocks_dimensions":"","_coblocks_responsive_height":"","_coblocks_accordion_ie_support":"","footnotes":""},"class_list":["post-1388","portfolio","type-portfolio","status-publish","format-gallery","has-post-thumbnail","hentry","portfolio_category-158","portfolio_category-editatonas","portfolio_category-genero","portfolio_category-stem","portfolio-entry","span_1_of_4 col clr"],"_links":{"self":[{"href":"https:\/\/www.wikiesfera.org\/es\/wp-json\/wp\/v2\/portfolio\/1388","targetHints":{"allow":["GET"]}}],"collection":[{"href":"https:\/\/www.wikiesfera.org\/es\/wp-json\/wp\/v2\/portfolio"}],"about":[{"href":"https:\/\/www.wikiesfera.org\/es\/wp-json\/wp\/v2\/types\/portfolio"}],"author":[{"embeddable":true,"href":"https:\/\/www.wikiesfera.org\/es\/wp-json\/wp\/v2\/users\/1"}],"replies":[{"embeddable":true,"href":"https:\/\/www.wikiesfera.org\/es\/wp-json\/wp\/v2\/comments?post=1388"}],"version-history":[{"count":11,"href":"https:\/\/www.wikiesfera.org\/es\/wp-json\/wp\/v2\/portfolio\/1388\/revisions"}],"predecessor-version":[{"id":10561,"href":"https:\/\/www.wikiesfera.org\/es\/wp-json\/wp\/v2\/portfolio\/1388\/revisions\/10561"}],"wp:featuredmedia":[{"embeddable":true,"href":"https:\/\/www.wikiesfera.org\/es\/wp-json\/wp\/v2\/media\/1401"}],"wp:attachment":[{"href":"https:\/\/www.wikiesfera.org\/es\/wp-json\/wp\/v2\/media?parent=1388"}],"curies":[{"name":"wp","href":"https:\/\/api.w.org\/{rel}","templated":true}]}}