{"id":12028,"date":"2026-04-30T07:49:30","date_gmt":"2026-04-30T07:49:30","guid":{"rendered":"https:\/\/www.wikiesfera.org\/?post_type=portfolio&#038;p=12028"},"modified":"2026-04-30T10:41:34","modified_gmt":"2026-04-30T10:41:34","slug":"editatona-de-artistas-asturianas-25a-wikiasturianes","status":"publish","type":"portfolio","link":"https:\/\/www.wikiesfera.org\/es\/portfolio-item\/editatona-de-artistas-asturianas-25a-wikiasturianes\/","title":{"rendered":"Editatona de artistas asturianas #25A | [WikiAsturianes]"},"content":{"rendered":"\n<h1 id=\"gt-tematica\" class=\"wp-block-heading\"><strong>&gt; Tem\u00e1tica<\/strong><\/h1>\n\n\n\n<div class=\"wp-block-columns is-layout-flex wp-container-core-columns-is-layout-9d6595d7 wp-block-columns-is-layout-flex\">\n<div class=\"wp-block-column is-layout-flow wp-block-column-is-layout-flow\" style=\"flex-basis:66%\">\n<p>El pasado <strong>s\u00e1bado 25 de abril<\/strong>, <strong>Gij\u00f3n<\/strong> volvi\u00f3 a ser punto de encuentro para el conocimiento libre con perspectiva de g\u00e9nero con la Editatona organizada por <strong>Wikiesfera<\/strong>, en coordinaci\u00f3n con&nbsp;la <strong><a href=\"https:\/\/www.instagram.com\/laboralcentrodearte\/\" target=\"_blank\" rel=\"noreferrer noopener\">LABoral Centro de Arte y Creaci\u00f3n Industrial<\/a><\/strong> y subvencionada por el <strong>Ministerio de Cultura <\/strong>en el marco del proyecto <strong><a href=\"https:\/\/www.wikiesfera.org\/creacion-de-comunidades\/\" data-type=\"page\" data-id=\"11057\">\u201cCreaci\u00f3n de comunidades de conocimiento libre con enfoque feminista\u201d<\/a><\/strong>, cofinanciado por la <strong>Fundaci\u00f3n Wikimedia<\/strong>.<\/p>\n\n\n\n<p>La jornada, <strong>centrada en la creaci\u00f3n y traducci\u00f3n de art\u00edculos sobre artistas asturianas<\/strong>, se realiz\u00f3 en el Archivo de Artistas Asturianos\/as de la <strong>LABoral Centro de Arte y Creaci\u00f3n Industrial<\/strong> lo que permiti\u00f3 a las participantes trabajar con materiales y documentaci\u00f3n que no suelen estar disponibles en l\u00ednea, facilitando la creaci\u00f3n de art\u00edculos m\u00e1s completos y mejor referenciados.<\/p>\n\n\n\n<p><\/p>\n<\/div>\n\n\n\n<div class=\"wp-block-column is-layout-flow wp-block-column-is-layout-flow\" style=\"flex-basis:33%\">\n<figure class=\"wp-block-image size-large\"><img fetchpriority=\"high\" decoding=\"async\" width=\"1024\" height=\"544\" src=\"https:\/\/www.wikiesfera.org\/wp-content\/uploads\/2026\/02\/Cabecera-BLOG-2-1024x544.png\" alt=\"\" class=\"wp-image-11065\" srcset=\"https:\/\/www.wikiesfera.org\/wp-content\/uploads\/2026\/02\/Cabecera-BLOG-2-1024x544.png 1024w, https:\/\/www.wikiesfera.org\/wp-content\/uploads\/2026\/02\/Cabecera-BLOG-2-300x159.png 300w, https:\/\/www.wikiesfera.org\/wp-content\/uploads\/2026\/02\/Cabecera-BLOG-2-768x408.png 768w, https:\/\/www.wikiesfera.org\/wp-content\/uploads\/2026\/02\/Cabecera-BLOG-2-18x10.png 18w, https:\/\/www.wikiesfera.org\/wp-content\/uploads\/2026\/02\/Cabecera-BLOG-2-150x80.png 150w, https:\/\/www.wikiesfera.org\/wp-content\/uploads\/2026\/02\/Cabecera-BLOG-2-640x340.png 640w, https:\/\/www.wikiesfera.org\/wp-content\/uploads\/2026\/02\/Cabecera-BLOG-2-400x213.png 400w, https:\/\/www.wikiesfera.org\/wp-content\/uploads\/2026\/02\/Cabecera-BLOG-2.png 1280w\" sizes=\"(max-width: 1024px) 100vw, 1024px\" \/><\/figure>\n<\/div>\n<\/div>\n\n\n\n<p><strong>Esta actividad fue la primera editatona de Wikiesfera en Gij\u00f3n y forma parte del impulso a las comunidades locales de edici\u00f3n.<\/strong> Su objetivo era dar continuidad al trabajo iniciado en el territorio asturiano, reforzando el nodo local de editoras <strong>WikiAsturianes<\/strong>, que dio sus primeros pasos en febrero de 2025, y favoreciendo la creaci\u00f3n de una red activa comprometida con el conocimiento libre con perspectiva de g\u00e9nero.<\/p>\n\n\n\n<p>Adem\u00e1s, <strong>con este proyecto conectamos los diferentes nodos<\/strong> <strong>a trav\u00e9s del intercambio de participantes en las distintas actividades<\/strong>, reforzando la red y el aprendizaje compartido. En esta oportunidad nos acompa\u00f1aron varias compa\u00f1eras de los <strong>nodos de Madrid (Wikiesfera)<\/strong>, como Patricia Horrillo y Sylvia Hottinger,<strong> y de Vigo (WikiMorada), <\/strong>Sabela Cebro<strong>, <\/strong>que pudieron desvirtualizar y compartir saberes con las editoras del <strong>nodo de Asturias (Wikiasturianes)<\/strong>. Esta diversidad hizo que las participantes trabajaran en 3 idiomas, publicando sus art\u00edculos en 3 enciclopedias: <strong>Wikipedia en espa\u00f1ol, Wikipedia en asturiano y Wikipedia en gallego<\/strong>. Adem\u00e1s, se crearon y completaron fichas en <strong>Wikidata<\/strong> y se subieron varias im\u00e1genes relacionadas con la tem\u00e1tica a <strong>Wikimedia Commons<\/strong>.<\/p>\n\n\n\n<hr class=\"wp-block-separator has-alpha-channel-opacity\"\/>\n\n\n\n<h1 id=\"difusion\" class=\"wp-block-heading\"><strong>> Difusi\u00f3n<\/strong><\/h1>\n\n\n\n<p>Esta actividad, aparte de su difusi\u00f3n por la instituci\u00f3n en la que se desarroll\u00f3, LABoral Centro de Arte y Creaci\u00f3n Industrial, y la llevada a cabo por las redes sociales de Wikiesfera y WikiAsturiantes, tuvo <strong>impacto en varios medios regionales<\/strong>:<\/p>\n\n\n\n<ul class=\"wp-block-list\">\n<li>14 de abril de 2026 | <strong>Cadena Ser<\/strong> | <a href=\"https:\/\/cadenaser.com\/audio\/cadenaser_aviles_hoyporhoyaviles_20260414_122000_140000\"><em>Hoy por Hoy Avil\u00e9s<\/em><\/a><\/li>\n\n\n\n<li>14 de abril de 2026 | <strong>El Comercio<\/strong> | <em><a href=\"https:\/\/www.elcomercio.es\/aviles\/wikiesfera-recluta-forma-editoras-aviles-gran-enciclopedia-20260414210125-nt.html\" data-type=\"link\" data-id=\"https:\/\/www.elcomercio.es\/aviles\/wikiesfera-recluta-forma-editoras-aviles-gran-enciclopedia-20260414210125-nt.html\">Wikiesfera recluta y forma editoras en Avil\u00e9s para la gran enciclopedia global<\/a><\/em><\/li>\n\n\n\n<li>28 de abril de 2026 | <strong>El Comercio<\/strong> | <em><a href=\"https:\/\/www.elcomercio.es\/culturas\/arte\/artistas-asturianas-van-abriendo-paso-wikipedia-20260425213844-nt.html\" data-type=\"link\" data-id=\"https:\/\/www.elcomercio.es\/culturas\/arte\/artistas-asturianas-van-abriendo-paso-wikipedia-20260425213844-nt.html\">Las artistas asturianas se van abriendo paso tambi\u00e9n en Wikipedia<\/a><\/em><\/li>\n<\/ul>\n\n\n\n<hr class=\"wp-block-separator has-alpha-channel-opacity\"\/>\n\n\n\n<h1 id=\"gt-experta\" class=\"wp-block-heading\"><strong>&gt; Experta<\/strong><\/h1>\n\n\n\n<div class=\"wp-block-columns is-layout-flex wp-container-core-columns-is-layout-9d6595d7 wp-block-columns-is-layout-flex\">\n<div class=\"wp-block-column is-layout-flow wp-block-column-is-layout-flow\">\n<p>La intervenci\u00f3n de <a href=\"https:\/\/es.wikipedia.org\/wiki\/Natalia_Alonso\"><strong>Natalia Alonso Arduengo<\/strong><\/a> ofreci\u00f3 un recorrido claro y cercano por la escena art\u00edstica asturiana, con especial atenci\u00f3n al lugar que han ocupado y ocupan las mujeres. A partir de su experiencia en el sector cultural, explic\u00f3 como <strong>hasta hace no tanto la presencia femenina en museos, exposiciones o programas p\u00fablicos era muy limitada<\/strong>. Instituciones como el Museo de Bellas Artes de Asturias son un buen ejemplo de ese cambio lento: durante a\u00f1os apenas hubo exposiciones individuales de mujeres, algo que solo recientemente empieza a equilibrarse.<\/p>\n<\/div>\n\n\n\n<div class=\"wp-block-column is-layout-flow wp-block-column-is-layout-flow\">\n<iframe src=\"https:\/\/www.ivoox.com\/player_ej_172617461_6_1.html?c1=b5179e\" width=\"100%\" height=\"200\" frameborder=\"0\" allowfullscreen=\"\" scrolling=\"no\" loading=\"lazy\"><\/iframe>\n<\/div>\n<\/div>\n\n\n\n<p>Aun as\u00ed, la tendencia es positiva. En los \u00faltimos a\u00f1os se percibe una <strong>mayor presencia de artistas mujeres, tanto en convocatorias como en proyectos expositivos<\/strong>, y una escena cada vez m\u00e1s activa que aborda temas como el g\u00e9nero, la memoria o los conflictos sociales desde perspectivas contempor\u00e1neas. Natalia puso ejemplos concretos, como el trabajo de <strong>Sandra Paula Fern\u00e1ndez<\/strong>, para mostrar c\u00f3mo <strong>estas creadoras est\u00e1n ampliando los relatos y cuestionando estereotipos<\/strong>. Pesa a toda esta lectura en positivo, record\u00f3 que todav\u00eda quedan retos importantes, especialmente en lo que respecta a la estabilidad laboral y al reconocimiento sostenido dentro del sistema art\u00edstico.<\/p>\n\n\n\n<p>Pod\u00e9is escuchar su intervenci\u00f3n en&nbsp;<strong><a href=\"https:\/\/go.ivoox.com\/sq\/3157250\" target=\"_blank\" rel=\"noreferrer noopener\">nuestro canal de IVOOX<\/a><\/strong>.<\/p>\n\n\n\n<hr class=\"wp-block-separator has-alpha-channel-opacity\"\/>\n\n\n\n<h1 id=\"gt-resultados\" class=\"wp-block-heading\"><strong>&gt; Resultados<\/strong><\/h1>\n\n\n\n<ul class=\"wp-block-list\">\n<li>N\u00famero de<strong> <span style=\"text-decoration: underline;\">PARTICIPANTES<\/span>: 18<\/strong><\/li>\n\n\n\n<li>N\u00famero de art\u00edculos <strong><span style=\"text-decoration: underline;\">PUBLICADOS<\/span>: 21<\/strong><\/li>\n\n\n\n<li><strong>Idiomas<\/strong>: <strong>3 <\/strong>(espa\u00f1ol, asturiano y gallego)<\/li>\n<\/ul>\n\n\n\n<h2 id=\"gtgt-articulos-publicados-en-wikipedia-en-espanol-17\" class=\"wp-block-heading\"><strong>&gt;&gt; Art\u00edculos publicados en Wikipedia en espa\u00f1ol: 17<\/strong><\/h2>\n\n\n\n<div class=\"wp-block-columns is-layout-flex wp-container-core-columns-is-layout-9d6595d7 wp-block-columns-is-layout-flex\">\n<div class=\"wp-block-column is-layout-flow wp-block-column-is-layout-flow\">\n<h3 id=\"biografias\" class=\"wp-block-heading\"><strong>Biograf\u00edas<\/strong><\/h3>\n\n\n\n<ol class=\"wp-block-list\">\n<li><a href=\"https:\/\/es.wikipedia.org\/wiki\/Marixa\">Marixa<\/a> (1914-1995)<\/li>\n\n\n\n<li><a href=\"https:\/\/es.wikipedia.org\/wiki\/Reyes_D%C3%ADaz_Blanco\">Reyes D\u00edaz Blanco<\/a> (1948)<\/li>\n\n\n\n<li><a href=\"https:\/\/es.wikipedia.org\/wiki\/Isabel_Cuadrado\">Isabel Cuadrado<\/a> (1965)<\/li>\n\n\n\n<li><a href=\"https:\/\/es.wikipedia.org\/wiki\/Natalia_Pastor\" data-type=\"link\" data-id=\"https:\/\/es.wikipedia.org\/wiki\/Natalia_Pastor\">Natalia Pastor <\/a>(1970)<\/li>\n\n\n\n<li><a href=\"https:\/\/es.wikipedia.org\/wiki\/Sandra_Paula_Fern%C3%A1ndez\">Sandra Paula Fern\u00e1ndez <\/a>(1972)<\/li>\n\n\n\n<li><a href=\"https:\/\/es.wikipedia.org\/wiki\/Rebeca_Men%C3%A9ndez\">Rebeca Men\u00e9ndez<\/a> (1976)<\/li>\n\n\n\n<li><a href=\"https:\/\/es.wikipedia.org\/wiki\/Irma_%C3%81lvarez-Laviada\">Irma \u00c1lvarez-Laviada<\/a> (1978)<\/li>\n\n\n\n<li><a href=\"https:\/\/es.wikipedia.org\/wiki\/Elena_Rato\" data-type=\"link\" data-id=\"https:\/\/es.wikipedia.org\/wiki\/Elena_Rato\">Elena Rato <\/a>(1979)<\/li>\n\n\n\n<li><a href=\"https:\/\/es.wikipedia.org\/wiki\/Cristina_Busto\">Cristina Busto<\/a> (1979)<\/li>\n\n\n\n<li><a href=\"https:\/\/es.wikipedia.org\/wiki\/Kela_Coto\">Kela Coto<\/a> (1979)<\/li>\n\n\n\n<li><a href=\"https:\/\/es.wikipedia.org\/wiki\/Natalia_Alonso\">Natalia Alonso Arduengo<\/a> (1984)<\/li>\n\n\n\n<li><a href=\"https:\/\/es.wikipedia.org\/wiki\/Leticia_Baselgas\">Leticia Baselgas<\/a> (1984)<\/li>\n\n\n\n<li><a href=\"https:\/\/es.wikipedia.org\/wiki\/Noem%C3%AD_Iglesias_Barrios\">Noem\u00ed Iglesias Barrios <\/a>(1987)<\/li>\n<\/ol>\n<\/div>\n\n\n\n<div class=\"wp-block-column is-layout-flow wp-block-column-is-layout-flow\">\n<h3 id=\"obras-de-arte\" class=\"wp-block-heading\"><strong>Obras de arte<\/strong><\/h3>\n\n\n\n<ol class=\"wp-block-list\">\n<li><a href=\"https:\/\/es.wikipedia.org\/wiki\/El_puesto_de_mi_calle\"><em>El puesto de mi calle<\/em><\/a>, de Julia Alcayde<\/li>\n\n\n\n<li><em><a href=\"https:\/\/es.wikipedia.org\/wiki\/Frutas_%28Julia_Alcayde_Montoya%29\">Frutas<\/a><\/em>, de Julia Alcayde<\/li>\n\n\n\n<li><em><a href=\"https:\/\/es.wikipedia.org\/wiki\/Camino_del_Llos%C3%B3n_%28Jove%29\" data-type=\"link\" data-id=\"https:\/\/es.wikipedia.org\/wiki\/Camino_del_Llos%C3%B3n_%28Jove%29\">Camino del Llos\u00f3n (Jove)<\/a><\/em>, de Carolina del Castillo<\/li>\n\n\n\n<li><em><a href=\"https:\/\/es.wikipedia.org\/wiki\/Parisienne_(Chechu_%C3%81lava)\" data-type=\"link\" data-id=\"https:\/\/es.wikipedia.org\/wiki\/Parisienne_(Chechu_%C3%81lava)\">Parisienne<\/a><\/em>, de Chechu \u00c1lava<\/li>\n<\/ol>\n<\/div>\n<\/div>\n\n\n\n<h2 id=\"gtgt-articulos-publicados-en-wikipedia-en-asturiano-3\" class=\"wp-block-heading\"><strong>&gt;&gt; Art\u00edculos publicados en Wikipedia en asturiano: 3<\/strong><\/h2>\n\n\n\n<ol class=\"wp-block-list\">\n<li><a href=\"https:\/\/ast.wikipedia.org\/wiki\/Julia_Alcayde_Montoya\">Julia Alcayde Montoya <\/a>(1855-1939)<\/li>\n\n\n\n<li><a href=\"https:\/\/ast.wikipedia.org\/wiki\/Carolina_del_Castillo_D%C3%ADaz\">Carolina del Castillo D\u00edaz<\/a>&nbsp;(1867-1933)<\/li>\n\n\n\n<li><a href=\"https:\/\/ast.wikipedia.org\/wiki\/Maruja_Mallo\">Maruja Mallo <\/a>(1902-1955)<a href=\"https:\/\/ast.wikipedia.org\/w\/index.php?title=Alderique:Julia_Alcayde_Montoya&amp;action=edit&amp;redlink=1\"><\/a><\/li>\n<\/ol>\n\n\n\n<h2 id=\"gtgt-articulos-publicados-en-wikipedia-en-gallego-1\" class=\"wp-block-heading\"><strong>&gt;&gt; Art\u00edculos publicados en Wikipedia en gallego: 1<\/strong><\/h2>\n\n\n\n<ol class=\"wp-block-list\">\n<li><a href=\"https:\/\/gl.wikipedia.org\/wiki\/Soledad_C%C3%B3rdoba\">Soledad C\u00f3rdoba<\/a> (1977)<\/li>\n<\/ol>\n\n\n\n<hr class=\"wp-block-separator has-alpha-channel-opacity\"\/>\n\n\n\n<h1 id=\"gt-colaboran\" class=\"wp-block-heading\"><strong>&gt; Colaboran<\/strong><\/h1>\n\n\n\n<div class=\"wp-block-columns are-vertically-aligned-center is-layout-flex wp-container-core-columns-is-layout-9d6595d7 wp-block-columns-is-layout-flex\">\n<div class=\"wp-block-column is-vertically-aligned-center is-layout-flow wp-block-column-is-layout-flow\"><div class=\"wp-block-image\">\n<figure class=\"alignleft size-full\"><img decoding=\"async\" width=\"1364\" height=\"555\" src=\"https:\/\/www.wikiesfera.org\/wp-content\/uploads\/2026\/03\/LABORAL-NEGRO.png\" alt=\"\" class=\"wp-image-11531\" srcset=\"https:\/\/www.wikiesfera.org\/wp-content\/uploads\/2026\/03\/LABORAL-NEGRO.png 1364w, https:\/\/www.wikiesfera.org\/wp-content\/uploads\/2026\/03\/LABORAL-NEGRO-300x122.png 300w, https:\/\/www.wikiesfera.org\/wp-content\/uploads\/2026\/03\/LABORAL-NEGRO-1024x417.png 1024w, https:\/\/www.wikiesfera.org\/wp-content\/uploads\/2026\/03\/LABORAL-NEGRO-768x312.png 768w, https:\/\/www.wikiesfera.org\/wp-content\/uploads\/2026\/03\/LABORAL-NEGRO-18x7.png 18w, https:\/\/www.wikiesfera.org\/wp-content\/uploads\/2026\/03\/LABORAL-NEGRO-150x61.png 150w, https:\/\/www.wikiesfera.org\/wp-content\/uploads\/2026\/03\/LABORAL-NEGRO-400x163.png 400w\" sizes=\"(max-width: 1364px) 100vw, 1364px\" \/><\/figure><\/div><\/div>\n\n\n\n<div class=\"wp-block-column is-vertically-aligned-center is-layout-flow wp-block-column-is-layout-flow\"><\/div>\n\n\n\n<div class=\"wp-block-column is-vertically-aligned-center is-layout-flow wp-block-column-is-layout-flow\"><\/div>\n\n\n\n<div class=\"wp-block-column is-vertically-aligned-center is-layout-flow wp-block-column-is-layout-flow\"><\/div>\n<\/div>\n\n\n\n<hr class=\"wp-block-separator has-alpha-channel-opacity\"\/>\n\n\n\n<h1 id=\"gt-financian\" class=\"wp-block-heading\"><strong>&gt; Financian<\/strong><\/h1>\n\n\n\n<div class=\"wp-block-columns are-vertically-aligned-center is-layout-flex wp-container-core-columns-is-layout-9d6595d7 wp-block-columns-is-layout-flex\">\n<div class=\"wp-block-column is-vertically-aligned-center is-layout-flow wp-block-column-is-layout-flow\"><div class=\"wp-block-image\">\n<figure class=\"alignleft size-large\"><img decoding=\"async\" width=\"1024\" height=\"217\" src=\"https:\/\/www.wikiesfera.org\/wp-content\/uploads\/2026\/02\/Copia-de-logotipo-color-min-1024x217.jpg\" alt=\"\" class=\"wp-image-11060\" srcset=\"https:\/\/www.wikiesfera.org\/wp-content\/uploads\/2026\/02\/Copia-de-logotipo-color-min-1024x217.jpg 1024w, https:\/\/www.wikiesfera.org\/wp-content\/uploads\/2026\/02\/Copia-de-logotipo-color-min-300x64.jpg 300w, https:\/\/www.wikiesfera.org\/wp-content\/uploads\/2026\/02\/Copia-de-logotipo-color-min-768x163.jpg 768w, https:\/\/www.wikiesfera.org\/wp-content\/uploads\/2026\/02\/Copia-de-logotipo-color-min-1536x326.jpg 1536w, https:\/\/www.wikiesfera.org\/wp-content\/uploads\/2026\/02\/Copia-de-logotipo-color-min-2048x435.jpg 2048w, https:\/\/www.wikiesfera.org\/wp-content\/uploads\/2026\/02\/Copia-de-logotipo-color-min-18x4.jpg 18w, https:\/\/www.wikiesfera.org\/wp-content\/uploads\/2026\/02\/Copia-de-logotipo-color-min-150x32.jpg 150w, https:\/\/www.wikiesfera.org\/wp-content\/uploads\/2026\/02\/Copia-de-logotipo-color-min-400x85.jpg 400w\" sizes=\"(max-width: 1024px) 100vw, 1024px\" \/><\/figure><\/div><\/div>\n\n\n\n<div class=\"wp-block-column is-layout-flow wp-block-column-is-layout-flow\"><div class=\"wp-block-image\">\n<figure class=\"alignleft size-large\"><img loading=\"lazy\" decoding=\"async\" width=\"1024\" height=\"238\" src=\"https:\/\/www.wikiesfera.org\/wp-content\/uploads\/2018\/04\/Wikimedia_Foundation_logo_-_horizontal.svg_-1024x238.png\" alt=\"\" class=\"wp-image-1036\" srcset=\"https:\/\/www.wikiesfera.org\/wp-content\/uploads\/2018\/04\/Wikimedia_Foundation_logo_-_horizontal.svg_-1024x238.png 1024w, https:\/\/www.wikiesfera.org\/wp-content\/uploads\/2018\/04\/Wikimedia_Foundation_logo_-_horizontal.svg_-300x70.png 300w, https:\/\/www.wikiesfera.org\/wp-content\/uploads\/2018\/04\/Wikimedia_Foundation_logo_-_horizontal.svg_-768x179.png 768w, https:\/\/www.wikiesfera.org\/wp-content\/uploads\/2018\/04\/Wikimedia_Foundation_logo_-_horizontal.svg_-150x35.png 150w, https:\/\/www.wikiesfera.org\/wp-content\/uploads\/2018\/04\/Wikimedia_Foundation_logo_-_horizontal.svg_-400x93.png 400w, https:\/\/www.wikiesfera.org\/wp-content\/uploads\/2018\/04\/Wikimedia_Foundation_logo_-_horizontal.svg_.png 2000w\" sizes=\"(max-width: 1024px) 100vw, 1024px\" \/><\/figure><\/div><\/div>\n<\/div>\n","protected":false},"excerpt":{"rendered":"<p>&gt; Tem\u00e1tica El pasado s\u00e1bado 25 de abril, Gij\u00f3n volvi\u00f3 a ser punto de encuentro para el conocimiento libre con perspectiva de g\u00e9nero con la Editatona organizada por Wikiesfera, en coordinaci\u00f3n con&nbsp;la LABoral Centro de Arte y Creaci\u00f3n Industrial y subvencionada por el Ministerio de Cultura en el marco del proyecto \u201cCreaci\u00f3n de comunidades de [&hellip;]<\/p>\n","protected":false},"author":1,"featured_media":11499,"comment_status":"closed","ping_status":"closed","template":"","format":"gallery","meta":{"_coblocks_attr":"","_coblocks_dimensions":"","_coblocks_responsive_height":"","_coblocks_accordion_ie_support":"","footnotes":""},"class_list":["post-12028","portfolio","type-portfolio","status-publish","format-gallery","has-post-thumbnail","hentry","portfolio_category-396","portfolio_category-editatonas","portfolio_category-genero","portfolio_category-ministerio-cultura-espana","portfolio_category-wikimedia-foundation","portfolio-entry","span_1_of_4 col clr"],"_links":{"self":[{"href":"https:\/\/www.wikiesfera.org\/es\/wp-json\/wp\/v2\/portfolio\/12028","targetHints":{"allow":["GET"]}}],"collection":[{"href":"https:\/\/www.wikiesfera.org\/es\/wp-json\/wp\/v2\/portfolio"}],"about":[{"href":"https:\/\/www.wikiesfera.org\/es\/wp-json\/wp\/v2\/types\/portfolio"}],"author":[{"embeddable":true,"href":"https:\/\/www.wikiesfera.org\/es\/wp-json\/wp\/v2\/users\/1"}],"replies":[{"embeddable":true,"href":"https:\/\/www.wikiesfera.org\/es\/wp-json\/wp\/v2\/comments?post=12028"}],"version-history":[{"count":24,"href":"https:\/\/www.wikiesfera.org\/es\/wp-json\/wp\/v2\/portfolio\/12028\/revisions"}],"predecessor-version":[{"id":12120,"href":"https:\/\/www.wikiesfera.org\/es\/wp-json\/wp\/v2\/portfolio\/12028\/revisions\/12120"}],"wp:featuredmedia":[{"embeddable":true,"href":"https:\/\/www.wikiesfera.org\/es\/wp-json\/wp\/v2\/media\/11499"}],"wp:attachment":[{"href":"https:\/\/www.wikiesfera.org\/es\/wp-json\/wp\/v2\/media?parent=12028"}],"curies":[{"name":"wp","href":"https:\/\/api.w.org\/{rel}","templated":true}]}}