{"id":11548,"date":"2026-03-25T09:33:19","date_gmt":"2026-03-25T09:33:19","guid":{"rendered":"https:\/\/www.wikiesfera.org\/?post_type=portfolio&#038;p=11548"},"modified":"2026-03-27T16:15:04","modified_gmt":"2026-03-27T16:15:04","slug":"las-que-faltaban-mujeres-y-museos-memoria-y-presente-18m","status":"publish","type":"portfolio","link":"https:\/\/www.wikiesfera.org\/es\/portfolio-item\/las-que-faltaban-mujeres-y-museos-memoria-y-presente-18m\/","title":{"rendered":"Las que faltaban. Mujeres y museos, memoria y presente #18M"},"content":{"rendered":"\n<h1 id=\"gt-tematica\" class=\"wp-block-heading\"><strong>&gt; Tem\u00e1tica<\/strong><\/h1>\n\n\n\n<div class=\"wp-block-columns is-layout-flex wp-container-core-columns-is-layout-9d6595d7 wp-block-columns-is-layout-flex\">\n<div class=\"wp-block-column is-layout-flow wp-block-column-is-layout-flow\" style=\"flex-basis:66%\">\n<p>La jornada <em><strong>Las que faltaban. Mujeres y museos, memoria y presente<\/strong><\/em>, celebrada el pasado <strong>18 de marzo <\/strong>en Madrid y coordinada entre la <strong>Subdirecci\u00f3n General de Museos Estatales del Ministerio de Cultura y Wikiesfera<\/strong>, ten\u00eda como objetivo mirar cr\u00edticamente los sesgos del relato cultural y reivindicar el lugar de las mujeres en la memoria colectiva y el presente de los museos.<\/p>\n\n\n\n<p>Para ello celebramos una <strong>editatona sobre mujeres en los Museos Estatales<\/strong> que, aunque se abri\u00f3 al p\u00fablico en general, cont\u00f3 con una a<strong>mplia participaci\u00f3n de personal de los museos y del Ministerio de Cultura<\/strong>. Precisamente fue con los 16 Museos Estatales con quienes, desde Wikiesfera, trabajamos previamente los contenidos a editar, seleccionando piezas o personas relacionadas con sus colecciones que a\u00fan no estaban en la Wikipedia.<\/p>\n<\/div>\n\n\n\n<div class=\"wp-block-column is-layout-flow wp-block-column-is-layout-flow\" style=\"flex-basis:33%\">\n<figure class=\"wp-block-image size-full\"><img fetchpriority=\"high\" decoding=\"async\" width=\"300\" height=\"300\" src=\"https:\/\/www.wikiesfera.org\/wp-content\/uploads\/2026\/03\/Fotos-personas-300x300-2.png\" alt=\"\" class=\"wp-image-11659\" srcset=\"https:\/\/www.wikiesfera.org\/wp-content\/uploads\/2026\/03\/Fotos-personas-300x300-2.png 300w, https:\/\/www.wikiesfera.org\/wp-content\/uploads\/2026\/03\/Fotos-personas-300x300-2-150x150.png 150w, https:\/\/www.wikiesfera.org\/wp-content\/uploads\/2026\/03\/Fotos-personas-300x300-2-12x12.png 12w\" sizes=\"(max-width: 300px) 100vw, 300px\" \/><\/figure>\n<\/div>\n<\/div>\n\n\n\n<p>Desde primera hora de la ma\u00f1ana <strong>21 personas nos juntamos<\/strong> en una sala del ministerio, para crear, traducir y mejorar contenidos en la enciclopedia libre. Benefactoras, artistas, investigadoras, piezas elaboradas por mujeres, obras en las que se destacan determinados personajes femeninos, etc&#8230; fueron el estilo de art\u00edculos que trabajamos durante tres horas de mucho aprendizaje y reflexiones compartidas. El resultado, <strong>15 art\u00edculos nuevos publicados en Wikipedia en espa\u00f1ol <\/strong>y 4 art\u00edculos mejorados, que pueden encontrarse al final de esta cr\u00f3nica.<\/p>\n\n\n\n<hr class=\"wp-block-separator has-alpha-channel-opacity\"\/>\n\n\n\n<h1 id=\"gt-charla\" class=\"wp-block-heading\"><strong>&gt; Charla<\/strong><\/h1>\n\n\n\n<p>La segunda parte del evento consisti\u00f3 en una <strong>charla de Eugenia Tenenbaum<\/strong>, historiadora del arte y comunicadora cultural especializada en perspectiva de g\u00e9nero aplicada al an\u00e1lisis de las im\u00e1genes y los discursos art\u00edsticos. La intenci\u00f3n con esta conferencia, que introdujeron <strong>Mercedes Rold\u00e1n, subdirectora general de Museos Estatales<\/strong> y <strong>Encina Villanueva, representante de Wikiesfera<\/strong>, era darle sentido y marco te\u00f3rico a toda la jornada.<\/p>\n\n\n\n<p>Con el t\u00edtulo <em><strong>Espacios de saber, espacios de poder: Museos y representaci\u00f3n femenina<\/strong><\/em>, Eugenia nos habl\u00f3 de los distintos tipos de cambios que se pod\u00edan producir en los museos para promover la diversidad y la igualdad. Nos mostr\u00f3 la exigua cifra de obras hechas por mujeres que exhiben los principales museos del mundo frente a la abrumadora presencia femenina como visitantes y estudiantes de artes. Constat\u00f3 la importancia de la conformaci\u00f3n de los equipos, destacando el hecho de que 9 de las 16 direcciones de los Museos Estatales las ostentan mujeres. Nos hizo pensar en el nivel de discurso y todas las posibilidades que se abren al revisar los textos museogr\u00e1ficos o los criterios de interpretaci\u00f3n. Y, finalmente, plante\u00f3 la necesidad de actualizar, en clave de pensamiento cr\u00edtico y apertura a la diversidad, los enfoques desde los que se transmiten los contenidos en estos espacios de saber, que tambi\u00e9n lo son de poder. La conclusi\u00f3n final no pudo ser m\u00e1s contundente: replantear el museo pasa por replantear la autoridad masculina que se nutre de \u00e9l.<\/p>\n\n\n\n<div class=\"wp-block-columns are-vertically-aligned-top is-layout-flex wp-container-core-columns-is-layout-9d6595d7 wp-block-columns-is-layout-flex\">\n<div class=\"wp-block-column is-vertically-aligned-top is-layout-flow wp-block-column-is-layout-flow\"><div class=\"wp-block-image\">\n<figure class=\"aligncenter size-full\"><img decoding=\"async\" width=\"300\" height=\"300\" src=\"https:\/\/www.wikiesfera.org\/wp-content\/uploads\/2026\/03\/3.png\" alt=\"\" class=\"wp-image-11662\" srcset=\"https:\/\/www.wikiesfera.org\/wp-content\/uploads\/2026\/03\/3.png 300w, https:\/\/www.wikiesfera.org\/wp-content\/uploads\/2026\/03\/3-150x150.png 150w, https:\/\/www.wikiesfera.org\/wp-content\/uploads\/2026\/03\/3-12x12.png 12w\" sizes=\"(max-width: 300px) 100vw, 300px\" \/><\/figure><\/div><\/div>\n\n\n\n<div class=\"wp-block-column is-vertically-aligned-top is-layout-flow wp-block-column-is-layout-flow\"><div class=\"wp-block-image\">\n<figure class=\"aligncenter size-full\"><img decoding=\"async\" width=\"300\" height=\"300\" src=\"https:\/\/www.wikiesfera.org\/wp-content\/uploads\/2026\/03\/4.png\" alt=\"\" class=\"wp-image-11663\" srcset=\"https:\/\/www.wikiesfera.org\/wp-content\/uploads\/2026\/03\/4.png 300w, https:\/\/www.wikiesfera.org\/wp-content\/uploads\/2026\/03\/4-150x150.png 150w, https:\/\/www.wikiesfera.org\/wp-content\/uploads\/2026\/03\/4-12x12.png 12w\" sizes=\"(max-width: 300px) 100vw, 300px\" \/><\/figure><\/div><\/div>\n<\/div>\n\n\n\n<hr class=\"wp-block-separator has-alpha-channel-opacity\"\/>\n\n\n\n<h1 id=\"gt-resultados\" class=\"wp-block-heading\"><strong>&gt; Resultados<\/strong><\/h1>\n\n\n\n<ul class=\"wp-block-list\">\n<li>N\u00famero de <span style=\"text-decoration: underline;\"><strong>PARTICIPANTES<\/strong><\/span>:<strong> 21<\/strong><\/li>\n\n\n\n<li>N\u00famero de art\u00edculos <span style=\"text-decoration: underline;\"><strong>PUBLICADOS<\/strong><\/span>: <strong>15<\/strong><\/li>\n\n\n\n<li>N\u00famero de art\u00edculos <span style=\"text-decoration: underline;\"><strong>MEJORADOS<\/strong><\/span><strong>: 4<\/strong><\/li>\n<\/ul>\n\n\n\n<h3 id=\"gtgt-articulos-nuevos-15\" class=\"wp-block-heading\"><strong>&gt;&gt; Art\u00edculos <span style=\"text-decoration: underline;\">nuevos:<\/span> 15<\/strong><\/h3>\n\n\n\n<ol class=\"wp-block-list\">\n<li><a href=\"https:\/\/es.wikipedia.org\/wiki\/Estatua_de_Kherdeankh\">Estatua de Kherdeankh<\/a> (333-32 a.C)<\/li>\n\n\n\n<li><a href=\"https:\/\/es.wikipedia.org\/wiki\/Estela_de_Lutatia_Lupata\">Estela de Lutatia Lupata<\/a> (s. II d.C)<\/li>\n\n\n\n<li><a href=\"https:\/\/es.wikipedia.org\/wiki\/Estela_de_Sentia_Amarantis\">Estela de &nbsp;Sentia Amarantis <\/a>(s. II d.C)<\/li>\n\n\n\n<li><a href=\"https:\/\/es.wikipedia.org\/wiki\/Las_Cervantas\">Las Cervantas<\/a><\/li>\n\n\n\n<li><a href=\"https:\/\/es.wikipedia.org\/wiki\/Retrato_de_do%C3%B1a_Mariana_de_Austria\">Retrato de do\u00f1a Mariana de Austria<\/a> (1666)<\/li>\n\n\n\n<li><a href=\"https:\/\/es.wikipedia.org\/wiki\/Cabalgata_de_los_Reyes_Magos_(Luisa_Rold%C3%A1n)\">Cabalgata de los Reyes Magos<\/a> (c. 1686-88) de <a href=\"https:\/\/es.wikipedia.org\/wiki\/Luisa_Rold%C3%A1n\">Luisa Rold\u00e1n<\/a><\/li>\n\n\n\n<li><a href=\"https:\/\/es.wikipedia.org\/wiki\/Manuela_Perea\">Manuela Perea<\/a>, <em>La Nena<\/em> (siglo XIX)<\/li>\n\n\n\n<li><a href=\"https:\/\/es.wikipedia.org\/wiki\/Inocencia_Serrano_y_Cerver\">Inocencia Serrano y Cerver<\/a> (1816-1896)<\/li>\n\n\n\n<li><a href=\"https:\/\/es.wikipedia.org\/wiki\/Rafaela_S%C3%A1nchez_Aroca\">Rafaela S\u00e1nchez Aroca <\/a>(1869-1939)<\/li>\n\n\n\n<li><a href=\"https:\/\/es.wikipedia.org\/wiki\/Teresa_Garc%C3%ADa_Falg%C3%A1s\">Teresa Garc\u00eda Falg\u00e1s&nbsp;<\/a>(1886 &#8211; 1982)<\/li>\n\n\n\n<li><a href=\"https:\/\/es.wikipedia.org\/wiki\/Laura_de_Santelmo\">Laura de Santelmo<\/a> (1897-1977)<\/li>\n\n\n\n<li><a href=\"https:\/\/es.wikipedia.org\/wiki\/Carmen_Os%C3%A9s_Hidalgo\">Carmen Os\u00e9s Hidalgo<\/a> (1898-1961)<\/li>\n\n\n\n<li><a href=\"https:\/\/es.wikipedia.org\/wiki\/Hedwig_Klein\">Hedwig Klein<\/a> (1911- dp. 11 de julio de 1942)<\/li>\n\n\n\n<li><a href=\"https:\/\/es.wikipedia.org\/wiki\/Ningiukulu_Teevee\">Ningiukulu Teevee <\/a>(1963)<\/li>\n\n\n\n<li><a href=\"https:\/\/es.wikipedia.org\/wiki\/Cer%C3%A1mica_shipibo-conibo\">Cer\u00e1mica shipibo-conibo<\/a><a href=\"https:\/\/es.wikipedia.org\/wiki\/Museo_Nacional_de_Antropolog%C3%ADa_(Espa%C3%B1a)\"><br><\/a><\/li>\n<\/ol>\n\n\n\n<h3 id=\"gtgt-articulos-mejorados-4\" class=\"wp-block-heading\"><strong>&gt;&gt; Art\u00edculos <span style=\"text-decoration: underline;\">mejorados<\/span>: 4<\/strong><\/h3>\n\n\n\n<ol class=\"wp-block-list\">\n<li><a href=\"https:\/\/es.wikipedia.org\/w\/index.php?title=Museo_Nacional_de_Arqueolog%C3%ADa_Subacu%C3%A1tica&amp;wvprov=sticky-header#Iniciativas\">Museo Nacional de Arqueolog\u00eda Subacu\u00e1tica<\/a>, incorporando informaci\u00f3n sobre las mujeres relacionadas con la instituci\u00f3n<\/li>\n\n\n\n<li><a href=\"https:\/\/es.wikipedia.org\/wiki\/Museo_del_Traje_(Madrid)\">Museo del Traje<\/a>, incorporando informaci\u00f3n sobre las mujeres relacionadas con la instituci\u00f3n<\/li>\n\n\n\n<li><a href=\"https:\/\/es.wikipedia.org\/wiki\/Museo_Nacional_de_Cer%C3%A1mica_y_Artes_Suntuarias_Gonz%C3%A1lez_Mart%C3%AD#\">Museo Nacional de Cer\u00e1mica y Artes Suntuarias Gonz\u00e1lez Mart\u00ed<\/a>, incorporando una secci\u00f3n dedicada a <a href=\"https:\/\/es.wikipedia.org\/wiki\/Museo_Nacional_de_Cer%C3%A1mica_y_Artes_Suntuarias_Gonz%C3%A1lez_Mart%C3%AD#Benefactoras\">las benefactoras del museo<\/a><\/li>\n\n\n\n<li><a href=\"https:\/\/es.wikipedia.org\/wiki\/Mar%C3%ADa_Sanz_de_Sautuola\">Mar\u00eda Sanz de Sautuola<\/a><br><a href=\"https:\/\/es.wikipedia.org\/wiki\/Discusi%C3%B3n:Museo_Nacional_de_Cer%C3%A1mica_y_Artes_Suntuarias_Gonz%C3%A1lez_Mart%C3%AD\"><\/a><a href=\"https:\/\/es.wikipedia.org\/wiki\/Discusi%C3%B3n:Museo_Nacional_de_Arqueolog%C3%ADa_Subacu%C3%A1tica\"><\/a><\/li>\n<\/ol>\n\n\n\n<hr class=\"wp-block-separator has-alpha-channel-opacity\"\/>\n\n\n\n<h1 id=\"gt-colabora\" class=\"wp-block-heading\"><strong>&gt; Colabora<\/strong><\/h1>\n\n\n\n<div class=\"wp-block-columns are-vertically-aligned-center is-layout-flex wp-container-core-columns-is-layout-9d6595d7 wp-block-columns-is-layout-flex\">\n<div class=\"wp-block-column is-vertically-aligned-center is-layout-flow wp-block-column-is-layout-flow\"><div class=\"wp-block-image\">\n<figure class=\"alignleft size-large\"><img loading=\"lazy\" decoding=\"async\" width=\"1024\" height=\"574\" src=\"https:\/\/www.wikiesfera.org\/wp-content\/uploads\/2026\/02\/02-Museos-Estatales-Corto-Una-Tinta-1-1024x574.png\" alt=\"\" class=\"wp-image-11197\" srcset=\"https:\/\/www.wikiesfera.org\/wp-content\/uploads\/2026\/02\/02-Museos-Estatales-Corto-Una-Tinta-1-1024x574.png 1024w, https:\/\/www.wikiesfera.org\/wp-content\/uploads\/2026\/02\/02-Museos-Estatales-Corto-Una-Tinta-1-300x168.png 300w, https:\/\/www.wikiesfera.org\/wp-content\/uploads\/2026\/02\/02-Museos-Estatales-Corto-Una-Tinta-1-768x430.png 768w, https:\/\/www.wikiesfera.org\/wp-content\/uploads\/2026\/02\/02-Museos-Estatales-Corto-Una-Tinta-1-1536x861.png 1536w, https:\/\/www.wikiesfera.org\/wp-content\/uploads\/2026\/02\/02-Museos-Estatales-Corto-Una-Tinta-1-2048x1148.png 2048w, https:\/\/www.wikiesfera.org\/wp-content\/uploads\/2026\/02\/02-Museos-Estatales-Corto-Una-Tinta-1-18x10.png 18w, https:\/\/www.wikiesfera.org\/wp-content\/uploads\/2026\/02\/02-Museos-Estatales-Corto-Una-Tinta-1-150x84.png 150w, https:\/\/www.wikiesfera.org\/wp-content\/uploads\/2026\/02\/02-Museos-Estatales-Corto-Una-Tinta-1-400x224.png 400w\" sizes=\"(max-width: 1024px) 100vw, 1024px\" \/><\/figure><\/div><\/div>\n\n\n\n<div class=\"wp-block-column is-vertically-aligned-center is-layout-flow wp-block-column-is-layout-flow\"><\/div>\n\n\n\n<div class=\"wp-block-column is-vertically-aligned-center is-layout-flow wp-block-column-is-layout-flow\"><\/div>\n\n\n\n<div class=\"wp-block-column is-vertically-aligned-center is-layout-flow wp-block-column-is-layout-flow\"><\/div>\n<\/div>\n\n\n\n<p><\/p>\n","protected":false},"excerpt":{"rendered":"<p>&gt; Tem\u00e1tica La jornada Las que faltaban. Mujeres y museos, memoria y presente, celebrada el pasado 18 de marzo en Madrid y coordinada entre la Subdirecci\u00f3n General de Museos Estatales del Ministerio de Cultura y Wikiesfera, ten\u00eda como objetivo mirar cr\u00edticamente los sesgos del relato cultural y reivindicar el lugar de las mujeres en la [&hellip;]<\/p>\n","protected":false},"author":7,"featured_media":11667,"comment_status":"closed","ping_status":"closed","template":"","format":"gallery","meta":{"_coblocks_attr":"","_coblocks_dimensions":"","_coblocks_responsive_height":"","_coblocks_accordion_ie_support":"","footnotes":""},"class_list":["post-11548","portfolio","type-portfolio","status-publish","format-gallery","has-post-thumbnail","hentry","portfolio_category-396","portfolio_category-editatonas","portfolio_category-genero","portfolio_category-glam","portfolio_category-museos-estatales","portfolio-entry","span_1_of_4 col clr"],"_links":{"self":[{"href":"https:\/\/www.wikiesfera.org\/es\/wp-json\/wp\/v2\/portfolio\/11548","targetHints":{"allow":["GET"]}}],"collection":[{"href":"https:\/\/www.wikiesfera.org\/es\/wp-json\/wp\/v2\/portfolio"}],"about":[{"href":"https:\/\/www.wikiesfera.org\/es\/wp-json\/wp\/v2\/types\/portfolio"}],"author":[{"embeddable":true,"href":"https:\/\/www.wikiesfera.org\/es\/wp-json\/wp\/v2\/users\/7"}],"replies":[{"embeddable":true,"href":"https:\/\/www.wikiesfera.org\/es\/wp-json\/wp\/v2\/comments?post=11548"}],"version-history":[{"count":41,"href":"https:\/\/www.wikiesfera.org\/es\/wp-json\/wp\/v2\/portfolio\/11548\/revisions"}],"predecessor-version":[{"id":11717,"href":"https:\/\/www.wikiesfera.org\/es\/wp-json\/wp\/v2\/portfolio\/11548\/revisions\/11717"}],"wp:featuredmedia":[{"embeddable":true,"href":"https:\/\/www.wikiesfera.org\/es\/wp-json\/wp\/v2\/media\/11667"}],"wp:attachment":[{"href":"https:\/\/www.wikiesfera.org\/es\/wp-json\/wp\/v2\/media?parent=11548"}],"curies":[{"name":"wp","href":"https:\/\/api.w.org\/{rel}","templated":true}]}}