{"id":11496,"date":"2026-03-19T18:30:23","date_gmt":"2026-03-19T18:30:23","guid":{"rendered":"https:\/\/www.wikiesfera.org\/?post_type=portfolio&#038;p=11496"},"modified":"2026-04-07T14:32:31","modified_gmt":"2026-04-07T14:32:31","slug":"mujeres-murcia-2026","status":"publish","type":"portfolio","link":"https:\/\/www.wikiesfera.org\/es\/portfolio-item\/mujeres-murcia-2026\/","title":{"rendered":"Editatona de mujeres en Murcia #14M | [WikiAlboroque]"},"content":{"rendered":"\n<h1 id=\"gt-tematica\" class=\"wp-block-heading\"><strong>&gt; Tem\u00e1tica<\/strong><\/h1>\n\n\n\n<div class=\"wp-block-columns is-layout-flex wp-container-core-columns-is-layout-9d6595d7 wp-block-columns-is-layout-flex\">\n<div class=\"wp-block-column is-layout-flow wp-block-column-is-layout-flow\" style=\"flex-basis:66%\">\n<p>El pasado s\u00e1bado 14 de marzo, Murcia volvi\u00f3 a ser punto de encuentro para el conocimiento libre con perspectiva de g\u00e9nero con la Editatona organizada por <strong>Wikiesfera<\/strong>, en coordinaci\u00f3n con del <strong><a href=\"https:\/\/www.instagram.com\/ayuntamientodemurcia\/\">Ayuntamiento de Murcia<\/a><\/strong> y subvencionada por el <strong>Ministerio de Cultura <\/strong>en el marco del proyecto <strong><a href=\"https:\/\/www.wikiesfera.org\/creacion-de-comunidades\/\" data-type=\"page\" data-id=\"11057\">\u201cCreaci\u00f3n de comunidades de conocimiento libre con enfoque feminista\u201d<\/a><\/strong>, cofinanciado por la <strong>Fundaci\u00f3n Wikimedia<\/strong>.<\/p>\n\n\n\n<p>La jornada que se realiz\u00f3 en el <strong>Centro Cultural de Puente Tocinos<\/strong> de <span style=\"font-weight: 400;\"><strong><a href=\"https:\/\/www.instagram.com\/enclavecultura\">EnClave Cultura<\/a><\/strong><\/span> dio continuidad al trabajo que se viene desarrollando desde 2022 en la ciudad, <strong>fortaleciendo la comunidad local de edici\u00f3n WikiAlboroque<\/strong> <strong>y dando un nuevo impulso al nodo de Murcia<\/strong>. Cada una de las personas participantes tuvo la oportunidad de crear y publicar su propio art\u00edculo, que <strong>en conjunto suman un total de 40 nuevas biograf\u00edas sobre mujeres murcianas<\/strong> <strong>en diferentes \u00e1mbitos<\/strong>, contribuyendo as\u00ed a visibilizar sus aportaciones y a reducir la brecha de g\u00e9nero en Wikipedia.<\/p>\n<\/div>\n\n\n\n<div class=\"wp-block-column is-layout-flow wp-block-column-is-layout-flow\" style=\"flex-basis:33%\">\n<figure class=\"wp-block-image size-large\"><img fetchpriority=\"high\" decoding=\"async\" width=\"1024\" height=\"544\" src=\"https:\/\/www.wikiesfera.org\/wp-content\/uploads\/2026\/02\/Cabecera-BLOG-2-1024x544.png\" alt=\"\" class=\"wp-image-11065\" srcset=\"https:\/\/www.wikiesfera.org\/wp-content\/uploads\/2026\/02\/Cabecera-BLOG-2-1024x544.png 1024w, https:\/\/www.wikiesfera.org\/wp-content\/uploads\/2026\/02\/Cabecera-BLOG-2-300x159.png 300w, https:\/\/www.wikiesfera.org\/wp-content\/uploads\/2026\/02\/Cabecera-BLOG-2-768x408.png 768w, https:\/\/www.wikiesfera.org\/wp-content\/uploads\/2026\/02\/Cabecera-BLOG-2-18x10.png 18w, https:\/\/www.wikiesfera.org\/wp-content\/uploads\/2026\/02\/Cabecera-BLOG-2-150x80.png 150w, https:\/\/www.wikiesfera.org\/wp-content\/uploads\/2026\/02\/Cabecera-BLOG-2-640x340.png 640w, https:\/\/www.wikiesfera.org\/wp-content\/uploads\/2026\/02\/Cabecera-BLOG-2-400x213.png 400w, https:\/\/www.wikiesfera.org\/wp-content\/uploads\/2026\/02\/Cabecera-BLOG-2.png 1280w\" sizes=\"(max-width: 1024px) 100vw, 1024px\" \/><\/figure>\n<\/div>\n<\/div>\n\n\n\n<p>Adem\u00e1s, <strong>este proyecto permite conectar los diferentes nodos<\/strong> <strong>a trav\u00e9s del intercambio de participantes en las distintas actividades<\/strong>, reforzando la red y el aprendizaje compartido. En esta oportunidad nos acompa\u00f1\u00f3 <strong><a href=\"https:\/\/es.wikipedia.org\/wiki\/Usuaria:SalviaRomana\">Celia Hern\u00e1ndez<\/a><\/strong>, editora de Wikiesfera con amplia experiencia y la actividad fue conducida por nuestra compa\u00f1era <strong><a href=\"https:\/\/www.linkedin.com\/in\/lalviarez\/\">Liliana Alvi\u00e1rez<\/a><\/strong>. Agradecemos especialmente a <strong><a href=\"https:\/\/www.linkedin.com\/in\/marinabeltr\u00e1n\/\">Marina Beltr\u00e1n<\/a><\/strong>, nuestro enlace local por su apoyo y coordinaci\u00f3n para que WikiAlboroque siga existiendo.<\/p>\n\n\n\n<h3 id=\"gtgt-ediciones-anteriores\" class=\"wp-block-heading\"><strong>&gt;&gt; Ediciones anteriores<\/strong><\/h3>\n\n\n\n<ul class=\"wp-block-list\">\n<li>S\u00e1bado 26 de marzo de 2022 | <a href=\"https:\/\/www.wikiesfera.org\/portfolio-item\/ii-editatona-de-escritoras-murcianas-26m\/\" target=\"_blank\" rel=\"noopener\">II Editatona de escritoras murcianas #26M<\/a><\/li>\n\n\n\n<li>Viernes 12 de mayo de 2023 | <a href=\"https:\/\/www.wikiesfera.org\/portfolio-item\/editatona-de-artistas-visuales-murcianas-12m\/\" target=\"_blank\" rel=\"noopener\">Editatona de artistas visuales murcianas #12M<\/a><\/li>\n\n\n\n<li>S\u00e1bado 27 de abril de 2024 | <a href=\"https:\/\/www.wikiesfera.org\/es\/portfolio-item\/editatona-de-murcianas-extraordinarias-27a\/\">Editatona de murcianas extraordinarias #27A<\/a> <\/li>\n\n\n\n<li>S\u00e1bado 15 de febrero de 2025 | <a href=\"https:\/\/www.wikiesfera.org\/es\/portfolio-item\/ii-editatona-de-murcianas-extraordinarias-15f\/\">II Editatona de murcianas extraordinarias #15F<\/a><\/li>\n<\/ul>\n\n\n\n<hr class=\"wp-block-separator has-alpha-channel-opacity\"\/>\n\n\n\n<h1 id=\"gt-resultados\" class=\"wp-block-heading\"><strong>&gt; Resultados<\/strong><\/h1>\n\n\n\n<ul class=\"wp-block-list\">\n<li>N\u00famero de<strong> <span style=\"text-decoration: underline;\">PARTICIPANTES<\/span>: 7<\/strong><\/li>\n\n\n\n<li>N\u00famero de art\u00edculos <strong><span style=\"text-decoration: underline;\">PUBLICADOS<\/span>: 7<\/strong><\/li>\n<\/ul>\n\n\n\n<h3 id=\"gtgt-articulos-creados-7\" class=\"wp-block-heading\"><strong>&gt;&gt; Art\u00edculos <span style=\"text-decoration: underline;\">creados<\/span>: 7<\/strong><\/h3>\n\n\n\n<ol class=\"wp-block-list\">\n<li><a href=\"https:\/\/es.wikipedia.org\/wiki\/Dora_Cantero\">Dora Cantero<\/a> (autora, actriz, locutora, directora de escena, titiritera, dramaturga y docente)<\/li>\n\n\n\n<li><a href=\"https:\/\/es.wikipedia.org\/wiki\/Eva_Poyato\">Eva Poyato<\/a> (artista pl\u00e1stica multidisciplinar)<\/li>\n\n\n\n<li><a href=\"https:\/\/es.wikipedia.org\/wiki\/Katarzyna_Rogowicz\">Katarzyna Rogowicz<\/a> (artista multidisciplinar e ilustradora de literatura infantil y juvenil)<\/li>\n\n\n\n<li><a href=\"https:\/\/es.wikipedia.org\/wiki\/Mar\u00eda_del_Carmen_S\u00e1nchez-Rojas_Fenoll\">Mar\u00eda del Carmen S\u00e1nchez-Rojas Fenoll<\/a> (historiadora del arte y profesora universitaria)<\/li>\n\n\n\n<li><a href=\"https:\/\/es.wikipedia.org\/wiki\/Mar\u00eda_G\u00f3mez_%28chef%29\">Mar\u00eda G\u00f3mez<\/a> (chef y empresaria)<\/li>\n\n\n\n<li><a href=\"https:\/\/es.wikipedia.org\/wiki\/Mariso_Garc\u00eda\">Mariso Garc\u00eda<\/a> (titiritera, directora art\u00edstica y dramaturga)<\/li>\n\n\n\n<li><a href=\"https:\/\/es.wikipedia.org\/wiki\/Raquel_Sastre\">Raquel Sastre<\/a> (c\u00f3mica, guionista, monologuista y activista)<\/li>\n<\/ol>\n\n\n\n<p><\/p>\n\n\n\n<hr class=\"wp-block-separator has-alpha-channel-opacity\"\/>\n\n\n\n<h1 id=\"gt-colaboran\" class=\"wp-block-heading\"><strong>&gt; Colaboran<\/strong><\/h1>\n\n\n\n<div class=\"wp-block-columns are-vertically-aligned-center is-layout-flex wp-container-core-columns-is-layout-9d6595d7 wp-block-columns-is-layout-flex\">\n<div class=\"wp-block-column is-vertically-aligned-center is-layout-flow wp-block-column-is-layout-flow\"><div class=\"wp-block-image\">\n<figure class=\"alignleft size-full\"><img decoding=\"async\" width=\"552\" height=\"152\" src=\"https:\/\/www.wikiesfera.org\/wp-content\/uploads\/2022\/03\/logo-ayto-murcia.png\" alt=\"logotipo del Ayuntamiento de Murcia\" class=\"wp-image-2868\" srcset=\"https:\/\/www.wikiesfera.org\/wp-content\/uploads\/2022\/03\/logo-ayto-murcia.png 552w, https:\/\/www.wikiesfera.org\/wp-content\/uploads\/2022\/03\/logo-ayto-murcia-300x83.png 300w, https:\/\/www.wikiesfera.org\/wp-content\/uploads\/2022\/03\/logo-ayto-murcia-150x41.png 150w, https:\/\/www.wikiesfera.org\/wp-content\/uploads\/2022\/03\/logo-ayto-murcia-400x110.png 400w\" sizes=\"(max-width: 552px) 100vw, 552px\" \/><\/figure><\/div><\/div>\n\n\n\n<div class=\"wp-block-column is-vertically-aligned-center is-layout-flow wp-block-column-is-layout-flow\"><div class=\"wp-block-image\">\n<figure class=\"alignleft size-full\"><img decoding=\"async\" width=\"300\" height=\"129\" src=\"https:\/\/www.wikiesfera.org\/wp-content\/uploads\/2022\/03\/logo-c.culturales-01-300x129-1.png\" alt=\"logotipo de EnClaveCultura de Murcia\" class=\"wp-image-2869\" srcset=\"https:\/\/www.wikiesfera.org\/wp-content\/uploads\/2022\/03\/logo-c.culturales-01-300x129-1.png 300w, https:\/\/www.wikiesfera.org\/wp-content\/uploads\/2022\/03\/logo-c.culturales-01-300x129-1-150x65.png 150w\" sizes=\"(max-width: 300px) 100vw, 300px\" \/><\/figure><\/div><\/div>\n\n\n\n<div class=\"wp-block-column is-vertically-aligned-center is-layout-flow wp-block-column-is-layout-flow\"><\/div>\n\n\n\n<div class=\"wp-block-column is-vertically-aligned-center is-layout-flow wp-block-column-is-layout-flow\"><\/div>\n<\/div>\n\n\n\n<hr class=\"wp-block-separator has-alpha-channel-opacity\"\/>\n\n\n\n<h1 id=\"gt-financian\" class=\"wp-block-heading\"><strong>&gt; Financian<\/strong><\/h1>\n\n\n\n<div class=\"wp-block-columns are-vertically-aligned-center is-layout-flex wp-container-core-columns-is-layout-9d6595d7 wp-block-columns-is-layout-flex\">\n<div class=\"wp-block-column is-vertically-aligned-center is-layout-flow wp-block-column-is-layout-flow\"><div class=\"wp-block-image\">\n<figure class=\"alignleft size-large\"><img loading=\"lazy\" decoding=\"async\" width=\"1024\" height=\"217\" src=\"https:\/\/www.wikiesfera.org\/wp-content\/uploads\/2026\/02\/Copia-de-logotipo-color-min-1024x217.jpg\" alt=\"\" class=\"wp-image-11060\" srcset=\"https:\/\/www.wikiesfera.org\/wp-content\/uploads\/2026\/02\/Copia-de-logotipo-color-min-1024x217.jpg 1024w, https:\/\/www.wikiesfera.org\/wp-content\/uploads\/2026\/02\/Copia-de-logotipo-color-min-300x64.jpg 300w, https:\/\/www.wikiesfera.org\/wp-content\/uploads\/2026\/02\/Copia-de-logotipo-color-min-768x163.jpg 768w, https:\/\/www.wikiesfera.org\/wp-content\/uploads\/2026\/02\/Copia-de-logotipo-color-min-1536x326.jpg 1536w, https:\/\/www.wikiesfera.org\/wp-content\/uploads\/2026\/02\/Copia-de-logotipo-color-min-2048x435.jpg 2048w, https:\/\/www.wikiesfera.org\/wp-content\/uploads\/2026\/02\/Copia-de-logotipo-color-min-18x4.jpg 18w, https:\/\/www.wikiesfera.org\/wp-content\/uploads\/2026\/02\/Copia-de-logotipo-color-min-150x32.jpg 150w, https:\/\/www.wikiesfera.org\/wp-content\/uploads\/2026\/02\/Copia-de-logotipo-color-min-400x85.jpg 400w\" sizes=\"(max-width: 1024px) 100vw, 1024px\" \/><\/figure><\/div><\/div>\n\n\n\n<div class=\"wp-block-column is-layout-flow wp-block-column-is-layout-flow\"><div class=\"wp-block-image\">\n<figure class=\"alignleft size-large\"><img loading=\"lazy\" decoding=\"async\" width=\"1024\" height=\"238\" src=\"https:\/\/www.wikiesfera.org\/wp-content\/uploads\/2018\/04\/Wikimedia_Foundation_logo_-_horizontal.svg_-1024x238.png\" alt=\"\" class=\"wp-image-1036\" srcset=\"https:\/\/www.wikiesfera.org\/wp-content\/uploads\/2018\/04\/Wikimedia_Foundation_logo_-_horizontal.svg_-1024x238.png 1024w, https:\/\/www.wikiesfera.org\/wp-content\/uploads\/2018\/04\/Wikimedia_Foundation_logo_-_horizontal.svg_-300x70.png 300w, https:\/\/www.wikiesfera.org\/wp-content\/uploads\/2018\/04\/Wikimedia_Foundation_logo_-_horizontal.svg_-768x179.png 768w, https:\/\/www.wikiesfera.org\/wp-content\/uploads\/2018\/04\/Wikimedia_Foundation_logo_-_horizontal.svg_-150x35.png 150w, https:\/\/www.wikiesfera.org\/wp-content\/uploads\/2018\/04\/Wikimedia_Foundation_logo_-_horizontal.svg_-400x93.png 400w, https:\/\/www.wikiesfera.org\/wp-content\/uploads\/2018\/04\/Wikimedia_Foundation_logo_-_horizontal.svg_.png 2000w\" sizes=\"(max-width: 1024px) 100vw, 1024px\" \/><\/figure><\/div><\/div>\n<\/div>\n","protected":false},"excerpt":{"rendered":"<p>&gt; Tem\u00e1tica El pasado s\u00e1bado 14 de marzo, Murcia volvi\u00f3 a ser punto de encuentro para el conocimiento libre con perspectiva de g\u00e9nero con la Editatona organizada por Wikiesfera, en coordinaci\u00f3n con del Ayuntamiento de Murcia y subvencionada por el Ministerio de Cultura en el marco del proyecto \u201cCreaci\u00f3n de comunidades de conocimiento libre con [&hellip;]<\/p>\n","protected":false},"author":1,"featured_media":11499,"comment_status":"closed","ping_status":"closed","template":"","format":"gallery","meta":{"_coblocks_attr":"","_coblocks_dimensions":"","_coblocks_responsive_height":"","_coblocks_accordion_ie_support":"","footnotes":""},"class_list":["post-11496","portfolio","type-portfolio","status-publish","format-gallery","has-post-thumbnail","hentry","portfolio_category-396","portfolio_category-editatonas","portfolio_category-genero","portfolio_category-ministerio-cultura-espana","portfolio_category-wikimedia-foundation","portfolio-entry","span_1_of_4 col clr"],"_links":{"self":[{"href":"https:\/\/www.wikiesfera.org\/es\/wp-json\/wp\/v2\/portfolio\/11496","targetHints":{"allow":["GET"]}}],"collection":[{"href":"https:\/\/www.wikiesfera.org\/es\/wp-json\/wp\/v2\/portfolio"}],"about":[{"href":"https:\/\/www.wikiesfera.org\/es\/wp-json\/wp\/v2\/types\/portfolio"}],"author":[{"embeddable":true,"href":"https:\/\/www.wikiesfera.org\/es\/wp-json\/wp\/v2\/users\/1"}],"replies":[{"embeddable":true,"href":"https:\/\/www.wikiesfera.org\/es\/wp-json\/wp\/v2\/comments?post=11496"}],"version-history":[{"count":17,"href":"https:\/\/www.wikiesfera.org\/es\/wp-json\/wp\/v2\/portfolio\/11496\/revisions"}],"predecessor-version":[{"id":11793,"href":"https:\/\/www.wikiesfera.org\/es\/wp-json\/wp\/v2\/portfolio\/11496\/revisions\/11793"}],"wp:featuredmedia":[{"embeddable":true,"href":"https:\/\/www.wikiesfera.org\/es\/wp-json\/wp\/v2\/media\/11499"}],"wp:attachment":[{"href":"https:\/\/www.wikiesfera.org\/es\/wp-json\/wp\/v2\/media?parent=11496"}],"curies":[{"name":"wp","href":"https:\/\/api.w.org\/{rel}","templated":true}]}}