{"id":1008,"date":"2018-04-23T20:50:06","date_gmt":"2018-04-23T20:50:06","guid":{"rendered":"\/?post_type=portfolio&#038;p=1008"},"modified":"2025-12-23T20:34:29","modified_gmt":"2025-12-23T20:34:29","slug":"editatona-sobre-autoras-de-comic-20a","status":"publish","type":"portfolio","link":"https:\/\/www.wikiesfera.org\/es\/portfolio-item\/editatona-sobre-autoras-de-comic-20a\/","title":{"rendered":"Editatona sobre autoras de c\u00f3mic #20A"},"content":{"rendered":"\n<h1 id=\"gt-tematica\" class=\"wp-block-heading\"><strong>&gt; Tem\u00e1tica<\/strong><\/h1>\n\n\n<div class=\"wp-block-image\">\n<figure class=\"alignright\"><img fetchpriority=\"high\" decoding=\"async\" width=\"350\" height=\"546\" src=\"\/wp-content\/uploads\/2018\/04\/cubierta_WONDER-WOMAN-350x546.jpg\" alt=\"\" class=\"wp-image-1030\" srcset=\"https:\/\/www.wikiesfera.org\/wp-content\/uploads\/2018\/04\/cubierta_WONDER-WOMAN-350x546.jpg 350w, https:\/\/www.wikiesfera.org\/wp-content\/uploads\/2018\/04\/cubierta_WONDER-WOMAN-350x546-192x300.jpg 192w, https:\/\/www.wikiesfera.org\/wp-content\/uploads\/2018\/04\/cubierta_WONDER-WOMAN-350x546-96x150.jpg 96w\" sizes=\"(max-width: 350px) 100vw, 350px\" \/><\/figure><\/div>\n\n\n<p>El pasado viernes 20 de abril, con motivo de la <strong>Noche de los Libros<\/strong>, en el centro de cultura digital <strong>Medialab Prado<\/strong> de Madrid se dedic\u00f3 una <a href=\"https:\/\/www.medialab-prado.es\/actividades\/editatona-sobre-autoras-de-comic-en-wikipedia-20a\" target=\"_blank\" rel=\"noopener\">editatona nocturna a las autoras de c\u00f3mic<\/a>&nbsp;para hacer visible la ausencia de contenido relacionado con ellas en Wikipedia. Desde las 21:00 horas, participantes y organizadoras nos juntamos en la sala Alameda 0 del centro para hablar sobre la situaci\u00f3n actual de las mujeres en el mundo del c\u00f3mic y la ilustraci\u00f3n.<\/p>\n\n\n\n<p>Al contar con el apoyo del <a href=\"https:\/\/www.oxfamintermon.org\/es\/taxonomy\/term\/1037\/0\" target=\"_blank\" rel=\"noopener\">programa dom\u00e9stico de Oxfam Interm\u00f3n<\/a>, liderado por&nbsp;<strong>Zinnia Quir\u00f3s&nbsp;<\/strong>(<a href=\"https:\/\/twitter.com\/zinniaqc\" target=\"_blank\" rel=\"noopener\">@zinniaqc<\/a>), pudimos tener un picoteo para reponer fuerzas&nbsp;y regalar a las asistentes libros de autoras de c\u00f3mic espa\u00f1olas. Los t\u00edtulos, desde <a href=\"http:\/\/erratanaturae.com\/libro\/wonder-woman\/\" target=\"_blank\" rel=\"noopener\"><em>Wonder Woman. El feminismo como superpoder<\/em><\/a>, <a href=\"https:\/\/www.lacupula.com\/catalogo\/encuentros-cercanos\/\" target=\"_blank\" rel=\"noopener\"><em>Encuentros cernanos<\/em><\/a>, <a href=\"http:\/\/www.yeyeigomez.com\/naufragiouniversal\" target=\"_blank\" rel=\"noopener\"><em>Naufragio universal<\/em><\/a>, <a href=\"http:\/\/fandogamia.com\/linea-adsl\/102-busy-bitches.html\" target=\"_blank\" rel=\"noopener\"><em>Busy Bitches<\/em><\/a>, entre otros y todos de autoras espa\u00f1olas, vinieron de <a href=\"http:\/\/erratanaturae.com\/\" target=\"_blank\" rel=\"noopener\">Errata Naturae<\/a>, <a href=\"https:\/\/www.atomcomics.net\/\" target=\"_blank\" rel=\"noopener\">Atom C\u00f3mics<\/a> y <a href=\"http:\/\/thecomiccotienda.blogspot.com.es\/\" target=\"_blank\" rel=\"noopener\">The c\u00f3mic Co<\/a>.<\/p>\n\n\n\n<h1 id=\"experta\" class=\"wp-block-heading\"><strong>> Experta<\/strong><\/h1>\n\n\n\n<p>Como en cada editatona, invitamos a una experta en la tem\u00e1tica que vamos a tratar. En esta ocasi\u00f3n, contamos con la periodista, cr\u00edtica e investigadora especializada en cultura popular y feminismo <strong>Elisa McCausland&nbsp;<\/strong>(<a href=\"https:\/\/twitter.com\/reinohueco\" target=\"_blank\" rel=\"noopener\">@reinohueco<\/a>), del <a href=\"http:\/\/asociacionautoras.blogspot.com.es\/\" target=\"_blank\" rel=\"noopener\">Colectivo Autoras de C\u00f3mic<\/a> (AC) y autora del libro <em>Wonder Woman. El feminismo como superpoder<\/em>, que nos habl\u00f3 sobre la invisibilizaci\u00f3n de las mujeres en el mundo del c\u00f3mic, pese al repunte actual que estamos viviendo.<\/p>\n\n\n\n<hr class=\"wp-block-separator has-alpha-channel-opacity\"\/>\n\n\n\n<h1 id=\"gt-resultados\" class=\"wp-block-heading\"><strong>&gt; Resultados<\/strong><\/h1>\n\n\n\n<ul class=\"wp-block-list\">\n<li>N\u00famero de <strong><span style=\"text-decoration: underline;\">PARTICIPANTES:<\/span> 18<\/strong><\/li>\n\n\n\n<li>N\u00famero de <strong><span style=\"text-decoration: underline;\">ART\u00cdCULOS CREADOS<\/span>: 9<\/strong><\/li>\n<\/ul>\n\n\n\n<ol class=\"wp-block-list\">\n<li><a class=\"mw-redirect\" title=\"Piti Bartolozzi\" href=\"https:\/\/es.wikipedia.org\/wiki\/Piti_Bartolozzi\" target=\"_blank\" rel=\"noopener\">Piti Bartolozzi<\/a> (1908\u20132004)<\/li>\n\n\n\n<li><a title=\"Enriqueta Bomb\u00f3n\" href=\"https:\/\/es.wikipedia.org\/wiki\/Enriqueta_Bomb%C3%B3n\" target=\"_blank\" rel=\"noopener\">Enriqueta Bomb\u00f3n<\/a> (1925\u20131999)<\/li>\n\n\n\n<li><a title=\"Isabel Bas Amat\" href=\"https:\/\/es.wikipedia.org\/wiki\/Isabel_Bas_Amat\" target=\"_blank\" rel=\"noopener\">Isabel Bas Amat<\/a> (1931)<\/li>\n\n\n\n<li><a title=\"\" href=\"https:\/\/es.wikipedia.org\/wiki\/Gemma_Sales_i_Amill\" target=\"_blank\" rel=\"noopener\">Gemma Sales i Amill<\/a> (1945)<\/li>\n\n\n\n<li><a title=\"Mariel Soria Miranda\" href=\"https:\/\/es.wikipedia.org\/wiki\/Mariel_Soria_Miranda\" target=\"_blank\" rel=\"noopener\">Mariel Soria Miranda<\/a> (1946)<\/li>\n\n\n\n<li><a title=\"Marta Guerrero\" href=\"https:\/\/es.wikipedia.org\/wiki\/Marta_Guerrero\" target=\"_blank\" rel=\"noopener\">Marta Guerrero<\/a> (1965)<\/li>\n\n\n\n<li><a title=\"Raquel Garcia i Ulldemolins\" href=\"https:\/\/es.wikipedia.org\/wiki\/Raquel_Garcia_i_Ulldemolins\" target=\"_blank\" rel=\"noopener\">Raquel Garcia i Ulldemolins<\/a> (1972)<\/li>\n\n\n\n<li><a title=\"Olga Carmona Peral\" href=\"https:\/\/es.wikipedia.org\/wiki\/Olga_Carmona_Peral\" target=\"_blank\" rel=\"noopener\">Olga Carmona Peral<\/a> (1977)<\/li>\n\n\n\n<li><a title=\"Carla Berrocal\" href=\"https:\/\/es.wikipedia.org\/wiki\/Carla_Berrocal\" target=\"_blank\" rel=\"noopener\">Carla Berrocal<\/a> (1983)<\/li>\n<\/ol>\n\n\n\n<hr class=\"wp-block-separator has-alpha-channel-opacity\"\/>\n\n\n\n<h1 id=\"gt-colaboran\" class=\"wp-block-heading\"><strong>&gt; Colaboran<\/strong><\/h1>\n\n\n\n<div class=\"wp-block-columns is-layout-flex wp-container-core-columns-is-layout-9d6595d7 wp-block-columns-is-layout-flex\">\n<div class=\"wp-block-column is-layout-flow wp-block-column-is-layout-flow\"><div class=\"wp-block-image\">\n<figure class=\"alignleft\"><img decoding=\"async\" width=\"300\" height=\"80\" src=\"\/wp-content\/uploads\/2018\/04\/logo-MLP-2018_transparente-300x80.png\" alt=\"\" class=\"wp-image-1033\" srcset=\"https:\/\/www.wikiesfera.org\/wp-content\/uploads\/2018\/04\/logo-MLP-2018_transparente-300x80.png 300w, https:\/\/www.wikiesfera.org\/wp-content\/uploads\/2018\/04\/logo-MLP-2018_transparente-768x205.png 768w, https:\/\/www.wikiesfera.org\/wp-content\/uploads\/2018\/04\/logo-MLP-2018_transparente-1024x273.png 1024w, https:\/\/www.wikiesfera.org\/wp-content\/uploads\/2018\/04\/logo-MLP-2018_transparente-150x40.png 150w, https:\/\/www.wikiesfera.org\/wp-content\/uploads\/2018\/04\/logo-MLP-2018_transparente-400x107.png 400w\" sizes=\"(max-width: 300px) 100vw, 300px\" \/><\/figure><\/div><\/div>\n\n\n\n<div class=\"wp-block-column is-layout-flow wp-block-column-is-layout-flow\"><div class=\"wp-block-image\">\n<figure class=\"alignleft\"><img decoding=\"async\" width=\"300\" height=\"64\" src=\"\/wp-content\/uploads\/2018\/04\/logo-oxfam-horizontal-300x64.png\" alt=\"\" class=\"wp-image-1035\" srcset=\"https:\/\/www.wikiesfera.org\/wp-content\/uploads\/2018\/04\/logo-oxfam-horizontal-300x64.png 300w, https:\/\/www.wikiesfera.org\/wp-content\/uploads\/2018\/04\/logo-oxfam-horizontal-150x32.png 150w, https:\/\/www.wikiesfera.org\/wp-content\/uploads\/2018\/04\/logo-oxfam-horizontal.png 317w\" sizes=\"(max-width: 300px) 100vw, 300px\" \/><\/figure><\/div><\/div>\n\n\n\n<div class=\"wp-block-column is-layout-flow wp-block-column-is-layout-flow\"><div class=\"wp-block-image\">\n<figure class=\"alignleft\"><img loading=\"lazy\" decoding=\"async\" width=\"300\" height=\"70\" src=\"\/wp-content\/uploads\/2018\/04\/Wikimedia_Foundation_logo_-_horizontal.svg_-300x70.png\" alt=\"\" class=\"wp-image-1036\" srcset=\"https:\/\/www.wikiesfera.org\/wp-content\/uploads\/2018\/04\/Wikimedia_Foundation_logo_-_horizontal.svg_-300x70.png 300w, https:\/\/www.wikiesfera.org\/wp-content\/uploads\/2018\/04\/Wikimedia_Foundation_logo_-_horizontal.svg_-768x179.png 768w, https:\/\/www.wikiesfera.org\/wp-content\/uploads\/2018\/04\/Wikimedia_Foundation_logo_-_horizontal.svg_-1024x238.png 1024w, https:\/\/www.wikiesfera.org\/wp-content\/uploads\/2018\/04\/Wikimedia_Foundation_logo_-_horizontal.svg_-150x35.png 150w, https:\/\/www.wikiesfera.org\/wp-content\/uploads\/2018\/04\/Wikimedia_Foundation_logo_-_horizontal.svg_-400x93.png 400w, https:\/\/www.wikiesfera.org\/wp-content\/uploads\/2018\/04\/Wikimedia_Foundation_logo_-_horizontal.svg_.png 2000w\" sizes=\"(max-width: 300px) 100vw, 300px\" \/><\/figure><\/div><\/div>\n\n\n\n<div class=\"wp-block-column is-layout-flow wp-block-column-is-layout-flow\"><\/div>\n<\/div>\n\n\n\n<p>&nbsp; &nbsp; &nbsp; &nbsp;&nbsp;&nbsp;&nbsp;&nbsp; &nbsp; &nbsp;&nbsp;<\/p>\n","protected":false},"excerpt":{"rendered":"<p>&gt; Tem\u00e1tica El pasado viernes 20 de abril, con motivo de la Noche de los Libros, en el centro de cultura digital Medialab Prado de Madrid se dedic\u00f3 una editatona nocturna a las autoras de c\u00f3mic&nbsp;para hacer visible la ausencia de contenido relacionado con ellas en Wikipedia. Desde las 21:00 horas, participantes y organizadoras nos [&hellip;]<\/p>\n","protected":false},"author":1,"featured_media":4182,"comment_status":"closed","ping_status":"closed","template":"","format":"gallery","meta":{"_coblocks_attr":"","_coblocks_dimensions":"","_coblocks_responsive_height":"","_coblocks_accordion_ie_support":"","footnotes":""},"class_list":["post-1008","portfolio","type-portfolio","status-publish","format-gallery","has-post-thumbnail","hentry","portfolio_category-156","portfolio_category-editatonas","portfolio_category-glam","portfolio_category-medialab","portfolio-entry","span_1_of_4 col clr"],"_links":{"self":[{"href":"https:\/\/www.wikiesfera.org\/es\/wp-json\/wp\/v2\/portfolio\/1008","targetHints":{"allow":["GET"]}}],"collection":[{"href":"https:\/\/www.wikiesfera.org\/es\/wp-json\/wp\/v2\/portfolio"}],"about":[{"href":"https:\/\/www.wikiesfera.org\/es\/wp-json\/wp\/v2\/types\/portfolio"}],"author":[{"embeddable":true,"href":"https:\/\/www.wikiesfera.org\/es\/wp-json\/wp\/v2\/users\/1"}],"replies":[{"embeddable":true,"href":"https:\/\/www.wikiesfera.org\/es\/wp-json\/wp\/v2\/comments?post=1008"}],"version-history":[{"count":20,"href":"https:\/\/www.wikiesfera.org\/es\/wp-json\/wp\/v2\/portfolio\/1008\/revisions"}],"predecessor-version":[{"id":10590,"href":"https:\/\/www.wikiesfera.org\/es\/wp-json\/wp\/v2\/portfolio\/1008\/revisions\/10590"}],"wp:featuredmedia":[{"embeddable":true,"href":"https:\/\/www.wikiesfera.org\/es\/wp-json\/wp\/v2\/media\/4182"}],"wp:attachment":[{"href":"https:\/\/www.wikiesfera.org\/es\/wp-json\/wp\/v2\/media?parent=1008"}],"curies":[{"name":"wp","href":"https:\/\/api.w.org\/{rel}","templated":true}]}}