{"id":925,"date":"2018-03-14T17:02:54","date_gmt":"2018-03-14T17:02:54","guid":{"rendered":"\/?page_id=925"},"modified":"2026-04-28T22:44:49","modified_gmt":"2026-04-28T22:44:49","slug":"medios","status":"publish","type":"page","link":"https:\/\/www.wikiesfera.org\/es\/medios\/","title":{"rendered":"Aparici\u00f3n en medios"},"content":{"rendered":"\n<hr class=\"wp-block-separator has-alpha-channel-opacity\"\/>\n\n\n\n<div class=\"wp-block-columns is-layout-flex wp-container-core-columns-is-layout-9d6595d7 wp-block-columns-is-layout-flex\">\n<div class=\"wp-block-column is-layout-flow wp-block-column-is-layout-flow\"><div class=\"wp-block-coblocks-icon has-text-align-center is-style-filled\">\n\t\t\t\t<div class=\"wp-block-coblocks-icon__inner has-text-color\" style=\"height: 60px; width: 60px; color: #b5179e; fill: #b5179e;\">\n\t\t\t\t\t<svg fill=\"none\" viewBox=\"0 0 24 24\" xmlns=\"http:\/\/www.w3.org\/2000\/svg\"><path d=\"m19.75 8v10.7885c0 1.0833-.8794 1.9615-1.9656 1.9615-3.0519 0-8.97462 0-12.7844 0\" stroke=\"currentColor\" stroke-width=\"1.5\" fill=\"none\" \/><path clip-rule=\"evenodd\" d=\"m6 4.5h10c.2761 0 .5.22386.5.5v12c0 .2761-.2239.5-.5.5h-10c-.27614 0-.5-.2239-.5-.5v-12c0-.27614.22386-.5.5-.5zm10-1.5h-10c-1.10457 0-2 .89543-2 2v12c0 1.1046.89543 2 2 2h10c1.1046 0 2-.8954 2-2v-12c0-1.10457-.8954-2-2-2zm-1 3.75h-8v1.5h8zm-8 3.25h8v1.5h-8zm6 3.25h-6v1.5h6z\" fill=\"currentColor\" fill-rule=\"evenodd\" \/><\/svg>\n\t\t\t\t<\/div>\n\t\t\t<\/div>\n\n\n<div class=\"wp-block-coblocks-counter has-text-align-center has-large-font-size\" data-counter-speed=\"2\">+ de <strong>455<\/strong><\/div><div class=\"wp-block-coblocks-counter has-text-align-center has-large-font-size\" data-counter-speed=\"2\">noticias<\/div>\n<\/div>\n\n\n\n<div class=\"wp-block-column is-layout-flow wp-block-column-is-layout-flow\"><div class=\"wp-block-coblocks-icon has-text-align-center is-style-filled\">\n\t\t\t\t<div class=\"wp-block-coblocks-icon__inner has-text-color\" style=\"height: 60px; width: 60px; color: #b5179e; fill: #b5179e;\">\n\t\t\t\t\t<svg fill=\"none\" viewBox=\"0 0 20 20\" xmlns=\"http:\/\/www.w3.org\/2000\/svg\"><path d=\"m3.33333333 5h14.99999997v-1.66666667h-14.99999997c-.91666666 0-1.66666666.75-1.66666666 1.66666667v9.1666667h-1.66666667v2.5h11.6666667v-2.5h-8.33333337zm15.83333337 1.66666667h-5c-.4583334 0-.8333334.375-.8333334.83333333v8.3333333c0 .4583334.375.8333334.8333334.8333334h5c.4583333 0 .8333333-.375.8333333-.8333334v-8.3333333c0-.45833333-.375-.83333333-.8333333-.83333333zm-.8333334 7.50000003h-3.3333333v-5.83333337h3.3333333z\" fill=\"currentColor\" \/><\/svg>\n\t\t\t\t<\/div>\n\t\t\t<\/div>\n\n\n<div class=\"wp-block-coblocks-counter has-text-align-center has-large-font-size\" data-counter-speed=\"2\">+ de <strong>240<\/strong><\/div><div class=\"wp-block-coblocks-counter has-text-align-center has-large-font-size\" data-counter-speed=\"2\">medios<\/div>\n<\/div>\n<\/div>\n\n\n\n<hr class=\"wp-block-separator has-alpha-channel-opacity\"\/>\n\n\n\n<div class=\"wp-block-coblocks-accordion\">\n<div class=\"wp-block-coblocks-accordion-item\"><details open><summary class=\"wp-block-coblocks-accordion-item__title\">[ 2026 ]<\/summary><div class=\"wp-block-coblocks-accordion-item__content\">\n<ul class=\"wp-block-list\">\n<li>25-04-2026 | <strong>El Comercio<\/strong> | <em>Cultura<\/em><br><em><a href=\"https:\/\/www.elcomercio.es\/culturas\/arte\/artistas-asturianas-van-abriendo-paso-wikipedia-20260425213844-nt.html\">Las artistas asturianas se van abriendo paso tambi\u00e9n en Wikipedia<\/a><\/em><\/li>\n\n\n\n<li>14-04-2026 | <strong>Cadena Ser<\/strong> | <em>Hoy es Hoy Avil\u00e9s<\/em><br><em><a href=\"https:\/\/cadenaser.com\/audio\/cadenaser_aviles_hoyporhoyaviles_20260414_122000_140000\/\">Entrevista a Encina Villanueva sobre Wikiesfera y el nodo WikiAsturianes<\/a><\/em><\/li>\n\n\n\n<li>14-04-2026 | <strong>El Comercio<\/strong> | <em>Avil\u00e9s<\/em> | Cristina Del R\u00edo<br><em><a href=\"https:\/\/www.elcomercio.es\/aviles\/wikiesfera-recluta-forma-editoras-aviles-gran-enciclopedia-20260414210125-nt.html\">Wikiesfera recluta y forma editoras en Avil\u00e9s para la gran enciclopedia global<\/a><\/em><\/li>\n\n\n\n<li>14-04-2026 | <strong>Dise\u00f1o y Di\u00e1spora<\/strong> | Mariana Salgado (<a href=\"https:\/\/www.linkedin.com\/in\/marisalgado\/\" target=\"_blank\" rel=\"noreferrer noopener\">@marisalgado<\/a>)<br><em><a href=\"https:\/\/disenoydiaspora.org\/709-editar-juntas-cambiar-la-historia-espana-una-charla-con-patricia-horrillo-guerra\/\">Editar juntas, cambiar la historia (Espa\u00f1a). Una charla con Patricia Horrillo Guerra<\/a><\/em><\/li>\n\n\n\n<li>01-04-2026 |<strong> <strong>Madrid.es<\/strong><\/strong><br><a href=\"https:\/\/www.madrid.es\/portales\/munimadrid\/es\/Inicio\/Cultura-ocio-y-deporte\/Actividades-y-eventos\/Editatona-de-guardianas-de-la-verdad-con-Leticia-Garcia-Otero\/?vgnextfmt=default&amp;vgnextoid=4d2c4dbb4042d910VgnVCM200000f921e388RCRD&amp;vgnextchannel=6381f073808fe410VgnVCM2000000c205a0aRCRD\"><em>Editatona de guardianas de la verdad, con Leticia Garc\u00eda Otero<\/em><\/a><\/li>\n\n\n\n<li>30-03-2026 |<strong> <strong>Bierzo TV<\/strong> <\/strong>| <em>Cultura<\/em><br><em><a href=\"https:\/\/www.bierzotv.com\/el-programa-incandescentes-de-ciuden-reivindica-la-presencia-de-la-mujer-en-el-circo\/\">El programa Incandescentes de Ciuden reivindica la presencia de la mujer en el circo<\/a><\/em><\/li>\n\n\n\n<li>28-03-2026 |<strong> Onda Bierzo<\/strong><br><em><a href=\"https:\/\/ondabierzo.com\/las-mujeres-del-circo-siguen-sintiendose-marginadas-segun-expresaron-hoy-en-el-encuentro-incandescentes-en-la-termica-cultural\/\">Las mujeres del circo siguen sinti\u00e9ndose marginadas, seg\u00fan expresaron hoy en el encuentro \u00abIncandescentes\u00bb en La T\u00e9rmica Cultural<\/a><\/em><\/li>\n\n\n\n<li>26-03-2026 |<strong> Cope<\/strong> | <em>Bierzo<\/em><br><em><a href=\"https:\/\/www.cope.es\/emisoras\/castilla-y-leon\/leon-provincia\/bierzo\/noticias\/circo-contemporaneo-ilumina-termica-cultural-ponferrada-leon-espectaculos-reflexion-20260326_3334233.html\">El circo contempor\u00e1neo ilumina La T\u00e9rmica Cultural en Ponferrada (Le\u00f3n) con espect\u00e1culos y reflexi\u00f3n<\/a><\/em><\/li>\n\n\n\n<li>25-03-2026 |<strong> Cadena Ser<\/strong> | <em>Sociedad<\/em><br><em><a href=\"https:\/\/cadenaser.com\/castillayleon\/2026\/03\/25\/ciuden-organiza-en-la-termica-cultural-una-nueva-jornada-del-ciclo-incandescentes-e-ya-dedicada-al-circo-radio-bierzo\/\">CIUDEN organiza en La T\u00e9rmica Cultural una nueva jornada del ciclo \u2018\u2018Incandescentes. E_ya\u2019, dedicada al circo<\/a><\/em><\/li>\n\n\n\n<li>25-03-2026 |<strong> Le\u00f3n 24 horas<\/strong> | <em>Ocio<\/em><br><em><a href=\"https:\/\/leon24horas.net\/ocio\/el-circo-protagoniza-incandescentes-e_ya-este-sabado-en-la-termica-cultural\/\">El circo protagoniza \u2018Incandescentes E_ya\u2019 este s\u00e1bado en La T\u00e9rmica Cultural<\/a><\/em><\/li>\n\n\n\n<li>25-03-2026 |<strong> El Heraldo de Le\u00f3n<\/strong> | <em>El Bierzo<\/em><br><a href=\"https:\/\/www.heraldodeleon.es\/articulo\/el-bierzo\/circo-protagoniza-nueva-edicion-incandescentes-termica-cultural\/20260325104906080935.html\"><em>El circo protagoniza una nueva edici\u00f3n de &#8216;Incandescentes E_ya&#8217; en La T\u00e9rmica Cultural<\/em><\/a><\/li>\n\n\n\n<li>25-03-2026 |<strong> La Nueva Cr\u00f3nica<\/strong> | <em>El Bierzo<\/em><br><em><a href=\"https:\/\/www.lanuevacronica.com\/el-bierzo\/termica-cultural-acoge-jornada-sobre-circo-contemporaneo-dentro-ciclo-incandescentes_193494_102.html\">La T\u00e9rmica Cultural acoge una jornada sobre circo contempor\u00e1neo dentro del ciclo \u2018Incandescentes\u2019<\/a><\/em><\/li>\n\n\n\n<li>25-03-2026 |<strong> Bierzo Diario<\/strong> | <em>Cultura<\/em><br><em><a href=\"https:\/\/www.bierzodiario.es\/?p=185457\">Una jornada re\u00fane reflexi\u00f3n y pr\u00e1ctica esc\u00e9nica en torno al circo contempor\u00e1neo<\/a><\/em><\/li>\n\n\n\n<li>25-03-2026 | <strong>Ponferrada Hoy<\/strong><br><em><a href=\"https:\/\/ponferradahoy.com\/la-termica-cultural-se-convierte-en-el-epicentro-del-circo-contemporaneo-con-incandescentes-e_ya\/\">La T\u00e9rmica Cultural se convierte en el epicentro del circo contempor\u00e1neo con \u2018Incandescentes. E_ya\u2019<\/a><\/em><\/li>\n\n\n\n<li>25-03-2026 | <strong>InfoBierzo<\/strong> | <em>Cultura<\/em> <br><em><a href=\"https:\/\/www.infobierzo.com\/cultura-bierzo-agenda-eventos\/incandescentes-circo-contemporaneo-termica-ponferrada_1034069_102.html#google_vignette\">\u00a1No te pierdas &#8216;Incandescentes&#8217;! El circo contempor\u00e1neo toma Ponferrada<\/a><\/em><\/li>\n\n\n\n<li>17-03-2026 |<strong> Bierzo TV<\/strong> | <em>Cultura<\/em><br><em><a href=\"https:\/\/www.bierzotv.com\/ciuden-invita-a-participar-en-una-editatona-dedicada-a-las-mujeres-del-circo\/amp\/\">Ciuden invita a participar en una editatona dedicada a las mujeres del circo<\/a><\/em><\/li>\n\n\n\n<li>17-03-2026 |<strong> Qu\u00e9 ver en Ponferrada<\/strong><br><em><a href=\"https:\/\/queverenponferrada.com\/editatona-mujeres-del-circo-en-la-termica-cultural\/\">Editatona: Mujeres del circo en La T\u00e9rmica Cultural<\/a><\/em><\/li>\n\n\n\n<li>17-03-2026 |<strong> La Nueva Cr\u00f3nica<\/strong> | <em>El Bierzo<\/em><br><em><a href=\"https:\/\/www.lanuevacronica.com\/el-bierzo\/termica-cultural-acoge-editatona-sobre-mujeres-circenses-incluirlas-en-wikipedia_192988_102.html\">La T\u00e9rmica Cultural acoge una &#8216;editatona&#8217; sobre mujeres circenses para para incluirlas en Wikipedia<\/a><\/em><\/li>\n\n\n\n<li>17-03-2026 |<strong> Ponferrada Hoy<\/strong><br><em><a href=\"https:\/\/ponferradahoy.com\/la-termica-cultural-acoge-una-editatona-para-visibilizar-a-las-mujeres-del-circo-en-wikipedia\/\">La T\u00e9rmica Cultural acoge una \u00abeditatona\u00bb para visibilizar a las mujeres del circo en Wikipedia<\/a><\/em><\/li>\n\n\n\n<li>17-03-2026 | <strong>InfoBierzo<\/strong> | <em>Ponferrada<\/em><br><em><a href=\"https:\/\/www.infobierzo.com\/ponferrada\/ciuden-editatona-mujeres-circo-wikipedia-ponferrada_1033796_102.html\">Ciuden organiza en Ponferrada una editatona para visibilizar a las mujeres del circo en Wikipedia<\/a><\/em><\/li>\n\n\n\n<li>10-03-2026 | <strong>Diario de Le\u00f3n<\/strong> | <em>El Bierzo<\/em><br><em><a href=\"https:\/\/cadenaser.com\/castillayleon\/2026\/03\/09\/una-propuesta-feminista-de-conde-gaton-en-la-agenda-de-la-termica-cultural-radio-bierzo\/\">La T\u00e9rmica Cultural de Ponferrada abre este jueves el ciclo de Cine y Memoria Democr\u00e1tica<\/a><\/em><\/li>\n\n\n\n<li>09-03-2026 | <strong>Cadena Ser<\/strong> | <em>Sociedad<\/em><br><em><a href=\"https:\/\/cadenaser.com\/castillayleon\/2026\/03\/09\/una-propuesta-feminista-de-conde-gaton-en-la-agenda-de-la-termica-cultural-radio-bierzo\/\">Una propuesta feminista de Conde Gat\u00f3n, en la agenda de la T\u00e9rmica Cultural<\/a><\/em><\/li>\n\n\n\n<li>07-03-2026 | <strong>Le\u00f3n 24 horas<\/strong> | <em>Cultura<\/em><br><em><a href=\"https:\/\/leon24horas.net\/cultura\/la-termica-cultural-y-el-museo-de-la-energia-dedican-su-programacion-de-marzo-al-dia-internacional-de-la-mujer\/\">La T\u00e9rmica Cultural y el Museo de la Energ\u00eda dedican su programaci\u00f3n de marzo al D\u00eda Internacional de la Mujer<\/a><\/em><\/li>\n\n\n\n<li>06-03-2026 | <strong>La T\u00e9rmica Cultural<\/strong><br><em><a href=\"https:\/\/leon24horas.net\/cultura\/la-termica-cultural-y-el-museo-de-la-energia-dedican-su-programacion-de-marzo-al-dia-internacional-de-la-mujer\/\"><em><a href=\"https:\/\/latermicacultural.es\/agenda\/incandescentes-2026\/\">Incandescentes. E_Ya. Circo, cultura y pensamiento<\/a><\/em><\/a><\/em><\/li>\n\n\n\n<li>03-03-2026 | <strong>El Bierzo Digital<\/strong><br><em><a href=\"https:\/\/www.elbierzodigital.com\/termica-cultural-fabrica-luz-nuevas-actividades-mes-marzo\/\">La T\u00e9rmica Cultural y la F\u00e1brica de la Luz acoger\u00e1n nuevas actividades durante el mes de marzo<\/a><\/em><\/li>\n\n\n\n<li>03-03-2026 | <strong>El Buscador<\/strong><br><em><a href=\"https:\/\/www.periodicoelbuscador.com\/articulo\/bierzo\/termica-cultural-fabrica-luz-celebran-8m-amplia-programacion-cultural\/20260303180503039594.html\">La T\u00e9rmica Cultural y La F\u00e1brica de Luz celebran el 8M con una amplia programaci\u00f3n cultural<\/a><\/em><\/li>\n\n\n\n<li>03-03-2026 | <strong>Agencia de Noticias de Castilla y Le\u00f3n<\/strong> | <em>Turismo<\/em><br><em><a href=\"https:\/\/turismo.agenciaical.es\/Mostrar.cfm\/noticias\/I\/termica\/cultural\/museo\/energia\/dedican\/programacion\/marzo\/dia\/internacional\/mujer\/699266\">La T\u00e9rmica Cultural y el Museo de la Energ\u00eda dedican su programaci\u00f3n de marzo al D\u00eda Internacional de la Mujer<\/a><\/em><\/li>\n\n\n\n<li>03-03-2026 | <strong>InfoBierzo<\/strong> | <em>Cultura<\/em><br><em><a href=\"https:\/\/www.infobierzo.com\/cultura-bierzo-agenda-eventos\/agenda-programa-actividades-marzo-termica-cultural-museo-energia-ponferrada_1033273_102_amp.html\">Marzo lleno de arte y empoderamiento femenino en La T\u00e9rmica Cultural y el Museo de la Energ\u00eda de Ponferrada<\/a><\/em><\/li>\n\n\n\n<li>02-03-2026 | <strong>RTVE<\/strong> <br><em><a href=\"https:\/\/www.rtve.es\/rtve\/20260302\/igualdad-recorre-todas-emisoras-rne-programacion-especial-dia-mujer\/16961600.shtml\">La igualdad recorre todas las emisoras de RNE en su programaci\u00f3n especial por el D\u00eda de la Mujer<\/a><\/em><\/li>\n\n\n\n<li>12-02-2026 | <strong>ElDiario.es<\/strong> | <em>Animals Politics<\/em> <br><em><a href=\"https:\/\/www.eldiario.es\/comunitat-valenciana\/animals-politics\/dictadura-dels-algoritmes_132_12983750.html\">La dictadura dels algoritmes<\/a><\/em><\/li>\n\n\n\n<li>11-02-2026 | <strong>Law&amp;Trends<\/strong> | Diego Fierro Rodr\u00edguez<br><em><a href=\"https:\/\/www.lawandtrends.com\/noticias\/ciberderecho\/apuntes-juridicos-a-la-luz-de-los-25-anos-de-vida-de-la-wikipedia-1.html\">Apuntes jur\u00eddicos a la luz de los 25 a\u00f1os de vida de la Wikipedia<\/a><\/em><\/li>\n\n\n\n<li>11-02-2026 | <strong>P\u00fablico<\/strong> | <em>Ciencias<\/em> | Adhik Arrilucea (<a href=\"https:\/\/www.instagram.com\/adhik.arrilucea\" target=\"_blank\" rel=\"noreferrer noopener\">@adhik.arrilucea<\/a>)<br><a href=\"https:\/\/www.publico.es\/ciencias\/participacion-mujeres-ciencia-mejora-calidad-conocimiento.html\" target=\"_blank\" rel=\"noreferrer noopener\"><em>Por qu\u00e9 la participaci\u00f3n de las mujeres en la ciencia mejora la calidad del conocimiento<\/em><\/a><\/li>\n\n\n\n<li>26-01-2026 | <strong>Radio 3<\/strong> | <em>Nanana<\/em> | Mar\u00eda Taosa (<a href=\"https:\/\/www.instagram.com\/mariataosa\" target=\"_blank\" rel=\"noreferrer noopener\">@mariataosa<\/a>)<br><em><a href=\"https:\/\/www.rtve.es\/play\/audios\/nanana\/nanana-analisis-wikipedia-valor-inteligencia-colectiva-26-01-2026\/16910051\/\">Wikipedia y el valor de la inteligencia colectiva<\/a><\/em><\/li>\n\n\n\n<li>26-01-2026 | <strong>Newtral<\/strong> | Mario Viciosa (<a href=\"https:\/\/www.instagram.com\/marioveinte\" target=\"_blank\" rel=\"noreferrer noopener\">@marioveinte<\/a>)<br><em><a href=\"https:\/\/www.newtral.es\/wikipedia-reto-ia-nuevos-sesgos-machistas-verdad\/20260126\/\">Wikipedia, ante al reto de las IA y los nuevos sesgos machistas cuando la verdad no importa a todo el mundo<\/a><\/em><\/li>\n\n\n\n<li>22-01-2026 | <strong>Onda Cero<\/strong> | <em>Por fin \/ Onda retro radio<\/em> | Mario Viciosa (<a href=\"https:\/\/www.instagram.com\/marioveinte\" target=\"_blank\" rel=\"noreferrer noopener\">@marioveinte<\/a>)<br><a href=\"https:\/\/www.ondacero.es\/podcast\/programas\/por-fin\/onda-retro-radio\/onda-retro-radio-2212026-aquellas-enciclopedias_20260122697249be8ef6644aa314ce22.html\">Pieza sobre el 25 aniversario de Wikipedia<\/a><\/li>\n\n\n\n<li>15-01-2026 | <strong>Arag\u00f3n TV <\/strong> | <em>Informativos<\/em><br><em><a href=\"https:\/\/www.youtube.com\/watch?v=vecFDp6LSNc\">Entrevista realizada al grupo de editoras de WikiArag\u00f3n con motivo del 25 aniversario de Wikipedia<\/a> <\/em><\/li>\n<\/ul>\n\n\n\n<figure class=\"wp-block-embed is-type-video is-provider-youtube wp-block-embed-youtube wp-embed-aspect-16-9 wp-has-aspect-ratio\"><div class=\"wp-block-embed__wrapper\">\n<iframe title=\"WikiArag\u00f3n en Arag\u00f3nTV enero2026\" width=\"980\" height=\"551\" src=\"https:\/\/www.youtube.com\/embed\/vecFDp6LSNc?feature=oembed\" frameborder=\"0\" allow=\"accelerometer; autoplay; clipboard-write; encrypted-media; gyroscope; picture-in-picture; web-share\" referrerpolicy=\"strict-origin-when-cross-origin\" allowfullscreen><\/iframe>\n<\/div><\/figure>\n\n\n\n<ul class=\"wp-block-list\">\n<li>15-01-2026 | <strong>RTVE <\/strong> | <em>Sociedad<\/em> | Juan Calleja<br><em><a href=\"https:\/\/www.rtve.es\/noticias\/20260115\/wikipedia-25-anos-espacio-no-empresa-ni-publicidad\/16895934.shtml\">Wikipedia celebra 25 a\u00f1os: \u00abSigue siendo necesario un espacio que no dependa de ninguna empresa\u00bb<\/a><\/em><\/li>\n\n\n\n<li>15-01-2026 | <strong>Arag\u00f3n TV <\/strong> | <em>Aqu\u00ed y ahora<\/em><br><em><a href=\"https:\/\/youtu.be\/fxfQdXgBXDk\">Entrevista a Patricia Horrillo por el 25 aniversario de Wikipedia<\/a><\/em><\/li>\n<\/ul>\n\n\n\n<figure class=\"wp-block-embed is-type-video is-provider-youtube wp-block-embed-youtube wp-embed-aspect-16-9 wp-has-aspect-ratio\"><div class=\"wp-block-embed__wrapper\">\n<iframe title=\"Entrevista a Patricia Horrillo en el programa &quot;Aqu\u00ed y ahora&quot; de Arag\u00f3n TV (15\/01\/2026)\" width=\"980\" height=\"551\" src=\"https:\/\/www.youtube.com\/embed\/fxfQdXgBXDk?feature=oembed\" frameborder=\"0\" allow=\"accelerometer; autoplay; clipboard-write; encrypted-media; gyroscope; picture-in-picture; web-share\" referrerpolicy=\"strict-origin-when-cross-origin\" allowfullscreen><\/iframe>\n<\/div><\/figure>\n<\/div><\/details><\/div>\n<\/div>\n\n\n\n<div class=\"wp-block-coblocks-accordion\">\n<div class=\"wp-block-coblocks-accordion-item\"><details open><summary class=\"wp-block-coblocks-accordion-item__title\">[ 2025 ]<\/summary><div class=\"wp-block-coblocks-accordion-item__content\">\n<ul class=\"wp-block-list\">\n<li>01-01-2025 | <strong>Los Angeles Press<\/strong><br><a href=\"https:\/\/www.losangelespress.org\/noticias\/musk-ataca-la-financiacion-de-wikipedia-en-plena-campana-de-donaciones-20250101-10616.html\">Musk ataca la financiaci\u00f3n de Wikipedia en plena campa\u00f1a de donaciones<\/a><\/li>\n\n\n\n<li>02-01-2025 | <strong>Urgente24<\/strong><br><a href=\"https:\/\/urgente24.com\/mundo\/elon-musk-vs-wikipedia-enciclopedia-o-maquina-adoctrinamiento-n592905\">Elon Musk vs Wikipedia: \u00bfEnciclopedia o m\u00e1quina de adoctrinamiento?<\/a><\/li>\n\n\n\n<li>07-01-2025 | <strong>Radio Euskadi<\/strong> | <em>Boulevard<\/em> | Andrea Alfaro<br><a href=\"https:\/\/www.eitb.eus\/es\/radio\/radio-euskadi\/programas\/boulevard-ii\/audios\/detalle\/9665070\/boulevard-ii-20242025-07012025\/\">Entrevista a Patricia Horrillo sobre Wikiesfera<\/a><\/li>\n\n\n\n<li>23-01-2025 |<strong> P\u00fablico<\/strong> | <em>Sociedad<\/em> | Adhik Arrilucea (<a href=\"https:\/\/twitter.com\/adhikarrilucea\" target=\"_blank\" rel=\"noreferrer noopener\">@adhikarrilucea<\/a>)<br><em><a href=\"https:\/\/www.publico.es\/sociedad\/tenista-rafa-nadal-eclipsa-honoris-causa-premio-nobel-emmanuelle-charpentier.html\">El tenista Rafa Nadal eclipsa con su &#8216;honoris causa&#8217; el de la premio Nobel Emmanuelle Charpentier<\/a><\/em><\/li>\n\n\n\n<li>23-01-2025 |<strong> Saldremos Mejores<\/strong> | In\u00e9s Hernand (<a href=\"https:\/\/www.instagram.com\/ineshernand\/\">@ineshernand<\/a>) y Nerea P\u00e9rez de las Heras (<a href=\"https:\/\/www.instagram.com\/nereaperezdelasheras\/\">@nereaperezdelasheras<\/a>)<br><em><a href=\"https:\/\/youtu.be\/t0HI1lpCE3U?si=AMvo6cwl_ve_MuKZ\">Intervenci\u00f3n en el programa \u00abSaldremos contra los magnates tecnol\u00f3gicos\u00bb 4&#215;19 <\/a><\/em><\/li>\n<\/ul>\n\n\n\n<figure class=\"wp-block-embed is-type-video is-provider-youtube wp-block-embed-youtube wp-embed-aspect-16-9 wp-has-aspect-ratio\"><div class=\"wp-block-embed__wrapper\">\n<iframe title=\"SALDREMOS DE LOS MAGNATES TECNOL\u00d3GICOS (4x19)\" width=\"980\" height=\"551\" src=\"https:\/\/www.youtube.com\/embed\/t0HI1lpCE3U?feature=oembed\" frameborder=\"0\" allow=\"accelerometer; autoplay; clipboard-write; encrypted-media; gyroscope; picture-in-picture; web-share\" referrerpolicy=\"strict-origin-when-cross-origin\" allowfullscreen><\/iframe>\n<\/div><\/figure>\n\n\n\n<ul class=\"wp-block-list\">\n<li>24-01-2025 | <strong>P\u00fablico<\/strong> | <em>Columnas<\/em> | Patricia Horrillo<br><em><a href=\"https:\/\/www.publico.es\/opinion\/columnas\/elon-musk-puede-comprar-wikipedia-le-molesta.html\">Art\u00edculo de opini\u00f3n: \u00abPor qu\u00e9 Elon Musk no puede comprar Wikipedia (y eso le molesta)\u00bb<\/a><\/em><\/li>\n\n\n\n<li>24-01-2025 | <strong>Asociaci\u00f3n de Comunicaci\u00f3n Pol\u00edtica<\/strong> | <em>Entrevista<\/em> | Claudia Ortega Chiveli (<a href=\"https:\/\/x.com\/claudia_chvl\" data-type=\"link\" data-id=\"https:\/\/x.com\/claudia_chvl\">@claudia_chvl<\/a>)<br><em><a href=\"https:\/\/compolitica.com\/n100-et-2-el-mundo-que-viene\/\">Entrevista a Patricia Horrillo: \u00abPensar que se puede comprar Wikipedia y acabar con ella indica un desconocimiento absoluto\u00bb<\/a><\/em><\/li>\n\n\n\n<li>28-01-2025 | <strong>Fundaci\u00f3 Ferrer i Gu\u00e0rdia<\/strong> <br><em><a href=\"https:\/\/www.youtube.com\/watch?v=bCLB6GnmJIg\">Patricia Horrillo | Encuesta Brecha Digital de G\u00e9nero<\/a><\/em><\/li>\n\n\n\n<li>01-02-2025 | <strong>Noticias Obreras<\/strong> | <em>Entrevista<\/em> | Jos\u00e9 Luis Palacios<br><em><a href=\"https:\/\/noticiasobreras.es\/2025\/02\/patricia-horrillo-experta-en-comunicacion-el-algoritmo-en-redes-sociales-favorece-la-confrontacion-y-el-odio\/\" data-type=\"link\" data-id=\"https:\/\/noticiasobreras.es\/2025\/02\/patricia-horrillo-experta-en-comunicacion-el-algoritmo-en-redes-sociales-favorece-la-confrontacion-y-el-odio\/\">Patricia Horrillo, experta en comunicaci\u00f3n: \u00abEl algoritmo en redes sociales favorece la confrontaci\u00f3n y el odio\u00bb<\/a><\/em><\/li>\n\n\n\n<li>07-02-2025 | <strong>7.000 caracteres<\/strong> | Queralt Castillo e Hibai Arbide<br><em><a href=\"https:\/\/open.spotify.com\/episode\/2Gd6mbGPufb0XK9UZKjUup\" data-type=\"link\" data-id=\"https:\/\/open.spotify.com\/episode\/2Gd6mbGPufb0XK9UZKjUup\">Wikipedia y Elon Musk, con Patricia Horrillo<\/a><\/em><\/li>\n\n\n\n<li>11-02-2025 | <strong>Radio Televisi\u00f3n Canaria<\/strong> | Ivone Palenzuela Rodr\u00edguez<br><em><a href=\"https:\/\/www.youtube.com\/watch?v=yIn_PPEfk4k&amp;t=1291s\" data-type=\"link\" data-id=\"https:\/\/www.youtube.com\/watch?v=yIn_PPEfk4k&amp;t=1291s\">Entrevista a Patricia Horrillo, fundadora de Wikiesfera, con motivo del 11F D\u00eda Internacional de la Mujer y la Ni\u00f1a en la Ciencia<\/a><\/em><\/li>\n\n\n\n<li>02-03-2025 | <strong>Peri\u00f3dicas<\/strong> <br><em><a href=\"https:\/\/periodicas.com.ar\/2025\/03\/02\/tiempo-feminista-una-campana-para-escribir-wikipedia-debatir-y-activar-en-internet\/\">Tiempo feminista: una campa\u00f1a para escribir Wikipedia, debatir y activar en Internet<\/a><\/em><\/li>\n\n\n\n<li>03-03-2025 | <strong>20 Minutos<\/strong> |<strong> <\/strong> Amaya Larra\u00f1eta<br><em><a href=\"https:\/\/www.20minutos.es\/noticia\/5686834\/0\/premios-avanzadoras-directo-20minutos-oxfam-reivindican-las-mujeres-que-transforman-mundo-un-lugar-mejor\/?autoplay\">Los Premios Avanzadoras 2025 homenajean a cinco mujeres cuyo tes\u00f3n empodera a las dem\u00e1s para \u00abadelantar el reloj de la Historia\u00bb<\/a><\/em><\/li>\n\n\n\n<li>03-03-2025 | <strong>ElDiario.es<\/strong> <strong>|<\/strong> Francisca Bravo Miranda<br><em><a href=\"https:\/\/www.eldiario.es\/castilla-la-mancha\/provincias\/toledo\/legado-oculto-mujeres-sefardies-literatura-garantes-tradiciones-vida-publica-privada_1_12099054.html\">Ruta por el legado oculto de las mujeres sefard\u00edes en Toledo, \u201cgarantes de tradiciones\u201d en la vida p\u00fablica y privada<\/a><\/em><\/li>\n\n\n\n<li>03-03-2025 | <strong>8 directo <\/strong><br><a href=\"https:\/\/www.8directo.com\/la-linea\/linense-begona-arana-finalista-premio-avanzadoras-2025_623508_102.html\">&nbsp;<em>La linense Bego\u00f1a Arana, finalista del premio Avanzadoras 2025<\/em><\/a><\/li>\n\n\n\n<li>03-03-2025 | <strong>La Vanguardia <\/strong><br><em><em><em><a href=\"https:\/\/www.lavanguardia.com\/sociedad\/20250303\/10440858\/oxfam-intermon-20-minutos-reconocen-premios-avanzadoras-2025-liderazgo-femenino-desigualdad-agenciaslv20250303.html\">Oxfam Interm\u00f3n y &#8217;20 Minutos&#8217; reconocen con sus Premios Avanzadoras 2025 el liderazgo femenino contra la desigualdad<\/a><\/em><\/em><\/em><\/li>\n\n\n\n<li>03-03-2025 | <strong>Diff Wikimedia Foundation<\/strong><br><em><em><a href=\"https:\/\/diff.wikimedia.org\/es\/2025\/03\/03\/lanzamos-la-campana-tiempo-feminista-tiempo-para-editar-los-proyectos-wikimedia\/\">Lanzamos la campa\u00f1a Tiempo feminista: tiempo para editar los proyectos wikimedia<\/a><\/em><\/em><\/li>\n\n\n\n<li>03-03-2025 | <strong>El D\u00eda digital.es<\/strong><br><a href=\"https:\/\/eldiadigital.es\/art\/486817\/el-museo-sefardi-reivindica-el-papel-de-sus-mujeres-en-la-cultura-y-la-historia\"><em>El Museo Sefard\u00ed reivindica el papel de sus mujeres en la cultura y la historia<\/em><\/a><\/li>\n\n\n\n<li>03-03-2025 |<strong> Torrijos Today<\/strong><br><em><a href=\"https:\/\/torrijostoday.com\/castilla-la-mancha\/el-museo-sefardi-reivindica-el-papel-de-sus-mujeres-en-la-cultura-y-la-historia-con-visitas-a-su-biblioteca\/\">El Museo Sefard\u00ed reivindica el papel de sus mujeres en la cultura y la historia con visitas a su biblioteca<\/a><\/em><\/li>\n\n\n\n<li>03-03-2025 |<strong> ABC<\/strong> | <em>Cultura<\/em><br><em><a href=\"https:\/\/www.abc.es\/cultura\/museo-sefardi-reivindica-papel-mujeres-cultura-historia-20250303142727-vi.html\">El Museo Sefard\u00ed reivindica el papel de sus mujeres en la cultura y la historia<\/a><\/em><\/li>\n\n\n\n<li>05-03-2025 | <strong>infoLibre <\/strong>| Alba Pracedo<br><em><a href=\"https:\/\/www.infolibre.es\/medios\/wikipedia-no-wokepedia-dice-musk-todavia-machista-homofoba-conservadora_1_1952705.html\">Sobran futbolistas, pero faltan mujeres y activistas LGTBI: Wikipedia es sexista, hom\u00f3foba y conservadora<\/a><\/em><\/li>\n\n\n\n<li>07-03-2025 | <strong>P\u00fablico <\/strong>| Miguel Mu\u00f1oz<br><em><a href=\"https:\/\/www.publico.es\/politica\/gobierno\/sanchez-acto-8m-espana-convertido-referente-global-feminismo.amp.html\">S\u00e1nchez, en el acto del 8M: \u00abEspa\u00f1a se ha convertido en un referente global del feminismo\u00bb<\/a><\/em><\/li>\n\n\n\n<li>08-03-2025 | <strong>20 Minutos <\/strong>| <em>Especial 8M<\/em><br><a href=\"https:\/\/www.20minutos.es\/especiales\/especial-8-m-dia-de-la-mujer\/\">Repositorio de finalistas y premidas de los Premios Avanzadoras 2025<\/a><\/li>\n\n\n\n<li>14-03-2025 | <strong>Talento para el futuro<\/strong><br><em><a href=\"https:\/\/talentoparaelfuturo.com\/las-voces-de-las-mujeres-en-los-espacios-publicos-reflexiones-desde-la-mesa-redonda\/\">Las voces de las mujeres en los espacios p\u00fablicos: reflexiones desde la mesa redonda<\/a><\/em><\/li>\n\n\n\n<li>14-03-2025 | <strong>Cadena<\/strong> <strong>SER <\/strong>| <em>La ventana de Castilla-La Mancha<\/em><br>&nbsp;<em><a href=\"https:\/\/cadenaser.com\/castillalamancha\/2025\/03\/14\/el-museo-sefardi-celebra-una-editatona-para-poner-en-el-mapa-digital-a-las-mujeres-doblemente-olvidadas-ser-toledo\/\">El Museo Sefard\u00ed celebra una &#8216;editatona&#8217; para poner en el mapa digital a las mujeres \u00abdoblemente olvidadas\u00bb<\/a><\/em><\/li>\n\n\n\n<li>21-03-2025 | <strong><strong>P\u00fablico<\/strong><\/strong> | <em>Revista N\u00ba29&nbsp;<\/em>| Patricia Horrillo<br><em>De la utop\u00eda digital al tecnofeudalismo: la lucha por una Internet libre<\/em><\/li>\n\n\n\n<li>24-03-2025 | <strong><strong>RTVE<\/strong><\/strong> | <em>Sociedad&nbsp;<\/em>| In\u00e9s Modr\u00f3n Lecue<br><em><em><a href=\"https:\/\/www.rtve.es\/noticias\/20250324\/wikisfera-conocimiento-libre-musk-no-puede-comprar\/16496550.shtml\">Wikiesfera, basti\u00f3n del conocimiento libre en ese rinc\u00f3n de internet que Musk no puede comprar<\/a><\/em> <\/em><\/li>\n\n\n\n<li>05-04-2025 |<strong><strong> <\/strong>Diario de Le\u00f3n <\/strong>| <em>Ponferrada<\/em><br><em><a href=\"https:\/\/www.diariodeleon.es\/bierzo\/250405\/1963515\/ciuden-abre-wikipedia-energia-mujer.html\">Ciuden abre la Wikipedia de la energ\u00eda a la mujer<\/a><\/em><\/li>\n\n\n\n<li>05-04-2025 |<strong><strong> <\/strong>El Bierzo Digital <\/strong>| Sonia Bard\u00f3n<br><em><a href=\"https:\/\/www.elbierzodigital.com\/objetivo-visibilizar-la-contribucion-de-las-mujeres-en-los-sectores-de-energia-y-medio-ambiente\">Objetivo: visibilizar la contribuci\u00f3n de las mujeres en los sectores de energ\u00eda y medio ambiente<\/a><\/em><\/li>\n\n\n\n<li>05-04-2025 |<strong><strong> <\/strong>Bierzo Diario <\/strong>| <em>Sociedad<\/em><br><em><em><em><em><em><a href=\"https:\/\/leon24horas.net\/agenda-cultural\/cita-en-ponferrada-para-editar-wikipedia-con-entradas-sobre-mujeres-en-la-energia-y-el-medioambiente\/\"><em><\/em><\/a><em><a href=\"https:\/\/www.bierzodiario.es\/?p=163229\">Culmina en Ponferrada un cap\u00edtulo en la visibilizaci\u00f3n de las mujeres en la energ\u00eda<\/a><\/em><\/em><\/em><\/em><\/em><\/em><\/li>\n\n\n\n<li>05-04-2025 |<strong><strong> <\/strong>Le\u00f3n 24 horas <\/strong>| <em>Agenda cultural <\/em><br><em><em><em><em><em><a href=\"https:\/\/leon24horas.net\/agenda-cultural\/cita-en-ponferrada-para-editar-wikipedia-con-entradas-sobre-mujeres-en-la-energia-y-el-medioambiente\/\">Cita en Ponferrada para editar Wikipedia con entradas sobre mujeres en la energ\u00eda y el medioambiente<\/a><\/em><\/em><\/em><\/em><\/em><\/li>\n\n\n\n<li>05-04-2025 |<strong><strong> La Nueva<\/strong><\/strong> <strong>Cr\u00f3nica<\/strong> | Mar Iglesias<br><em><em><em><em><a href=\"https:\/\/www.lanuevacronica.com\/el-bierzo\/ciuden-colabora-en-entrada-mujeres-relacionadas-con-energia-medio-ambiente-en-wikipedia_173389_102.html\">Ciuden colabora en la entrada de mujeres relacionadas con la energ\u00eda y el medio ambiente en Wikipedia<\/a><\/em><\/em><\/em><\/em><\/li>\n\n\n\n<li>05-04-2025 |<strong><strong> Bierzo TV<\/strong><\/strong> | Ponferrada<br><em><em><em><a href=\"https:\/\/www.bierzotv.com\/editatona-en-la-termica-para-visibilizar-a-mujeres-destacadas-en-energia-y-medio-ambiente\/\">Editatona en la T\u00e9rmica para visibilizar a mujeres destacadas en energ\u00eda y medio ambiente<\/a><\/em><\/em><\/em><\/li>\n\n\n\n<li>16-04-2025 |<strong><strong> <\/strong>P\u00fablico <\/strong> | <em>Especiales&nbsp;<\/em>| Patricia Horrillo<br><em>&nbsp;<em><a href=\"https:\/\/www.publico.es\/especiales\/autoritarismo-y-reaccion\/utopia-digital-tecnofeudalismo-lucha-internet-libre.html\">De la utop\u00eda digital al tecnofeudalismo: la lucha por una Internet libre<\/a><\/em><\/em><\/li>\n\n\n\n<li>16-04-2025 |<strong><strong> <\/strong>P\u00fablico <\/strong> | <em>Opini\u00f3n&nbsp;<\/em>| Noelia Ad\u00e1nez<br><em>&nbsp;<em><a href=\"https:\/\/www.publico.es\/especiales\/autoritarismo-y-reaccion\/mosaico-ultra.html\">El mosaico ultra<\/a><\/em><\/em><\/li>\n\n\n\n<li>22-04-2025 |<strong><strong> <\/strong>Radio Ona Codinenca <\/strong> | <em>Programa la Viquipregunta&nbsp;<\/em>| Gemma A\u00efsa<br><em>&nbsp;<em><em><a href=\"https:\/\/laviquipregunta.cat\/programa\/viquipedia-planta-cara-a-elon-musk\">Viquip\u00e8dia planta cara a Elon Musk!<\/a><\/em>&nbsp;<\/em><\/em><\/li>\n\n\n\n<li>13-05-2025 |<strong><strong> <\/strong>Cadena Ser <\/strong> | <em>La Ventana Regi\u00f3n de Murcia<\/em><br><em><em><em><a href=\"https:\/\/cadenaser.com\/audio\/ser_murcia2_laventanaregiondemurcia_20250513_192000_194000\/?mm_time=200&amp;mm_time_id=ser_murcia2_laventanaregiondemurcia_20250513_192000_194000&amp;ssm=whatsapp\">Entrevista a Patricia Horrillo con motivo de su ponencia al d\u00eda siguiente en la Clausura del M\u00e1ster en Sociedad Digital: Investigaci\u00f3n y An\u00e1lisis de las Transformaciones sociales de la Universidad de Murcia<\/a><\/em><\/em><\/em><\/li>\n\n\n\n<li>05-06-2025 |<strong> Eldiario.es<\/strong> <br><em><em><em><a href=\"https:\/\/www.youtube.com\/watch?v=AZ1XatbW_GU\">Intervenci\u00f3n en el 11\u00ba aniversario de Micromachismos.<\/a>&nbsp;<em>&#8216;De &#8216;guarras&#8217; a &#8216;Charos&#8217;, de bulos a &#8216;incels&#8217;: las feministas tenemos que hablar del machismo online&#8217;<\/em><\/em><\/em><\/em><\/li>\n\n\n\n<li>09-06-2025 |<strong><strong> <\/strong>Las Provincias <\/strong><br><em><em><em><em><a href=\"https:\/\/www.lasprovincias.es\/economia\/evap-impulsa-wikidona-lograr-termino-cientifica-peso-20250609133817-nt.html?ref=https%3A%2F%2Fwww.lasprovincias.es%2Feconomia%2Fevap-impulsa-wikidona-lograr-termino-cientifica-peso-20250609133817-nt.html\">EVAP impulsa &#8216;WikiDona&#8217;: c\u00f3mo lograr que el t\u00e9rmino &#8216;cient\u00edfica&#8217; tenga m\u00e1s peso que el de &#8216;esposa&#8217; en los art\u00edculos biogr\u00e1ficos sobre mujeres<\/a><\/em><\/em><\/em><\/em><\/li>\n\n\n\n<li>09-06-2025 |<strong><strong> <\/strong>Europa Press <\/strong><br><em><em><em><em><a href=\"https:\/\/www.europapress.es\/comunitat-valenciana\/noticia-evap-contra-brecha-genero-wikipedia-cientifica-debe-superar-esposa-biografias-mujeres-20250609105757.html\">EVAP contra la brecha de g\u00e9nero en Wikipedia: \u00abcient\u00edfica\u00bb debe superar a \u00abesposa\u00bb en las biograf\u00edas de mujeres<\/a><\/em><\/em><\/em><\/em><\/li>\n\n\n\n<li>10-06-2025 |<strong><strong> <\/strong>Europa Press <\/strong><br><em><em><em><em><a href=\"https:\/\/www.apuntmedia.es\/noticies\/cultura\/video-viquipedia-nomes-25-perfils-espanyol-son-femenins_1_1793655.html\">En Viquip\u00e8dia, nom\u00e9s el 25% dels perfils en espanyol s\u00f3n femenins<\/a><\/em><\/em><\/em><\/em><\/li>\n\n\n\n<li>19-06-2025 |<strong><strong> <\/strong>Blog Microsoft EMEA<\/strong><br><em><a href=\"https:\/\/news.microsoft.com\/es-es\/2025\/06\/19\/editatona-de-microsoft-wikiesfera-y-margarita-bly-para-impulsar-la-visibilidad-de-mujeres-stem-de-habla-hispana-en-wikipedia\/\">Editatona de Microsoft, Wikiesfera y Margarita Bly para impulsar la visibilidad de mujeres STEM de habla hispana en Wikipedia<\/a><\/em><\/li>\n\n\n\n<li>20-06-2025 |<strong><strong> <\/strong>Cibersur.com <\/strong>| <em>e-Sociedad<\/em><br><em><a href=\"http:\/\/www.cibersur.com\/cibersur\/impe\/23924\">Editatona de Microsoft, Wikiesfera y Margarita Bly para impulsar la visibilidad de mujeres STEM de habla hispana en Wikipedia<\/a><\/em><\/li>\n\n\n\n<li>20-06-2025 |<strong><strong> <\/strong>El Candelero Tecnol\u00f3gico <\/strong><br><em><a href=\"https:\/\/elcandelerotecnologico.com\/2025\/06\/20\/editatona-de-microsoft-wikiesfera-y-margarita-bly-para-impulsar-la-visibilidad-de-mujeres-stem-de-habla-hispana-en-wikipedia\/\">Editatona de Microsoft, Wikiesfera y Margarita Bly para impulsar la visibilidad de mujeres STEM de habla hispana en Wikipedia<\/a><\/em><\/li>\n\n\n\n<li>23-06-2025 |<strong> todalamusica.es <\/strong><br><em><a href=\"https:\/\/www.todalamusica.es\/mujeres-de-zarzuela-un-proyecto-de-visibilizacion-de-wikiesfera-y-el-teatro-de-la-zarzuela\/\">\u00abMujeres de Zarzuela\u00bb: un proyecto de visibilizaci\u00f3n de Wikiesfera y el Teatro de la Zarzuela<\/a><\/em><\/li>\n\n\n\n<li>24-06-2025 |<strong> Docenotas <\/strong><br><em><em><a href=\"https:\/\/www.docenotas.com\/179560\/mujeres-de-zarzuela-un-proyecto-de-visibilizacion-de-wikiesfera-y-el-teatro-de-la-zarzuela\/#\"><em>Mujeres de zarzuela: Un proyecto de visibilizaci\u00f3n de Wikiesfera y el Teatro de la Zarzuela.<\/em><\/a><\/em><\/em><\/li>\n\n\n\n<li>24-06-2025 |<strong> La comarca de Puertollano <\/strong><br><a href=\"https:\/\/www.lacomarcadepuertollano.com\/articulo\/cultura\/mujeres-zarzuela-proyecto-visibilizacion-wikiesfera-teatro-zarzuela\/20250624113415597962.html\"><em>&#8216;Mujeres de Zarzuela&#8217;, un proyecto de visibilizaci\u00f3n de &#8216;Wikiesfera&#8217; y del Teatro de la Zarzuela<\/em><\/a><\/li>\n\n\n\n<li>25-06-2025 |<strong> Scherzo<\/strong><br><a href=\"https:\/\/scherzo.es\/el-teatro-de-la-zarzuela-y-wikiesfera-impulsan-un-proyecto-para-visibilizar-a-las-mujeres-de-la-lirica-espanola\/\"><em>El Teatro de la Zarzuela y Wikiesfera impulsan un proyecto para visibilizar a las mujeres de la l\u00edrica espa\u00f1ola<\/em><\/a><\/li>\n\n\n\n<li>25-06-2025 |<strong> Inout Viajes <\/strong><br><a href=\"https:\/\/www.inoutviajes.com\/noticia\/29342\/otras-noticias\/el-teatro-de-la-zarzuela-impulsa-la-visibilidad-femenina-en-wikipedia.html\"><em>El Teatro de la Zarzuela impulsa la visibilidad femenina en Wikipedia<\/em><\/a><\/li>\n\n\n\n<li>26-06-2025 |<strong> Opera World<\/strong><br><em><a href=\"https:\/\/www.operaworld.es\/mujeres-de-zarzuela-un-proyecto-de-visibilizacion-de-mujeres-artistas\/\">\u00abMujeres de Zarzuela\u00bb, un proyecto de visibilizaci\u00f3n de mujeres artistas<\/a><\/em><\/li>\n\n\n\n<li>28-06-2025 |<strong> Siglo XXI<\/strong><br><em><a href=\"https:\/\/www.diariosigloxxi.com\/texto-diario\/mostrar\/5347601\/mujeres-zarzuela-proyecto-visibilizacion-wikiesfera-teatro-zarzuela\">&#8216;Mujeres de Zarzuela&#8217;&nbsp;: un proyecto de visibilizaci\u00f3n de Wikiesfera y el Teatro de la Zarzuela.<\/a><\/em><\/li>\n\n\n\n<li>30-06-2025 |<strong> Radio SOL<\/strong><br>Entrevista a Patricia Horrillo y Fran Prendes sobre el proyecto Mujeres de Zarzuela<\/li>\n\n\n\n<li>30-06-2025 |<strong> Cadena SER<\/strong> | <em>La Hora Extra<\/em><br><em><a href=\"https:\/\/cadenaser.com\/nacional\/2025\/06\/29\/rakel-camacho-y-las-mujeres-en-las-artes-todas-a-una-como-en-fuenteovejuna-cadena-ser\/\">Rakel Camacho y las mujeres en las artes: todas a una, como Fuenteovejuna.<\/a><\/em><\/li>\n\n\n\n<li>07-07-2025 |<strong> Radiotelevisi\u00f3n del Principado de Asturias<\/strong><br><em><a href=\"https:\/\/www.rtpa.es\/noticias-sociedad\/2025-07-06\/Hasta-26-mujeres-de-la-historia-lirica-espa%C3%B1ola-cuentan-ya-con-una-entrada-completa-en-Wikipedia_111751807063.html\">Hasta 26 mujeres de la historia l\u00edrica espa\u00f1ola cuentan ya con una entrada completa en Wikipedia<\/a><\/em><\/li>\n\n\n\n<li>09-07-2025 |<strong> Opini\u00f3n 51<\/strong><br><em><a href=\"https:\/\/www.opinion51.com\/edmee-pardo-2507-leer-wikimujeres\/\">Leer wikimujeres<\/a><\/em><\/li>\n\n\n\n<li>11-07-2025 |<strong> OLA \u00d3pera Latinamericana <\/strong><br><em><em><a href=\"https:\/\/www.operala.org\/mujeres-de-zarzuela-teatro-de-la-zarzuela\/\">\u00abMujeres de Zarzuela\u00bb: Un proyecto de visibilizaci\u00f3n de Wikiesfera y el Teatro de la Zarzuela<\/a><\/em><\/em><\/li>\n\n\n\n<li>18-07-2025 |<strong> RNE<\/strong> <br><em><a href=\"https:\/\/www.rtve.es\/play\/audios\/programa\/radio-5-mujeres-zarzuela-proyecto-visibilizacion-del-teatro-zarzuela-wikisfera\/16669180\/\">Mujeres de Zarzuela, un proyecto de visibilizaci\u00f3n de Wikisfera y el Teatro de la Zarzuela<\/a><\/em><\/li>\n\n\n\n<li>29-07-2025 |<strong> Mundo Cl\u00e1sico<\/strong> <br><em><a href=\"https:\/\/www.mundoclasico.com\/articulo\/44103\/Mujeres-de-zarzuela-un-disparatado-proyecto-de-visibilizaci%C3%B3n-de-las-artistas-de-zarzuela\">\u00abMujeres de zarzuela\u00bb: un disparatado proyecto de visibilizaci\u00f3n de las artistas de zarzuela<\/a><\/em><\/li>\n\n\n\n<li>29-07-2025 |<strong> Universidad de Granada<\/strong> <br><a href=\"https:\/\/www.youtube.com\/watch?v=elveX9YxJZ8\">Ciencia Ciudadana | Entrevista a Patricia Horrillo<\/a><\/li>\n<\/ul>\n\n\n\n<figure class=\"wp-block-embed is-type-video is-provider-youtube wp-block-embed-youtube wp-embed-aspect-16-9 wp-has-aspect-ratio\"><div class=\"wp-block-embed__wrapper\">\n<iframe title=\"CIENCIA CIUDADANA | Universidad de Granada \u2013 Entrevista a Patricia Horrillo\" width=\"980\" height=\"551\" src=\"https:\/\/www.youtube.com\/embed\/elveX9YxJZ8?feature=oembed\" frameborder=\"0\" allow=\"accelerometer; autoplay; clipboard-write; encrypted-media; gyroscope; picture-in-picture; web-share\" referrerpolicy=\"strict-origin-when-cross-origin\" allowfullscreen><\/iframe>\n<\/div><\/figure>\n\n\n\n<ul class=\"wp-block-list\">\n<li>02-09-2025 |<strong> LAAAB Laboratorio de Arag\u00f3n [Gobierno] Abierto<\/strong><br><a href=\"https:\/\/www.laaab.es\/2025\/09\/editatona-aragon-contra-la-violencia-de-genero\/\"><em>Editatona: Arag\u00f3n contra la violencia de g\u00e9nero<\/em><\/a><\/li>\n\n\n\n<li>09-09-2025 |<strong> OLA \u00d3pera Latinamericana<\/strong><br><em><a href=\"https:\/\/www.operala.org\/aceleradores-equidad-genero-columna-opera-actual\/\">Aceleradores para la equidad de g\u00e9nero<\/a><\/em><\/li>\n\n\n\n<li>09-09-2025 |<strong> AraInfo<\/strong><br><em><a href=\"https:\/\/arainfo.org\/edicion-cine-y-cuidados-para-visibilizar-y-combatir-las-violencias-machistas\/\">Edici\u00f3n, cine y cuidados para visibilizar y combatir las violencias machistas<\/a><\/em><\/li>\n\n\n\n<li>11-09-2025 |<strong> Castell\u00f3n Plaza<\/strong><br><em><em><a href=\"https:\/\/castellonplaza.com\/castellonplaza\/cultura748\/carla-berrocal-bucea-en-los-archivos-estatales-en-la-puerta-de-la-memoria\" data-type=\"link\" data-id=\"https:\/\/castellonplaza.com\/castellonplaza\/cultura748\/carla-berrocal-bucea-en-los-archivos-estatales-en-la-puerta-de-la-memoria\">Carla Berrocal bucea en los Archivos Estatales en &#8216;La puerta de la memoria&#8217;<\/a><\/em><\/em><\/li>\n\n\n\n<li>22-09-2025 |<strong> Universidad de M\u00e1laga <\/strong><br><em><a href=\"https:\/\/www.uma.es\/etsi-de-telecomunicacion\/noticias\/profesora--etsit-organiza-editatona\/\">Una profesora de la E.T.S.I.T. organiza una Editatona de mujeres en las telecomunicaciones el pr\u00f3ximo s\u00e1bado 18 de octubre<\/a><\/em><\/li>\n\n\n\n<li>23-09-2025 |<strong> Artesc\u00e9nicas #38 <\/strong>|<strong> <\/strong>Revista de la Academia de las Artes Esc\u00e9nicas de Espa\u00f1a | Liliana Alvi\u00e1rez<br><em><a href=\"https:\/\/academiadelasartesescenicas.es\/revista\/76\/artescenicas-38\/\">Circo actual en la Comunidad de Madrid: Un recorrido por los hitos que han construido su identidad en las \u00faltimas d\u00e9cadas<\/a><\/em> (p\u00e1g 70-73)<\/li>\n\n\n\n<li>29-09-2025 |<strong> Peri\u00f3dico Distrito Villaverde<\/strong> | <em>Cultura<\/em><br><em><a href=\"https:\/\/distritovillaverde.com\/contribuir-a-cerrar-la-brecha-de-genero-en-wikipedia\/\">Contribuir a cerrar la brecha de g\u00e9nero en Wikipedia<\/a><\/em><\/li>\n\n\n\n<li>30-09-2025 | <strong>Onda Local de Andaluc\u00eda<\/strong> | <em>Actualidad<\/em><br><em><a href=\"https:\/\/ondalocaldeandalucia.es\/noticias\/actualidad-ema-rtv\/35-alumnas-y-personal-ong-andaluzas-recibiran-formacion-sobre-herramientas-digitales-para-igualdad-genero\/\">35 alumnas y personal de las ONG andaluzas recibir\u00e1n formaci\u00f3n sobre \u201cHerramientas digitales para la igualdad de g\u00e9nero\u201d<\/a><\/em><\/li>\n\n\n\n<li>13-10-2025 | <strong>Cinbio<\/strong><br><em><a href=\"https:\/\/cinbio.es\/difusion\/novas\/cinbio-promove-a-visibilidade-das-mulleres-cientificas-galegas-na-wikipedia\/\">CINBIO promove a visibilidade das mulleres cient\u00edficas galegas na Wikipedia<\/a><\/em><\/li>\n\n\n\n<li>13-10-2025 | <strong>C\u00f3digo Cero<\/strong><br><em><a href=\"https:\/\/codigocero.com\/O-CINBIO-promove-a-visibilidade-das-mulleres-cientificas-galegas-na-Wikipedia\">O CINBIO promove a visibilidade das mulleres cient\u00edficas galegas na Wikipedia<\/a><\/em><\/li>\n\n\n\n<li>18-10-2025 | <strong>El Pa\u00eds<\/strong> | <em>Tecnolog\u00eda<\/em> | Vivien Doherty Luduvice y \u00c1lvaro Gonz\u00e1lez Rold\u00e1n<br><em><a href=\"https:\/\/elpais.com\/tecnologia\/2025-10-18\/video-diferencias-sesgos-y-como-funciona-la-grokipedia-con-la-que-elon-musk-quiere-competir-con-wikipedia.html?autoplay=1\">Diferencias, sesgos y c\u00f3mo funciona la Grokipedia con la que Elon Musk quiere competir con Wikipedia<\/a><\/em><\/li>\n<\/ul>\n\n\n\n<figure class=\"wp-block-embed is-type-video is-provider-youtube wp-block-embed-youtube wp-embed-aspect-16-9 wp-has-aspect-ratio\"><div class=\"wp-block-embed__wrapper\">\n<iframe title=\"WIKIPEDIA vs. GROKIPEDIA | Diferencias, sesgos y c\u00f3mo funciona la enciclopedia de Elon Musk\" width=\"980\" height=\"551\" src=\"https:\/\/www.youtube.com\/embed\/VWQsQo13yhs?feature=oembed\" frameborder=\"0\" allow=\"accelerometer; autoplay; clipboard-write; encrypted-media; gyroscope; picture-in-picture; web-share\" referrerpolicy=\"strict-origin-when-cross-origin\" allowfullscreen><\/iframe>\n<\/div><\/figure>\n\n\n\n<ul class=\"wp-block-list\">\n<li>28-10-2025 | <strong>European Commission<\/strong> | <em>Digital Skills &amp; Jobs Platform<\/em><br><em><em><a href=\"https:\/\/digital-skills-jobs.europa.eu\/en\/latest\/news\/lets-meet-all-finalists-european-digital-skills-awards-2025\">Let\u2019s meet all the finalists of the European Digital Skills Awards 2025!<\/a><\/em><\/em><\/li>\n\n\n\n<li>30-10-2025 | <strong>LAAAB Laboratorio de Arag\u00f3n [Gobierno] Abierto<\/strong> | <em>Comunidad Aspasia<\/em><br><em><em><em><a href=\"https:\/\/www.laaab.es\/2025\/10\/editar-para-resistir-mujeres-y-organizaciones-feministas-aragonesas-contra-las-violencias-machistas\/\">Editar como acto feminista: mujeres y organizaciones aragonesas contra las violencias machistas<\/a><\/em><\/em><\/em><\/li>\n\n\n\n<li>03-11-2025 | <strong>P\u00fablico <\/strong> | <em>An\u00e1lisis&nbsp;<\/em>| Pablo Romero<br><em><em><em><em><a href=\"https:\/\/www.publico.es\/sociedad\/elon-musk-quiere-controlar-aun-informacion-wikipedia-derechas-creada-ia.html\">Elon Musk quiere controlar a\u00fan m\u00e1s la informaci\u00f3n con su &#8216;wikipedia de derechas&#8217; creada con IA<\/a><\/em><\/em><\/em><\/em><\/li>\n\n\n\n<li>08-11-2025 | <strong>P\u00fablico <\/strong> | <em>Violencia machista&nbsp;<\/em>| Mar\u00eda Mart\u00ednez Collado<br><em><a href=\"https:\/\/www.publico.es\/mujer\/violencia-machista\/hombres-crean-novias-ia-abusar-violencia-machista-digital-expande-limites.html\">Hombres que crean novias con IA para abusar de ellas: la violencia machista digital expande sus l\u00edmites<\/a><\/em><\/li>\n\n\n\n<li>20-11-2025 | <strong>Instituto de Arte Contempor\u00e1neo<\/strong> | <em>Noticias<\/em><br><em><a href=\"https:\/\/www.iac.org.es\/noticias\/actividades-socios\/laboral-conferencia-disenar-el-futuro-digital-siete-desafios-para-una-tecnologia-mas-humana-con-.html\">LABoral | Conferencia \u00abDise\u00f1ar el futuro digital: siete desaf\u00edos para una tecnolog\u00eda m\u00e1s humana\u00bb con Patricia Horrillo<\/a><\/em><\/li>\n\n\n\n<li>21-11-2025 | <strong>LABoral Centro de Arte <\/strong> | <em>Actividades<\/em><br><em><a href=\"https:\/\/laboralcentrodearte.org\/es\/actividades\/disenar-el-futuro-digital\/\">Dise\u00f1ar el futuro digital. Siete desaf\u00edos para una tecnolog\u00eda m\u00e1s humana<\/a><\/em><\/li>\n<\/ul>\n<\/div><\/details><\/div>\n\n\n\n<div class=\"wp-block-coblocks-accordion-item\"><details><summary class=\"wp-block-coblocks-accordion-item__title\">[ 2024 ]<\/summary><div class=\"wp-block-coblocks-accordion-item__content\">\n<ul class=\"wp-block-list\">\n<li>31-01-2024&nbsp;|&nbsp;<strong>ElDiario.es<\/strong> | <em>Somos Chamber\u00ed<\/em>&nbsp;| Luis de la Cruz<br><a href=\"https:\/\/www.eldiario.es\/madrid\/somos\/vecinos-tetuan-dehesa-villa-organizan-conservar-memoria-colaborativamente_1_10883784.html\" target=\"_blank\" rel=\"noreferrer noopener\">Vecinos de Tetu\u00e1n y la Dehesa de la Villa se organizan para conservar su memoria colaborativamente<\/a><\/li>\n\n\n\n<li>27-02-2024 |&nbsp;<strong>ElDiario.es<\/strong> | <em>Somos Tetu\u00e1n<\/em> | Luis de la Cruz<br><a href=\"https:\/\/www.eldiario.es\/madrid\/somos\/tetuan\/dibujada-wikipedia-comunal-siete-proyectos-dehesa-villa-invitado-participar_1_10962616.html\" target=\"_blank\" rel=\"noreferrer noopener\">Dibujada, en Wikipedia, como comunal\u2026 siete proyectos sobre la Dehesa de la Villa a los que est\u00e1s invitado a participar<\/a><\/li>\n\n\n\n<li>06-03-2024 | <strong>P\u00fablico<\/strong> | <em>Mujer<\/em> | Adhik Arrilucea (<a href=\"https:\/\/twitter.com\/adhikarrilucea\" target=\"_blank\" rel=\"noreferrer noopener\">@adhikarrilucea<\/a>)<br><a href=\"https:\/\/www.publico.es\/mujer\/colectivo-wikiesfera-documenta-primera-vez-realidad-autonomica-abortos-espana-wikipedia.html\" target=\"_blank\" rel=\"noreferrer noopener\">El colectivo Wikiesfera documenta por primera vez la realidad auton\u00f3mica de los abortos en Espa\u00f1a en la Wikipedia<\/a><\/li>\n\n\n\n<li>07-03-2024 | <strong>Cinco D\u00edas<\/strong> | <em>Legal<\/em> | Patricia Esteban (<a href=\"https:\/\/twitter.com\/_TriciaEL\" target=\"_blank\" rel=\"noreferrer noopener\">@_TriciaEL<\/a>)<br><a href=\"https:\/\/cincodias.elpais.com\/legal\/2024-03-07\/la-abogacia-madrilena-rescata-del-olvido-a-grandes-pioneras-del-mundo-juridico.html\" target=\"_blank\" rel=\"noreferrer noopener\">La abogac\u00eda madrile\u00f1a rescata del olvido a grandes pioneras del mundo jur\u00eddico<\/a><\/li>\n\n\n\n<li>07-03-2024 | <strong>RTVE<\/strong> | <em>El camino por delante<\/em> | Elisa Manrique Sastre<br><a href=\"https:\/\/www.rtve.es\/noticias\/20240307\/escritoras-wikipedia-grupo-mujeres-para-quebrar-brecha-genero-enciclopedia\/15993471.shtml\" target=\"_blank\" rel=\"noreferrer noopener\">Las escritoras de Wikipedia: un grupo de mujeres para quebrar la brecha de g\u00e9nero en la enciclopedia<\/a><\/li>\n\n\n\n<li>08-03-2024 | <strong>Laika<\/strong> | <em>Conversaciones LAIKA<\/em> | MJ Cach\u00f3n (<a href=\"https:\/\/twitter.com\/mjcachon\" target=\"_blank\" rel=\"noreferrer noopener\">@mjcachon<\/a>)<br><a href=\"https:\/\/www.youtube.com\/watch?v=56IOcq6vW-A\" target=\"_blank\" rel=\"noreferrer noopener\">Entrevista a Patricia Horrillo: Inspiraci\u00f3n, Wikipedia y Feminismo<\/a><\/li>\n<\/ul>\n\n\n\n<figure class=\"wp-block-embed aligncenter is-type-video is-provider-youtube wp-block-embed-youtube wp-embed-aspect-16-9 wp-has-aspect-ratio\"><div class=\"wp-block-embed__wrapper\">\n<iframe title=\"Conversaciones LAIKA | MJ Cach\u00f3n entrevista a Patricia Horrillo: Inspiraci\u00f3n, Wikipedia y Feminismo\" width=\"980\" height=\"551\" src=\"https:\/\/www.youtube.com\/embed\/56IOcq6vW-A?feature=oembed\" frameborder=\"0\" allow=\"accelerometer; autoplay; clipboard-write; encrypted-media; gyroscope; picture-in-picture; web-share\" referrerpolicy=\"strict-origin-when-cross-origin\" allowfullscreen><\/iframe>\n<\/div><\/figure>\n\n\n\n<ul class=\"wp-block-list\">\n<li>20-03-2024 | <strong>Radio del Principado de Asturias (RPA)<\/strong> | <em>Asturias hoy<\/em><br><a href=\"https:\/\/www.rtpa.es\/audio:Asturias%20hoy%201%C2%AA%20edicion_1710928110.html\" target=\"_blank\" rel=\"noreferrer noopener\">Entrevista a Isa Zapico sobre Wikiesfera y las editatonas<\/a><\/li>\n\n\n\n<li>03-06-2024 | <strong>El Faro de Vigo<\/strong> | Ana Blasco (<a href=\"https:\/\/x.com\/_ablasco\" target=\"_blank\" rel=\"noreferrer noopener\">@_ablasco<\/a>)<br><a href=\"https:\/\/www.farodevigo.es\/gran-vigo\/2024\/06\/03\/wikieditoras-visibilizar-gallegas-relevantes-103257747.html\" target=\"_blank\" rel=\"noreferrer noopener\">\u2018Wikieditoras\u2019 para visibilizar a gallegas relevantes<\/a><\/li>\n\n\n\n<li>07-06-2024 | <strong>Infonorte Digital<\/strong> | Josefa Molina<br><a href=\"https:\/\/infonortedigital.com\/art\/174649\/el-poder-de-estar\" target=\"_blank\" rel=\"noreferrer noopener\">El poder de \u00abEstar\u00bb<\/a><\/li>\n\n\n\n<li>08-06-2024 | <strong>ABC<\/strong> | <em>Cultura<\/em><br><a href=\"https:\/\/www.abc.es\/cultura\/maraton-edicion-wikipedia-toledo-crea-contenido-sobre-20240608163912-vi.html\" target=\"_blank\" rel=\"noreferrer noopener\">Una marat\u00f3n de edici\u00f3n para Wikipedia en Toledo crea contenido sobre mujeres de la nobleza<\/a><\/li>\n\n\n\n<li>12-06-2024 | <strong>The Guardian<\/strong> | <em>Technology<\/em> | Ashifa Kassam<br><a href=\"https:\/\/www.theguardian.com\/technology\/article\/2024\/jun\/12\/spain-women-tackle-wikipedia-gender-gap-wikiesfera\" target=\"_blank\" rel=\"noreferrer noopener\">\u2018We\u2019re writing history\u2019: Spanish women tackle Wikipedia\u2019s gender gap<\/a> (en ingl\u00e9s)<\/li>\n<\/ul>\n\n\n<div class=\"wp-block-image\">\n<figure class=\"aligncenter size-large\"><img fetchpriority=\"high\" decoding=\"async\" width=\"1024\" height=\"773\" src=\"https:\/\/www.wikiesfera.org\/wp-content\/uploads\/2024\/06\/Captura-de-pantalla-2024-06-12-a-las-11.06.08-1024x773.png\" alt=\"\" class=\"wp-image-5685\" srcset=\"https:\/\/www.wikiesfera.org\/wp-content\/uploads\/2024\/06\/Captura-de-pantalla-2024-06-12-a-las-11.06.08-1024x773.png 1024w, https:\/\/www.wikiesfera.org\/wp-content\/uploads\/2024\/06\/Captura-de-pantalla-2024-06-12-a-las-11.06.08-300x227.png 300w, https:\/\/www.wikiesfera.org\/wp-content\/uploads\/2024\/06\/Captura-de-pantalla-2024-06-12-a-las-11.06.08-768x580.png 768w, https:\/\/www.wikiesfera.org\/wp-content\/uploads\/2024\/06\/Captura-de-pantalla-2024-06-12-a-las-11.06.08-1536x1160.png 1536w, https:\/\/www.wikiesfera.org\/wp-content\/uploads\/2024\/06\/Captura-de-pantalla-2024-06-12-a-las-11.06.08-2048x1546.png 2048w, https:\/\/www.wikiesfera.org\/wp-content\/uploads\/2024\/06\/Captura-de-pantalla-2024-06-12-a-las-11.06.08-150x113.png 150w, https:\/\/www.wikiesfera.org\/wp-content\/uploads\/2024\/06\/Captura-de-pantalla-2024-06-12-a-las-11.06.08-400x302.png 400w\" sizes=\"(max-width: 1024px) 100vw, 1024px\" \/><\/figure><\/div>\n\n\n<ul class=\"wp-block-list\">\n<li>12-06-2024 | <strong>El Peri\u00f3dico de Arag\u00f3n<\/strong> | <em>Cultura<\/em> | Daniel Monserrat<br><a href=\"https:\/\/www.elperiodicodearagon.com\/cultura\/2024\/06\/12\/patricia-horrillo-wikipedia-inmortal-reivindico-a-las-cualquiera-103705019.html\" target=\"_blank\" rel=\"noreferrer noopener\">Patricia Horrillo en la Inmortal: \u00abYo reivindico a las cualquiera\u00bb<\/a><\/li>\n\n\n\n<li>12-06-2024 | <strong>Marie Claire<\/strong><br><a href=\"https:\/\/www.marieclaire.gr\/girl-boss\/i-ginekia-wikipedia-omades-ginekon-apo-olo-ton-kosmo-xanagrafoun-tin-istoria-mesa-apo-to-prisma-tis-isotitas-ton-filon\/\" target=\"_blank\" rel=\"noreferrer noopener\">Wikipedia de mujeres: grupos de mujeres de todo el mundo est\u00e1n reescribiendo la historia a trav\u00e9s del lente de la igualdad de g\u00e9nero<\/a> (en griego)<\/li>\n\n\n\n<li>12-06-2024 | <strong>Neolaia<br><\/strong><a href=\"https:\/\/www.neolaia.gr\/2024\/06\/12\/grafoume-istoria-gynaikes-apo-olo-ton-kosmo-antimetopizoun-wikipedia\/\" target=\"_blank\" rel=\"noreferrer noopener\">\u00abHaciendo historia\u00bb: las mujeres se enfrentan a la desigualdad de g\u00e9nero en Wikipedia<\/a> (en griego)<\/li>\n\n\n\n<li>12-06-2024 | <strong>Andaluc\u00eda Informaci\u00f3n<\/strong><br><a href=\"https:\/\/andaluciainformacion.es\/almeria\/1686252\/una-maraton-de-edicion-para-wikipedia-en-toledo-crea-contenido-sobre-mujeres-de-la-nobleza\/\" target=\"_blank\" rel=\"noreferrer noopener\">Una marat\u00f3n de edici\u00f3n para Wikipedia en Toledo crea contenido sobre mujeres de la nobleza<\/a><\/li>\n\n\n\n<li>13-06-2024 | <strong>EuroWeekly News<\/strong> | Anna Akopyan<br><a href=\"https:\/\/euroweeklynews.com\/2024\/06\/13\/who-i-am-to-write-history\/\" target=\"_blank\" rel=\"noreferrer noopener\">Who I am to write history?<\/a> (en ingl\u00e9s)<\/li>\n\n\n\n<li>14-06-2024 | <strong>Protagon<br><\/strong><a href=\"https:\/\/www.protagon.gr\/themata\/oi-gynaikes-pou-palevoun-na-kleisoun-to-emfylo-xasma-sti-wikipedia-44342956183\" target=\"_blank\" rel=\"noreferrer noopener\">Las mujeres luchan por cerrar la brecha de g\u00e9nero en Wikipedia<\/a> (en griego)<\/li>\n\n\n\n<li>15-06-2024 | <strong>Woman TOC<\/strong><br><a href=\"https:\/\/www.womantoc.gr\/news\/374490\/ispania-grafoume-istoria-lene-oi-gunaikes-piso-apo-to-wikiesfera-pou-filodoxei-na-diorthosei-tis-anisotites-logo-fulou-tis-wikipedia\/\" target=\"_blank\" rel=\"noreferrer noopener\">Espa\u00f1a: \u00abEstamos haciendo historia\u00bb, dicen las mujeres detr\u00e1s de Wikiesfera, que pretende solucionar las desigualdades de g\u00e9nero en Wikipedia<\/a> (en griego)<\/li>\n\n\n\n<li>15-06-2024 | <strong>iWeekly<\/strong><br><a href=\"https:\/\/www.163.com\/dy\/article\/J4O22ME80512830U.html\" target=\"_blank\" rel=\"noreferrer noopener\">\u00bfQu\u00e9 pueden hacer las mujeres para eliminar la desigualdad de g\u00e9nero de Wikipedia?<\/a> (en chino)<\/li>\n\n\n\n<li>17-06-2024 | <strong>Arag\u00f3n Radio<\/strong> | <strong>La Cadiera<\/strong><br><a href=\"https:\/\/www.cartv.es\/aragonradio\/podcast\/emision\/espacios-publicos-con-nombre-de-mujer1\" target=\"_blank\" rel=\"noreferrer noopener\">Entrevista a Kani Cubo sobre Aspasia<\/a><\/li>\n\n\n\n<li>19-06-2024 | <strong>Wysokie Obcasy<\/strong><br><a href=\"https:\/\/www.wysokieobcasy.pl\/wysokie-obcasy\/7,163229,31074631,hiszpanki-poprawiaja-wikipedie-za-malo-w-niej-kobiet.html\" target=\"_blank\" rel=\"noreferrer noopener\">Las espa\u00f1olas corrigen Wikipedia: \u00abMuy pocas mujeres en ella\u00bb<\/a> (en polaco)<\/li>\n\n\n\n<li>23-06-2024 | <strong>Televisi\u00f3n Espa\u00f1ola 24 horas<\/strong> | <em>Objetivo Igualdad<\/em><br><a href=\"https:\/\/www.rtve.es\/play\/videos\/objetivo-igualdad\/programa-128-mujeres-rescate-montana\/16158989\/\" target=\"_blank\" rel=\"noreferrer noopener\">Mujeres en la Wikipedia<\/a><\/li>\n\n\n\n<li>24-06-2024 | <strong>Cabinet of Delights<\/strong><br><a href=\"https:\/\/www.cabinetofdelights.com\/the-wikisfiera-women\/\" target=\"_blank\" rel=\"noreferrer noopener\">The Wikiesfera Women<\/a><\/li>\n\n\n\n<li>27-06-2024 | <strong>The Optimist daily<br><\/strong><a href=\"https:\/\/www.optimistdaily.com\/2024\/06\/bridging-the-wiki-gender-gap\/\" target=\"_blank\" rel=\"noreferrer noopener\">Bridging the wiki gender gap<\/a><\/li>\n\n\n\n<li>02-07-2024 | <strong>Diario Feminista<br><\/strong><a href=\"https:\/\/eldiariofeminista.info\/2024\/07\/02\/maraton-de-wikiesfera-para-crear-contenido-sobre-mujeres-en-wikipedia\/\" target=\"_blank\" rel=\"noreferrer noopener\">Marat\u00f3n de Wikiesfera para crear contenido sobre mujeres en Wikipedia<\/a><\/li>\n\n\n\n<li>10-07-2024 | <strong>Heroikkas<\/strong><br><a href=\"https:\/\/www.instagram.com\/p\/C9P50MuIxf2\/\" target=\"_blank\" rel=\"noreferrer noopener\">Spanish group Wikiesfera, led by Patricia Horrillo, works to close Wikipedia\u2019s gender gap by increasing women\u2019s visibility and participation on the platform<\/a><\/li>\n\n\n\n<li>10-07-2024 | <strong>Biblogtecarios<\/strong><br><a href=\"https:\/\/www.biblogtecarios.es\/biblogtecarios\/todas-deberiamos-de-ser-wikipedistas\/\" target=\"_blank\" rel=\"noreferrer noopener\">Todas deber\u00edamos ser Wikipedistas<\/a><\/li>\n\n\n\n<li>07-08-2024 | <strong>Katowice TVP<\/strong><br><a href=\"https:\/\/katowice.tvp.pl\/79681874\/19-wikimania-juz-trwa-liderzy-wolnej-wiedzy-spotkali-sie-w-katowicach-19-wikimania-w-katowicach-wikipedia-wikimedia\">La \u00abWikimania\u00bb ya est\u00e1 en marcha. L\u00edderes del conocimiento libre se reunieron en Katowice<\/a> (en polaco)<\/li>\n\n\n\n<li>07-09-2024 | <strong>Radio Exterior<\/strong><br><a href=\"https:\/\/www.rtve.es\/play\/audios\/english-language-broadcast\/english-language-broadcast-wikiesfera-targetting-gender-gap-in-wikipedia\/16240876\/\">Wikiesfera: targetting the gender gap in Wikipedia<\/a> (en ingl\u00e9s)<\/li>\n\n\n\n<li>13-10-2024 | <strong>Televisi\u00f3n Espa\u00f1ola 24 horas<\/strong> | <em>Objetivo Igualdad<\/em> | Vicky Bola\u00f1os (<a href=\"https:\/\/x.com\/VickyBol\" target=\"_blank\" rel=\"noreferrer noopener\">@VickyBol<\/a>)<br><a href=\"https:\/\/www.rtve.es\/television\/20241013\/ella-no-esta-wikipedia-crear-biografias-mujeres-mayor-enciclopedia-online-del-mundo\/16253534.shtml\">\u201cElla no est\u00e1 en Wikipedia\u201d: crear biograf\u00edas de mujeres en la mayor enciclopedia online del mundo<\/a><\/li>\n\n\n\n<li>24-10-2024 | <strong>Clim\u00e1tica<\/strong> | Laura Casielles (<a href=\"https:\/\/x.com\/lauracasielles\" target=\"_blank\" rel=\"noreferrer noopener\">@lauracasielles<\/a>)<br><a href=\"https:\/\/climatica.coop\/propuestas-culturales-24-30-octubre\/\" target=\"_blank\" rel=\"noreferrer noopener\">Una editatona, una exposici\u00f3n, un \u2018toxic tour\u2019 y un festival de vino y arte. Propuestas culturales para la semana del 24 al 30 de octubre<\/a><\/li>\n\n\n\n<li>01-11-2024 | <strong>Revista Don Gal\u00e1n<\/strong> | N\u00famero 13, a\u00f1o 2024 | Centro de Documentaci\u00f3n de las Artes Esc\u00e9nicas y de la M\u00fasica | Ministerio de Cultura | Espa\u00f1a.<br><em><a href=\"https:\/\/www.teatro.es\/contenidos\/donGalan\/donGalanNum13\/monografico\/9-fondos-documentales-y-recursos-web-sobre-circo-en-espanya\/pagina6.html\">Fondos documentales y recursos web sobre circo en Espa\u00f1a. Recursos online de circo: Wikiproyecto circo, Zirk\u00f3lika y La Cantinela<\/a><\/em>.<\/li>\n\n\n\n<li>02-11-2024 | <strong>P\u00fablico<\/strong> | Pablo Romero (<a href=\"https:\/\/twitter.com\/pabloromero\" target=\"_blank\" rel=\"noreferrer noopener\">@pabloromero<\/a>)<br><a href=\"https:\/\/www.publico.es\/ciencias\/internet-archive-gran-biblioteca-internet-uci.html\" target=\"_blank\" rel=\"noreferrer noopener\">La gran biblioteca de internet, en la &#8216;UCI&#8217;<\/a><\/li>\n\n\n\n<li>04-11-2024 | <strong>Arainfo<\/strong><br><a href=\"https:\/\/arainfo.org\/quieres-aprender-a-editar-en-wikipedia\/\" target=\"_blank\" rel=\"noreferrer noopener\">\u00bfQuieres aprender a editar en Wikipedia?<\/a><\/li>\n\n\n\n<li>07-11-2024 | <strong>Arag\u00f3n TV<\/strong><br>Entrevista a Patricia Horrillo sobre los talleres en Arag\u00f3n<\/li>\n\n\n\n<li>08-11-2024 | <strong>Diario del Alto Arag\u00f3n<\/strong><br><a href=\"https:\/\/www.diariodelaltoaragon.es\/noticias\/huesca\/2024\/11\/07\/el-25n-en-huesca-aborda-la-sexualidad-la-pornografia-y-la-prevencion-de-violencias-1776110-daa.html\">El 25N en Huesca aborda la sexualidad, la pornograf\u00eda y la prevenci\u00f3n de violencia sexual<\/a><\/li>\n\n\n\n<li>08-11-2024 | <strong><strong>Radiotelevisi\u00f3n del Principado de Asturias (RPA)<\/strong><\/strong><br>La Wikipedia incorporar\u00e1 25 referencias de mujeres relevantes de Asturias<\/li>\n\n\n\n<li>15-11-2024 | <strong>gCiencia<\/strong><br><a href=\"https:\/\/www.gciencia.com\/tecno\/so-o-25-das-biografias-da-wikipedia-estan-protagonizadas-por-mulleres\/\">S\u00f3 o 25% das biograf\u00edas da Wikipedia est\u00e1n protagonizadas por mulleres<\/a><\/li>\n\n\n\n<li>14-12-2024 | <strong>Radiotelevisi\u00f3n del Principado de Asturias (RPA)<\/strong><br><a href=\"https:\/\/www.rtpa.es\/audio:Asturias-hoy-Fin-de-semana_1734184199.html\">Entrevista de radio a Isabel Zapico<\/a><\/li>\n\n\n\n<li>14-12-2024 | <strong>Radiotelevisi\u00f3n del Principado de Asturias (RPA)<\/strong><br><a href=\"https:\/\/youtu.be\/mTTt0MhgYrA?si=HE4Lxm07szQFIlVl\">Pieza sobre la Editatona de defensoras de Derechos Humanos #14D<\/a><\/li>\n<\/ul>\n\n\n\n<figure class=\"wp-block-embed aligncenter is-type-video is-provider-youtube wp-block-embed-youtube wp-embed-aspect-16-9 wp-has-aspect-ratio\"><div class=\"wp-block-embed__wrapper\">\n<iframe title=\"Pieza sobre la Editatona de defensoras de Derechos Humanos\" width=\"980\" height=\"551\" src=\"https:\/\/www.youtube.com\/embed\/mTTt0MhgYrA?feature=oembed\" frameborder=\"0\" allow=\"accelerometer; autoplay; clipboard-write; encrypted-media; gyroscope; picture-in-picture; web-share\" referrerpolicy=\"strict-origin-when-cross-origin\" allowfullscreen><\/iframe>\n<\/div><\/figure>\n\n\n\n<ul class=\"wp-block-list\">\n<li>18-12-2024 | <strong>El Pa\u00eds<\/strong> | Raquel Pel\u00e1ez (<a href=\"https:\/\/www.instagram.com\/rpelaezgu\/\">@rpelaezgu<\/a>)<br><a href=\"https:\/\/elpais.com\/smoda\/2024-12-18\/patricia-horrillo-de-wikisfera-ya-hace-tres-anos-que-cristina-fallaras-me-dijo-deberiamos-irnos-todas-de-twitter.html\">Patricia Horrillo, de Wikiesfera: \u201cYa hace tres a\u00f1os que Cristina Fallar\u00e1s me dijo: \u2018Deber\u00edamos irnos todas de Twitter\u2019\u201d<\/a><\/li>\n<\/ul>\n\n\n<div class=\"wp-block-image\">\n<figure class=\"aligncenter size-large\"><img decoding=\"async\" width=\"799\" height=\"1024\" src=\"https:\/\/www.wikiesfera.org\/wp-content\/uploads\/2025\/01\/Captura-de-pantalla-2024-12-18-a-las-10.36.39-799x1024.png\" alt=\"\" class=\"wp-image-6614\" srcset=\"https:\/\/www.wikiesfera.org\/wp-content\/uploads\/2025\/01\/Captura-de-pantalla-2024-12-18-a-las-10.36.39-799x1024.png 799w, https:\/\/www.wikiesfera.org\/wp-content\/uploads\/2025\/01\/Captura-de-pantalla-2024-12-18-a-las-10.36.39-234x300.png 234w, https:\/\/www.wikiesfera.org\/wp-content\/uploads\/2025\/01\/Captura-de-pantalla-2024-12-18-a-las-10.36.39-768x984.png 768w, https:\/\/www.wikiesfera.org\/wp-content\/uploads\/2025\/01\/Captura-de-pantalla-2024-12-18-a-las-10.36.39-117x150.png 117w, https:\/\/www.wikiesfera.org\/wp-content\/uploads\/2025\/01\/Captura-de-pantalla-2024-12-18-a-las-10.36.39-400x513.png 400w, https:\/\/www.wikiesfera.org\/wp-content\/uploads\/2025\/01\/Captura-de-pantalla-2024-12-18-a-las-10.36.39.png 888w\" sizes=\"(max-width: 799px) 100vw, 799px\" \/><\/figure><\/div>\n\n\n<ul class=\"wp-block-list\">\n<li>27-12-2024 | <strong>Radiotelevisi\u00f3n del Principado de Asturias (RPA)<\/strong><br><a href=\"https:\/\/www.rtpa.es\/audio:Reportajes-RPA.-La-wikipedia-con-perspectiva-de-genero_1735289494.html\">Entrevista a Isa Zapico y Encina Villanueva: La Wikipedia con perspectiva de g\u00e9nero<\/a><\/li>\n\n\n\n<li>31-12-2024 | <strong>ElDiario.es<\/strong> | Jordi Sabat\u00e9<br><a href=\"https:\/\/www.eldiario.es\/cultura\/wikipedia-espana-responde-ataques-elon-musk-demuestra-total-ignorante-funcionamos_1_11933755.amp.html\">Wikimedia Espa\u00f1a, asociaci\u00f3n de editores de Wikipedia, responde a los ataques de Elon Musk: \u201cDemuestra ser un total ignorante sobre c\u00f3mo funcionamos\u201d<\/a><\/li>\n<\/ul>\n<\/div><\/details><\/div>\n<\/div>\n\n\n\n<div class=\"wp-block-coblocks-accordion\">\n<div class=\"wp-block-coblocks-accordion-item\" style=\"font-size:17px\"><details><summary class=\"wp-block-coblocks-accordion-item__title\">[ 2023 ]<\/summary><div class=\"wp-block-coblocks-accordion-item__content\">\n<ul class=\"wp-block-list\">\n<li>05-01-2023 | <strong>AraInfo<\/strong> | <em>Arag\u00f3n<\/em><br><a href=\"https:\/\/arainfo.org\/proyecto-aspasia-cumple-2-anos-visibilizando-las-mujeres-los-asuntos-publicos\/\" target=\"_blank\" rel=\"noreferrer noopener\">El Proyecto Aspasia cumple 2 a\u00f1os \u201cvisibilizando a las mujeres en los asuntos p\u00fablicos\u201d<\/a><\/li>\n\n\n\n<li>07-01-2023 | <strong>Europa Press Arag\u00f3n<\/strong><br><a href=\"https:\/\/www.europapress.es\/aragon\/noticia-proyecto-aspasia-cumple-dos-anos-objetivo-promover-participacion-mujeres-asuntos-publicos-20230107130650.html\" target=\"_blank\" rel=\"noreferrer noopener\">El Proyecto Aspasia cumple dos a\u00f1os con el objetivo de promover la participaci\u00f3n de las mujeres en los asuntos p\u00fablicos<\/a><\/li>\n\n\n\n<li>09-01-2023 | <strong>Actualidad de las Empresas Aragonesas<\/strong><br><a href=\"https:\/\/www.aea.plus\/2023\/01\/09\/el-proyecto-aspasia-cumple-2-anos-visibilizando-a-las-mujeres-en-los-asuntos-publicos\/\" target=\"_blank\" rel=\"noreferrer noopener\">El Proyecto Aspasia cumple 2 a\u00f1os visibilizando a las mujeres en los asuntos p\u00fablicos<\/a><\/li>\n\n\n\n<li>18-01-2023 | <strong>Diario Sur<\/strong> | <em>Culturas<\/em> | Cristina Pinto<br><a href=\"https:\/\/www.diariosur.es\/culturas\/termica-decimo-aniversario-programacion-20230118145206-nt.html\" target=\"_blank\" rel=\"noreferrer noopener\">La T\u00e9rmica abre su d\u00e9cimo aniversario con el A\u00f1o Picasso y una exposici\u00f3n de National Geographic<\/a><\/li>\n\n\n\n<li>18-01-2023 | <strong>La Vanguardia<\/strong> | <em>Andaluc\u00eda<\/em><br><a href=\"https:\/\/www.lavanguardia.com\/local\/sevilla\/20230118\/8691895\/termica-presenta-muestra-national-geographic-homenaje-picasso-ciclo-diez-anos-diez-miradas.html\" target=\"_blank\" rel=\"noreferrer noopener\">La T\u00e9rmica presenta una muestra de National Geographic, un homenaje a Picasso y ciclo &#8216;Diez a\u00f1os, diez miradas&#8217;<\/a><\/li>\n\n\n\n<li>02-02-2023 | <strong>Movistar+<\/strong> | <em>Mart\u00ednez y hermanos<\/em><br><a href=\"https:\/\/youtu.be\/HSPdbxJzlzo\" target=\"_blank\" rel=\"noreferrer noopener\">Aparici\u00f3n en el programa de entrevistas Mart\u00ednez y hermanos<\/a><\/li>\n<\/ul>\n\n\n\n<figure class=\"wp-block-embed is-type-video is-provider-youtube wp-block-embed-youtube wp-embed-aspect-16-9 wp-has-aspect-ratio\"><div class=\"wp-block-embed__wrapper\">\n<iframe title=\"Do\u00f1a Wiki en Mart\u00ednez y hermanos 02-2023\" width=\"980\" height=\"551\" src=\"https:\/\/www.youtube.com\/embed\/HSPdbxJzlzo?feature=oembed\" frameborder=\"0\" allow=\"accelerometer; autoplay; clipboard-write; encrypted-media; gyroscope; picture-in-picture; web-share\" referrerpolicy=\"strict-origin-when-cross-origin\" allowfullscreen><\/iframe>\n<\/div><\/figure>\n\n\n\n<ul class=\"wp-block-list\">\n<li>09-02-2023 | <strong>Periodismo ULL<\/strong> | Yamila Herrera (<a href=\"https:\/\/twitter.com\/yamilaxy\" target=\"_blank\" rel=\"noreferrer noopener\">@yamilaxy<\/a>)<br><a href=\"https:\/\/periodismo.ull.es\/la-ull-acoge-una-editatona-por-el-dia-de-la-mujer-y-la-nina-en-la-ciencia\/\" target=\"_blank\" rel=\"noreferrer noopener\">La ULL acoge una editatona por el D\u00eda de la Mujer y la Ni\u00f1a en la Ciencia<\/a><\/li>\n\n\n\n<li>10-02-2023 | <strong>RNE Canarias<\/strong> | <em>Archipi\u00e9lago Noticias Canarias<\/em> | Nicol\u00e1s Orozco (<a href=\"https:\/\/twitter.com\/NOrozcoGalean\" target=\"_blank\" rel=\"noreferrer noopener\">@NOrozcoGalean<\/a>)<br><a href=\"https:\/\/www.rtve.es\/play\/audios\/canarias-informativos\/archipielago-noticias-canarias-10-02-23\/6807357\/\" target=\"_blank\" rel=\"noreferrer noopener\">Entrevista sobre la Editatona de canarias STEM #10F (min. 27)<\/a><\/li>\n\n\n\n<li>10-02-2023 | <strong>Radio Televisi\u00f3n Canaria<\/strong> | <em>Las Ma\u00f1anas<br><\/em><a href=\"https:\/\/www.youtube.com\/watch?v=0yCkmbLH5fE\" target=\"_blank\" rel=\"noreferrer noopener\">D\u00eda Internacional de la Mujer y la Ni\u00f1a en la Ciencia<\/a><\/li>\n\n\n\n<li>11-02-2023 | <strong>Televisi\u00f3n Espa\u00f1ola<\/strong> | <em>Informativos<br><\/em><a href=\"https:\/\/www.youtube.com\/watch?v=FV6u_4_h1Nk\" target=\"_blank\" rel=\"noreferrer noopener\">Mujer y ciencia. \u00abEditatona en la ULL\u00bb<\/a><\/li>\n<\/ul>\n\n\n\n<figure class=\"wp-block-embed aligncenter is-type-video is-provider-youtube wp-block-embed-youtube wp-embed-aspect-16-9 wp-has-aspect-ratio\"><div class=\"wp-block-embed__wrapper\">\n<iframe title=\"Mujer y ciencia. &quot;Editatona en la ULL&quot;\" width=\"980\" height=\"551\" src=\"https:\/\/www.youtube.com\/embed\/FV6u_4_h1Nk?feature=oembed\" frameborder=\"0\" allow=\"accelerometer; autoplay; clipboard-write; encrypted-media; gyroscope; picture-in-picture; web-share\" referrerpolicy=\"strict-origin-when-cross-origin\" allowfullscreen><\/iframe>\n<\/div><\/figure>\n\n\n\n<ul class=\"wp-block-list\">\n<li>01-04-2023 | <strong>Arag\u00f3n Radio<\/strong> | <em>La Cadiera<\/em><br><a href=\"https:\/\/www.cartv.es\/aragonradio\/podcast\/emision\/la-cadiera-de-10h-a-11h-01-04-2023\" target=\"_blank\" rel=\"noreferrer noopener\">Entrevista a Patricia Horrillo sobre Wikiesfera (min. 6)<\/a><\/li>\n\n\n\n<li>12-04-2023 | <strong>Manolitas a la fresca<\/strong><br><a href=\"https:\/\/www.youtube.com\/watch?v=CFhOSVSqQKg&amp;\" target=\"_blank\" rel=\"noreferrer noopener\">Entrevista a Patricia Horrillo sobre Wikiesfera<\/a><\/li>\n<\/ul>\n\n\n\n<figure class=\"wp-block-embed aligncenter is-type-video is-provider-youtube wp-block-embed-youtube wp-embed-aspect-16-9 wp-has-aspect-ratio\"><div class=\"wp-block-embed__wrapper\">\n<iframe title=\"#18 manolitas a la fresca wikis con Patricia Horrillo 1080p\" width=\"980\" height=\"551\" src=\"https:\/\/www.youtube.com\/embed\/CFhOSVSqQKg?feature=oembed\" frameborder=\"0\" allow=\"accelerometer; autoplay; clipboard-write; encrypted-media; gyroscope; picture-in-picture; web-share\" referrerpolicy=\"strict-origin-when-cross-origin\" allowfullscreen><\/iframe>\n<\/div><\/figure>\n\n\n\n<ul class=\"wp-block-list\">\n<li>14-04-2023 | <strong>Cadena Cope<\/strong> | <em>Comunidad de Madrid<\/em><br><a href=\"https:\/\/www.cope.es\/emisoras\/comunidad-de-madrid\/noticias\/comunidad-madrid-acerca-patrimonio-cultural-con-nueva-oferta-actividades-aguila-20230414_2657336\" target=\"_blank\" rel=\"noreferrer noopener\">La Comunidad de Madrid acerca su patrimonio cultural con la nueva oferta de actividades en El \u00c1guila<\/a><\/li>\n\n\n\n<li>14-04-2023 | <strong>Madrid Actual<\/strong> | <em>Cultura<\/em> | Miguel Mu\u00f1oz<br><a href=\"https:\/\/www.madridactual.es\/7886698-itinerarios-para-adultos-y-talleres-en-el-aguila-acercaran-el-patrimonio-cultural-de-arganzuela-a-los-madrilenos\" target=\"_blank\" rel=\"noreferrer noopener\">Itinerarios para adultos y talleres en El \u00c1guila acercar\u00e1n el patrimonio cultural de Arganzuela a los madrile\u00f1os<\/a><\/li>\n\n\n\n<li>14-04-2023 | <strong>Comunidad de Madrid<\/strong> | <em>\u00c1rea de Gobierno<\/em><br><a href=\"https:\/\/www.comunidad.madrid\/noticias\/2023\/04\/14\/comunidad-madrid-acerca-su-patrimonio-cultural-nueva-oferta-actividades-aguila\" target=\"_blank\" rel=\"noreferrer noopener\">La Comunidad de Madrid acerca su patrimonio cultural con la nueva oferta de actividades en El \u00c1guila<\/a><\/li>\n\n\n\n<li>17-04-2023 | <strong>El Confidencial Auton\u00f3mico<\/strong> | <em>Madrid<\/em><br><a href=\"https:\/\/autonomico.elconfidencialdigital.com\/articulo\/madrid\/madrid-acerca-patrimonio-cultural-nueva-oferta-actividades-aguila\/20230417124145102702.html\" target=\"_blank\" rel=\"noreferrer noopener\">Madrid acerca su patrimonio cultural con la nueva oferta de actividades en El \u00c1guila<\/a><\/li>\n\n\n\n<li>29-04-2023 | <strong>Televisi\u00f3n Espa\u00f1ola<\/strong> | <em>Informativos fin de semana<\/em><br><a href=\"https:\/\/www.rtve.es\/play\/videos\/telediario-fin-de-semana\/wikipedia-adolece-poca-presencia-femenina\/6877986\/\" target=\"_blank\" rel=\"noreferrer noopener\">Wikipedia adolece de poca presencia femenina<\/a><\/li>\n\n\n\n<li>30-04-2023 | <strong>Televisi\u00f3n Espa\u00f1ola<\/strong> | <em>Objetivo igualdad<\/em> | Luc\u00eda Bl\u00e1zquez (<a href=\"https:\/\/twitter.com\/LuciaBlazquez2\" target=\"_blank\" rel=\"noreferrer noopener\">@LuciaBlazquez2<\/a>)<br><a href=\"https:\/\/www.rtve.es\/noticias\/20230430\/objetivo-igualdad-sesgos-machistas-wikipedia\/2435607.shtml\" target=\"_blank\" rel=\"noreferrer noopener\">Trabajar contra los sesgos machistas de Wikipedia<\/a><\/li>\n<\/ul>\n\n\n\n<figure class=\"wp-block-embed aligncenter is-type-video is-provider-youtube wp-block-embed-youtube wp-embed-aspect-16-9 wp-has-aspect-ratio\"><div class=\"wp-block-embed__wrapper\">\n<iframe title=\"Wikipedia adolece de poca presencia femenina | 29\/04\/2023 Informativos fin de semana RTVE\" width=\"980\" height=\"551\" src=\"https:\/\/www.youtube.com\/embed\/pnAvlGww9D8?feature=oembed\" frameborder=\"0\" allow=\"accelerometer; autoplay; clipboard-write; encrypted-media; gyroscope; picture-in-picture; web-share\" referrerpolicy=\"strict-origin-when-cross-origin\" allowfullscreen><\/iframe>\n<\/div><\/figure>\n\n\n\n<ul class=\"wp-block-list\">\n<li>04-05-2023 | <strong>Al Jazeera English<\/strong> | The Stream<br><a href=\"https:\/\/www.youtube.com\/watch?v=rJCumnEASfI\" target=\"_blank\" rel=\"noreferrer noopener\">How are Wikipedians fighting gender bias on the internet&#8217;s encyclopaedia?<\/a><\/li>\n<\/ul>\n\n\n\n<figure class=\"wp-block-embed aligncenter is-type-video is-provider-youtube wp-block-embed-youtube wp-embed-aspect-16-9 wp-has-aspect-ratio\"><div class=\"wp-block-embed__wrapper\">\n<iframe title=\"How are Wikipedians fighting gender bias on the internet&#039;s encyclopaedia? | The Stream\" width=\"980\" height=\"551\" src=\"https:\/\/www.youtube.com\/embed\/rJCumnEASfI?feature=oembed\" frameborder=\"0\" allow=\"accelerometer; autoplay; clipboard-write; encrypted-media; gyroscope; picture-in-picture; web-share\" referrerpolicy=\"strict-origin-when-cross-origin\" allowfullscreen><\/iframe>\n<\/div><\/figure>\n\n\n\n<ul class=\"wp-block-list\">\n<li>06-05-2023 | <strong>La Vanguardia<\/strong> | <em>Comunicaci\u00f3n<\/em> | Neus Navarro (<a href=\"https:\/\/twitter.com\/Neus__Navarro\" target=\"_blank\" rel=\"noreferrer noopener\">@Neus__Navarro<\/a>)<br><a href=\"https:\/\/www.lavanguardia.com\/cultura\/20230506\/8942108\/la-mala-familia-valor-carcel-persona-no-peligro-sociedad.html\" target=\"_blank\" rel=\"noreferrer noopener\">Sororidad en Wikipedia: mujeres se re\u00fanen para editar los perfiles de profesionales referentes<\/a><\/li>\n\n\n\n<li>10-05-2023 | <strong>ElDiario.es<\/strong> | <em>Murcia<br><\/em><a href=\"https:\/\/www.eldiario.es\/murcia\/cultura\/centro-cultural-carmen-acoge-primera-editatona-dedicada-artistas-visuales-region_1_10192424.html\" target=\"_blank\" rel=\"noreferrer noopener\">El Centro Cultural de El Carmen acoge la primera &#8216;editatona&#8217; dedicada a las artistas visuales de la Regi\u00f3n<\/a><\/li>\n\n\n\n<li>11-05-2023 | <strong>La Verdad <\/strong>| <em>Culturas<\/em><br><a href=\"https:\/\/www.laverdad.es\/culturas\/primera-editatona-artistas-visuales-region-murcia-20230511105136-nt.html\" target=\"_blank\" rel=\"noreferrer noopener\">Primera editatona de artistas visuales de la Regi\u00f3n de Murcia<\/a><\/li>\n\n\n\n<li>11-05-2023 | <strong>Onda Regional&nbsp;<\/strong><br><a href=\"https:\/\/www.orm.es\/programas\/tarde-abierta\/este-viernes-se-celebra-en-murcia-una-nueva-editatona-dedicada-a-mujeres-artistas-visuales\/\" target=\"_blank\" rel=\"noreferrer noopener\">Entrevista a Marina Beltr\u00e1n y Eva Cagigal sobre la editatona de artistas visuales de Murcia<\/a><\/li>\n\n\n\n<li>24-05-2023 | <strong>El Faradio<\/strong><br><a href=\"https:\/\/www.elfaradio.com\/2023\/05\/24\/wikipeando-sobre-cantabria\/\" target=\"_blank\" rel=\"noreferrer noopener\">\u2018Wikipeando\u2019 sobre Cantabria<\/a><\/li>\n\n\n\n<li>27-05-2023 | <strong>ElDiario.es <\/strong>| <em>Cantabria<\/em><br><a href=\"https:\/\/www.eldiario.es\/cantabria\/ultimas-noticias\/fundacion-banco-santander-impulsa-incluir-wikipedia-11-elementos-patrimonio-cantabria-riesgo-desaparecer_1_10243753.html\" target=\"_blank\" rel=\"noreferrer noopener\">Fundaci\u00f3n Banco Santander impulsa incluir en Wikipedia 11 elementos del patrimonio de Cantabria en riesgo de desaparecer<\/a><\/li>\n\n\n\n<li>27-05-2023 | <strong>P\u00fablico<\/strong> | <em>El diario Cantabria<\/em><br><a href=\"https:\/\/eldiariocantabria.publico.es\/articulo\/cantabria\/11-elementos-patrimonio-cantabria-riesgo-desaparecer\/20230527182138136823.html\" target=\"_blank\" rel=\"noreferrer noopener\">11 elementos del patrimonio de Cantabria en riesgo de desaparecer<\/a><\/li>\n\n\n\n<li>27-05-2023 | <strong>La Vanguardia<\/strong> | <em>Cantabria<\/em><br><a href=\"https:\/\/www.lavanguardia.com\/local\/cantabria\/20230527\/8999641\/fundacion-banco-santander-impulsa-incluir-wikipedia-11-elementos-patrimonio-cantabria-riesgo-desaparecer.html\" target=\"_blank\" rel=\"noreferrer noopener\">Fundaci\u00f3n Banco Santander impulsa incluir en Wikipedia 11 elementos del patrimonio de Cantabria en riesgo de desaparecer<\/a><\/li>\n\n\n\n<li>27-05-2023 | <strong>El Diario Monta\u00f1\u00e9s<\/strong> | <em>Culturas<\/em> | Rosa M. Ruiz<br><a href=\"https:\/\/www.eldiariomontanes.es\/culturas\/fundacion-banco-santander-incluira-wikipedia-elementos-patrimoniales-20230527082205-nt.html\" target=\"_blank\" rel=\"noreferrer noopener\">La Fundaci\u00f3n Banco Santander incluir\u00e1 en Wikipedia elementos patrimoniales en riesgo de exclusi\u00f3n<\/a><\/li>\n\n\n\n<li>09-06-2023 | <strong>El Mundo<\/strong> | <em>Cultura<\/em> | Raquel R. Incertis (<a href=\"https:\/\/twitter.com\/incertis_rachel\" target=\"_blank\" rel=\"noreferrer noopener\">@incertis_rachel<\/a>) <br><a href=\"https:\/\/www.elmundo.es\/cultura\/literatura\/2023\/06\/09\/6481c35d21efa0b0118b4580.html\" target=\"_blank\" rel=\"noreferrer noopener\">Wikipedia es machista y no te hab\u00edas dado cuenta<\/a><img decoding=\"async\" src=\"http:\/\/www.wikiesfera.org\/wp-content\/uploads\/2023\/06\/2023-06-09_entrevista-ElMundo-624x1024.jpg\" alt=\"\"><\/li>\n\n\n\n<li>26-06-2023 | <strong>MassCultura<\/strong><br><a href=\"https:\/\/www.masscultura.com\/mass\/jornada-para-incluir-el-mayor-numero-posible-de-biografias-de-artistas-canarios-en-wikipedia\/\" target=\"_blank\" rel=\"noreferrer noopener\">\u2018Isla de arte\u2019 promueve un \u2018editat\u00f3n\u2019, jornada para incluir el mayor n\u00famero posible de biograf\u00edas de artistas canarios en \u2018Wikipedia\u2019<\/a><\/li>\n\n\n\n<li>27-06-2023 | <strong>La Provincia Diario de Las Palmas<\/strong> | <em>Cultura<\/em><br><a href=\"https:\/\/www.laprovincia.es\/cultura\/2023\/06\/27\/isla-arte-promueve-editaton-jornada-89188655.html\" target=\"_blank\" rel=\"noreferrer noopener\">\u2018Isla de arte\u2019 promueve un \u2018editat\u00f3n\u2019, jornada para incluir las biograf\u00edas de artistas canarios en \u2018Wikipedia\u2019<\/a><\/li>\n\n\n\n<li>27-06-2023 | <strong>Canarias 7<\/strong> | <em>Cultura<\/em><br><a href=\"https:\/\/www.canarias7.es\/cultura\/patricia-horrillo-editores-digitales-mujeres-20230627170051-nt.html\" target=\"_blank\" rel=\"noreferrer noopener\">Patricia Horrillo: \u00abMenos del 13% de editores digitales son mujeres\u00bb<\/a><\/li>\n\n\n\n<li>29-06-2023 | <strong>ElDiario.es<\/strong> | <em>Canarias ahora<\/em><br><a href=\"https:\/\/www.eldiario.es\/canariasahora\/cultura\/editaton-jornada-luchar-olvido-canarias-wikipedia_1_10338249.html\" target=\"_blank\" rel=\"noreferrer noopener\">&#8216;Editat\u00f3n&#8217;, una jornada para luchar contra el olvido de Canarias en &#8216;Wikipedia&#8217;<\/a><\/li>\n\n\n\n<li>31-08-2023 | <strong>Radio Nacional de Espa\u00f1a<\/strong> | <em>Gente Despierta<br><\/em>Intervenci\u00f3n en la secci\u00f3n <a href=\"https:\/\/www.rtve.es\/play\/audios\/gente-despierta\/historia-cancion-del-verano-31-08-23\/6959256\/\" target=\"_blank\" rel=\"noreferrer noopener\">Wikiverso<\/a> de WMES<\/li>\n\n\n\n<li>18-09-2023 | <strong>Tartalo<\/strong> | Pedro Ortega<br><a href=\"https:\/\/tartalo.hypotheses.org\/619\" target=\"_blank\" rel=\"noreferrer noopener\">Wikipedia y el patrimonio cultural<\/a><\/li>\n\n\n\n<li>18-09-2023 | <strong>ElDiario.es<\/strong> | <em>Somos Lavapi\u00e9s<\/em>&nbsp;| Luis de la Cruz<br><a href=\"https:\/\/www.eldiario.es\/madrid\/somos\/lavapies\/academia-sociedad-civil-sientan-trabajar-lavapies-memoria-carcel-mujeres-ventas_1_10508882.html\" target=\"_blank\" rel=\"noreferrer noopener\">Academia y sociedad civil se sientan a trabajar juntos en Lavapi\u00e9s sobre la memoria de la c\u00e1rcel de mujeres de Ventas<\/a><\/li>\n\n\n\n<li>20-09-2023 | <strong>P\u00fablico<\/strong> | <em>Pol\u00edtica<\/em> | Sara Hincapi\u00e9<br><a href=\"https:\/\/www.publico.es\/politica\/web-carcel-mujeres-ventas-cancelada-almeida-vuelve-carga.html\" target=\"_blank\" rel=\"noreferrer noopener\">La web de la C\u00e1rcel de mujeres de Ventas cancelada por Almeida vuelve a la carga<\/a><\/li>\n\n\n\n<li>27-09-2023 | <strong>Toledo Diario<\/strong><br><a href=\"https:\/\/toledodiario.es\/wikiesfera-llega-a-toledo-para-combatir-la-brecha-de-genero-en-wikipedia-donde-solo-el-15-de-las-biografias-son-de-mujeres\/\">Wikiesfera llega a Toledo para \u201ccombatir la brecha de g\u00e9nero en Wikipedia\u201d, donde solo el 15% de las biograf\u00edas son de mujeres<\/a><\/li>\n\n\n\n<li>27-09-2023 | <strong>Emprendedores<\/strong><br><a href=\"https:\/\/emprendedores.es\/formacion\/emprendimiento-temprano\/\" target=\"_blank\" rel=\"noreferrer noopener\">10 gu\u00edas de aprendizaje que potencian el emprendimiento temprano<\/a><\/li>\n\n\n\n<li>27-09-2023 | <strong>P\u00fablico<\/strong> | <em>Pol\u00edtica<\/em> | Sara Hincapi\u00e9                                                                                                <a href=\"https:\/\/www.publico.es\/politica\/patricia-horrillo-desconoces-existencia-parte-historia-dificil-intereses.html\" target=\"_blank\" rel=\"noreferrer noopener\">Patricia Horrillo: \u00abSi desconoces la existencia de una parte de la historia, es dif\u00edcil que te intereses por ella\u00bb<\/a><\/li>\n\n\n\n<li>19-10-2023 | <strong>Maldita Twitcher\u00eda<\/strong><br><a href=\"https:\/\/www.twitch.tv\/videos\/1955687950\" target=\"_blank\" rel=\"noreferrer noopener\">Entrevista a Patricia Horrillo sobre Wikipedia<\/a><\/li>\n\n\n\n<li>25-10-2023 | <strong>Cadena SER<\/strong> | <em>La Ventana<\/em> | Ana Alonso (<a href=\"https:\/\/twitter.com\/alonsodeblas\" target=\"_blank\" rel=\"noreferrer noopener\">@alonsodeblas<\/a>)<br><a href=\"https:\/\/open.spotify.com\/episode\/2nztLqZgyvvXSa5zCiYXPO?si=462bb64a7dd74ada\" target=\"_blank\" rel=\"noreferrer noopener\">Menci\u00f3n de la editatona de p\u00f3dcast feministas en la secci\u00f3n de Todo por la radio<\/a><\/li>\n<\/ul>\n<\/div><\/details><\/div>\n<\/div>\n\n\n\n<div class=\"wp-block-coblocks-accordion\">\n<div class=\"wp-block-coblocks-accordion-item\"><details><summary class=\"wp-block-coblocks-accordion-item__title\">[ 2022 ]<\/summary><div class=\"wp-block-coblocks-accordion-item__content\">\n<ul class=\"wp-block-list\">\n<li>01-01-2022 | <strong>El Confidencial Auton\u00f3mico<\/strong> | <em>Arag\u00f3n<\/em> | Javier Arnal<br><a href=\"https:\/\/autonomico.elconfidencialdigital.com\/articulo\/aragon\/recuperadas-biografias-40-aragonesas-destacadas-publicadas-wikipedia\/20211231142516074960.html\" target=\"_blank\" rel=\"noreferrer noopener\">Recuperadas las biograf\u00edas de 40 aragonesas destacadas y publicadas en Wikipedia<\/a><\/li>\n\n\n\n<li>09-02-2022 | <strong>Revista ZIRK\u00d3LIKA<\/strong> | <em>Festivales<\/em> | Ramon Bech (<a href=\"https:\/\/twitter.com\/Ramon_Bech\" target=\"_blank\" rel=\"noreferrer noopener\">@Ramon_Bech<\/a>)<br><a href=\"https:\/\/zirkolika.com\/festivales\/la-magia-con-mayusculas-llega-al-price\/\" target=\"_blank\" rel=\"noreferrer noopener\">La Magia con may\u00fasculas llega al Price<\/a><\/li>\n\n\n\n<li>09-02-2022 | <strong>AmecoPress<\/strong><br><a href=\"https:\/\/amecopress.net\/Editatona-virtual-de-mujeres-STEM-11F-24810\" target=\"_blank\" rel=\"noreferrer noopener\">Editatona virtual de mujeres STEM #11F<\/a><\/li>\n\n\n\n<li>11-02-2022 | <strong>ElPeriodic.com<\/strong> | <em>Sociedad<\/em><br><a href=\"https:\/\/www.elperiodic.com\/elx\/nace-primer-grupo-editoras-wikipedia-provincia-alicante_801971\" target=\"_blank\" rel=\"noreferrer noopener\">Nace el primer grupo de editoras de Wikipedia de la provincia de Alicante<\/a><\/li>\n\n\n\n<li>17-02-2022 | <strong>Madrid 365<\/strong> | <em>Cultura<\/em><br><a href=\"https:\/\/madrid365.es\/cultura\/el-teatro-circo-price-de-madrid-llega-con-comedia-grandes-ilusiones-y-malabarismos-20220217-0730\/\" target=\"_blank\" rel=\"noreferrer noopener\">El Teatro Circo Price de Madrid llega con comedia, grandes ilusiones y malabarismos<\/a><\/li>\n\n\n\n<li>23-02-2022 | <strong>Radio 5<\/strong> | <em>RadioActivas<\/em> | Lola Mart\u00ednez Rojo (<a href=\"https:\/\/twitter.com\/lolamtzrojo\" target=\"_blank\" rel=\"noreferrer noopener\">@lolamtzrojo<\/a>)<br><a href=\"https:\/\/www.rtve.es\/play\/audios\/radioactivas-en-radio-5\/radioactivas-radio-5-editatonas-nadie-hablara-nosotras-si-no-estamos-wikipedia\/6386202\/\" target=\"_blank\" rel=\"noreferrer noopener\">Editatonas: Nadie hablar\u00e1 de nosotras si no estamos en Wikipedia<\/a><\/li>\n\n\n\n<li>23-02-2022 | <em>Hoy se f\u00eda<\/em> | Tico Fuentes (<a href=\"https:\/\/twitter.com\/HoySeFia_Pd\" target=\"_blank\" rel=\"noreferrer noopener\">@HoySeFia_Pd<\/a>)<br><a href=\"https:\/\/www.ivoox.com\/12-confianza-wikipedia-patricia-horrillo-audios-mp3_rf_82666022_1.html\" target=\"_blank\" rel=\"noreferrer noopener\">#12 Confianza en la Wikipedia con Patricia Horrillo<\/a><\/li>\n\n\n\n<li>03-03-2022 | <strong>GNDiario<\/strong> | <em>Cultura<\/em> | Mar\u00eda D\u00edaz Romero<br><a href=\"https:\/\/www.gndiario.com\/mejor-magia-madrid\" target=\"_blank\" rel=\"noreferrer noopener\">La mejor magia del mundo llega a Madrid<\/a><\/li>\n\n\n\n<li>06-03-2022 | <strong>P\u00fablico<\/strong>&nbsp;| <em>Sociedad: Empoderadas<\/em> | Pablo Romero (<a href=\"https:\/\/twitter.com\/pabloromero\" target=\"_blank\" rel=\"noreferrer noopener\">@pabloromero<\/a>)<br><a href=\"https:\/\/www.publico.es\/sociedad\/patricia-horrillo-guerra-editora-wikipedia-mujeres-centramos-discurso-hay-pasar-accion.html\" target=\"_blank\" rel=\"noreferrer noopener\">Patricia Horrillo Guerra, editora en Wikipedia: \u00abLas mujeres nos centramos en el discurso y hay que pasar a la acci\u00f3n\u00bb<\/a><\/li>\n\n\n\n<li>07-03-2022 | <strong>Europa Press<\/strong> | <em>Murcia<\/em><br><a href=\"https:\/\/www.europapress.es\/murcia\/noticia-umu-conmemora-dia-internacional-mujer-amplio-programa-actividades-todo-mes-marzo-20220307112356.html\" target=\"_blank\" rel=\"noreferrer noopener\">La UMU celebra el D\u00eda Internacional de la Mujer con actividades durante el mes de marzo<\/a><\/li>\n\n\n\n<li>07-03-2022 | <strong>COPE<\/strong> | <em>Murcia<\/em><br><a href=\"https:\/\/www.cope.es\/emisoras\/region-de-murcia\/murcia-provincia\/murcia---san-javier\/noticias\/umu-celebra-dia-internacional-mujer-con-actividades-durante-mes-marzo-20220307_1952902\" target=\"_blank\" rel=\"noreferrer noopener\">La UMU celebra el D\u00eda Internacional de la Mujer con actividades durante el mes de marzo<\/a><\/li>\n\n\n\n<li>09-03-2022 | <strong>LAAAB<\/strong> | <em>Comunidad Aspasia<\/em><br><a href=\"https:\/\/www.laaab.es\/2022\/03\/batman-y-las-mujeres-stem-aragonesas-editando-por-el-reconocimiento\/\" target=\"_blank\" rel=\"noreferrer noopener\">Batman y las mujeres STEM aragonesas: editando por el reconocimiento<\/a><\/li>\n\n\n\n<li>11-03-2022 | <strong>La Verdad<\/strong> | <em>Regi\u00f3n de Murcia<\/em><br><a href=\"https:\/\/www.laverdad.es\/murcia\/conmemora-internacional-mujer-20220311003318-ntvo.html\" target=\"_blank\" rel=\"noreferrer noopener\">La UMU conmemora el D\u00eda Internacional de la Mujer con un amplio programa de actividades<\/a><\/li>\n\n\n\n<li>25-03-2022 | <strong>La Verdad<\/strong> | <em>Cultura<\/em> | Pilar Mart\u00ednez Ma\u00f1ogil<br><a href=\"https:\/\/www.laverdad.es\/culturas\/libros\/vega-cerezo-cristina-20220325001600-ntvo.html\" target=\"_blank\" rel=\"noreferrer noopener\">Vega Cerezo y Cristina Morano tendr\u00e1n perfiles en Wikipedia<\/a><\/li>\n\n\n\n<li>25-03-2022 | <strong>TV Universidad de Murcia<\/strong> | Guillermo Mar\u00edn (<a href=\"https:\/\/twitter.com\/LlouBurbuja\" target=\"_blank\" rel=\"noreferrer noopener\">@LlouBurbuja<\/a>)<br><a href=\"https:\/\/tv.um.es\/video?id=146175\" target=\"_blank\" rel=\"noreferrer noopener\">Patricia Horrillo nos habla sobre la brecha de g\u00e9nero en Wikipedia<\/a><\/li>\n\n\n\n<li>07-04-2022 | <strong>En Clave Cultura<\/strong> | Carlos Albaladejo Velasco<br><a href=\"http:\/\/enclavecultura.com\/noticias\/detallesNoticia.php?id=1712\" target=\"_blank\" rel=\"noreferrer noopener\">Patricia Horrillo: \u201cParece que las mujeres pueden juntarse para coser pero no para editar en Wikipedia\u201d<\/a><\/li>\n\n\n\n<li>09-05-2022 | <strong>Arag\u00f3n Hoy<\/strong> | <em>Participaci\u00f3n Ciudadana<\/em><br><a href=\"https:\/\/www.aragonhoy.es\/ciudadania-y-derechos-sociales\/aspasia-organiza-maraton-edicion-huesca-dar-visibilidad-mujeres-altoaragonesas-reducir-brecha-genero-wikipedia-86261\" target=\"_blank\" rel=\"noreferrer noopener\">Aspasia organiza una marat\u00f3n de edici\u00f3n en Huesca para dar visibilidad a las mujeres altoaragonesas y reducir la brecha de g\u00e9nero en Wikipedia<\/a><\/li>\n\n\n\n<li>10-05-2022 | <strong>AraInfo <\/strong>| <em>Arag\u00f3n<\/em><br><a href=\"https:\/\/arainfo.org\/maraton-de-edicion-para-dar-visibilidad-a-las-mujeres-altoaragonesas-en-wikipedia\/\" target=\"_blank\" rel=\"noreferrer noopener\">Marat\u00f3n de edici\u00f3n para dar visibilidad a las mujeres altoaragonesas en Wikipedia<\/a><\/li>\n\n\n\n<li>15-05-2022 | <strong>Diario del Alto Arag\u00f3n<\/strong> | <em>Huesca<\/em><br><a href=\"https:\/\/www.diariodelaltoaragon.es\/noticias\/huesca\/2022\/05\/15\/mujeres-de-huesca-combaten-la-brecha-de-genero-en-la-wikipedia-1574366-daa.html\" target=\"_blank\" rel=\"noreferrer noopener\">Mujeres de Huesca combaten la brecha de g\u00e9nero en la Wikipedia<\/a><\/li>\n\n\n\n<li>04-06-2022 | <strong>La Vanguardia<\/strong> | <em>Arag\u00f3n<\/em><br><a href=\"https:\/\/www.lavanguardia.com\/local\/aragon\/20220604\/8316716\/editoras-comunidad-aspasia-cumplen-ano-trabajo-actualizado-perfiles-mujeres-aragonesas-wikipedia.html\" target=\"_blank\" rel=\"noreferrer noopener\">Las editoras de la Comunidad Aspasia cumplen un a\u00f1o de trabajo actualizando perfiles de mujeres aragonesas en Wikipedia<\/a><\/li>\n\n\n\n<li>04-06-2022 | <strong>Arag\u00f3n Hoy<\/strong> | <em>Igualdad<\/em><br><a href=\"https:\/\/www.aragonhoy.es\/ciudadania-y-derechos-sociales\/grupo-editoras-comunidad-aspasia-cumple-ano-visibilizando-mujeres-aragonesas-wikipedia-86779\" target=\"_blank\" rel=\"noreferrer noopener\">El grupo de editoras de la Comunidad Aspasia cumple un a\u00f1o visibilizando a las mujeres aragonesas en Wikipedia<\/a><\/li>\n\n\n\n<li>04-06-2022 | <strong>Europa Press<\/strong> | <em>Arag\u00f3n<\/em><br><a href=\"https:\/\/www.europapress.es\/aragon\/noticia-editoras-comunidad-aspasia-cumplen-ano-trabajo-actualizado-perfiles-mujeres-aragonesas-wikipedia-20220604130649.html\" target=\"_blank\" rel=\"noreferrer noopener\">Las editoras de la Comunidad Aspasia cumplen un a\u00f1o de trabajo actualizando perfiles de mujeres aragonesas en Wikipedia<\/a><\/li>\n\n\n\n<li>05-06-2022 | <strong>AraInfo<\/strong> | <em>Arag\u00f3n<\/em><br><a href=\"https:\/\/arainfo.org\/el-grupo-de-editoras-de-la-comunidad-aspasia-cumple-un-ano-visibilizando-a-las-mujeres-aragonesas-en-wikipedia\/#.Ypx2R0AbH2w.telegram\" target=\"_blank\" rel=\"noreferrer noopener\">El grupo de editoras de la Comunidad Aspasia cumple un a\u00f1o visibilizando a las mujeres aragonesas en Wikipedia<\/a><\/li>\n\n\n\n<li>06-06-2022 | <strong>Medialab Matadero<\/strong> | Ra\u00fal Gonz\u00e1lez Pobre<br><a href=\"https:\/\/www.medialab-matadero.es\/videos\/el-paisaje-de-la-luz-en-wikipedia\" target=\"_blank\" rel=\"noreferrer noopener\">El Paisaje de la Luz en Wikipedia<\/a><\/li>\n<\/ul>\n\n\n\n<figure class=\"wp-block-embed aligncenter is-type-video is-provider-youtube wp-block-embed-youtube wp-embed-aspect-16-9 wp-has-aspect-ratio\"><div class=\"wp-block-embed__wrapper\">\n<iframe title=\"El Paisaje de la Luz en Wikipedia\" width=\"980\" height=\"551\" src=\"https:\/\/www.youtube.com\/embed\/tus1kNnSJl0?feature=oembed\" frameborder=\"0\" allow=\"accelerometer; autoplay; clipboard-write; encrypted-media; gyroscope; picture-in-picture; web-share\" referrerpolicy=\"strict-origin-when-cross-origin\" allowfullscreen><\/iframe>\n<\/div><\/figure>\n\n\n\n<ul class=\"wp-block-list\">\n<li>12-06-2022 | <strong>Arag\u00f3n Radio<\/strong> | <em>La Cadiera<\/em><br><a href=\"https:\/\/www.cartv.es\/aragonradio\/radio?play=podcast\/123696\" target=\"_blank\" rel=\"noreferrer noopener\">Entrevista a Chon Benito por el aniversario de WikiArag\u00f3n (min. 15)<\/a><\/li>\n\n\n\n<li>12-07-2022 | <strong>20 Minutos<\/strong> | Bel\u00e9n Sarri\u00e1 (<a href=\"https:\/\/twitter.com\/belen_sarria\" target=\"_blank\" rel=\"noreferrer noopener\">@belen_sarria<\/a>)<br><a href=\"https:\/\/www.20minutos.es\/noticia\/5028289\/0\/una-app-guiara-por-los-enclaves-incluidos-en-la-lista-de-patrimonio-de-la-unesco-de-madrid\/\" target=\"_blank\" rel=\"noreferrer noopener\">Una &#8216;app&#8217; guiar\u00e1 por los enclaves incluidos hace un a\u00f1o en la lista de la Unesco de Madrid<\/a><\/li>\n\n\n\n<li>10-08-2022 | <strong>LAAAB<\/strong> | Wiki Arag\u00f3n<br><a href=\"http:\/\/www.laaab.es\/2022\/08\/wikiaragon\/\" target=\"_blank\" rel=\"noreferrer noopener\">Wiki Arag\u00f3n, trabajando en equipo para reducir la brecha de g\u00e9nero en Wikipedia<\/a><\/li>\n\n\n\n<li>06-09-2022 | <strong>Patrimonio Digital<\/strong> | Pedro Ortega Ventureira<br><a href=\"https:\/\/www.linkedin.com\/pulse\/wikipedia-y-el-patrimonio-cultural-pedro-ortega-ventureira\/\" target=\"_blank\" rel=\"noreferrer noopener\">Wikipedia y el Patrimonio Cultural<\/a><\/li>\n\n\n\n<li>29-09-2022 | <strong>Heraldo de Arag\u00f3n<\/strong> | <em>Sociedad<\/em> | Maite Pelacho y Francisco Sanz<br><a href=\"https:\/\/www.heraldo.es\/noticias\/sociedad\/2022\/09\/29\/identidades-comunes-la-ciencia-ciudadana-manifiesta-la-multi-trans-e-interdisciplinariedad-de-la-investigacion-1601986.html\" target=\"_blank\" rel=\"noreferrer noopener\">Identidades comunes: la ciencia ciudadana manifiesta la multi, trans e interdisciplinariedad de la investigaci\u00f3n<\/a><\/li>\n\n\n\n<li>25-11-2022 | <strong>AmecoPress<\/strong><br><a href=\"https:\/\/amecopress.net\/Se-publica-el-primer-informe-sobre-la-realidad-de-las-mujeres-tecnologas-en-Espana\" target=\"_blank\" rel=\"noreferrer noopener\">Primer informe sobre la realidad de las mujeres tecn\u00f3logas en Espa\u00f1a<\/a><\/li>\n\n\n\n<li>27-11-2022 | <strong>El Diario Monta\u00f1\u00e9s<\/strong> | <em>Cultura<\/em> | Rosa M. Ruiz (<a href=\"https:\/\/twitter.com\/rosaruizzzz\" target=\"_blank\" rel=\"noreferrer noopener\">@rosaruizzzz<\/a>)<br><a href=\"https:\/\/www.eldiariomontanes.es\/culturas\/wikipedia-reivindica-artistas-20221127213436-nt.html\" target=\"_blank\" rel=\"noreferrer noopener\">Wikipedia reivindica a las artistas de Cantabria con cinco nuevas biograf\u00edas<\/a><\/li>\n\n\n\n<li>27-11-2022 | <strong>Cantabria Liberal <\/strong>| <em>Cantabria<\/em><br><a href=\"https:\/\/cantabrialiberal.com\/cantabria\/fundacion-banco-santander-organiza-una-editatona-para-visibilizar-a-los-artistas-de-cantabria,656801.html\" target=\"_blank\" rel=\"noreferrer noopener\">Fundaci\u00f3n Banco Santander organiza una &#8216;editatona&#8217; para visibilizar a los artistas de Cantabria<\/a><\/li>\n\n\n\n<li>28-11-2022 | <strong>Alerta<\/strong> | <em>Cultura<\/em><br><a href=\"https:\/\/www.eldiarioalerta.com\/articulo\/cultura\/fundacion-banco-santander-organiza-editatona-visibilizar-artistas-cantabria\/20221128160620485533.html\" target=\"_blank\" rel=\"noreferrer noopener\">Fundaci\u00f3n Banco Santander organiza una &#8216;editatona&#8217; para visibilizar a los artistas de Cantabria<\/a><\/li>\n\n\n\n<li>29-11-2022 | <strong>El Pa\u00eds<\/strong> | <em>Tecnolog\u00eda<\/em> | Clara Rebollo (<a href=\"https:\/\/twitter.com\/clarareebollo\" target=\"_blank\" rel=\"noreferrer noopener\">@clarareebollo<\/a>)<br><a href=\"https:\/\/elpais.com\/tecnologia\/2022-11-29\/el-problema-de-la-cultura-brogrammer-se-esta-excluyendo-la-mirada-femenina-de-las-soluciones-tecnologicas-que-van-a-modelar-el-futuro.html\" target=\"_blank\" rel=\"noreferrer noopener\">El problema de la cultura \u2018brogrammer\u2019: \u201cSe est\u00e1 excluyendo la mirada femenina de las soluciones tecnol\u00f3gicas que van a modelar el futuro\u201d<\/a><\/li>\n\n\n\n<li>29-11-2022 | <strong>AmecoPress<\/strong> | Ana Quereda<br><a href=\"https:\/\/amecopress.net\/La-brecha-de-genero-en-el-sector-tecnologico\" target=\"_blank\" rel=\"noreferrer noopener\">La brecha de g\u00e9nero en el sector tecnol\u00f3gico<\/a><\/li>\n\n\n\n<li>29-11-2022 | <strong>Morning Express<\/strong><br><a href=\"https:\/\/morningexpress.in\/the-problem-of-the-brogrammer-culture-the-female-gaze-is-being-excluded-from-the-technological-solutions-that-are-going-to-shape-the-future\/\" target=\"_blank\" rel=\"noreferrer noopener\">The problem of the \u2018brogrammer\u2019 culture: \u201cThe female gaze is being excluded from the technological solutions that are going to shape the future\u201d<\/a><\/li>\n\n\n\n<li>02-12-2022 | <strong>M\u00e1s Mujeres a Seguir<\/strong> | Marina Dorado<br><a href=\"https:\/\/www.mujeresaseguir.com\/empresas\/noticia\/1170213048515\/falta-de-apoyo-poca-visibilidad-y-cultura-brogrammer-causas-de-escasez-de-mujeres-tecnologia.1.html\" target=\"_blank\" rel=\"noreferrer noopener\">Falta de apoyo, poca visibilidad y cultura brogrammer: las causas de la escasez de mujeres en tecnolog\u00eda<\/a><\/li>\n\n\n\n<li>14-12-2022 | <strong>El Mundo<\/strong> | <em>Cultura<\/em> | Ruth D\u00edaz (<a href=\"https:\/\/twitter.com\/ruthdiazg\" target=\"_blank\" rel=\"noreferrer noopener\">@ruthdiazg<\/a>)<br><a href=\"https:\/\/www.elmundo.es\/madrid\/2022\/12\/14\/6398d640e4d4d894028b45a7.html\" target=\"_blank\" rel=\"noreferrer noopener\">Las pioneras del c\u00f3mic &#8216;underground&#8217; que pintaron nuestro futuro: \u00abMe dijeron que publicara en revistas de chicas, que no interesaba\u00bb<\/a><\/li>\n\n\n\n<li>30-12-2022 | <strong>Arag\u00f3n Radio<\/strong> | <em>Despierta Arag\u00f3n<\/em><br><a href=\"https:\/\/www.cartv.es\/aragonradio\/radio?play=podcast\/132542\" target=\"_blank\" rel=\"noreferrer noopener\">Entrevista a Kani Cubo por el segundo aniversario de Aspasia (min. 22)<\/a><\/li>\n<\/ul>\n<\/div><\/details><\/div>\n<\/div>\n\n\n\n<div class=\"wp-block-coblocks-accordion\">\n<div class=\"wp-block-coblocks-accordion-item\"><details><summary class=\"wp-block-coblocks-accordion-item__title\">[ 2021 ]<\/summary><div class=\"wp-block-coblocks-accordion-item__content\">\n<ul class=\"wp-block-list\">\n<li>05-01-2021 | <strong>Forbes<\/strong> | <em>Listas<\/em><br><a href=\"https:\/\/forbes.es\/listas\/84645\/las-otras-100-mayores-fortunas-de-espana\/38\/\" target=\"_blank\" rel=\"noreferrer noopener\">Las Otras 100 Mayores Fortunas de Espa\u00f1a<\/a><\/li>\n\n\n\n<li>13-01-2021 | <strong>Newtral<\/strong> | Maril\u00edn Gonzalo (<a href=\"https:\/\/twitter.com\/marilink\" target=\"_blank\" rel=\"noreferrer noopener\">@marilink<\/a>)<br><a href=\"https:\/\/www.newtral.es\/wikipedia-20-utopia-realizada-aniversario\/20210113\/\" target=\"_blank\" rel=\"noreferrer noopener\">Wikipedia, 20 a\u00f1os de la utop\u00eda realizada<\/a><\/li>\n\n\n\n<li>14-01-2021 | <strong>El Confidencial<\/strong> | <em>Cultura<\/em> | Guillermo Mart\u00ednez (<a href=\"https:\/\/twitter.com\/Guille8Martinez\" target=\"_blank\" rel=\"noreferrer noopener\">@Guille8Martinez<\/a>)<br><a href=\"https:\/\/www.elconfidencial.com\/cultura\/2021-01-14\/wikipedia-veinte-anos_2904732\/\" target=\"_blank\" rel=\"noreferrer noopener\">Wikipedia cumple 20 a\u00f1os: un d\u00eda en el mayor centro de conocimiento mundial<\/a><\/li>\n\n\n\n<li>21-01-2021 | <strong>Radio Galdar<\/strong> | <em>De la palabra al verso<\/em> | Pepa Molina<br><a href=\"https:\/\/www.ivoox.com\/de-palabra-al-verso-21-enero-2021-audios-mp3_rf_64336760_1.html\" target=\"_blank\" rel=\"noreferrer noopener\">Entrevista sobre el 20 aniversario de Wikipedia (min. 72)<\/a><\/li>\n\n\n\n<li>10-02-2021 | <strong>Atresmedia<\/strong> | <em>Levanta al cabeza<\/em><br><a href=\"https:\/\/compromiso.atresmedia.com\/levanta-la-cabeza\/actualidad\/wikipedia-20-anos-utopia-imprescindible_2021021060239004745fb40001b048f9.html\" target=\"_blank\" rel=\"noreferrer noopener\">Wikipedia: 20 a\u00f1os de una utop\u00eda (imprescindible)<\/a><\/li>\n\n\n\n<li>11-02-2021 | <strong>Heraldo de Arag\u00f3n<\/strong> | Mar\u00eda Pilar Perla Mateo<br><a href=\"https:\/\/www.heraldo.es\/noticias\/aragon\/2021\/02\/11\/todas-las-citas-para-celebrar-el-11f-cientificas-en-el-escaparate-y-en-casa-desde-la-pantalla-1419565.html\" target=\"_blank\" rel=\"noreferrer noopener\">Todas las citas para celebrar el 11F: cient\u00edficas en el escaparate y en casa, desde la pantalla<\/a><\/li>\n\n\n\n<li>13-02-2021 | <strong>Arag\u00f3n Hoy <\/strong>| <em>Servicios sociales e igualdad<\/em><br><a href=\"https:\/\/web.archive.org\/web\/20210213120557\/http:\/\/www.aragonhoy.net\/index.php\/mod.noticias\/mem.detalle\/id.272450\" target=\"_blank\" rel=\"noreferrer noopener\">La Comunidad Aspasia visibiliza a cient\u00edficas y tecn\u00f3logas aragonesas en Wikipedia<\/a><\/li>\n\n\n\n<li>13-02-2021 | <strong>Heraldo de Arag\u00f3n<\/strong><br><a href=\"https:\/\/www.heraldo.es\/noticias\/aragon\/2021\/02\/13\/comunidad-aspasia-cientificas-tecnologas-aragonesas-wikipedia-aragon-ciencia-1420023.html\" target=\"_blank\" rel=\"noreferrer noopener\">La Comunidad Aspasia visibiliza a cient\u00edficas aragonesas en Wikipedia<\/a><\/li>\n\n\n\n<li>13-02-2021 | <strong>El Peri\u00f3dico de Arag\u00f3n<\/strong><br><a href=\"https:\/\/www.elperiodicodearagon.com\/aragon\/2021\/02\/13\/cientificas-wikipedia-46460798.html\" target=\"_blank\" rel=\"noreferrer noopener\">Cient\u00edficas a por la Wikipedia<\/a><\/li>\n\n\n\n<li>15-02-2021 | <strong>Radio 3<\/strong> | <em>Efecto Doppler<\/em> | \u00c1lvaro Bravo de la Gu\u00eda (<a href=\"https:\/\/twitter.com\/bravodelaguia\" target=\"_blank\" rel=\"noreferrer noopener\">@bravodelaguia<\/a>)<br><a href=\"https:\/\/www.rtve.es\/alacarta\/audios\/efecto-doppler\/raportajes-wikipedia-triunfo-del-cualquiera\/5793382\/\" target=\"_blank\" rel=\"noreferrer noopener\">Raportajes &#8211; Wikipedia: el triunfo del cualquiera<\/a><\/li>\n\n\n\n<li>17-02-2021 | <strong>El Pa\u00eds<\/strong> | <em>ICON Design<\/em> | Sergio C. Fanjul (<a href=\"https:\/\/twitter.com\/txepeligro\" target=\"_blank\" rel=\"noreferrer noopener\">@txepeligro<\/a>)<br><a href=\"https:\/\/elpais.com\/icon-design\/creadores\/2021-02-17\/el-incierto-futuro-de-medialab-prado-el-centro-cultural-mas-innovador-de-madrid.html\" target=\"_blank\" rel=\"noreferrer noopener\">El incierto futuro de MediaLab Prado, el centro cultural m\u00e1s innovador de Madrid<\/a><\/li>\n\n\n\n<li>21-02-2021 | <strong>Enredadas podcast<\/strong> | Irene Ayuso Morillo (<a href=\"https:\/\/twitter.com\/IreneAyusMorill\" target=\"_blank\" rel=\"noreferrer noopener\">@IreneAyusMorill<\/a>)<br><a href=\"https:\/\/anchor.fm\/las-enredadas-podcast\/episodes\/Wiki-y-mujer-Ep-3-Enredadas-con-la-Wikiesfera-eqnc5u\" target=\"_blank\" rel=\"noreferrer noopener\">Wiki y mujer: Ep-3: Enredadas con la Wikiesfera<\/a><\/li>\n\n\n\n<li>28-02-2021 | <strong>ABC<\/strong> | Toledo<br><a href=\"https:\/\/www.abc.es\/espana\/castilla-la-mancha\/toledo\/abci-angeles-caso-luisa-gavasa-y-boticaria-garcia-entre-protagonistas-2021-202102281739_noticia.html\" target=\"_blank\" rel=\"noreferrer noopener\">Angeles Caso, Luisa Gavasa y Boticaria Garc\u00eda, entre las protagonistas del FEM 2021<\/a><\/li>\n\n\n\n<li>01-03-2021 | <strong>Diario de La Mancha<\/strong><br><a href=\"https:\/\/diariodelamancha.com\/toledo-celebra-el-iii-festival-fem-del-4-al-17-de-marzo-con-actividades-online-e-iluminara-espacios-emblematicos-por-el-8m\/\" target=\"_blank\" rel=\"noreferrer noopener\">Toledo celebra el III Festival FEM del 4 al 17 de marzo con actividades online e iluminar\u00e1 espacios emblem\u00e1ticos por el 8M<\/a><\/li>\n\n\n\n<li>04-03-2021 | <strong>Les Muntanyes<\/strong><br><a href=\"https:\/\/www.lesmuntanyes.com\/2021\/03\/04\/ledicio-de-2021-deditadona-alcoi-parlara-sobre-represaliades-alcoianes-al-franquisme\/\" target=\"_blank\" rel=\"noreferrer noopener\">L\u2019edici\u00f3 de 2021 d\u2019EDITADONA Alcoi parlar\u00e0 sobre represaliades alcoianes al franquisme<\/a><\/li>\n\n\n\n<li>07-03-2021 | <strong>La Tribuna de Toledo<\/strong><br><a href=\"https:\/\/www.latribunadetoledo.es\/Noticia\/Z8E712D3C-CBB3-2441-6C4337FD4E9BB429\/202103\/San-Marcos-acoge-el-acto-institucional-del-8M-en-Toledo\" target=\"_blank\" rel=\"noreferrer noopener\">San Marcos acoge el acto institucional del 8M en Toledo<\/a><\/li>\n\n\n\n<li>08-03-2021 |<strong> Diario de La Mancha<\/strong><br><a href=\"https:\/\/diariodelamancha.com\/toledo-celebra-el-dia-internacional-de-la-mujer-con-un-acto-institucional-en-san-marcos-y-mas-actividades-del-fem-21\/\" target=\"_blank\" rel=\"noreferrer noopener\">Toledo celebra el D\u00eda Internacional de la Mujer con un acto institucional en San Marcos y m\u00e1s actividades del FEM.21<\/a><\/li>\n\n\n\n<li>09-03-2021 | <strong>Radio Exterior<\/strong> | <em>Punto de Enlace<\/em> | Lola Funchal<br><a href=\"https:\/\/www.rtve.es\/alacarta\/audios\/punto-de-enlace\/punto-enlace-mujeres-tienen-poca-presencia-wikipedia\/5813772\/\" target=\"_blank\" rel=\"noreferrer noopener\">\u00bfPor qu\u00e9 las mujeres tienen poca presencia en Wikipedia?<\/a><\/li>\n\n\n\n<li>15-03-2021 | <strong>Ara<\/strong> | <em>Feminismes<\/em> | Alejandra Pal\u00e9s (<a href=\"https:\/\/twitter.com\/apales\" target=\"_blank\" rel=\"noreferrer noopener\">@apales<\/a>)<br><a href=\"https:\/\/www.ara.cat\/media\/viquipedia-davant-dilema-categories-femenines_1_3901968.html\" target=\"_blank\" rel=\"noreferrer noopener\">La Viquip\u00e8dia, davant el dilema de les categories femenines<\/a><\/li>\n\n\n\n<li>20-03-2021 | <strong>El Peri\u00f3dico de Canarias<\/strong><br><a href=\"https:\/\/web.archive.org\/web\/20210805190602\/https:\/\/www.elperiodicodecanarias.es\/la-casa-de-colon-acoge-el-primer-seminario-sobre-ciberfeminismo-para-tratar-la-cuestion-de-genero-desde-el-activismo-digital-en-internet\/\" target=\"_blank\" rel=\"noreferrer noopener\">La Casa de Col\u00f3n acoge el primer seminario sobre ciberfeminismo para tratar la cuesti\u00f3n de g\u00e9nero desde el activismo digital en internet<\/a><\/li>\n\n\n\n<li>23-03-2021 | <strong>Casa de Col\u00f3n<\/strong><br><a href=\"http:\/\/www.casadecolon.com\/noticias\/-\/asset_publisher\/EmvnMhg8SuQk\/content\/noticia-patricia-horrillo-wikipedia-solo-tiene-un-20-de-biografias-de-mujeres-y-solo-el-13-son-editoras-de-contenidos-\/7531811\" target=\"_blank\" rel=\"noreferrer noopener\">Patricia Horrillo: \u201cWikipedia solo tiene un 20% de biograf\u00edas de mujeres y solo el 13% son editoras de contenidos\u201d<\/a><\/li>\n\n\n\n<li>23-03-2021 | <strong>La Provincia<\/strong> | <em>Sociedad<\/em> | Carmen Santana<br><a href=\"https:\/\/www.laprovincia.es\/sociedad\/2021\/03\/23\/horrillo-13-wikipedia-generada-mujeres-44206202.html\" target=\"_blank\" rel=\"noreferrer noopener\">Horrillo: \u201cSolo el 13% de la Wikipedia est\u00e1 generada por mujeres\u201d<\/a><\/li>\n\n\n\n<li>24-03-2021 | <strong>Canarias 7<\/strong> | Carmen Delia Aranda<br><a href=\"https:\/\/www.canarias7.es\/sociedad\/horrillo-wikipedia-herramienta-20210325204850-nt.html\" target=\"_blank\" rel=\"noreferrer noopener\">Horrillo: \u00abLa Wikipedia es una herramienta del siglo XXI con las desigualdades del XX\u00bb<\/a><\/li>\n\n\n\n<li>24-03-2021 | <strong>Canarias 7<\/strong> | Luisa del Rosario (<a href=\"https:\/\/twitter.com\/Luisadelrosario\" target=\"_blank\" rel=\"noreferrer noopener\">@Luisadelrosario<\/a>)<br><a href=\"https:\/\/www.canarias7.es\/sociedad\/estandar-masculino-impone-20210324201843-nt.html\" target=\"_blank\" rel=\"noreferrer noopener\">El \u00abest\u00e1ndar masculino\u00bb se impone en la tecnolog\u00eda<\/a><\/li>\n\n\n\n<li>24-03-2021 | <strong>El Peri\u00f3dico de Canarias<\/strong> | <em>Cultura<\/em><br><a href=\"https:\/\/web.archive.org\/web\/20210805190602\/https:\/\/www.elperiodicodecanarias.es\/el-emprendimiento-tecnologico-femenino-y-el-sesgo-de-la-tecnologia-centran-el-debate-en-el-primer-dia-del-seminario-sobre-ciberfeminismo\/\" target=\"_blank\" rel=\"noreferrer noopener\">El emprendimiento tecnol\u00f3gico femenino y el sesgo de la tecnolog\u00eda centran el debate en el primer d\u00eda del seminario sobre ciberfeminismo<\/a><\/li>\n\n\n\n<li>25-03-2021 | <strong>Digital Faro Canarias<\/strong><br><a href=\"https:\/\/www.digitalfarocanarias.com\/index.php\/2021\/03\/25\/la-casa-de-colon-acoge-la-jornada-editatona-gran-canaria-para-incrementar-la-presencia-de-las-figuras-femeninas-canarias-en-la-wikipedia\/\" target=\"_blank\" rel=\"noreferrer noopener\">La Casa de Col\u00f3n acoge la Jornada Editatona Gran Canaria para incrementar la presencia de las figuras femeninas canarias en la Wikipedia<\/a><\/li>\n\n\n\n<li>25-03-2021 | <strong>Radio ECCA<\/strong> | <em>Lo nuestro<\/em> | Victoria Caro y Francisco Villalba<br><a href=\"http:\/\/www2.radioecca.org\/radio\/carta\/lo-nuestro\/67395424\" target=\"_blank\" rel=\"noreferrer noopener\">Entrevista sobre la II Editatona Gran Canaria<\/a><\/li>\n\n\n\n<li>26-03-2021 | <strong>RNE<\/strong> | <em>Canarias Mediod\u00eda<\/em> | Sergio de la Rosa<br><a href=\"https:\/\/www.rtve.es\/alacarta\/audios\/canarias-mediodia\/jornada-editona-gran-canaria-para-incrementar-presencia-figuras-femeninas-canarias-wikipedia\/5828196\/\" target=\"_blank\" rel=\"noreferrer noopener\">Entrevista sobre la II Editatona Gran Canaria<\/a><\/li>\n\n\n\n<li>02-04-2021 | <strong>CTXT<\/strong> | <em>Cultura<\/em> | Carlos Garc\u00eda de la Vega (<a href=\"https:\/\/twitter.com\/CGdlV\" target=\"_blank\" rel=\"noreferrer noopener\">@CGdlV<\/a>)<br><a href=\"https:\/\/ctxt.es\/es\/20210401\/Culturas\/35586\" target=\"_blank\" rel=\"noreferrer noopener\">Repensar Madrid como paisaje colectivo<\/a><\/li>\n\n\n\n<li>12-04-2021 | <strong>Radio 3<\/strong> | <em>Efecto Doppler<\/em> | \u00c1lex Gara (<a href=\"https:\/\/twitter.com\/Alex__Gara\" target=\"_blank\" rel=\"noreferrer noopener\">@Alex__Gara<\/a>)<br><a href=\"https:\/\/www.rtve.es\/alacarta\/audios\/efecto-doppler\/pequenas-mujeres-rojas-marta-sanz-12-04-21\/5852005\/\" target=\"_blank\" rel=\"noreferrer noopener\">Las \u00abpeque\u00f1as mujeres rojas\u00bb de Marta Sanz (min. 40)<\/a><\/li>\n\n\n\n<li>22-04-2021 | <strong>Cadena SER Zaragoza<\/strong> | <em>Unidad de Vigilancia Sexista<\/em> | Ana S\u00e1nchez Borroy (<a href=\"https:\/\/twitter.com\/asborroy\" target=\"_blank\" rel=\"noreferrer noopener\">@asborroy<\/a>)<br><a href=\"https:\/\/cadenaser.com\/emisora\/2021\/04\/21\/radio_zaragoza\/1618990407_517941.html\" target=\"_blank\" rel=\"noreferrer noopener\">Informe 18: Ecofeminismos y ciberfeminismos<\/a><\/li>\n\n\n\n<li>25-04-2021 | <strong>Forbes<\/strong> | Cristina Romero (<a href=\"https:\/\/twitter.com\/cris_rome\" target=\"_blank\" rel=\"noreferrer noopener\">@cris_rome<\/a>)<br><a href=\"https:\/\/forbes.es\/forbes-w\/95184\/es-wikipedia-una-comunidad-con-severa-brecha-de-genero\/\" target=\"_blank\" rel=\"noreferrer noopener\">S\u00f3lo un 11,6% de los editores de Wikipedia son mujeres<\/a><\/li>\n\n\n\n<li>11-09-2021 | <strong>20 Minutos&nbsp;<\/strong><br><a href=\"https:\/\/www.20minutos.es\/noticia\/4817595\/0\/la-comunidad-aspasia-suma-527-integrantes-para-promover-la-participacion-ciudadana-y-la-visibilidad-de-las-mujeres\/\" target=\"_blank\" rel=\"noreferrer noopener\">La comunidad Aspasia suma 527 integrantes para promover la participaci\u00f3n ciudadana y la visibilidad de las mujeres<\/a><\/li>\n\n\n\n<li>11-10-2021 | <strong>Newtral<\/strong> | Jacobo Pedraza (<a href=\"https:\/\/twitter.com\/JacoPedraza\" target=\"_blank\" rel=\"noreferrer noopener\">@JacoPedraza<\/a>)<br><a href=\"https:\/\/www.audible.es\/pd\/B09J4D5JLM?qid=1634030255&amp;sr=1-1&amp;ref=a_search_c3_lProduct_1_1&amp;pf_rd_p=edc39886-a4e3-4991-8ce5-effa92157a44&amp;pf_rd_r=0QXYZARBQPSTTK1JK8Y4\" target=\"_blank\" rel=\"noreferrer noopener\">20\u00ba Aniversario Wikipedia \u00bfC\u00f3mo funciona la enciclopedia libre?<\/a><\/li>\n\n\n\n<li>11-11-2021 | <strong>El Peri\u00f2dic<\/strong> | <em>Ciencia y tecnolog\u00eda<\/em><br><a href=\"https:\/\/www.elperiodic.com\/innovacion-organiza-actividad-para-reducir-brecha-digital-entre-personas-mayores_783442\" target=\"_blank\" rel=\"noreferrer noopener\">Innovaci\u00f3n organiza una actividad para reducir la brecha digital entre las personas mayores<\/a><\/li>\n\n\n\n<li>20-12-2021 | <strong>\u00c1gora Sol Radio<\/strong> | <em>El gesto m\u00e1s radical<br><\/em><a href=\"https:\/\/www.agorasolradio.org\/podcast\/elgestomasradical\/misscirquera-de-circo-y-mujeres-con-liliana-alviarez\/\" target=\"_blank\" rel=\"noreferrer noopener\">Entrevista a Liliana Alvi\u00e1rez<\/a><\/li>\n\n\n\n<li>30-12-2021 | <strong>Diario del Alto Arag\u00f3n<\/strong> | <em>Igualdad<\/em><br><a href=\"https:\/\/www.diariodelaltoaragon.es\/noticias\/aragon\/2021\/12\/30\/la-comunidad-aspasia-recupera-y-publica-en-wikipedia-las-biografias-de-40-aragonesas-referentes-1543587-daa.html\" target=\"_blank\" rel=\"noreferrer noopener\">40 mujeres referentes de Arag\u00f3n ya aparecen en Wikipedia gracias a Aspasia<\/a><\/li>\n\n\n\n<li>30-12-2021 | <strong>AraInfo&nbsp;<\/strong><br><a href=\"https:\/\/arainfo.org\/la-comunidad-aspasia-ha-recuperado-y-publicado-en-wikipedia-las-biografias-de-40-aragonesas\/\" target=\"_blank\" rel=\"noreferrer noopener\">La Comunidad Aspasia ha recuperado y publicado en Wikipedia las biograf\u00edas de 40 aragonesas<\/a><\/li>\n\n\n\n<li>30-12-2021 | <strong>Heraldo de Arag\u00f3n<\/strong><br><a href=\"https:\/\/www.heraldo.es\/noticias\/aragon\/2021\/12\/30\/40-mujeres-referentes-aragon-aparecen-wikipedia-gracias-aspasia-1543566.html\" target=\"_blank\" rel=\"noreferrer noopener\">40 mujeres referentes de Arag\u00f3n ya aparecen en Wikipedia gracias a Aspasia<\/a><\/li>\n<\/ul>\n<\/div><\/details><\/div>\n<\/div>\n\n\n\n<div class=\"wp-block-coblocks-accordion\">\n<div class=\"wp-block-coblocks-accordion-item\"><details><summary class=\"wp-block-coblocks-accordion-item__title\">[ 2020 ]<\/summary><div class=\"wp-block-coblocks-accordion-item__content\">\n<ul class=\"wp-block-list\">\n<li>03-02-2020 | <strong>Ahora C\u00f3rdoba<\/strong><br><a href=\"https:\/\/web.archive.org\/web\/20200728192727\/https:\/\/www.ahoracordoba.es\/las-investigadoras-de-la-uco-viajan-por-la-provincia-en-el-dia-de-la-mujer-y-la-nina-en-ciencia\/\" target=\"_blank\" rel=\"noreferrer noopener\">Las investigadoras de la UCO viajan por la provincia en el D\u00eda de la Mujer y la Ni\u00f1a en Ciencia<\/a><\/li>\n\n\n\n<li>05-02-2020 | <strong>Diario C\u00f3rdoba<\/strong><br><a href=\"https:\/\/www.diariocordoba.com\/noticias\/universidad\/editatona-llega-dia-nina-mujer-ciencia_1352246.html\" target=\"_blank\" rel=\"noreferrer noopener\">Editatona llega al D\u00eda de la Ni\u00f1a y la Mujer en la Ciencia<\/a><\/li>\n\n\n\n<li>11-02-2020 | <strong>Canal Sur Noticias C\u00f3rdoba<\/strong><br><a href=\"http:\/\/www.canalsur.es\/television\/programas\/csn-cordoba-2\/detalle\/303063.html?video=1547447\" target=\"_blank\" rel=\"noreferrer noopener\">Pieza sobre la editatona de mujeres STEM<\/a><\/li>\n\n\n\n<li>12-02-2020 | <strong>El D\u00eda de C\u00f3rdoba<\/strong> | Noelia Santos (<a href=\"https:\/\/twitter.com\/noedix\" target=\"_blank\" rel=\"noreferrer noopener\">@noedix<\/a>)<br><a href=\"https:\/\/www.eldiadecordoba.es\/cordoba\/mujeres-femenino-wikipedia-editatona-cordoba_0_1436556716.html\" target=\"_blank\" rel=\"noreferrer noopener\">M\u00e1s de 20 mujeres se re\u00fanen en C\u00f3rdoba para incluir m\u00e1s contenido femenino en Wikipedia<\/a><\/li>\n\n\n\n<li>12-02-2020 | <strong>Cord\u00f3polis<\/strong> | Alejandra Luque (<a href=\"https:\/\/twitter.com\/Jandra_lv\" target=\"_blank\" rel=\"noreferrer noopener\">@Jandra_lv<\/a>)<br><a href=\"https:\/\/cordopolis.es\/2020\/02\/12\/tu-tambien-puedes-escribir-en-wikipedia-las-historias-de-las-mujeres-que-nadie-cuenta\/\" target=\"_blank\" rel=\"noreferrer noopener\">T\u00fa tambi\u00e9n puedes escribir en \u2018Wikipedia\u2019 las historias de las mujeres que nadie cuenta<\/a><\/li>\n\n\n\n<li>19-02-2020 | <strong>Canarias 7<\/strong><br><a href=\"https:\/\/web.archive.org\/web\/20200220110029\/http:\/\/www.canarias7.es\/sociedad\/mas-mujeres-canarias-en-la-wikipedia-JB8672913\/\" target=\"_blank\" rel=\"noreferrer noopener\">M\u00e1s mujeres canarias en la Wikipedia<\/a><\/li>\n\n\n\n<li>27-02-2020 | <strong>Cadena SER Canarias<\/strong> | <em>Hoy por hoy Las Palmas<\/em> | Bego\u00f1a Vera<br><a href=\"https:\/\/play.cadenaser.com\/audio\/1582828387_302660\/\" target=\"_blank\" rel=\"noreferrer noopener\">AKELARRE con Patricia Horrillo creadora de Editatona<\/a><\/li>\n\n\n\n<li>29-02-2020 | <strong>Cadena SER Madrid <\/strong>| <em>A vivir que son dos d\u00edas<\/em> | Macarena Berl\u00edn (<a href=\"https:\/\/twitter.com\/MacarenaBerlin1\" target=\"_blank\" rel=\"noreferrer noopener\">@MacarenaBerlin1<\/a>)<br><a href=\"https:\/\/play.cadenaser.com\/audio\/regional_centro_avivirmadrid_20200229_120000_130000\/?autoplay=true\" target=\"_blank\" rel=\"noreferrer noopener\">Entrevista sobre la editatona de periodistas<\/a><\/li>\n\n\n\n<li>04-03-2020 | <strong>Radio Televisi\u00f3n Canaria<\/strong> | <em>Roscas y cotufas<\/em> | Jovanka Vaccari (<a href=\"https:\/\/twitter.com\/JovankaVaccari\" target=\"_blank\" rel=\"noreferrer noopener\">@JovankaVaccari<\/a>)<br><a href=\"http:\/\/www.rtvc.es\/canariasradio\/multimedia\/roscas-y-cotufas-7792\/04-03-2020-725.aspx\" target=\"_blank\" rel=\"noreferrer noopener\">Entrevista sobre la Editatona Gran Canaria<\/a><\/li>\n\n\n\n<li>05-03-2020 | <strong>Radio Televisi\u00f3n Canaria<\/strong> | <em>Canarias Hoy<\/em> | Kiko Barroso (<a href=\"https:\/\/twitter.com\/KBarrosoG\" target=\"_blank\" rel=\"noreferrer noopener\">@KBarrosoG<\/a>)<br><a href=\"https:\/\/www.youtube.com\/watch?v=hjBvMgaCl0w\" target=\"_blank\" rel=\"noreferrer noopener\">Entrevista a Pino Caballero sobre la Editatona Gran Canaria<\/a><\/li>\n\n\n\n<li>05-03-2020 | <strong>El Pa\u00eds<\/strong> | <em>El futuro es apasionandte<\/em> | Joel Dalmau y Noelia N\u00fa\u00f1ez (<a href=\"https:\/\/twitter.com\/NoeliaNunezz\" target=\"_blank\" rel=\"noreferrer noopener\">@NoeliaNunezz<\/a>)<br><a href=\"https:\/\/web.archive.org\/web\/20200306235413\/https:\/\/elfuturoesapasionante.elpais.com\/editar-la-wikipedia-para-combatir-la-brecha-de-genero\/\" target=\"_blank\" rel=\"noreferrer noopener\">Editar la Wikipedia para combatir la brecha de g\u00e9nero<\/a><\/li>\n<\/ul>\n\n\n\n<figure class=\"wp-block-embed aligncenter is-type-video is-provider-youtube wp-block-embed-youtube wp-embed-aspect-16-9 wp-has-aspect-ratio\"><div class=\"wp-block-embed__wrapper\">\n<iframe title=\"Editar la Wikipedia para combatir la brecha de g\u00e9nero\" width=\"980\" height=\"551\" src=\"https:\/\/www.youtube.com\/embed\/c04EH5l3ssE?feature=oembed\" frameborder=\"0\" allow=\"accelerometer; autoplay; clipboard-write; encrypted-media; gyroscope; picture-in-picture; web-share\" referrerpolicy=\"strict-origin-when-cross-origin\" allowfullscreen><\/iframe>\n<\/div><\/figure>\n\n\n\n<ul class=\"wp-block-list\">\n<li>06-03-2020 | <strong>El Pa\u00eds<\/strong> | <em>Planeta futuro<\/em> | Virginia Mart\u00ednez (<a href=\"https:\/\/twitter.com\/NoeliaNunezz\" target=\"_blank\" rel=\"noreferrer noopener\">@NoeliaNunezz<\/a>) y Carlos Mart\u00ednez (<a href=\"https:\/\/twitter.com\/carlosmtercero\" target=\"_blank\" rel=\"noreferrer noopener\">@carlosmtercero<\/a>)<br><a href=\"https:\/\/elpais.com\/elpais\/2020\/03\/04\/mujeres\/1583337744_305100.html\" target=\"_blank\" rel=\"noreferrer noopener\">Las mujeres que luchan contra la brecha de g\u00e9nero de Wikipedia<\/a><\/li>\n<\/ul>\n\n\n\n<figure class=\"wp-block-embed aligncenter is-type-video is-provider-youtube wp-block-embed-youtube wp-embed-aspect-16-9 wp-has-aspect-ratio\"><div class=\"wp-block-embed__wrapper\">\n<iframe title=\"#8M | Las MUJERES que luchan contra la BRECHA DE G\u00c9NERO en WIKIPEDIA\" width=\"980\" height=\"551\" src=\"https:\/\/www.youtube.com\/embed\/toXi3jMeSu8?feature=oembed\" frameborder=\"0\" allow=\"accelerometer; autoplay; clipboard-write; encrypted-media; gyroscope; picture-in-picture; web-share\" referrerpolicy=\"strict-origin-when-cross-origin\" allowfullscreen><\/iframe>\n<\/div><\/figure>\n\n\n\n<ul class=\"wp-block-list\">\n<li>11-03-2020 | <strong>Publico<\/strong> | Sofia Matos Silva<br><a href=\"https:\/\/www.publico.pt\/2020\/03\/11\/p3\/noticia\/wikipedia-precisa-mulheres-ha-maratona-edicao-porto-1907006\" target=\"_blank\" rel=\"noreferrer noopener\">Porque a Wikip\u00e9dia precisa de mulheres, h\u00e1 uma maratona de edi\u00e7\u00e3o no Porto<\/a><\/li>\n\n\n\n<li>14-04-2020 | <strong>Europea Radio<\/strong> | <em>El hijo de la Mari <\/em>| Rub\u00e9n Garc\u00eda (<a href=\"https:\/\/twitter.com\/rubengs86\" target=\"_blank\" rel=\"noreferrer noopener\">@rubengs86<\/a>)<br><a href=\"https:\/\/www.ivoox.com\/hijo-mari-patricia-horrillo-quedateencasa-audios-mp3_rf_49990664_1.html\" target=\"_blank\" rel=\"noreferrer noopener\">Entrevista sobre Wikiesfera<\/a><\/li>\n\n\n\n<li>16-04-2020 | <strong>Onda Cero<\/strong> | <em>Radio Cuarentena<\/em> | David Martos (<a href=\"https:\/\/twitter.com\/david_martos\" target=\"_blank\" rel=\"noreferrer noopener\">@david_martos<\/a>)<br><a href=\"https:\/\/www.ondacero.es\/solo-ondaceroes\/radio-cuarentena\/radio-cuarentena-160420-el-futuro-inmediato-de-los-aviones-volaremos-con-mascarilla_202004165e98babe7ea8b80001841de1.html\" target=\"_blank\" rel=\"noreferrer noopener\">El futuro inmediato de los aviones. \u00bfVolaremos con mascarilla?<\/a><\/li>\n\n\n\n<li>08-05-2020 | <strong>P\u00fablico<\/strong> | Barbijaputa (<a href=\"https:\/\/twitter.com\/Barbijaputa\" target=\"_blank\" rel=\"noreferrer noopener\">@Barbijaputa<\/a>)<br><a href=\"https:\/\/blogs.publico.es\/barbijaputa\/2020\/05\/08\/recomendacion-semanal-charlas-tedx\/\" target=\"_blank\" rel=\"noreferrer noopener\">Recomendaci\u00f3n semanal: charlas TEDx<\/a><\/li>\n\n\n\n<li>29-05-2020 | <strong>P\u00fablico<\/strong> | Barbijaputa (<a href=\"https:\/\/twitter.com\/Barbijaputa\" target=\"_blank\" rel=\"noreferrer noopener\">@Barbijaputa<\/a>)<br><a href=\"https:\/\/blogs.publico.es\/barbijaputa\/2020\/05\/29\/una-peli-una-serie-un-evento-y-un-libro\/\" target=\"_blank\" rel=\"noreferrer noopener\">Una peli, una serie, un evento y un libro<\/a><\/li>\n\n\n\n<li>10-06-2020 | <strong>Explica<\/strong><br><a href=\"https:\/\/web.archive.org\/web\/20200612103727\/https:\/\/www.explica.co\/women-fighting-wikipedias-gender-gap-womens-blog\/\" target=\"_blank\" rel=\"noreferrer noopener\">Women Fighting Wikipedia\u2019s Gender Gap<\/a><\/li>\n\n\n\n<li>19-06-2020 | <strong>Vogue<\/strong> | <em>Tecnolog\u00eda<\/em> | Atenea Morales de la Cruz (<a href=\"https:\/\/twitter.com\/alitzela1\" target=\"_blank\" rel=\"noreferrer noopener\">@alitzela1<\/a>)<br><a href=\"https:\/\/www.vogue.mx\/estilo-de-vida\/articulo\/mujeres-wikipedistas-editan-wikipedia-con-perspectiva-de-genero\" target=\"_blank\" rel=\"noreferrer noopener\">Estas mujeres se encargan de editar Wikipedia con perspectiva de g\u00e9nero<\/a><\/li>\n\n\n\n<li>18-07-2020 | <strong>El HuffPost<\/strong><br><a href=\"http:\/\/huffingtonpost.es\/entry\/wikiesfera_es_5d08eaa9e4b0f7b74426eb5b\" target=\"_blank\" rel=\"noreferrer noopener\">Lo que no se ve detr\u00e1s de Wikipedia: el equipo que lucha contra sus sesgos<\/a><\/li>\n\n\n\n<li>16-08-2020 | <strong>Radio Nacional de Espa\u00f1a<\/strong> | <em>No es un d\u00eda cualquiera<\/em> | Rodrigo Su\u00e1rez<br><a href=\"https:\/\/www.rtve.es\/alacarta\/audios\/no-es-un-dia-cualquiera\/200816-neudc-tercera-hora-2020-08-16t12-02-286531339\/5647379\/\" target=\"_blank\" rel=\"noreferrer noopener\">Entrevista sobre Wikiesfera<\/a><\/li>\n\n\n\n<li>15-09-2020 | <strong>Corresponsables<\/strong><br><a href=\"https:\/\/www.corresponsables.com\/actualidad\/ods5-fundaciondisa-contribuye-visibilizar-mujerescanarias-wikipedia\" target=\"_blank\" rel=\"noreferrer noopener\">ODS5. Fundaci\u00f3n DISA contribuye a visibilizar mujeres canarias en Wikipedia<\/a><\/li>\n\n\n\n<li>18-09-2020 | <strong>Canarias Radio<\/strong> | <em>Una+Uno<br><\/em><a href=\"http:\/\/www.rtvc.es\/canariasradio\/multimedia\/Una%20mas%20Uno-14330\/18-09-20-10.aspx\" target=\"_blank\" rel=\"noreferrer noopener\">Entrevista sobre la Editatona Gran Canaria<\/a><\/li>\n\n\n\n<li>11-10-2020 | <strong>Cuarto Poder<\/strong> | <em>Feminismo<\/em> | Susana Ye (<a href=\"https:\/\/twitter.com\/SusanaYuan\" target=\"_blank\" rel=\"noreferrer noopener\">@SusanaYuan<\/a>)<br><a href=\"https:\/\/www.cuartopoder.es\/feminismo\/2020\/10\/11\/ellas-hablan-chochocharlas-hasta-toto-pocas-mujeres\/\" target=\"_blank\" rel=\"noreferrer noopener\">Ellas hablan en las \u2018chochocharlas\u2019: \u201cHasta el toto de ver tan pocas mujeres\u201d<\/a><\/li>\n\n\n\n<li>03-11-2020 | <strong>El Peri\u00f2dic<\/strong> | <em>Ciencia y tecnolog\u00eda<\/em><br><a href=\"https:\/\/www.elperiodic.com\/valencia\/catedra-brecha-digital-genero-organiza-unas-jornadas-linea-dedicadas-educacion-virtual-igualdad_710448\" target=\"_blank\" rel=\"noreferrer noopener\">La C\u00e1tedra de Brecha Digital de G\u00e9nero organiza unas jornadas en l\u00ednea dedicadas a la educaci\u00f3n virtual en igualdad<\/a><\/li>\n\n\n\n<li>18-11-2020 | <strong>Arag\u00f3n Hoy<\/strong><br><a href=\"https:\/\/web.archive.org\/web\/20201127105042\/http:\/\/aragonhoy.net\/index.php\/mod.noticias\/mem.detalle\/id.268634\" target=\"_blank\" rel=\"noreferrer noopener\">El Proyecto Aspasia promover\u00e1 la participaci\u00f3n y la visibilidad de las mujeres en la vida p\u00fablica en Arag\u00f3n<\/a><\/li>\n\n\n\n<li>18-11-2020 |<strong> AraInfo<\/strong><br><a href=\"https:\/\/arainfo.org\/aspasia-el-proyecto-del-iam-y-la-dga-que-pretende-dar-visibilidad-a-las-mujeres-en-la-historia\/\" target=\"_blank\" rel=\"noreferrer noopener\">Aspasia: el proyecto del IAM y la DGA que pretende dar visibilidad a las mujeres en la historia<\/a><\/li>\n\n\n\n<li>18-11-2020 | <strong>Noticias en la Contienda<\/strong><br><a href=\"http:\/\/noticiasenlacontienda.es\/2020\/11\/18\/proyecto-aspasia-el-papel-de-las-mujeres-en-la-vida-publica-en-aragon\/\" target=\"_blank\" rel=\"noreferrer noopener\">Proyecto Aspasia: el papel de las mujeres en la vida p\u00fablica de Arag\u00f3n<\/a><\/li>\n\n\n\n<li>18-11-2020 | <strong>Arag\u00f3n TV<\/strong><br><a href=\"http:\/\/alacarta.aragontelevision.es\/informativos\/aragon-noticias-1-18112020-1400\" target=\"_blank\" rel=\"noreferrer noopener\">Pieza en el Informativo (min. 26)<\/a><\/li>\n\n\n\n<li>18-11-2020 | <strong>El Peri\u00f3dico de Arag\u00f3n<\/strong><br><a href=\"https:\/\/www.elperiodicodearagon.com\/noticias\/aragon\/aragon-fomenta-participacion-mujer-visibilidad-publico_1445216.html\" target=\"_blank\" rel=\"noreferrer noopener\">Arag\u00f3n fomenta la participaci\u00f3n de la mujer y su visibilidad en lo p\u00fablico<\/a><\/li>\n\n\n\n<li>19-11-2020 | <strong>Diario del Alto Arag\u00f3n<\/strong><br><a href=\"https:\/\/www.diariodelaltoaragon.es\/NoticiasDetalle.aspx?Id=1228875\" target=\"_blank\" rel=\"noreferrer noopener\">Fomentan en Arag\u00f3n la participaci\u00f3n de las mujeres en lo p\u00fablico<\/a><\/li>\n\n\n\n<li>02-12-2020 | <strong>elDiario.es<\/strong> | <em>Cultura<\/em> | Francesc Mir\u00f3 (<a href=\"https:\/\/twitter.com\/FrancescMiro\" target=\"_blank\" rel=\"noreferrer noopener\">@FrancescMiro<\/a>)<br><a href=\"https:\/\/www.eldiario.es\/cultura\/wikipedia-dice-elliot-page-estuvo-nominado-mejor-actriz-webs-consulta-personas-trans-normalizacion_1_6477057.html\" target=\"_blank\" rel=\"noreferrer noopener\">De las hermanas Wachowski a Elliot Page: qu\u00e9 hacen las p\u00e1ginas de consulta en Internet cuando un artista anuncia su transici\u00f3n de g\u00e9nero<\/a><\/li>\n\n\n\n<li>19-12-2020 | <strong>Radio Nacional de Espa\u00f1a<\/strong> | <em>Arag\u00f3n<\/em> | Rosa Cervantes (<a href=\"https:\/\/twitter.com\/rosacervantes77\" target=\"_blank\" rel=\"noreferrer noopener\">@rosacervantes77<\/a>)<br><a href=\"https:\/\/www.rtve.es\/alacarta\/audios\/informativo-de-aragon\/informativo-aragon-19-diciembre-2020-aragon-mantiene-confinamientos-perimetrales\/5743115\/\" target=\"_blank\" rel=\"noreferrer noopener\">Arag\u00f3n Informativos (min. 6)<\/a><\/li>\n<\/ul>\n<\/div><\/details><\/div>\n<\/div>\n\n\n\n<div class=\"wp-block-coblocks-accordion\">\n<div class=\"wp-block-coblocks-accordion-item\"><details><summary class=\"wp-block-coblocks-accordion-item__title\">[ 2019 ]<\/summary><div class=\"wp-block-coblocks-accordion-item__content\">\n<ul class=\"wp-block-list\">\n<li>21-02-2019 | <strong>Ruda FM<br><\/strong><a href=\"https:\/\/www.mixcloud.com\/rudafm\/edito-luego-existo\/\" target=\"_blank\" rel=\"noreferrer noopener\">Entrevista en [Edito], luego existo<\/a><\/li>\n\n\n\n<li>05-03-2019 |<strong> RTVE<\/strong> | Estela Garc\u00eda (<a href=\"https:\/\/twitter.com\/estelagarcia_s\" target=\"_blank\" rel=\"noreferrer noopener\">@estelagarcia_s<\/a>)<br><a href=\"https:\/\/twitter.com\/24h_tve\/status\/1102981093970436096\" target=\"_blank\" rel=\"noreferrer noopener\">Siete de las 300 estaciones del metro de Madrid llevan nombre de mujer<\/a><\/li>\n\n\n\n<li>12-03-2019 | <strong>CORAPE<\/strong> (Ecuador)<br><a href=\"https:\/\/www.corape.org.ec\/satelital\/noticia\/item\/entrevista-pueblos-y-nacionalidades-indigenas-del-ecuador-se-toman-la-wikipedia\" target=\"_blank\" rel=\"noreferrer noopener\">Entrevista sobre el proyecto #NosTomamosLaWiki<\/a><\/li>\n\n\n\n<li>12-03-2019 | <strong>Radio Pichincha Universal<\/strong> (Ecuador)<br><a href=\"https:\/\/twitter.com\/pichinchauniver\/status\/1105528227102117888\" target=\"_blank\" rel=\"noreferrer noopener\">Entrevista sobre el proyecto #NosTomamosLaWiki<\/a><\/li>\n\n\n\n<li>13-03-2019 | <strong>Ecuador TV<\/strong> (Ecuador) | Vanessa Herv\u00e1s<br><a href=\"https:\/\/www.facebook.com\/watch\/?v=847048245636214\" target=\"_blank\" rel=\"noreferrer noopener\">Entrevista sobre el proyecto #NosTomamosLaWiki<\/a><\/li>\n\n\n\n<li>14-03-2019 | <strong>FM Mundo<\/strong> (Ecuador) | Hern\u00e1n Higuera<br><a href=\"https:\/\/www.facebook.com\/DWAkademie.AL\/photos\/pcb.2410998628918530\/2411770682174658\/?type=1&amp;theater\" target=\"_blank\" rel=\"noreferrer noopener\">Entrevista sobre el proyecto #NosTomamosLaWiki<\/a><\/li>\n\n\n\n<li>16-03-2019 | <strong>La Posta<\/strong> (Ecuador)<br><a href=\"https:\/\/www.facebook.com\/watch\/?v=643638249392158\" target=\"_blank\" rel=\"noreferrer noopener\">Los saberes ancestrales ecuatorianos se tomaron Wikipedia<\/a><\/li>\n\n\n\n<li>24-03-2019 | <strong>El Comercio<\/strong> (Ecuador)<br><a href=\"https:\/\/www.elcomercio.com\/tendencias\/saberes-ancestrales-difunden-internet.html\" target=\"_blank\" rel=\"noreferrer noopener\">Los saberes ancestrales se difunden en la Internet<\/a><\/li>\n\n\n\n<li>29-05-2019 | <strong>P\u00fablico<\/strong> | <em>Tremending<\/em><br><a href=\"https:\/\/www.publico.es\/tremending\/2019\/05\/29\/por-que-hay-tan-pocas-mujeres-en-la-wikipedia-el-video-de-eres-una-caca-que-pisa-el-machismo-en-la-enciclopedia\/\" target=\"_blank\" rel=\"noreferrer noopener\">\u00bfPor qu\u00e9 hay tan pocas mujeres en la Wikipedia? El v\u00eddeo de Eres una Caca que \u2018pisa\u2019 el machismo en la enciclopedia<\/a><\/li>\n\n\n\n<li>01-06-2019 | <strong>La Vanguardia<\/strong> | Judith J.K.<br><a href=\"https:\/\/www.lavanguardia.com\/cribeo\/cultura\/20190601\/47436176477\/entrevistamos-a-patricia-horrillo-la-periodista-espanola-decidida-a-acabar-con-el-machismo-en-wikipedia.html\" target=\"_blank\" rel=\"noreferrer noopener\">Entrevistamos a Patricia Horrillo, la periodista espa\u00f1ola decidida a acabar con el machismo en Wikipedia<\/a><\/li>\n\n\n\n<li>07-06-2019 | <strong>Artezblai<br><\/strong><a href=\"http:\/\/www.artezblai.com\/artezblai\/princesas-y-darthvaders-5%C2%AA-edicion-del-festival-de-humor-cultura-de-guerrilla-y-feminismo.html\" target=\"_blank\" rel=\"noreferrer noopener\">Princesas y Darthvaders, 5\u00aa edici\u00f3n del festival de humor, cultura de guerrilla y feminismo<\/a><\/li>\n\n\n\n<li>11-06-2019 | <strong>P\u00fablico TV <\/strong>| Candela Barro (<a href=\"https:\/\/twitter.com\/candelabarro\" target=\"_blank\" rel=\"noreferrer noopener\">@candelabarro<\/a>)<br><a href=\"https:\/\/www.publico.es\/publico-tv\/publico-al-dia\/programa\/776472\/la-larga-brecha-de-genero-que-existe-en-wikipedia\" target=\"_blank\" rel=\"noreferrer noopener\">La larga brecha de g\u00e9nero que existe en Wikipedia<\/a><\/li>\n\n\n\n<li>14-06-2019 | <strong>P\u00fablico TV <\/strong>|&nbsp;Candela Barro (<a href=\"https:\/\/twitter.com\/candelabarro\" target=\"_blank\" rel=\"noreferrer noopener\">@candelabarro<\/a>)<br><a href=\"https:\/\/www.publico.es\/publico-tv\/publico-al-dia\/programa\/777540\/quien-se-esconde-detras-de-la-wikipedia-y-cuantas-mujeres-trabajan-en-ella\" target=\"_blank\" rel=\"noreferrer noopener\">\u00bfQui\u00e9n se esconde detr\u00e1s de la Wikipedia? \u00bfY cu\u00e1ntas mujeres trabajan en ella?<\/a><\/li>\n\n\n\n<li>17-06-2019 | <strong>El Pa\u00eds <\/strong>| <em>Pienso, luego act\u00fao<\/em> | Luc\u00eda Mart\u00edn (<a href=\"https:\/\/twitter.com\/Luciamartin\" target=\"_blank\" rel=\"noreferrer noopener\">@Luciamartin<\/a>)<br><a href=\"https:\/\/elpais.com\/sociedad\/2019\/06\/13\/pienso_luego_actuo\/1560443886_740954.html\" target=\"_blank\" rel=\"noreferrer noopener\">T\u00fa tambi\u00e9n puedes escribir la historia<\/a><\/li>\n<\/ul>\n\n\n\n<figure class=\"wp-block-embed aligncenter is-type-video is-provider-youtube wp-block-embed-youtube wp-embed-aspect-16-9 wp-has-aspect-ratio\"><div class=\"wp-block-embed__wrapper\">\n<iframe title=\"C\u00f3mo reescribir la historia en Wikipedia. Patricia\" width=\"980\" height=\"551\" src=\"https:\/\/www.youtube.com\/embed\/fEkt_u6uXAk?feature=oembed\" frameborder=\"0\" allow=\"accelerometer; autoplay; clipboard-write; encrypted-media; gyroscope; picture-in-picture; web-share\" referrerpolicy=\"strict-origin-when-cross-origin\" allowfullscreen><\/iframe>\n<\/div><\/figure>\n\n\n\n<ul class=\"wp-block-list\">\n<li>18-06-2019 | <strong>Podium Podcast <\/strong>|&nbsp;Noem\u00ed L\u00f3pez Trujillo (<a href=\"https:\/\/twitter.com\/nlopeztrujillo\" target=\"_blank\" rel=\"noreferrer noopener\">@nlopeztrujillo<\/a>)<br><a href=\"https:\/\/www.podiumpodcast.com\/pienso-luego-actuo\/temporada-1\/patricia-horrillo-wikiesfera\/\" target=\"_blank\" rel=\"noreferrer noopener\">Patricia Horrillo y Wikiesfera<\/a><\/li>\n\n\n\n<li>26-06-2019 | <strong>RNE3 |<\/strong> <em>Hoy empieza todo<\/em> | \u00c1ngel Carmona (<a href=\"https:\/\/twitter.com\/carmouna\" target=\"_blank\" rel=\"noreferrer noopener\">@carmouna<\/a>)<br><a href=\"https:\/\/www.rtve.es\/alacarta\/audios\/hoy-empieza-todo-con-angel-carmona\/hoy-empieza-todo-angel-carmona-editatonas-ramiro-nieto-26-06-19\/5299122\/\" target=\"_blank\" rel=\"noreferrer noopener\">Entrevista sobre Wikiesfera<\/a><\/li>\n\n\n\n<li>04-08-2019 | <strong>Arag\u00f3n Radio <\/strong>| Teresa Cano<br><a href=\"http:\/\/www.aragonradio.es\/podcast\/emision\/191707\/\" target=\"_blank\" rel=\"noreferrer noopener\">Entrevista sobre Wikiesfera<\/a><\/li>\n\n\n\n<li>03-11-2019 | <strong>El Pa\u00eds<\/strong> | Sergio C. Fanjul<br><a href=\"https:\/\/elpais.com\/ccaa\/2019\/10\/17\/madrid\/1571322618_516046.html\" target=\"_blank\" rel=\"noreferrer noopener\">Juego de tronos en la civilizaci\u00f3n de las hormigas<\/a><\/li>\n\n\n\n<li>13-12-2019 | <strong>La Marea<\/strong> | <em>Clim\u00e1tica<\/em> | Alba Mareca (<a href=\"https:\/\/twitter.com\/albamareca\" target=\"_blank\" rel=\"noreferrer noopener\">@albamareca<\/a>)<br><a href=\"https:\/\/www.climatica.lamarea.com\/wikipedia-con-perspectiva-climatica-faltan-activistas-y-sobre-todo-mujeres\/\" target=\"_blank\" rel=\"noreferrer noopener\">Wikipedia con perspectiva clim\u00e1tica: faltan activistas y sobre todo mujeres<\/a><\/li>\n<\/ul>\n<\/div><\/details><\/div>\n<\/div>\n\n\n\n<div class=\"wp-block-coblocks-accordion\">\n<div class=\"wp-block-coblocks-accordion-item\"><details><summary class=\"wp-block-coblocks-accordion-item__title\">[ 2018 ]<\/summary><div class=\"wp-block-coblocks-accordion-item__content\">\n<ul class=\"wp-block-list\">\n<li>14-01-2018&nbsp;| <strong>El Confidencial<\/strong>&nbsp;|&nbsp;Henar \u00c1lvarez (<a href=\"\/\/twitter.com\/henarconh\u201d\">@henarconh<\/a>)<br><a href=\"https:\/\/blogs.elconfidencial.com\/tecnologia\/tribuna\/2018-01-14\/wikipedia-machismo-mujeres-editatonas_1505424\/\">Wikipedia es machista: por qu\u00e9 las cient\u00edficas no tienen p\u00e1gina y los futbolistas s\u00ed<\/a><\/li>\n\n\n\n<li>05-02-2018 | <strong>Cadena SER<\/strong> | <em>La Ventana<\/em> | Carles Francino<br><a href=\"http:\/\/cadenaser.com\/programa\/2018\/02\/05\/la_ventana\/1517851725_929601.html\">Solo el 10% de los editores de Wikipedia son mujeres<\/a><\/li>\n\n\n\n<li>06-02-2018&nbsp;| <strong>Agencia SINC<\/strong><br><a href=\"http:\/\/www.agenciasinc.es\/Reportajes\/Un-pulso-global-para-cerrar-la-brecha-de-genero-en-ciencia-y-tecnologia\">Un pulso global para cerrar la brecha de g\u00e9nero en ciencia y tecnolog\u00eda<\/a><\/li>\n\n\n\n<li>07-02-2018 | <strong>Cadena SER Madrid<\/strong> | Elena Jim\u00e9nez (<a href=\"\/\/twitter.com\/ElenaJimenezG\u201d\">@ElenaJimenezG<\/a>)<br><a href=\"http:\/\/play.cadenaser.com\/audio\/001RD010000004897764\">Reportaje de la editatona sobre directoras de cine<\/a><\/li>\n\n\n\n<li>09-02-2018 | <strong>Pikara Magazine<\/strong> | Irene Barrilero<br><a href=\"http:\/\/www.pikaramagazine.com\/2018\/02\/editatona-por-una-wikipedia-sin-ausencias\/\">\u2018Editatona\u2019 por una Wikipedia sin ausencias<\/a><\/li>\n\n\n\n<li>11-02-2018 | <strong>Heraldo de Arag\u00f3n<\/strong> | Sergio Ferrer (<a href=\"https:\/\/twitter.com\/sergioefe\" target=\"_blank\" rel=\"noreferrer noopener\">@SergioEfe<\/a>)<br><a href=\"https:\/\/www.heraldo.es\/noticias\/sociedad\/2018\/02\/11\/un-pulso-global-para-cerrar-brecha-genero-ciencia-1223139-310.html\" target=\"_blank\" rel=\"noreferrer noopener\">Un pulso global para cerrar la brecha de g\u00e9nero en ciencia<\/a><\/li>\n\n\n\n<li>18-02-2018 | <strong>Agencia EFE<\/strong><br><a href=\"https:\/\/www.efe.com\/efe\/espana\/cultura\/en-wikipedia-no-faltan-futbolistas-pero-estan-las-cineastas-dice-una-experta\/10005-3527543\">En Wikipedia \u201cno faltan futbolistas\u201d, pero no est\u00e1n las cineastas, dice una experta<\/a><\/li>\n\n\n\n<li>26-02-2018 | <strong>Cadena SER Madrid<\/strong> | Elena Jim\u00e9nez (<a href=\"\/\/twitter.com\/ElenaJimenezG\u201d\">@ElenaJimenezG<\/a>)<br><a href=\"http:\/\/cadenaser.com\/emisora\/2018\/02\/26\/radio_madrid\/1519661549_986397.html\">De los 3.025 nombres propios del callejero solo 529 son de mujeres<\/a><\/li>\n\n\n\n<li>28-02-2018 |&nbsp;<strong>Pinto informaci\u00f3n<\/strong><br><a href=\"https:\/\/www.pintoinformacion.es\/pinto-organiza-taller-wikipedia-incluir-mujeres-relevantes-la-historia-espana\/\">Pinto organiza un taller de Wikipedia para incluir a mujeres relevantes de la historia de Espa\u00f1a<\/a><\/li>\n\n\n\n<li>28-02-2018 | <strong>La Voz de Galicia<\/strong><br><a href=\"https:\/\/www.lavozdegalicia.es\/noticia\/sociedad\/2018\/03\/08\/solo-dos-diez-biografias-wikipedia-figuras-femeninas\/0003_201803G8P58991.htm\" target=\"_blank\" rel=\"noreferrer noopener\">Solo dos de cada diez biograf\u00edas de la Wikipedia son de figuras femeninas<\/a><\/li>\n\n\n\n<li>15-03-2018 | <strong>Onda Ja\u00e9n<\/strong><br>Pieza del taller sobre Wikipedia en el <a href=\"https:\/\/www.youtube.com\/watch?v=Tsunemv0Kuc&amp;feature=youtu.be&amp;t=17m20s\">Informativo<\/a><\/li>\n\n\n\n<li>25-03-2018 | <strong>CTXT<\/strong> | Marina Lobo (<a href=\"\/\/twitter.com\/marinaLobL\u201d\">@marinaLobL<\/a>)<br>Entrevista:&nbsp;<a href=\"http:\/\/ctxt.es\/es\/20180321\/Multimedia\/18600\/patricia-horrillo-wikipedia-machismo-feminismo-entrelistas.htm\"><em>\u201dClaro que hay machismo en Wikipedia\u201d<\/em><\/a><\/li>\n<\/ul>\n\n\n\n<figure class=\"wp-block-embed aligncenter is-type-video is-provider-youtube wp-block-embed-youtube wp-embed-aspect-16-9 wp-has-aspect-ratio\"><div class=\"wp-block-embed__wrapper\">\n<iframe title=\"Entrevista con la experta en comunicaci\u00f3n y redes sociales Patricia Horrillo\" width=\"980\" height=\"551\" src=\"https:\/\/www.youtube.com\/embed\/RG0j9TrCKIs?feature=oembed\" frameborder=\"0\" allow=\"accelerometer; autoplay; clipboard-write; encrypted-media; gyroscope; picture-in-picture; web-share\" referrerpolicy=\"strict-origin-when-cross-origin\" allowfullscreen><\/iframe>\n<\/div><\/figure>\n\n\n\n<ul class=\"wp-block-list\">\n<li>16-04-2018 | <strong>eldiario.es<\/strong> | Alba D\u00edaz de Sarralde (<a href=\"https:\/\/twitter.com\/albadelnorte\" target=\"_blank\" rel=\"noreferrer noopener\">@albadelnorte<\/a>)<br><a href=\"https:\/\/www.eldiario.es\/norte\/euskadi\/mujeres-Wikipedia_0_760474097.html\" target=\"_blank\" rel=\"noreferrer noopener\">La brecha de g\u00e9nero en Wikipedia<\/a><\/li>\n\n\n\n<li>20-04-2018 | <strong>Cuarto Poder<\/strong> | Ana Isabel Cordob\u00e9s (<a href=\"\/\/twitter.com\/Ana_Cordobes\u201d\">@Ana_Cordobes<\/a>)<br><a href=\"https:\/\/www.cuartopoder.es\/cultura\/2018\/04\/20\/editatona-brecha-genero-wikipedia\/\">C\u00f3mo acabar con la brecha de g\u00e9nero en Wikipedia con nocturnidad&#8230; y feminismo<\/a><\/li>\n\n\n\n<li>21-04-2018 | <strong>El Pa\u00eds<\/strong> | Sergio C. Fanjul<br><a href=\"https:\/\/elpais.com\/ccaa\/2018\/04\/19\/madrid\/1524154397_818409.html\" target=\"_blank\" rel=\"noreferrer noopener\">Lo mejor de la Noche de los Libros de Madrid 2018<\/a><\/li>\n\n\n\n<li>02-05-2018 |<strong> SModa<\/strong> | Nerea P\u00e9rez de las Heras<br><a href=\"https:\/\/smoda.elpais.com\/feminismo\/mujeres-accion-igualdad-real-genero\/\" target=\"_blank\" rel=\"noreferrer noopener\">M\u00e1s acci\u00f3n y menos palabras: 44 mujeres que luchan por la igualdad<\/a><\/li>\n\n\n\n<li>08-05-2018 | <strong>Gobierno Abierto de Euskadi<\/strong><br><a href=\"https:\/\/www.irekia.euskadi.eus\/es\/web_tv\/10336-atakak-legislar-desde-para-ciudadania-francisco-jurado-democracia-patricia-horrillo-wikiesfera?track=1\" target=\"_blank\" rel=\"noreferrer noopener\">#Atakak. Legislar desde y para la ciudadan\u00eda: Francisco Jurado (Democracia 0) \u2013 Patricia Horrillo (Wikiesfera)<\/a><\/li>\n\n\n\n<li>31-05-2018 | <strong>Avianca en revista<\/strong> |&nbsp;Juliana Mateus (<a href=\"https:\/\/twitter.com\/MateusJuliana\" target=\"_blank\" rel=\"noreferrer noopener\">@MateusJuliana<\/a>)<br><a href=\"https:\/\/web.archive.org\/web\/20190430184651\/https:\/\/www.aviancaenrevista.com\/revista\/wikipedia-editar-historia-mujeres\/\" target=\"_blank\" rel=\"noreferrer noopener\">A editar la historia, mujeres<\/a><\/li>\n\n\n\n<li>13-06-2018&nbsp;| <strong>20 Minutos<\/strong> | Sevilla<br><a href=\"https:\/\/www.20minutos.es\/noticia\/3367505\/0\/21-grados-us-apuesta-por-cultura-feminista-su-novena-edicion\/\" target=\"_blank\" rel=\"noreferrer noopener\">&#8217;21 Grados&#8217; de la US apuesta por la cultura feminista en su novena edici\u00f3n<\/a><\/li>\n\n\n\n<li>25-06-2018&nbsp;| <strong>Nokton Magazine<\/strong>&nbsp;| Nerea Basterra Gonz\u00e1lez<br><a href=\"https:\/\/noktonmagazine.com\/vuelve-festival-cultura-feminista-la-tribu\/\" target=\"_blank\" rel=\"noreferrer noopener\">Vuelve el Festival de Cultura Feminista La Tribu<\/a><\/li>\n\n\n\n<li>02-07-2018 | <strong>ABC Sevilla<\/strong>&nbsp;| Eva D\u00edaz P\u00e9rez<br><a href=\"http:\/\/hemeroteca.sevilla.abc.es\/nav\/Navigate.exe\/hemeroteca\/sevilla\/abc.sevilla\/2018\/07\/02\/022.html\" target=\"_blank\" rel=\"noreferrer noopener\">Un marat\u00f3n de edici\u00f3n para incluir a cient\u00edficas en Wikipedia<\/a><\/li>\n\n\n\n<li>14-07-2018 | <strong>P\u00fablico<\/strong> | Henrique Mari\u00f1o (<a href=\"https:\/\/twitter.com\/solucionsalina\" target=\"_blank\" rel=\"noreferrer noopener\">@solucionsalina<\/a>)<br><a href=\"https:\/\/www.publico.es\/sociedad\/nombres-calles-mujeres.html\" target=\"_blank\" rel=\"noreferrer noopener\">Las mujeres toman las calles&#8230; y el callejero<\/a><\/li>\n\n\n\n<li>04-10-2018 | <strong>P\u00fablico<\/strong> | Marisa Kohan (<a href=\"https:\/\/twitter.com\/kohanm\" target=\"_blank\" rel=\"noreferrer noopener\">@kohanm<\/a>)<br><a href=\"https:\/\/www.publico.es\/sociedad\/premio-nobel-fisica-wikipedia.html\" target=\"_blank\" rel=\"noreferrer noopener\">\u00bfPor qu\u00e9 la Premio Nobel de F\u00edsica no ten\u00eda un perfil en la Wikipedia?<\/a><\/li>\n\n\n\n<li>11-10-2018 |&nbsp;<strong>\u00c0 Punt Not\u00edcies<\/strong> |&nbsp;Carolina Salvador<br>Entrevista en&nbsp;<a href=\"https:\/\/apuntmedia.es\/va\/a-la-carta\/programes\/vist-en-tv\/a-punt-ntc\/11-10-2018-informatiu-nit-en-clau-igualitaria\" target=\"_blank\" rel=\"noreferrer noopener\"><em>En clau igualit\u00e0ria<\/em><\/a>.<\/li>\n\n\n\n<li>29-10-2018 | <strong>Somos Malasa\u00f1a<\/strong><br><a href=\"https:\/\/web.archive.org\/web\/20190430184651\/https:\/\/somosmalasana.elperiodico.com\/halloween-wikipedia\/\" target=\"_blank\" rel=\"noreferrer noopener\">Halloween: Quedada para editar Wikipedia sobre c\u00f3mics de terror<\/a><\/li>\n\n\n\n<li>02-11-2018&nbsp;| <strong>Telemadrid<\/strong>&nbsp;| Jes\u00fas Cosano (<a href=\"https:\/\/twitter.com\/JessCosano\" target=\"_blank\" rel=\"noreferrer noopener\">@JessCosano<\/a>)<br><a href=\"http:\/\/www.telemadrid.es\/programas\/madrid-directo\/callejero-desigual-Madrid-2-2063813666--20181102081906.html\" target=\"_blank\" rel=\"noreferrer noopener\">El callejero desigual de Madrid<\/a><\/li>\n\n\n\n<li>13-11-2018 | <strong>TICbeat<\/strong>&nbsp;|&nbsp;Alberto Iglesias Fraga (<a href=\"https:\/\/twitter.com\/aiglesiasfraga\" target=\"_blank\" rel=\"noreferrer noopener\">@aiglesiasfraga<\/a>)<br><a href=\"https:\/\/web.archive.org\/web\/20190412110500\/https:\/\/www.ticbeat.com\/cyborgcultura\/este-mapa-recoge-300-colectivos-de-cultura-y-tecnologias-libres-en-espana\/\" target=\"_blank\" rel=\"noreferrer noopener\">Este mapa recoge 300 colectivos de cultura y tecnolog\u00edas libres en Espa\u00f1a<\/a><\/li>\n\n\n\n<li>28-11-2018 | <strong>WatMag<\/strong>&nbsp;| V\u00edctor Sebasti\u00e1n (<a href=\"https:\/\/twitter.com\/golfeone\" target=\"_blank\" rel=\"noreferrer noopener\">@golfeone<\/a>)<br><a href=\"https:\/\/www.thewatmag.com\/creatividad\/lula-gomez-participara-editatona-mujeres-animacion-no-hay-vida-suficiente-para-incluir-a-todas-wikipedia\" target=\"_blank\" rel=\"noreferrer noopener\">Lula G\u00f3mez participar\u00e1 en una editatona sobre \u201cmujeres en la animaci\u00f3n\u201d y no hay vida suficiente para incluir a todas en Wikipedia<\/a><\/li>\n\n\n\n<li>30-11-2018&nbsp;| <strong>Newtral<\/strong>&nbsp;| Mar Tomico (<a href=\"https:\/\/twitter.com\/martomico\" target=\"_blank\" rel=\"noreferrer noopener\">@martomico<\/a>)<br><a href=\"https:\/\/newtral.es\/actualidad\/vivir-para-editarlo-quien-soy-yo-para-escribir-la-historia\/\" target=\"_blank\" rel=\"noreferrer noopener\">Vivir para editarlo. \u00bfQui\u00e9n soy yo para escribir la historia?<\/a><\/li>\n<\/ul>\n\n\n\n<figure class=\"wp-block-embed is-type-video is-provider-youtube wp-block-embed-youtube wp-embed-aspect-16-9 wp-has-aspect-ratio\"><div class=\"wp-block-embed__wrapper\">\n<iframe title=\"Vivir para editarlo. \u00bfQui\u00e9n soy yo para escribir la historia?\" width=\"980\" height=\"551\" src=\"https:\/\/www.youtube.com\/embed\/5DQymEQ91iI?feature=oembed\" frameborder=\"0\" allow=\"accelerometer; autoplay; clipboard-write; encrypted-media; gyroscope; picture-in-picture; web-share\" referrerpolicy=\"strict-origin-when-cross-origin\" allowfullscreen><\/iframe>\n<\/div><\/figure>\n\n\n\n<ul class=\"wp-block-list\">\n<li>03-12-2018&nbsp;|&nbsp;<strong>DW Akademie Am\u00e9rica Latina<\/strong>&nbsp;| Patricia Noboa<br><a href=\"https:\/\/www.facebook.com\/DWAkademie.AL\/videos\/521496421686023\">\u00a1Nos tomamos la Wiki desde Ecuador!<\/a><\/li>\n<\/ul>\n\n\n\n<figure class=\"wp-block-embed aligncenter is-type-video is-provider-youtube wp-block-embed-youtube wp-embed-aspect-16-9 wp-has-aspect-ratio\"><div class=\"wp-block-embed__wrapper\">\n<iframe title=\"#NosTomamosLaWiki: Writing history, one Wikipedia article at a time | DW Akademie\" width=\"980\" height=\"551\" src=\"https:\/\/www.youtube.com\/embed\/W08bvrkynpY?feature=oembed\" frameborder=\"0\" allow=\"accelerometer; autoplay; clipboard-write; encrypted-media; gyroscope; picture-in-picture; web-share\" referrerpolicy=\"strict-origin-when-cross-origin\" allowfullscreen><\/iframe>\n<\/div><\/figure>\n\n\n\n<ul class=\"wp-block-list\">\n<li>04-12-2018 | <strong>Radio 3<\/strong> | <em>Efecto Doppler<\/em> | Elisa McCausland (<a href=\"https:\/\/twitter.com\/reinohueco\" target=\"_blank\" rel=\"noreferrer noopener\">@reinohueco<\/a>)<br><a href=\"http:\/\/www.rtve.es\/alacarta\/audios\/efecto-doppler\/efecto-doppler-periodismo-ilustrado-senoras-animacion-limites-eticos-juegos-mesa-04-12-18\/4873178\/\" target=\"_blank\" rel=\"noreferrer noopener\">Periodismo ilustrado, Se\u00f1oras de la animaci\u00f3n y los l\u00edmites \u00e9ticos de los juegos de mesa<\/a><\/li>\n<\/ul>\n<\/div><\/details><\/div>\n<\/div>\n\n\n\n<div class=\"wp-block-coblocks-accordion\">\n<div class=\"wp-block-coblocks-accordion-item\"><details><summary class=\"wp-block-coblocks-accordion-item__title\">[ 2017 ]<\/summary><div class=\"wp-block-coblocks-accordion-item__content\">\n<ul class=\"wp-block-list\">\n<li>25\/01\/2017 |&nbsp;<strong>Radio Vallekas<\/strong>&nbsp;| Virginia D\u00edaz<br><a href=\"https:\/\/www.ivoox.com\/matinalrvk-miercoles-25-enero-2017-audios-mp3_rf_16645284_1.html\">Entrevista a Patricia Horrillo en el Matinal RVK<\/a><\/li>\n\n\n\n<li>09\/02\/2017 | <strong>El Economista<\/strong><br><a href=\"http:\/\/ecoaula.eleconomista.es\/campus\/noticias\/8143952\/02\/17\/Jornada-para-visibilizar-a-las-cientificas-en-Wikipedia.html\">Jornada para visibilizar a las cient\u00edficas en Wikipedia<\/a><\/li>\n\n\n\n<li>10\/02\/2017 | <strong>El Heraldo de Arag\u00f3n<\/strong> |&nbsp;Paula Figols (<a href=\"\/\/twitter.com\/paulafigols\u201d\">@paulafigols<\/a>)<br><a href=\"http:\/\/www.heraldo.es\/noticias\/aragon\/2017\/02\/10\/cuantas-cientificas-aragonesas-hay-wikipedia-1158215-300.html\">\u00bfCu\u00e1ntas cient\u00edficas aragonesas hay en Wikipedia?<\/a><\/li>\n\n\n\n<li>05\/03\/2017 | <strong>El Mundo<\/strong> | Ester Painagua (<a href=\"\/\/twitter.com\/e_paniagua\u201d\">@e_paniagua<\/a>)<br><a href=\"http:\/\/www.elmundo.es\/economia\/2017\/03\/05\/58b956ebe5fdea615f8b45f5.html\">Paso atr\u00e1s en la igualdad de g\u00e9nero<\/a><\/li>\n\n\n\n<li>06\/03\/2017 | <strong>RNE 3<\/strong> | Esther Ferrero<br><a href=\"http:\/\/www.rtve.es\/alacarta\/audios\/coordenadas\/coordenadas-feminismo-medios-06-03-17\/3935968\/\">Entrevista a Patricia Horrillo en el programa \u2018Coordenadas\u2019<\/a><\/li>\n\n\n\n<li>07\/03\/2017 |<strong> The Objective<\/strong> |&nbsp;Clara Paolini&nbsp;(<a href=\"\/\/twitter.com\/clara_paolini\u201d\">@clara_paolini<\/a>)<br><a href=\"https:\/\/theobjective.com\/further\/mundo-ethos\/2017-03-07\/contra-la-brecha-de-genero-edita-la-wikipedia\/\" target=\"_blank\" rel=\"noreferrer noopener\">Contra la brecha de g\u00e9nero, edita la Wikipedia<\/a><\/li>\n\n\n\n<li>09\/03\/2017 | <strong>P\u00fablico<\/strong> | Marisa Kohan (<a href=\"\/\/twitter.com\/kohanm\u201d\">@kohanm<\/a>)<br><a href=\"http:\/\/www.publico.es\/sociedad\/admiralas-recursos-mujeres.html\">Artistas pl\u00e1sticas, escritoras, cient\u00edficas, fil\u00f3sofas: \u00bfD\u00f3nde las encuentro?<\/a><\/li>\n\n\n\n<li>15\/03\/2017 | <strong>Hoja de Router<\/strong><br><a href=\"\/\/www.ivoox.com\/activistas-combaten-brecha-genero-audios-mp3_rf_17558134_1.html\">Las activistas que combaten la brecha de g\u00e9nero en Wikipedia<\/a><\/li>\n\n\n\n<li>22\/04\/2017 | <strong>Radio Klara<\/strong><br><a href=\"http:\/\/cafeconvistas.blogspot.com.es\/2017\/05\/neuspapers-editatonas.html\">Entrevista a Patricia Horrillo en el programa \u2018Caf\u00e9 con vistas\u2019<\/a><\/li>\n\n\n\n<li>12\/05\/2017 | <strong>Tribus Ocultas<\/strong> | Felipe G. Gil (<a href=\"\/\/twitter.com\/abrelatas\u201d\">@abrelatas<\/a>)<br><a href=\"http:\/\/cultura.atresmedia.com\/artes\/wikipedia-machista-hay-mujeres-que-organizan-solucionarlo_201705095914ce260cf2a1da482b9a7c.html\">La Wikipedia es machista y hay mujeres que se organizan para solucionarlo<\/a><\/li>\n\n\n\n<li>26-10-2017&nbsp;| <strong>Emisora M21<\/strong> | <em>La Serrer\u00eda Digital<\/em> | Santiago Garc\u00eda<br><a href=\"http:\/\/radio.medialab-prado.es\/programa-7\/\">Entrevista a Patricia Horrillo sobre la convocatoria de la editatona nocturna Wikibrujas<\/a><\/li>\n\n\n\n<li>12-12-2017 | Leila Nachawati<\/li>\n<\/ul>\n\n\n\n<figure class=\"wp-block-embed aligncenter is-type-video is-provider-youtube wp-block-embed-youtube wp-embed-aspect-16-9 wp-has-aspect-ratio\"><div class=\"wp-block-embed__wrapper\">\n<iframe title=\"Wikiesfera\" width=\"980\" height=\"551\" src=\"https:\/\/www.youtube.com\/embed\/POT2E-iP4VQ?feature=oembed\" frameborder=\"0\" allow=\"accelerometer; autoplay; clipboard-write; encrypted-media; gyroscope; picture-in-picture; web-share\" referrerpolicy=\"strict-origin-when-cross-origin\" allowfullscreen><\/iframe>\n<\/div><\/figure>\n<\/div><\/details><\/div>\n<\/div>\n\n\n\n<div class=\"wp-block-coblocks-accordion\">\n<div class=\"wp-block-coblocks-accordion-item\"><details><summary class=\"wp-block-coblocks-accordion-item__title\">[ 2016 ]<\/summary><div class=\"wp-block-coblocks-accordion-item__content\">\n<ul class=\"wp-block-list\">\n<li>11-01-2016 | <strong>Diagonal<\/strong> | Mart\u00edn C\u00faneo<br><a href=\"https:\/\/www.diagonalperiodico.net\/saberes\/28952-entre-87-y-91-editores-wikipedia-son-hombres.html\">Entre el 87% y el 91% de los editores de Wikipedia son hombres<\/a><\/li>\n\n\n\n<li>14-01-2016&nbsp;| <strong>eldiario.es<\/strong>&nbsp;| Bel\u00e9n Remacha (<a href=\"\/\/twitter.com\/ciudadanabe\u201d\">@ciudadanabe<\/a>)<br><a href=\"https:\/\/www.eldiario.es\/tecnologia\/Wikipedia-celebra-aniversario-puntos-oscuros_0_473503549.html\">Wikipedia cumple 15 a\u00f1os entre luces y sombras<\/a><\/li>\n\n\n\n<li>14-01-2016 | <strong>Madriz<\/strong> | Mar\u00eda Arranz<br><a href=\"http:\/\/www.madriz.com\/nosotras-editamos-mujeres-en-wikipedia\/\">\u00a1Nosotras editamos! Mujeres en Wikipedia<\/a><\/li>\n\n\n\n<li>15\/01\/2016 |&nbsp;<strong>La Marea<\/strong><br><a href=\"http:\/\/www.lamarea.com\/2016\/01\/15\/wikipedia-15-anos-de-conocimiento-libre\/\">Wikipedia, 15 a\u00f1os de conocimiento libre<\/a><\/li>\n\n\n\n<li>05-02-2016 | <strong>NCI<\/strong>&nbsp;| Annabelle Ordoqui (<a href=\"https:\/\/twitter.com\/annaordoqui\" target=\"_blank\" rel=\"noreferrer noopener\">@annaordoqui<\/a>)<br><a href=\"http:\/\/www.ibe.tv\/es\/canal\/nci\/621\/Visi%C3%B3n-de-la-mujer-en-la-Wikipedia.htm\" target=\"_blank\" rel=\"noreferrer noopener\">Visi\u00f3n de la mujer en la Wikipedia<\/a><\/li>\n<\/ul>\n\n\n\n<figure class=\"wp-block-embed aligncenter is-type-video is-provider-youtube wp-block-embed-youtube wp-embed-aspect-16-9 wp-has-aspect-ratio\"><div class=\"wp-block-embed__wrapper\">\n<iframe title=\"Visi\u00f3n de la mujer en la Wikipedia\" width=\"980\" height=\"551\" src=\"https:\/\/www.youtube.com\/embed\/SDmYhdTekAE?feature=oembed\" frameborder=\"0\" allow=\"accelerometer; autoplay; clipboard-write; encrypted-media; gyroscope; picture-in-picture; web-share\" referrerpolicy=\"strict-origin-when-cross-origin\" allowfullscreen><\/iframe>\n<\/div><\/figure>\n\n\n\n<ul class=\"wp-block-list\">\n<li>08-02-2016 | <strong>ABC<\/strong>&nbsp;|&nbsp;Enrique Delgado Sanz (<a href=\"\/\/twitter.com\/Delsanz\u201d\">@Delsanz<\/a>)<br><a href=\"http:\/\/www.abc.es\/espana\/madrid\/abci-correctores-madrilenos-wikipedia-201602072233_noticia.html\">Los correctores madrile\u00f1os de la Wikipedia<\/a><\/li>\n\n\n\n<li>26-02-2016 | <strong>El Mundo<\/strong> | <em>Madrid<\/em><br><a href=\"https:\/\/www.elmundo.es\/album\/madrid\/2016\/02\/26\/56d0389be2704e047e8b4672.html\" target=\"_blank\" rel=\"noreferrer noopener\">Medialab Prado recibe el Premio Internacional Princesa Margarita<\/a><\/li>\n\n\n\n<li>27-02-2016&nbsp;| <strong>El Mundo<\/strong> | Ana Mar\u00eda Ortiz (<a href=\"\/\/twitter.com\/Anamaortiz\u201d\">@Anamaortiz<\/a>)<br><a href=\"http:\/\/www.elmundo.es\/madrid\/2016\/02\/26\/56cf322a46163f2b338b45a8.html\">Medialab Prado, un espacio de premio donde hacen electro ganchillo y pr\u00f3tesis para ni\u00f1os amputados<\/a><\/li>\n\n\n\n<li>03-03-2016&nbsp;| <strong>El Pa\u00eds<\/strong> | Sergio C. Fanjul<br><a href=\"https:\/\/elpais.com\/ccaa\/2016\/03\/03\/madrid\/1457021468_579824.html\">Cultura en femenino<\/a><\/li>\n\n\n\n<li>09-03-2016 | <strong>eldiario.es<\/strong>&nbsp;| Bel\u00e9n Remacha (<a href=\"\/\/twitter.com\/ciudadanabe\u201d\">@ciudadanabe<\/a>)<br><a href=\"https:\/\/www.eldiario.es\/cultura\/politicas_culturales\/Europa-premia-cultura-colaborativa-MediaLab-Prado_0_492751461.html\">Europa premia la cultura colaborativa de MediaLab-Prado<\/a><\/li>\n\n\n\n<li>18\/03\/2016 | <strong>M80<\/strong> | Juan Luis Cano (<a href=\"\/\/twitter.com\/juanluiscano\u201d\">@juanluiscano<\/a>)&nbsp;<a href=\"\/\/twitter.com\/sarasolomando\u201d\"><br><\/a><a href=\"https:\/\/www.ivoox.com\/entrevista-patricia-horrillo-edicion-altruista-wikipedia-audios-mp3_rf_10852129_1.html\">Entrevista a Patricia Horrillo en el programa \u2018Ya veremos\u2019<\/a><\/li>\n\n\n\n<li>11\/04\/2016 | <strong>TVE<\/strong> | Patricia Pereira<br><a href=\"http:\/\/www.rtve.es\/alacarta\/videos\/telediario\/mujer-nunca-conociste-iniciativa-para-promover-wikipedia-femenino\/3564265\/\" target=\"_blank\" rel=\"noreferrer noopener\">\u00abLa mujer que nunca conociste\u00bb, una iniciativa para promover Wikipedia en femenino<\/a><\/li>\n\n\n\n<li>21\/06\/2016 | <strong>El Correo<\/strong> |&nbsp;Itsaso \u00c1lvarez (<a href=\"\/\/twitter.com\/colombamujeres\u201d\">@colombamujeres<\/a>)<br><a href=\"http:\/\/www.elcorreo.com\/bizkaia\/sociedad\/201606\/21\/wikipedia-cosa-hombres-20160620184736.html\">La Wikipedia es cosa de hombres<\/a><\/li>\n\n\n\n<li>04-07-2016 |&nbsp;<strong>entrePar\u00e9ntesis<\/strong> | Zinnia Quir\u00f3s (<a href=\"https:\/\/twitter.com\/zinniaqc\" target=\"_blank\" rel=\"noreferrer noopener\">@zinniaqc<\/a>)<br><a href=\"https:\/\/web.archive.org\/web\/20191205235753\/http:\/\/entreparentesis.org\/rompiendo-la-desigualdad-genero-mundo-digital\/\" target=\"_blank\" rel=\"noreferrer noopener\">Rompiendo la desigualdad de g\u00e9nero en el mundo digital<\/a><\/li>\n\n\n\n<li>08-07-2016&nbsp;| <strong>P\u00fablico<\/strong>&nbsp;| Sara Calvo Taranc\u00f3n (<a href=\"\/\/twitter.com\/Sara_Ct\u201d\">@Sara_Ct<\/a>)<br><a href=\"http:\/\/www.publico.es\/culturas\/brecha-genero-internet-edicion-colectiva.html\">Nosotras creamos, nosotras editamos<\/a><\/li>\n\n\n\n<li>26\/11\/2016 | <strong>Radio ELA<\/strong>&nbsp;|&nbsp;Marta Seror (<a href=\"\/\/twitter.com\/Arazerooo\u201d\">@Arazerooo<\/a>)<a href=\"\/\/twitter.com\/sarasolomando\u201d\"><br><\/a><a href=\"http:\/\/www.radioela.org\/DEL-LOGO-AL-MYTHOS-15-EDITANDO-EL.html\">Entrevista a Patricia Horrillo en el programa \u2018Del Logo al Mythos\u2019<\/a><\/li>\n\n\n\n<li>7\/12\/2016 | <strong>BBC Mundo<\/strong> | Luc\u00eda Blasco (<a href=\"\/\/twitter.com\/LuciaBlasco_\u201d\">@LuciaBlasco_<\/a>)<br><a href=\"http:\/\/www.bbc.com\/mundo\/noticias-38236627\">\u00bfQui\u00e9nes son nuestras mujeres olvidadas? \u00a1\u00danete a nuestro \u201ceditat\u00f3n\u201d de Wikipedia y haz que sean recordadas!<\/a><\/li>\n\n\n\n<li>9\/12\/2016 | <strong>BBC Mundo<\/strong><br><a href=\"http:\/\/www.bbc.com\/mundo\/noticias-38258203\">3 cosas que aprendimos luego de un d\u00eda de editar y escribir perfiles de mujeres en Wikipedia<\/a><\/li>\n<\/ul>\n<\/div><\/details><\/div>\n<\/div>\n\n\n\n<div class=\"wp-block-coblocks-accordion\">\n<div class=\"wp-block-coblocks-accordion-item\"><details><summary class=\"wp-block-coblocks-accordion-item__title\">[ 2015 ]<\/summary><div class=\"wp-block-coblocks-accordion-item__content\">\n<ul class=\"wp-block-list\">\n<li>07-03-2015 | <strong>Cadena SER<\/strong> | <em>A Vivir Madrid<\/em> | Purificaci\u00f3n Beltr\u00e1n (<a href=\"https:\/\/twitter.com\/beltranp\" target=\"_blank\" rel=\"noreferrer noopener\">@beltranp<\/a>) y Antonio Fraguas (<a href=\"https:\/\/twitter.com\/antoniofraguas\" target=\"_blank\" rel=\"noreferrer noopener\">@antoniofraguas<\/a>)<br><a href=\"https:\/\/play.cadenaser.com\/audio\/ser_madrid_avivirmadrid_20150307_120000_130000\/\" target=\"_blank\" rel=\"noreferrer noopener\">Entrevista para hablar sobre el #Editat\u00f3n7M (23\u00bb)<\/a><\/li>\n\n\n\n<li>07-03-2015 | <strong>Televisi\u00f3n Espa\u00f1ola<\/strong> | <em>Telediario<\/em> | Montserrat Boix (<a href=\"https:\/\/twitter.com\/montserratboix\" target=\"_blank\" rel=\"noreferrer noopener\">@montserratboix<\/a>)<br><a href=\"https:\/\/www.rtve.es\/play\/videos\/telediario\/telediario-15-horas-07-03-15\/3031508\/\" target=\"_blank\" rel=\"noreferrer noopener\">Pieza sobre el #Editat\u00f3n7M (26&#8242; 32\u00bb)<\/a><\/li>\n\n\n\n<li>08-03-2015&nbsp;| <strong>La huella digital<\/strong>&nbsp;| Laura Mart\u00ednez Mateo<br><a href=\"http:\/\/www.lahuelladigital.com\/editando-juntas-para-visibilizarnos-en-wikipedia\/\">#Editaton7M: construyendo igualdad desde la Wikipedia<\/a><\/li>\n\n\n\n<li>08-03-2015&nbsp;| <strong>Diario Turing<\/strong>&nbsp;| Silvia Font (<a href=\"\/\/twitter.com\/FrauOlivetti\u201d\">@FrauOlivetti<\/a>)<br><a href=\"https:\/\/www.eldiario.es\/tecnologia\/diario-turing\/editaton-colaborativo-acabar-genero-wikipedia_1_4339393.html\" target=\"_blank\" rel=\"noreferrer noopener\">Un editat\u00f3n colaborativo para acabar con la brecha de g\u00e9nero en Wikipedia<\/a><\/li>\n\n\n\n<li>09-03-2015&nbsp;| <strong>Interferencias<\/strong>&nbsp;| Felipe G. Gil<br><a href=\"https:\/\/www.eldiario.es\/interferencias\/machipedia_132_4335966.html\">La Machipedia<\/a><\/li>\n<\/ul>\n<\/div><\/details><\/div>\n<\/div>\n\n\n\n<p><\/p>\n","protected":false},"excerpt":{"rendered":"","protected":false},"author":1,"featured_media":0,"parent":0,"menu_order":0,"comment_status":"closed","ping_status":"closed","template":"templates\/fullwidth.php","meta":{"_coblocks_attr":"","_coblocks_dimensions":"","_coblocks_responsive_height":"","_coblocks_accordion_ie_support":"'true'","footnotes":""},"class_list":["post-925","page","type-page","status-publish","hentry","page-entry","loop-entry clr"],"_links":{"self":[{"href":"https:\/\/www.wikiesfera.org\/es\/wp-json\/wp\/v2\/pages\/925","targetHints":{"allow":["GET"]}}],"collection":[{"href":"https:\/\/www.wikiesfera.org\/es\/wp-json\/wp\/v2\/pages"}],"about":[{"href":"https:\/\/www.wikiesfera.org\/es\/wp-json\/wp\/v2\/types\/page"}],"author":[{"embeddable":true,"href":"https:\/\/www.wikiesfera.org\/es\/wp-json\/wp\/v2\/users\/1"}],"replies":[{"embeddable":true,"href":"https:\/\/www.wikiesfera.org\/es\/wp-json\/wp\/v2\/comments?post=925"}],"version-history":[{"count":335,"href":"https:\/\/www.wikiesfera.org\/es\/wp-json\/wp\/v2\/pages\/925\/revisions"}],"predecessor-version":[{"id":12102,"href":"https:\/\/www.wikiesfera.org\/es\/wp-json\/wp\/v2\/pages\/925\/revisions\/12102"}],"wp:attachment":[{"href":"https:\/\/www.wikiesfera.org\/es\/wp-json\/wp\/v2\/media?parent=925"}],"curies":[{"name":"wp","href":"https:\/\/api.w.org\/{rel}","templated":true}]}}