{"id":3301,"date":"2022-08-12T09:50:14","date_gmt":"2022-08-12T09:50:14","guid":{"rendered":"\/?page_id=3301"},"modified":"2025-05-16T00:08:44","modified_gmt":"2025-05-16T00:08:44","slug":"nos-tomamos-la-wiki","status":"publish","type":"page","link":"https:\/\/www.wikiesfera.org\/es\/nos-tomamos-la-wiki\/","title":{"rendered":"Nos tomamos la Wiki"},"content":{"rendered":"\n<p>En junio de 2018, la agencia de cooperaci\u00f3n internacional alemana&nbsp;<a rel=\"noreferrer noopener\" href=\"https:\/\/www.dw.com\/en\/dw-akademie\/latin-america\/s-12137\" target=\"_blank\">Deutsche Welle Akademie Am\u00e9rica Latina<\/a>&nbsp;contact\u00f3 con Wikiesfera para analizar el desarrollo de un proyecto en Ecuador. El objetivo era la <strong>visibilizaci\u00f3n y el fortalecimiento de la cosmovisi\u00f3n de los pueblos y nacionalidades ind\u00edgenas del Ecuador mediante la formaci\u00f3n de editores<\/strong> vinculados con un socio local: la&nbsp;<a rel=\"noreferrer noopener\" href=\"https:\/\/www.corape.org.ec\/satelital\/\" target=\"_blank\">Coordinadora de Medios Comunitarios Populares y Educativos del Ecuador (CORAPE)<\/a>. As\u00ed comenz\u00f3 el proyecto \u00abNos Tomamos La Wiki\u00bb que se desarroll\u00f3&nbsp;durante 6 meses&nbsp;(entre septiembre de 2018 y marzo de 2019) con unos&nbsp;resultados excelentes en t\u00e9rminos de participaci\u00f3n y producci\u00f3n de contenidos. Adem\u00e1s, se estableci\u00f3 tambi\u00e9n una alianza con&nbsp;<a rel=\"noreferrer noopener\" href=\"https:\/\/meta.wikimedia.org\/wiki\/Wikimedistas_de_Ecuador\" target=\"_blank\">Wikimedistas de Ecuador<\/a>&nbsp;que particip\u00f3 como Grupo de Usuarios local.<\/p>\n\n\n\n<p>El objetivo de \u00abNos Tomamos La Wiki\u00bb fue <strong>dar a conocer la cultura, identidad, historia, gastronom\u00eda, m\u00fasica de los pueblos y nacionalidades <strong>ind\u00edgenas<\/strong><\/strong> <strong>del Ecuador<\/strong> en plataformas digitales como el&nbsp;<a rel=\"noreferrer noopener\" href=\"https:\/\/www.corape.org.ec\/centrodedocumentacion\/\" target=\"_blank\">Centro de Documentaci\u00f3n Virtual de CORAPE<\/a>&nbsp;y Wikipedia en espa\u00f1ol. El primero como fuente de investigaci\u00f3n y de producci\u00f3n de piezas period\u00edsticas elaboradas por los mismos representantes de los pueblos originarios; y la segunda como una plataforma de&nbsp;<strong>construcci\u00f3n de conocimiento colaborativo para corregir los contenidos err\u00f3neos que describen a sus culturas y narrar su identidad desde la voz de los protagonistas<\/strong>.<\/p>\n\n\n\n<figure class=\"wp-block-embed is-type-video is-provider-youtube wp-block-embed-youtube wp-embed-aspect-16-9 wp-has-aspect-ratio\"><div class=\"wp-block-embed__wrapper\">\n<iframe title=\"#NosTomamosLaWiki: Writing history, one Wikipedia article at a time | DW Akademie\" width=\"980\" height=\"551\" src=\"https:\/\/www.youtube.com\/embed\/W08bvrkynpY?feature=oembed\" frameborder=\"0\" allow=\"accelerometer; autoplay; clipboard-write; encrypted-media; gyroscope; picture-in-picture; web-share\" referrerpolicy=\"strict-origin-when-cross-origin\" allowfullscreen><\/iframe>\n<\/div><\/figure>\n\n\n\n<p><\/p>\n\n\n\n<p>En los meses que dur\u00f3 este proyecto piloto, Wikiesfera estuvo presente en las charlas y talleres introductorios en diversas localizaciones de Ecuador. Adem\u00e1s,&nbsp;<strong>se hicieron varios editatones<\/strong>&nbsp;(maratones de edici\u00f3n sobre mujeres ecuatorianas, gastronom\u00eda local,&#8230;)&nbsp;<strong>y un marat\u00f3n final sobre temas que los participantes hab\u00edan investigado<\/strong>&nbsp;durante los meses del proyecto. Entre los 45 participantes, estaban representados <strong>seis pueblos<\/strong> (Otavalo, Waranka, Puruh\u00e1, Afroecuatoriano, Sapara y Mestizo) y <strong>seis nacionalidades<\/strong> (Kichwa y Kichwa Amaz\u00f3nico, Kitu Kara, \u00c9pera, Chachi, Aw\u00e1 y Shuar) del Ecuador.<\/p>\n\n\n\n<hr class=\"wp-block-separator has-alpha-channel-opacity\"\/>\n\n\n\n<h1 id=\"gt-resultados\" class=\"wp-block-heading\"><strong>&gt; Resultados<\/strong><\/h1>\n\n\n\n<p>En total,&nbsp;<strong>los 45 editores que participaron crearon m\u00e1s de 50 art\u00edculos nuevos, modificaron contenido en unos 80 art\u00edculos adicionales, y subieron m\u00e1s de 60 archivos a Commons<\/strong>. El proyecto tuvo una&nbsp;<strong>gran repercusi\u00f3n en medios del pa\u00eds<\/strong>&nbsp;que se mostraron muy interesados en la visibilizaci\u00f3n de todos estos contenidos propios en Wikipedia.<\/p>\n\n\n\n<div class=\"wp-block-columns is-layout-flex wp-container-core-columns-is-layout-9d6595d7 wp-block-columns-is-layout-flex\">\n<div class=\"wp-block-column is-layout-flow wp-block-column-is-layout-flow\">\n<p class=\"has-text-align-center has-luminous-vivid-amber-background-color has-background\"><strong>PUBLICACI\u00d3N<\/strong><\/p>\n\n\n\n<p class=\"has-text-align-center has-white-background-color has-background\"><strong>50 art\u00edculos<\/strong><\/p>\n<\/div>\n\n\n\n<div class=\"wp-block-column is-layout-flow wp-block-column-is-layout-flow\">\n<p class=\"has-text-align-center has-luminous-vivid-amber-background-color has-background\"><strong>COMMONS<\/strong><\/p>\n\n\n\n<p class=\"has-text-align-center has-white-background-color has-background\"><strong>60 im\u00e1genes<\/strong><\/p>\n<\/div>\n\n\n\n<div class=\"wp-block-column is-layout-flow wp-block-column-is-layout-flow\">\n<p class=\"has-text-align-center has-luminous-vivid-amber-background-color has-background\"><strong>PARTICIPACI\u00d3N<\/strong><\/p>\n\n\n\n<p class=\"has-text-align-center has-white-background-color has-background\"><strong>45 personas<\/strong><\/p>\n<\/div>\n\n\n\n<div class=\"wp-block-column is-layout-flow wp-block-column-is-layout-flow\">\n<p class=\"has-text-align-center has-luminous-vivid-amber-background-color has-background\"><strong>IMPACTO<\/strong><\/p>\n\n\n\n<p class=\"has-text-align-center has-white-background-color has-background\"><strong>3.900.000 visitas<\/strong><\/p>\n<\/div>\n<\/div>\n\n\n\n<hr class=\"wp-block-separator has-alpha-channel-opacity\"\/>\n\n\n\n<h1 id=\"gt-galeria\" class=\"wp-block-heading\"><strong>&gt; Galer\u00eda<\/strong><\/h1>\n\n\n\n<div class=\"wp-block-columns is-layout-flex wp-container-core-columns-is-layout-9d6595d7 wp-block-columns-is-layout-flex\">\n<div class=\"wp-block-column is-layout-flow wp-block-column-is-layout-flow\">\n<figure class=\"wp-block-image size-full\"><img fetchpriority=\"high\" decoding=\"async\" width=\"1024\" height=\"768\" src=\"\/wp-content\/uploads\/2022\/08\/Foto_de_grupo_del_encuentro_en_Ibarra_Ecuador.jpeg\" alt=\"\" class=\"wp-image-3312\" style=\"aspect-ratio:16\/9;object-fit:cover\" srcset=\"https:\/\/www.wikiesfera.org\/wp-content\/uploads\/2022\/08\/Foto_de_grupo_del_encuentro_en_Ibarra_Ecuador.jpeg 1024w, https:\/\/www.wikiesfera.org\/wp-content\/uploads\/2022\/08\/Foto_de_grupo_del_encuentro_en_Ibarra_Ecuador-300x225.jpeg 300w, https:\/\/www.wikiesfera.org\/wp-content\/uploads\/2022\/08\/Foto_de_grupo_del_encuentro_en_Ibarra_Ecuador-768x576.jpeg 768w, https:\/\/www.wikiesfera.org\/wp-content\/uploads\/2022\/08\/Foto_de_grupo_del_encuentro_en_Ibarra_Ecuador-150x113.jpeg 150w, https:\/\/www.wikiesfera.org\/wp-content\/uploads\/2022\/08\/Foto_de_grupo_del_encuentro_en_Ibarra_Ecuador-400x300.jpeg 400w\" sizes=\"(max-width: 1024px) 100vw, 1024px\" \/><\/figure>\n<\/div>\n\n\n\n<div class=\"wp-block-column is-layout-flow wp-block-column-is-layout-flow\">\n<figure class=\"wp-block-image size-full\"><img decoding=\"async\" width=\"1024\" height=\"768\" src=\"\/wp-content\/uploads\/2022\/08\/Foto_de_grupo_en_Ri\u0301obamba_Ecuador_1.jpeg\" alt=\"\" class=\"wp-image-3313\" style=\"aspect-ratio:16\/9;object-fit:cover\" srcset=\"https:\/\/www.wikiesfera.org\/wp-content\/uploads\/2022\/08\/Foto_de_grupo_en_Ri\u0301obamba_Ecuador_1.jpeg 1024w, https:\/\/www.wikiesfera.org\/wp-content\/uploads\/2022\/08\/Foto_de_grupo_en_Ri\u0301obamba_Ecuador_1-300x225.jpeg 300w, https:\/\/www.wikiesfera.org\/wp-content\/uploads\/2022\/08\/Foto_de_grupo_en_Ri\u0301obamba_Ecuador_1-768x576.jpeg 768w, https:\/\/www.wikiesfera.org\/wp-content\/uploads\/2022\/08\/Foto_de_grupo_en_Ri\u0301obamba_Ecuador_1-150x113.jpeg 150w, https:\/\/www.wikiesfera.org\/wp-content\/uploads\/2022\/08\/Foto_de_grupo_en_Ri\u0301obamba_Ecuador_1-400x300.jpeg 400w\" sizes=\"(max-width: 1024px) 100vw, 1024px\" \/><\/figure>\n<\/div>\n<\/div>\n\n\n\n<p><\/p>\n\n\n\n<div class=\"wp-block-columns is-layout-flex wp-container-core-columns-is-layout-9d6595d7 wp-block-columns-is-layout-flex\">\n<div class=\"wp-block-column is-layout-flow wp-block-column-is-layout-flow\">\n<figure class=\"wp-block-image size-large\"><img decoding=\"async\" width=\"1024\" height=\"683\" src=\"\/wp-content\/uploads\/2022\/08\/Foto_de_grupo_en_Archidona_Ecuador-1024x683.jpeg\" alt=\"\" class=\"wp-image-3314\" style=\"aspect-ratio:16\/9;object-fit:cover\" srcset=\"https:\/\/www.wikiesfera.org\/wp-content\/uploads\/2022\/08\/Foto_de_grupo_en_Archidona_Ecuador-1024x683.jpeg 1024w, https:\/\/www.wikiesfera.org\/wp-content\/uploads\/2022\/08\/Foto_de_grupo_en_Archidona_Ecuador-300x200.jpeg 300w, https:\/\/www.wikiesfera.org\/wp-content\/uploads\/2022\/08\/Foto_de_grupo_en_Archidona_Ecuador-768x512.jpeg 768w, https:\/\/www.wikiesfera.org\/wp-content\/uploads\/2022\/08\/Foto_de_grupo_en_Archidona_Ecuador-150x100.jpeg 150w, https:\/\/www.wikiesfera.org\/wp-content\/uploads\/2022\/08\/Foto_de_grupo_en_Archidona_Ecuador-400x267.jpeg 400w, https:\/\/www.wikiesfera.org\/wp-content\/uploads\/2022\/08\/Foto_de_grupo_en_Archidona_Ecuador.jpeg 1086w\" sizes=\"(max-width: 1024px) 100vw, 1024px\" \/><\/figure>\n<\/div>\n\n\n\n<div class=\"wp-block-column is-layout-flow wp-block-column-is-layout-flow\">\n<figure class=\"wp-block-image size-full\"><img loading=\"lazy\" decoding=\"async\" width=\"1024\" height=\"768\" src=\"\/wp-content\/uploads\/2022\/08\/Foto_de_grupo_en_Ri\u0301obamba_Ecuador_2.jpeg\" alt=\"\" class=\"wp-image-3315\" style=\"aspect-ratio:16\/9;object-fit:cover\" srcset=\"https:\/\/www.wikiesfera.org\/wp-content\/uploads\/2022\/08\/Foto_de_grupo_en_Ri\u0301obamba_Ecuador_2.jpeg 1024w, https:\/\/www.wikiesfera.org\/wp-content\/uploads\/2022\/08\/Foto_de_grupo_en_Ri\u0301obamba_Ecuador_2-300x225.jpeg 300w, https:\/\/www.wikiesfera.org\/wp-content\/uploads\/2022\/08\/Foto_de_grupo_en_Ri\u0301obamba_Ecuador_2-768x576.jpeg 768w, https:\/\/www.wikiesfera.org\/wp-content\/uploads\/2022\/08\/Foto_de_grupo_en_Ri\u0301obamba_Ecuador_2-150x113.jpeg 150w, https:\/\/www.wikiesfera.org\/wp-content\/uploads\/2022\/08\/Foto_de_grupo_en_Ri\u0301obamba_Ecuador_2-400x300.jpeg 400w\" sizes=\"(max-width: 1024px) 100vw, 1024px\" \/><\/figure>\n<\/div>\n<\/div>\n\n\n\n<hr class=\"wp-block-separator has-alpha-channel-opacity\"\/>\n\n\n\n<h1 id=\"gt-colabora\" class=\"wp-block-heading\"><strong>&gt; Colabora<\/strong><\/h1>\n\n\n\n<div class=\"wp-block-columns is-layout-flex wp-container-core-columns-is-layout-9d6595d7 wp-block-columns-is-layout-flex\">\n<div class=\"wp-block-column is-layout-flow wp-block-column-is-layout-flow\">\n<figure class=\"wp-block-image size-full\"><img loading=\"lazy\" decoding=\"async\" width=\"250\" height=\"75\" src=\"\/wp-content\/uploads\/2022\/08\/logo_dw_hz.png\" alt=\"\" class=\"wp-image-3342\" srcset=\"https:\/\/www.wikiesfera.org\/wp-content\/uploads\/2022\/08\/logo_dw_hz.png 250w, https:\/\/www.wikiesfera.org\/wp-content\/uploads\/2022\/08\/logo_dw_hz-150x45.png 150w\" sizes=\"(max-width: 250px) 100vw, 250px\" \/><\/figure>\n<\/div>\n\n\n\n<div class=\"wp-block-column is-layout-flow wp-block-column-is-layout-flow\">\n<figure class=\"wp-block-image size-full\"><img loading=\"lazy\" decoding=\"async\" width=\"250\" height=\"75\" src=\"\/wp-content\/uploads\/2022\/08\/logo_corape_hz.png\" alt=\"\" class=\"wp-image-3343\" srcset=\"https:\/\/www.wikiesfera.org\/wp-content\/uploads\/2022\/08\/logo_corape_hz.png 250w, https:\/\/www.wikiesfera.org\/wp-content\/uploads\/2022\/08\/logo_corape_hz-150x45.png 150w\" sizes=\"(max-width: 250px) 100vw, 250px\" \/><\/figure>\n<\/div>\n\n\n\n<div class=\"wp-block-column is-layout-flow wp-block-column-is-layout-flow\"><\/div>\n\n\n\n<div class=\"wp-block-column is-layout-flow wp-block-column-is-layout-flow\"><\/div>\n<\/div>\n","protected":false},"excerpt":{"rendered":"<p>En junio de 2018, la agencia de cooperaci\u00f3n internacional alemana&nbsp;Deutsche Welle Akademie Am\u00e9rica Latina&nbsp;contact\u00f3 con Wikiesfera para analizar el desarrollo de un proyecto en Ecuador. El objetivo era la visibilizaci\u00f3n y el fortalecimiento de la cosmovisi\u00f3n de los pueblos y nacionalidades ind\u00edgenas del Ecuador mediante la formaci\u00f3n de editores vinculados con un socio local: la&nbsp;Coordinadora [&hellip;]<\/p>\n","protected":false},"author":1,"featured_media":0,"parent":0,"menu_order":0,"comment_status":"closed","ping_status":"closed","template":"templates\/fullwidth.php","meta":{"_coblocks_attr":"","_coblocks_dimensions":"","_coblocks_responsive_height":"","_coblocks_accordion_ie_support":"","footnotes":""},"class_list":["post-3301","page","type-page","status-publish","hentry","page-entry","loop-entry clr"],"_links":{"self":[{"href":"https:\/\/www.wikiesfera.org\/es\/wp-json\/wp\/v2\/pages\/3301","targetHints":{"allow":["GET"]}}],"collection":[{"href":"https:\/\/www.wikiesfera.org\/es\/wp-json\/wp\/v2\/pages"}],"about":[{"href":"https:\/\/www.wikiesfera.org\/es\/wp-json\/wp\/v2\/types\/page"}],"author":[{"embeddable":true,"href":"https:\/\/www.wikiesfera.org\/es\/wp-json\/wp\/v2\/users\/1"}],"replies":[{"embeddable":true,"href":"https:\/\/www.wikiesfera.org\/es\/wp-json\/wp\/v2\/comments?post=3301"}],"version-history":[{"count":20,"href":"https:\/\/www.wikiesfera.org\/es\/wp-json\/wp\/v2\/pages\/3301\/revisions"}],"predecessor-version":[{"id":8899,"href":"https:\/\/www.wikiesfera.org\/es\/wp-json\/wp\/v2\/pages\/3301\/revisions\/8899"}],"wp:attachment":[{"href":"https:\/\/www.wikiesfera.org\/es\/wp-json\/wp\/v2\/media?parent=3301"}],"curies":[{"name":"wp","href":"https:\/\/api.w.org\/{rel}","templated":true}]}}