{"id":3287,"date":"2022-08-11T19:42:53","date_gmt":"2022-08-11T19:42:53","guid":{"rendered":"\/?page_id=3287"},"modified":"2025-05-16T00:07:09","modified_gmt":"2025-05-16T00:07:09","slug":"paisaje-de-la-luz","status":"publish","type":"page","link":"https:\/\/www.wikiesfera.org\/es\/paisaje-de-la-luz\/","title":{"rendered":"Paisaje de la Luz"},"content":{"rendered":"\n<p>Wikipedia se ha convertido en una de las principales fuentes de consulta y es una de las diez p\u00e1ginas web m\u00e1s visitadas del mundo. Pese a sus 22 a\u00f1os de vida y una importante labor de documentaci\u00f3n por miles de voluntarios, <strong>Wikipedia en espa\u00f1ol sigue necesitando la incorporaci\u00f3n de m\u00e1s personas expertas en distintos \u00e1mbitos<\/strong>. De este modo, se puede generar un mayor n\u00famero de art\u00edculos y de mejor calidad, que tambi\u00e9n se visibilizan de forma m\u00e1s directa en los principales buscadores de Internet.&nbsp;<\/p>\n\n\n\n<p>Para incidir en un campo espec\u00edfico en Wikipedia conviene crear <strong>grupos de trabajo tem\u00e1ticos<\/strong>. Llevando a cabo reuniones peri\u00f3dicas y una fragmentaci\u00f3n de tareas para la creaci\u00f3n y mejora de art\u00edculos, estos editores van cubriendo las carencias de la enciclopedia libre. Por eso, en coordinaci\u00f3n con Medialab Matadero, hemos desarrollado para el Ayuntamiento de Madrid un <strong>proyecto formativo estructurado en varios meses<\/strong> que nos ha permitido <strong>dinamizar un grupo de trabajo centrado en generar contenido sobre el patrimonio del <a rel=\"noreferrer noopener\" href=\"https:\/\/paisajedelaluz.es\/\" target=\"_blank\">Paisaje de la Luz<\/a><\/strong>, la candidatura presentada por el Ayuntamiento de Madrid a la Unesco para formar parte de la Lista del Patrimonio Mundial.&nbsp;<\/p>\n\n\n\n<p>Esta formaci\u00f3n, muy pensada en aspectos pr\u00e1cticos, ha permitido a los participantes la adquisici\u00f3n de diferentes competencias digitales as\u00ed como de redacci\u00f3n y lectura \u00e1giles. Ha estado <strong>vertebrada por varios <\/strong><strong><em>editatones<\/em><\/strong> (maratones de edici\u00f3n en Wikipedia), que son encuentros l\u00fadicos para \u201cenganchar\u201d a las personas expertas en patrimonio interesadas en la labor de documentaci\u00f3n que ofrece Wikipedia.<\/p>\n\n\n\n<figure class=\"wp-block-embed is-type-video is-provider-youtube wp-block-embed-youtube wp-embed-aspect-16-9 wp-has-aspect-ratio\"><div class=\"wp-block-embed__wrapper\">\n<iframe title=\"El Paisaje de la Luz en Wikipedia\" width=\"980\" height=\"551\" src=\"https:\/\/www.youtube.com\/embed\/tus1kNnSJl0?feature=oembed\" frameborder=\"0\" allow=\"accelerometer; autoplay; clipboard-write; encrypted-media; gyroscope; picture-in-picture; web-share\" allowfullscreen><\/iframe>\n<\/div><\/figure>\n\n\n\n<hr class=\"wp-block-separator has-alpha-channel-opacity\"\/>\n\n\n\n<h1 id=\"gt-ediciones\" class=\"wp-block-heading\"><strong>&gt; Ediciones<\/strong><\/h1>\n\n\n\n<p>Tras el \u00e9xito de la primera edici\u00f3n de estos talleres, el Ayuntamiento de Madrid decidi\u00f3 continuar con la formaci\u00f3n y las actividades de publicaci\u00f3n en Wikipedia hasta finales de 2022. Hasta el momento, se han desarrollado los siguientes editatones:<\/p>\n\n\n\n<ul class=\"wp-block-list\">\n<li>18 de diciembre de 2020 | <a rel=\"noreferrer noopener\" href=\"https:\/\/wikiesfera.org\/portfolio-item\/editaton-virtual-sobre-patrimonio-18d\/\" target=\"_blank\">Editat\u00f3n virtual sobre patrimonio de Madrid #18D<\/a>&nbsp;<\/li>\n\n\n\n<li>25 de septiembre de 2021 | <a rel=\"noreferrer noopener\" href=\"https:\/\/wikiesfera.org\/portfolio-item\/i-editaton-del-paisaje-de-la-luz-25s\/\" target=\"_blank\">I Editat\u00f3n del Paisaje de la Luz #25S<\/a><\/li>\n\n\n\n<li>23 de octubre de 2021 | <a rel=\"noreferrer noopener\" href=\"https:\/\/wikiesfera.org\/portfolio-item\/ii-editaton-del-paisaje-de-la-luz-23o\/\" target=\"_blank\">II Editat\u00f3n del Paisaje de la Luz #23O<\/a><\/li>\n\n\n\n<li>13 de noviembre de 2021 | <a rel=\"noreferrer noopener\" href=\"https:\/\/wikiesfera.org\/portfolio-item\/iii-editaton-del-paisaje-de-la-luz-13n\/\" target=\"_blank\">III Editat\u00f3n del Paisaje de la Luz #13N<\/a><\/li>\n\n\n\n<li>22 de enero de 2022 | <a rel=\"noreferrer noopener\" href=\"https:\/\/wikiesfera.org\/portfolio-item\/iv-editaton-del-paisaje-de-la-luz-22e\/\" target=\"_blank\">IV Editat\u00f3n del Paisaje de la Luz #22E<\/a><\/li>\n\n\n\n<li>10 y 24 de junio de 2022 | <a rel=\"noreferrer noopener\" href=\"https:\/\/wikiesfera.org\/portfolio-item\/editatones-del-paisaje-de-la-luz-jun2022\/\" target=\"_blank\">Editatones del Paisaje de la Luz #JUN2022<\/a><\/li>\n\n\n\n<li>16 y 30 de septiembre de 2022 | <a rel=\"noreferrer noopener\" href=\"https:\/\/wikiesfera.org\/portfolio-item\/editatones-del-paisaje-de-la-luz-sep2022\/\" target=\"_blank\">Editatones del Paisaje de la Luz #SEP2022<\/a><\/li>\n\n\n\n<li>14 y 28 de octubre de 2022 | <a href=\"https:\/\/wikiesfera.org\/portfolio-item\/editatones-del-paisaje-de-la-luz-oct2022\/\" target=\"_blank\" rel=\"noreferrer noopener\">Editatones del Paisaje de la Luz #OCT2022<\/a><\/li>\n\n\n\n<li>11 de noviembre y 16 de diciembre de 2022 | <a href=\"https:\/\/wikiesfera.org\/portfolio-item\/editatones-del-paisaje-de-la-luz-novdic2022\/\" data-type=\"URL\" data-id=\"https:\/\/wikiesfera.org\/portfolio-item\/editatones-del-paisaje-de-la-luz-novdic2022\/\" target=\"_blank\" rel=\"noreferrer noopener\">Editatones del Paisaje de la Luz #NovDic2022<\/a><\/li>\n<\/ul>\n\n\n\n<hr class=\"wp-block-separator has-alpha-channel-opacity\"\/>\n\n\n\n<h1 id=\"gt-resultados\" class=\"wp-block-heading\"><strong>&gt; Resultados<\/strong><\/h1>\n\n\n\n<p>En estos meses de trabajo, se han conseguido <strong>visibilizar aquellos lugares, edificios, obras, personas, plantas y dem\u00e1s elementos vinculados con el patrimonio del Paisaje de la Luz<\/strong> en uno de los lugares m\u00e1s importantes de consulta del mundo, con unos grandes resultados:<\/p>\n\n\n\n<div class=\"wp-block-columns is-layout-flex wp-container-core-columns-is-layout-9d6595d7 wp-block-columns-is-layout-flex\">\n<div class=\"wp-block-column is-layout-flow wp-block-column-is-layout-flow\">\n<p class=\"has-text-align-center has-pale-cyan-blue-background-color has-background\"><strong>PUBLICACI\u00d3N<\/strong><\/p>\n\n\n\n<p class=\"has-text-align-center has-white-background-color has-background\"><strong>156 art\u00edculos<\/strong> <\/p>\n\n\n\n<p class=\"has-text-align-center has-white-background-color has-background\">[92 creaci\u00f3n + 64 traducci\u00f3n]<\/p>\n<\/div>\n\n\n\n<div class=\"wp-block-column is-layout-flow wp-block-column-is-layout-flow\">\n<p class=\"has-text-align-center has-pale-cyan-blue-background-color has-background\"><strong>COMMONS<\/strong><\/p>\n\n\n\n<p class=\"has-text-align-center has-white-background-color has-background\"><strong>106 im\u00e1genes<\/strong> <\/p>\n\n\n\n<p class=\"has-text-align-center has-white-background-color has-background\">[para art\u00edculos nuevos y existentes]<\/p>\n<\/div>\n\n\n\n<div class=\"wp-block-column is-layout-flow wp-block-column-is-layout-flow\">\n<p class=\"has-text-align-center has-pale-cyan-blue-background-color has-background\"><strong>PARTICIPACI\u00d3N<\/strong><\/p>\n\n\n\n<p class=\"has-text-align-center has-white-background-color has-background\"><strong>64 personas<\/strong> <\/p>\n\n\n\n<p class=\"has-text-align-center has-white-background-color has-background\">[21 wikipedistas de Wikiesfera + 43 nuevos]<\/p>\n<\/div>\n\n\n\n<div class=\"wp-block-column is-layout-flow wp-block-column-is-layout-flow\">\n<p class=\"has-text-align-center has-pale-cyan-blue-background-color has-background\"><strong>IMPACTO<\/strong><\/p>\n\n\n\n<p class=\"has-text-align-center has-white-background-color has-background\"><strong>3.800.000 visitas<\/strong><\/p>\n\n\n\n<p class=\"has-text-align-center has-white-background-color has-background\">[20.000 visitas al d\u00eda]<\/p>\n<\/div>\n<\/div>\n\n\n\n<hr class=\"wp-block-separator has-alpha-channel-opacity\"\/>\n\n\n\n<h1 id=\"gt-galeria\" class=\"wp-block-heading\"><strong>&gt; Galer\u00eda<\/strong><\/h1>\n\n\n\n<div class=\"wp-block-columns is-layout-flex wp-container-core-columns-is-layout-9d6595d7 wp-block-columns-is-layout-flex\">\n<div class=\"wp-block-column is-layout-flow wp-block-column-is-layout-flow\">\n<figure class=\"wp-block-image size-large\"><img fetchpriority=\"high\" decoding=\"async\" width=\"1024\" height=\"360\" src=\"\/wp-content\/uploads\/2021\/11\/editaton-paisaje-de-la-luz_07-1024x360.jpg\" alt=\"\" class=\"wp-image-2425\" srcset=\"https:\/\/www.wikiesfera.org\/wp-content\/uploads\/2021\/11\/editaton-paisaje-de-la-luz_07-1024x360.jpg 1024w, https:\/\/www.wikiesfera.org\/wp-content\/uploads\/2021\/11\/editaton-paisaje-de-la-luz_07-300x105.jpg 300w, https:\/\/www.wikiesfera.org\/wp-content\/uploads\/2021\/11\/editaton-paisaje-de-la-luz_07-768x270.jpg 768w, https:\/\/www.wikiesfera.org\/wp-content\/uploads\/2021\/11\/editaton-paisaje-de-la-luz_07-150x53.jpg 150w, https:\/\/www.wikiesfera.org\/wp-content\/uploads\/2021\/11\/editaton-paisaje-de-la-luz_07-400x141.jpg 400w, https:\/\/www.wikiesfera.org\/wp-content\/uploads\/2021\/11\/editaton-paisaje-de-la-luz_07.jpg 1280w\" sizes=\"(max-width: 1024px) 100vw, 1024px\" \/><\/figure>\n<\/div>\n\n\n\n<div class=\"wp-block-column is-layout-flow wp-block-column-is-layout-flow\">\n<figure class=\"wp-block-image size-large\"><img decoding=\"async\" width=\"1024\" height=\"360\" src=\"\/wp-content\/uploads\/2021\/09\/editaton-paisaje-de-la-luz_02-1024x360.jpg\" alt=\"\" class=\"wp-image-2306\" srcset=\"https:\/\/www.wikiesfera.org\/wp-content\/uploads\/2021\/09\/editaton-paisaje-de-la-luz_02-1024x360.jpg 1024w, https:\/\/www.wikiesfera.org\/wp-content\/uploads\/2021\/09\/editaton-paisaje-de-la-luz_02-300x105.jpg 300w, https:\/\/www.wikiesfera.org\/wp-content\/uploads\/2021\/09\/editaton-paisaje-de-la-luz_02-768x270.jpg 768w, https:\/\/www.wikiesfera.org\/wp-content\/uploads\/2021\/09\/editaton-paisaje-de-la-luz_02-150x53.jpg 150w, https:\/\/www.wikiesfera.org\/wp-content\/uploads\/2021\/09\/editaton-paisaje-de-la-luz_02-400x141.jpg 400w, https:\/\/www.wikiesfera.org\/wp-content\/uploads\/2021\/09\/editaton-paisaje-de-la-luz_02.jpg 1280w\" sizes=\"(max-width: 1024px) 100vw, 1024px\" \/><\/figure>\n<\/div>\n<\/div>\n\n\n\n<p><\/p>\n\n\n\n<div class=\"wp-block-columns is-layout-flex wp-container-core-columns-is-layout-9d6595d7 wp-block-columns-is-layout-flex\">\n<div class=\"wp-block-column is-layout-flow wp-block-column-is-layout-flow\">\n<figure class=\"wp-block-image size-large\"><img decoding=\"async\" width=\"1024\" height=\"360\" src=\"\/wp-content\/uploads\/2022\/01\/editaton-paisaje-de-la-luz_09-1024x360.jpg\" alt=\"\" class=\"wp-image-2672\" srcset=\"https:\/\/www.wikiesfera.org\/wp-content\/uploads\/2022\/01\/editaton-paisaje-de-la-luz_09-1024x360.jpg 1024w, https:\/\/www.wikiesfera.org\/wp-content\/uploads\/2022\/01\/editaton-paisaje-de-la-luz_09-300x105.jpg 300w, https:\/\/www.wikiesfera.org\/wp-content\/uploads\/2022\/01\/editaton-paisaje-de-la-luz_09-768x270.jpg 768w, https:\/\/www.wikiesfera.org\/wp-content\/uploads\/2022\/01\/editaton-paisaje-de-la-luz_09-150x53.jpg 150w, https:\/\/www.wikiesfera.org\/wp-content\/uploads\/2022\/01\/editaton-paisaje-de-la-luz_09-400x141.jpg 400w, https:\/\/www.wikiesfera.org\/wp-content\/uploads\/2022\/01\/editaton-paisaje-de-la-luz_09.jpg 1280w\" sizes=\"(max-width: 1024px) 100vw, 1024px\" \/><\/figure>\n<\/div>\n\n\n\n<div class=\"wp-block-column is-layout-flow wp-block-column-is-layout-flow\">\n<figure class=\"wp-block-image size-large\"><img loading=\"lazy\" decoding=\"async\" width=\"1024\" height=\"360\" src=\"\/wp-content\/uploads\/2021\/10\/editaton-paisaje-de-la-luz_04-1024x360.jpg\" alt=\"\" class=\"wp-image-2372\" srcset=\"https:\/\/www.wikiesfera.org\/wp-content\/uploads\/2021\/10\/editaton-paisaje-de-la-luz_04-1024x360.jpg 1024w, https:\/\/www.wikiesfera.org\/wp-content\/uploads\/2021\/10\/editaton-paisaje-de-la-luz_04-300x105.jpg 300w, https:\/\/www.wikiesfera.org\/wp-content\/uploads\/2021\/10\/editaton-paisaje-de-la-luz_04-768x270.jpg 768w, https:\/\/www.wikiesfera.org\/wp-content\/uploads\/2021\/10\/editaton-paisaje-de-la-luz_04-150x53.jpg 150w, https:\/\/www.wikiesfera.org\/wp-content\/uploads\/2021\/10\/editaton-paisaje-de-la-luz_04-400x141.jpg 400w, https:\/\/www.wikiesfera.org\/wp-content\/uploads\/2021\/10\/editaton-paisaje-de-la-luz_04.jpg 1280w\" sizes=\"(max-width: 1024px) 100vw, 1024px\" \/><\/figure>\n<\/div>\n<\/div>\n\n\n\n<p><\/p>\n\n\n\n<hr class=\"wp-block-separator has-alpha-channel-opacity\"\/>\n\n\n\n<h1 id=\"gt-colabora\" class=\"wp-block-heading\"><strong>&gt; Colabora<\/strong><\/h1>\n\n\n\n<div class=\"wp-block-columns is-layout-flex wp-container-core-columns-is-layout-9d6595d7 wp-block-columns-is-layout-flex\">\n<div class=\"wp-block-column is-layout-flow wp-block-column-is-layout-flow\">\n<figure class=\"wp-block-image size-full\"><img loading=\"lazy\" decoding=\"async\" width=\"250\" height=\"75\" src=\"\/wp-content\/uploads\/2022\/05\/logo_ayto-mad_hz.png\" alt=\"\" class=\"wp-image-3078\" srcset=\"https:\/\/www.wikiesfera.org\/wp-content\/uploads\/2022\/05\/logo_ayto-mad_hz.png 250w, https:\/\/www.wikiesfera.org\/wp-content\/uploads\/2022\/05\/logo_ayto-mad_hz-150x45.png 150w\" sizes=\"(max-width: 250px) 100vw, 250px\" \/><\/figure>\n<\/div>\n\n\n\n<div class=\"wp-block-column is-layout-flow wp-block-column-is-layout-flow\">\n<figure class=\"wp-block-image size-full\"><img loading=\"lazy\" decoding=\"async\" width=\"250\" height=\"75\" src=\"\/wp-content\/uploads\/2022\/07\/logo_paisaje.png\" alt=\"\" class=\"wp-image-3187\" srcset=\"https:\/\/www.wikiesfera.org\/wp-content\/uploads\/2022\/07\/logo_paisaje.png 250w, https:\/\/www.wikiesfera.org\/wp-content\/uploads\/2022\/07\/logo_paisaje-150x45.png 150w\" sizes=\"(max-width: 250px) 100vw, 250px\" \/><\/figure>\n<\/div>\n\n\n\n<div class=\"wp-block-column is-layout-flow wp-block-column-is-layout-flow\">\n<figure class=\"wp-block-image size-large is-resized\"><img loading=\"lazy\" decoding=\"async\" width=\"1024\" height=\"419\" src=\"http:\/\/www.wikiesfera.org\/wp-content\/uploads\/2023\/04\/logo_medialab-matadero_negro-1024x419.png\" alt=\"Logotipo de Medialab en Matadero \" class=\"wp-image-3941\" style=\"width:139px;height:56px\" srcset=\"https:\/\/www.wikiesfera.org\/wp-content\/uploads\/2023\/04\/logo_medialab-matadero_negro-1024x419.png 1024w, https:\/\/www.wikiesfera.org\/wp-content\/uploads\/2023\/04\/logo_medialab-matadero_negro-300x123.png 300w, https:\/\/www.wikiesfera.org\/wp-content\/uploads\/2023\/04\/logo_medialab-matadero_negro-768x314.png 768w, https:\/\/www.wikiesfera.org\/wp-content\/uploads\/2023\/04\/logo_medialab-matadero_negro-150x61.png 150w, https:\/\/www.wikiesfera.org\/wp-content\/uploads\/2023\/04\/logo_medialab-matadero_negro-400x164.png 400w, https:\/\/www.wikiesfera.org\/wp-content\/uploads\/2023\/04\/logo_medialab-matadero_negro.png 1100w\" sizes=\"(max-width: 1024px) 100vw, 1024px\" \/><\/figure>\n<\/div>\n\n\n\n<div class=\"wp-block-column is-layout-flow wp-block-column-is-layout-flow\"><\/div>\n<\/div>\n","protected":false},"excerpt":{"rendered":"<p>Wikipedia se ha convertido en una de las principales fuentes de consulta y es una de las diez p\u00e1ginas web m\u00e1s visitadas del mundo. Pese a sus 22 a\u00f1os de vida y una importante labor de documentaci\u00f3n por miles de voluntarios, Wikipedia en espa\u00f1ol sigue necesitando la incorporaci\u00f3n de m\u00e1s personas expertas en distintos \u00e1mbitos. [&hellip;]<\/p>\n","protected":false},"author":1,"featured_media":2310,"parent":0,"menu_order":0,"comment_status":"closed","ping_status":"closed","template":"templates\/fullwidth.php","meta":{"_coblocks_attr":"","_coblocks_dimensions":"","_coblocks_responsive_height":"","_coblocks_accordion_ie_support":"","footnotes":""},"class_list":["post-3287","page","type-page","status-publish","has-post-thumbnail","hentry","page-entry","loop-entry clr"],"_links":{"self":[{"href":"https:\/\/www.wikiesfera.org\/es\/wp-json\/wp\/v2\/pages\/3287","targetHints":{"allow":["GET"]}}],"collection":[{"href":"https:\/\/www.wikiesfera.org\/es\/wp-json\/wp\/v2\/pages"}],"about":[{"href":"https:\/\/www.wikiesfera.org\/es\/wp-json\/wp\/v2\/types\/page"}],"author":[{"embeddable":true,"href":"https:\/\/www.wikiesfera.org\/es\/wp-json\/wp\/v2\/users\/1"}],"replies":[{"embeddable":true,"href":"https:\/\/www.wikiesfera.org\/es\/wp-json\/wp\/v2\/comments?post=3287"}],"version-history":[{"count":21,"href":"https:\/\/www.wikiesfera.org\/es\/wp-json\/wp\/v2\/pages\/3287\/revisions"}],"predecessor-version":[{"id":8898,"href":"https:\/\/www.wikiesfera.org\/es\/wp-json\/wp\/v2\/pages\/3287\/revisions\/8898"}],"wp:featuredmedia":[{"embeddable":true,"href":"https:\/\/www.wikiesfera.org\/es\/wp-json\/wp\/v2\/media\/2310"}],"wp:attachment":[{"href":"https:\/\/www.wikiesfera.org\/es\/wp-json\/wp\/v2\/media?parent=3287"}],"curies":[{"name":"wp","href":"https:\/\/api.w.org\/{rel}","templated":true}]}}