{"id":941,"date":"2017-02-12T16:35:14","date_gmt":"2017-02-12T16:35:14","guid":{"rendered":"\/?post_type=portfolio&#038;p=941"},"modified":"2025-12-23T21:03:15","modified_gmt":"2025-12-23T21:03:15","slug":"editatona-sobre-cientificas-11f","status":"publish","type":"portfolio","link":"https:\/\/www.wikiesfera.org\/en\/portfolio-item\/editatona-sobre-cientificas-11f\/","title":{"rendered":"Editatona on scientists #11F"},"content":{"rendered":"<h1 id=\"gt-tematica\" class=\"wp-block-heading\"><strong>&gt; Theme<\/strong><\/h1>\n\n\n<div class=\"wp-block-image\">\n<figure class=\"alignright\"><img fetchpriority=\"high\" decoding=\"async\" width=\"300\" height=\"300\" src=\"\/wp-content\/uploads\/2017\/02\/11f-300x300.jpg\" alt=\"\" class=\"wp-image-1162\" srcset=\"https:\/\/www.wikiesfera.org\/wp-content\/uploads\/2017\/02\/11f-300x300.jpg 300w, https:\/\/www.wikiesfera.org\/wp-content\/uploads\/2017\/02\/11f-150x150.jpg 150w, https:\/\/www.wikiesfera.org\/wp-content\/uploads\/2017\/02\/11f-768x768.jpg 768w, https:\/\/www.wikiesfera.org\/wp-content\/uploads\/2017\/02\/11f-1024x1024.jpg 1024w, https:\/\/www.wikiesfera.org\/wp-content\/uploads\/2017\/02\/11f-400x400.jpg 400w, https:\/\/www.wikiesfera.org\/wp-content\/uploads\/2017\/02\/11f.jpg 1444w\" sizes=\"(max-width: 300px) 100vw, 300px\" \/><\/figure><\/div>\n\n\n<p>Last Saturday, February 11, on the occasion of the <strong><a href=\"https:\/\/11defebrero.org\/\" target=\"_blank\" rel=\"noopener\">International Day of Women and Girls in Science<\/a><\/strong>, at the Digital Culture Centre <strong>Medialab Prado<\/strong> of Madrid was dedicated a <a href=\"https:\/\/www.medialab-prado.es\/actividades\/editatona-sobre-cientificas-en-wikipedia-11f\" target=\"_blank\" rel=\"noopener\">editatona to scientists and researchers<\/a>&nbsp;to make visible the absence of content related to them on Wikipedia. From 11:00 am, participants and organizers gathered in the Cantina room of the center to talk about the current situation of women in the world of science.<\/p>\n\n\n\n<p>By having the support of the <a href=\"https:\/\/www.oxfamintermon.org\/es\/taxonomy\/term\/1037\/0\" target=\"_blank\" rel=\"noopener\">Oxfam Intermon Home Program<\/a>, led by&nbsp;<strong>Zinnia Quir\u00f3s&nbsp;<\/strong>(<a href=\"https:\/\/twitter.com\/zinniaqc\" target=\"_blank\" rel=\"noopener\">@zinniaqc<\/a>), we were able to have a snack to regain strength.<\/p>\n\n\n\n<h1 id=\"experta\" class=\"wp-block-heading\"><strong>&gt; Expert<\/strong><\/h1>\n\n\n\n<p>As in each edition, we invite an expert in the subject we are going to deal with. On this occasion, we have the scientific communicator from Madrid <strong>Esther Sanchez-Garcia<\/strong> (<a href=\"https:\/\/twitter.com\/impacientifica\" target=\"_blank\" rel=\"noopener noreferrer\">@impacientifica<\/a>) that explained the barriers that girls and women encounter to get into and be visible in the world of science and technology.<\/p>\n\n\n\n<hr class=\"wp-block-separator has-alpha-channel-opacity\"\/>\n\n\n\n<h1 id=\"gt-resultados\" class=\"wp-block-heading\"><strong>&gt; Results<\/strong><\/h1>\n\n\n\n<ul class=\"wp-block-list\">\n<li>Number of <strong><span style=\"text-decoration: underline;\">PARTICIPANTS<\/span>: 35<\/strong><\/li>\n\n\n\n<li>Number of <strong><span style=\"text-decoration: underline;\">ARTICLES CREATED:<\/span> 13<\/strong><\/li>\n<\/ul>\n\n\n\n<ol class=\"wp-block-list\">\n<li><a href=\"https:\/\/es.wikipedia.org\/wiki\/Coral_Barbas\" target=\"_blank\" rel=\"noopener\">Coral Barbas<\/a> (1957)<\/li>\n\n\n\n<li><a href=\"https:\/\/es.wikipedia.org\/wiki\/Pilar_Mateo_Herrero\" target=\"_blank\" rel=\"noopener\">Pilar Mateo Herrero<\/a> (1959)<\/li>\n\n\n\n<li><a href=\"https:\/\/es.wikipedia.org\/wiki\/Elena_Ib%C3%A1%C3%B1ez\" target=\"_blank\" rel=\"noopener\">Elena Ib\u00e1\u00f1ez<\/a> (1965)<\/li>\n\n\n\n<li><a href=\"https:\/\/es.wikipedia.org\/wiki\/Lourdes_Ramos_Rivero\" target=\"_blank\" rel=\"noopener\">Lourdes Ramos Rivero<\/a> (1968)<\/li>\n\n\n\n<li><a href=\"https:\/\/es.wikipedia.org\/wiki\/Elena_Garc%C3%ADa_Armada\" target=\"_blank\" rel=\"noopener\">Elena Garc\u00eda Armada<\/a> (1971)<\/li>\n\n\n\n<li><a href=\"https:\/\/es.wikipedia.org\/wiki\/Azucena_Bardaj%C3%AD\" target=\"_blank\" rel=\"noopener\">Azucena Bardaj\u00ed<\/a> (1974)<\/li>\n\n\n\n<li><a href=\"https:\/\/es.wikipedia.org\/wiki\/Jaione_Valle\" target=\"_blank\" rel=\"noopener\">Jaione Valle<\/a> (1977)<\/li>\n\n\n\n<li><a href=\"https:\/\/es.wikipedia.org\/wiki\/Teresa_Gonzalo\" target=\"_blank\" rel=\"noopener\">Teresa Gonzalo<\/a> (1977)<\/li>\n\n\n\n<li><a href=\"https:\/\/es.wikipedia.org\/wiki\/Anna_Laromaine\" target=\"_blank\" rel=\"noopener\">Anna Laromaine<\/a> (1978)<\/li>\n\n\n\n<li><a href=\"https:\/\/es.wikipedia.org\/wiki\/Vanessa_Valdiglesias\" target=\"_blank\" rel=\"noopener\">Vanessa Valdiglesias<\/a> (1980)<\/li>\n\n\n\n<li><a href=\"https:\/\/es.wikipedia.org\/wiki\/Mar%C3%ADa_Almena_Carrasco\" target=\"_blank\" rel=\"noopener\">Mar\u00eda Almena Carrasco<\/a> (1981)<\/li>\n\n\n\n<li><a href=\"https:\/\/es.wikipedia.org\/wiki\/Alicia_Calder%C3%B3n_Taz%C3%B3n\" target=\"_blank\" rel=\"noopener\">Alicia Calder\u00f3n Bowl<\/a> (1982)<\/li>\n\n\n\n<li><a href=\"https:\/\/es.wikipedia.org\/wiki\/Arantxa_Unda\" target=\"_blank\" rel=\"noopener\">Arantxa Unda<\/a> (1987)<\/li>\n<\/ol>\n\n\n\n<hr class=\"wp-block-separator has-alpha-channel-opacity\"\/>\n\n\n\n<h1 id=\"colaboran\" class=\"wp-block-heading\"><strong>&gt; Collaborate<\/strong><\/h1>\n\n\n\n<div class=\"wp-block-columns is-layout-flex wp-container-core-columns-is-layout-9d6595d7 wp-block-columns-is-layout-flex\">\n<div class=\"wp-block-column is-layout-flow wp-block-column-is-layout-flow\"><div class=\"wp-block-image\">\n<figure class=\"alignleft\"><img decoding=\"async\" width=\"300\" height=\"80\" src=\"\/wp-content\/uploads\/2018\/04\/logo-MLP-2018_transparente-300x80.png\" alt=\"\" class=\"wp-image-1033\" srcset=\"https:\/\/www.wikiesfera.org\/wp-content\/uploads\/2018\/04\/logo-MLP-2018_transparente-300x80.png 300w, https:\/\/www.wikiesfera.org\/wp-content\/uploads\/2018\/04\/logo-MLP-2018_transparente-768x205.png 768w, https:\/\/www.wikiesfera.org\/wp-content\/uploads\/2018\/04\/logo-MLP-2018_transparente-1024x273.png 1024w, https:\/\/www.wikiesfera.org\/wp-content\/uploads\/2018\/04\/logo-MLP-2018_transparente-150x40.png 150w, https:\/\/www.wikiesfera.org\/wp-content\/uploads\/2018\/04\/logo-MLP-2018_transparente-400x107.png 400w\" sizes=\"(max-width: 300px) 100vw, 300px\" \/><\/figure><\/div><\/div>\n\n\n\n<div class=\"wp-block-column is-layout-flow wp-block-column-is-layout-flow\"><div class=\"wp-block-image\">\n<figure class=\"alignleft\"><img decoding=\"async\" width=\"300\" height=\"64\" src=\"\/wp-content\/uploads\/2018\/04\/logo-oxfam-horizontal-300x64.png\" alt=\"\" class=\"wp-image-1035\" srcset=\"https:\/\/www.wikiesfera.org\/wp-content\/uploads\/2018\/04\/logo-oxfam-horizontal-300x64.png 300w, https:\/\/www.wikiesfera.org\/wp-content\/uploads\/2018\/04\/logo-oxfam-horizontal-150x32.png 150w, https:\/\/www.wikiesfera.org\/wp-content\/uploads\/2018\/04\/logo-oxfam-horizontal.png 317w\" sizes=\"(max-width: 300px) 100vw, 300px\" \/><\/figure><\/div><\/div>\n\n\n\n<div class=\"wp-block-column is-layout-flow wp-block-column-is-layout-flow\"><div class=\"wp-block-image\">\n<figure class=\"alignleft\"><img loading=\"lazy\" decoding=\"async\" width=\"300\" height=\"70\" src=\"\/wp-content\/uploads\/2018\/04\/Wikimedia_Foundation_logo_-_horizontal.svg_-300x70.png\" alt=\"\" class=\"wp-image-1036\" srcset=\"https:\/\/www.wikiesfera.org\/wp-content\/uploads\/2018\/04\/Wikimedia_Foundation_logo_-_horizontal.svg_-300x70.png 300w, https:\/\/www.wikiesfera.org\/wp-content\/uploads\/2018\/04\/Wikimedia_Foundation_logo_-_horizontal.svg_-768x179.png 768w, https:\/\/www.wikiesfera.org\/wp-content\/uploads\/2018\/04\/Wikimedia_Foundation_logo_-_horizontal.svg_-1024x238.png 1024w, https:\/\/www.wikiesfera.org\/wp-content\/uploads\/2018\/04\/Wikimedia_Foundation_logo_-_horizontal.svg_-150x35.png 150w, https:\/\/www.wikiesfera.org\/wp-content\/uploads\/2018\/04\/Wikimedia_Foundation_logo_-_horizontal.svg_-400x93.png 400w, https:\/\/www.wikiesfera.org\/wp-content\/uploads\/2018\/04\/Wikimedia_Foundation_logo_-_horizontal.svg_.png 2000w\" sizes=\"(max-width: 300px) 100vw, 300px\" \/><\/figure><\/div><\/div>\n\n\n\n<div class=\"wp-block-column is-layout-flow wp-block-column-is-layout-flow\"><\/div>\n<\/div>\n\n\n\n<p>\u00a0 \u00a0 \u00a0 \u00a0\u00a0\u00a0\u00a0\u00a0 \u00a0 \u00a0<\/p>","protected":false},"excerpt":{"rendered":"<p>&gt; Tem\u00e1tica El pasado s\u00e1bado 11 de febrero, con motivo del D\u00eda Internacional de la Mujer y la Ni\u00f1a en la Ciencia, en el centro de cultura digital Medialab Prado de Madrid se dedic\u00f3 una editatona a cient\u00edficas e investigadoras&nbsp;para hacer visible la ausencia de contenido relacionado con ellas en Wikipedia. Desde las 11:00 horas, [&hellip;]<\/p>","protected":false},"author":1,"featured_media":4182,"comment_status":"closed","ping_status":"closed","template":"","format":"gallery","meta":{"_coblocks_attr":"","_coblocks_dimensions":"","_coblocks_responsive_height":"","_coblocks_accordion_ie_support":"","footnotes":""},"class_list":["post-941","portfolio","type-portfolio","status-publish","format-gallery","has-post-thumbnail","hentry","portfolio_category-155","portfolio_category-editatonas","portfolio_category-genero","portfolio_category-medialab","portfolio_category-stem","portfolio-entry","span_1_of_4 col clr"],"_links":{"self":[{"href":"https:\/\/www.wikiesfera.org\/en\/wp-json\/wp\/v2\/portfolio\/941","targetHints":{"allow":["GET"]}}],"collection":[{"href":"https:\/\/www.wikiesfera.org\/en\/wp-json\/wp\/v2\/portfolio"}],"about":[{"href":"https:\/\/www.wikiesfera.org\/en\/wp-json\/wp\/v2\/types\/portfolio"}],"author":[{"embeddable":true,"href":"https:\/\/www.wikiesfera.org\/en\/wp-json\/wp\/v2\/users\/1"}],"replies":[{"embeddable":true,"href":"https:\/\/www.wikiesfera.org\/en\/wp-json\/wp\/v2\/comments?post=941"}],"version-history":[{"count":8,"href":"https:\/\/www.wikiesfera.org\/en\/wp-json\/wp\/v2\/portfolio\/941\/revisions"}],"predecessor-version":[{"id":10612,"href":"https:\/\/www.wikiesfera.org\/en\/wp-json\/wp\/v2\/portfolio\/941\/revisions\/10612"}],"wp:featuredmedia":[{"embeddable":true,"href":"https:\/\/www.wikiesfera.org\/en\/wp-json\/wp\/v2\/media\/4182"}],"wp:attachment":[{"href":"https:\/\/www.wikiesfera.org\/en\/wp-json\/wp\/v2\/media?parent=941"}],"curies":[{"name":"wp","href":"https:\/\/api.w.org\/{rel}","templated":true}]}}