{"id":934,"date":"2018-01-29T17:29:42","date_gmt":"2018-01-29T17:29:42","guid":{"rendered":"\/?post_type=portfolio&#038;p=934"},"modified":"2025-12-23T20:36:16","modified_gmt":"2025-12-23T20:36:16","slug":"editatona-sobre-directoras-de-cine-28e","status":"publish","type":"portfolio","link":"https:\/\/www.wikiesfera.org\/en\/portfolio-item\/editatona-sobre-directoras-de-cine-28e\/","title":{"rendered":"Editatona on film directors #28E"},"content":{"rendered":"<h1 id=\"gt-tematica\" class=\"wp-block-heading\"><strong>&gt; Theme<\/strong><\/h1>\n\n\n\n<p>On Sunday, January 28, 2018, on the occasion of the <strong>the Goya Awards<\/strong> that would take place a week later, was dedicated in Medialab-Prado a <a href=\"https:\/\/www.medialab-prado.es\/actividades\/editatona-sobre-directoras-de-cine-en-wikipedia-28e\" target=\"_blank\" rel=\"noopener\">editatona to film directors<\/a> to make visible the absence of content related to them on Wikipedia.<\/p>\n\n\n\n<h1 id=\"experta\" class=\"wp-block-heading\"><strong>&gt; Expert<\/strong><\/h1>\n\n\n\n<p>As in each editatona, we invite an expert in the subject that we are going to deal with. On this occasion, we have the director and actress <strong>Leticia Dolera<\/strong>&nbsp;(<a href=\"https:\/\/twitter.com\/LeticiaDolera\" target=\"_blank\" rel=\"noopener\">@LeticiaDolera<\/a>) who told us about the invisibility of women in the world of cinema.<\/p>\n\n\n\n<hr class=\"wp-block-separator has-alpha-channel-opacity\"\/>\n\n\n\n<h1 id=\"gt-resultados\" class=\"wp-block-heading\"><strong>&gt; Results<\/strong><\/h1>\n\n\n\n<ul class=\"wp-block-list\">\n<li>Number of <strong><span style=\"text-decoration: underline;\">PARTICIPANTS<\/span>: 48<\/strong><\/li>\n\n\n\n<li>Number of <strong><span style=\"text-decoration: underline;\">ARTICLES CREATED:<\/span> 24<\/strong><\/li>\n<\/ul>\n\n\n\n<ol class=\"wp-block-list\">\n<li><a title=\"Cristina Andreu Caves\" href=\"https:\/\/es.wikipedia.org\/wiki\/Cristina_Andreu_Cuevas\">Cristina Andreu Caves<\/a> (1960)<\/li>\n\n\n\n<li><a title=\"Oliva Acosta\" href=\"https:\/\/es.wikipedia.org\/wiki\/Oliva_Acosta\">Oliva Acosta<\/a> (1960)<\/li>\n\n\n\n<li><a title=\"Maria Ripoll (disambiguation)\" href=\"https:\/\/es.wikipedia.org\/wiki\/Mar%C3%ADa_Ripoll\">Maria Ripoll Juli\u00e0 (disambiguation)<\/a> (1964)<\/li>\n\n\n\n<li><a title=\"Monica Laguna (disambiguation)\" href=\"https:\/\/es.wikipedia.org\/wiki\/M%C3%B3nica_Laguna\">Monica Agullo Laguna (disambiguation)<\/a>\u00a0(1964)<\/li>\n\n\n\n<li><a title=\"Arantxa Aguirre Carballeira\" href=\"https:\/\/es.wikipedia.org\/wiki\/Arantxa_Aguirre_Carballeira\">Arantxa Aguirre Carballeira<\/a> (1965)<\/li>\n\n\n\n<li><a class=\"mw-redirect\" title=\"\" href=\"https:\/\/es.wikipedia.org\/wiki\/Nuria_Villaz%C3%A1n_Mart%C3%ADn\">Nuria Villaz\u00e1n Mart\u00edn<\/a> (1968)<\/li>\n\n\n\n<li><a title=\"Ana Rosa Diego\" href=\"https:\/\/es.wikipedia.org\/wiki\/Ana_Rosa_Diego\">Ana Rosa Diego<\/a> (1969)<\/li>\n\n\n\n<li><a title=\"Bel\u00e9n Atienza Azcona\" href=\"https:\/\/es.wikipedia.org\/wiki\/Bel%C3%A9n_Atienza_Azcona\">Bel\u00e9n Atienza Azcona<\/a> (1970)<\/li>\n\n\n\n<li><a title=\"Carla Subirana\" href=\"https:\/\/es.wikipedia.org\/wiki\/Carla_Subirana\">Carla Subirana<\/a> (1972)<\/li>\n\n\n\n<li><a title=\"Sandra Hermida Mu\u00f1iz\" href=\"https:\/\/es.wikipedia.org\/wiki\/Sandra_Hermida_Mu%C3%B1iz\">Sandra Hermida Mu\u00f1iz<\/a> (1972)<\/li>\n\n\n\n<li><a title=\"Eva Vila\" href=\"https:\/\/es.wikipedia.org\/wiki\/Eva_Vila\">Eva Vila<\/a> (1975)<\/li>\n\n\n\n<li><a title=\"Beatriz Sanch\u00eds\" href=\"https:\/\/es.wikipedia.org\/wiki\/Beatriz_Sanch%C3%ADs\">Beatriz Sanch\u00eds<\/a> (1976)<\/li>\n\n\n\n<li><a title=\"Alexia Mui\u00f1os\" href=\"https:\/\/es.wikipedia.org\/wiki\/Alexia_Mui%C3%B1os\">Alexia Mui\u00f1os Ruiz<\/a> (1977)<\/li>\n\n\n\n<li><a title=\"T\u00e0nia Ball\u00f3 Colell\" href=\"https:\/\/es.wikipedia.org\/wiki\/T%C3%A0nia_Ball%C3%B3_Colell\">T\u00e0nia Ball\u00f3 Colell<\/a> (1977)<\/li>\n\n\n\n<li><a title=\"Silvia Venegas\" href=\"https:\/\/es.wikipedia.org\/wiki\/Silvia_Venegas\">Silvia Venegas<\/a> (1982)<\/li>\n\n\n\n<li><a title=\"Agn\u00e8s Pe. Tom\u00e0s\" href=\"https:\/\/es.wikipedia.org\/wiki\/Agn%C3%A8s_Pe._Tom%C3%A0s\">Agn\u00e8s Pe. Tom\u00e0s<\/a> (1985)<\/li>\n\n\n\n<li><a title=\"Alba Cros\" href=\"https:\/\/es.wikipedia.org\/wiki\/Alba_Cros\">Alba Cros<\/a> (1991)<\/li>\n\n\n\n<li><a class=\"mw-redirect\" title=\"Laura R\u00edus Ar\u00e1n\" href=\"https:\/\/es.wikipedia.org\/wiki\/Laura_R%C3%ADus_Ar%C3%A1n\">Laura R\u00edus Ar\u00e1n<\/a> (1991)<\/li>\n\n\n\n<li><a title=\"Marta Verheyen\" href=\"https:\/\/es.wikipedia.org\/wiki\/Marta_Verheyen\">Marta Verheyen Maynau<\/a> (1991)<\/li>\n\n\n\n<li><a title=\"Carmen Comadr\u00e1n\" href=\"https:\/\/es.wikipedia.org\/wiki\/Carmen_Comadr%C3%A1n\">Carmen Comadr\u00e1n Corrales<\/a><\/li>\n\n\n\n<li><a title=\"Agnes of Le\u00f3n\" href=\"https:\/\/es.wikipedia.org\/wiki\/In%C3%A9s_de_Le%C3%B3n\">Agnes of Le\u00f3n<\/a><\/li>\n\n\n\n<li><a title=\"Maria Mir\u00f3 (disambiguation)\" href=\"https:\/\/es.wikipedia.org\/wiki\/Mar%C3%ADa_Mir%C3%B3\">Maria Miro Gonzalez (disambiguation)<\/a><\/li>\n\n\n\n<li><a title=\"Pilar T\u00e1vora\" href=\"https:\/\/es.wikipedia.org\/wiki\/Pilar_T%C3%A1vora\">Pilar T\u00e1vora<\/a><\/li>\n\n\n\n<li><a title=\"Serrana Torres\" href=\"https:\/\/es.wikipedia.org\/wiki\/Serrana_Torres\">Serrana Torres<\/a><\/li>\n<\/ol>\n\n\n\n<hr class=\"wp-block-separator has-alpha-channel-opacity\"\/>\n\n\n\n<h1 id=\"colaboran\" class=\"wp-block-heading\"><strong>&gt; Collaborate<\/strong><\/h1>\n\n\n\n<div class=\"wp-block-columns is-layout-flex wp-container-core-columns-is-layout-9d6595d7 wp-block-columns-is-layout-flex\">\n<div class=\"wp-block-column is-layout-flow wp-block-column-is-layout-flow\"><div class=\"wp-block-image\">\n<figure class=\"alignleft\"><img decoding=\"async\" width=\"300\" height=\"80\" src=\"\/wp-content\/uploads\/2018\/04\/logo-MLP-2018_transparente-300x80.png\" alt=\"\" class=\"wp-image-1033\" srcset=\"https:\/\/www.wikiesfera.org\/wp-content\/uploads\/2018\/04\/logo-MLP-2018_transparente-300x80.png 300w, https:\/\/www.wikiesfera.org\/wp-content\/uploads\/2018\/04\/logo-MLP-2018_transparente-768x205.png 768w, https:\/\/www.wikiesfera.org\/wp-content\/uploads\/2018\/04\/logo-MLP-2018_transparente-1024x273.png 1024w, https:\/\/www.wikiesfera.org\/wp-content\/uploads\/2018\/04\/logo-MLP-2018_transparente-150x40.png 150w, https:\/\/www.wikiesfera.org\/wp-content\/uploads\/2018\/04\/logo-MLP-2018_transparente-400x107.png 400w\" sizes=\"(max-width: 300px) 100vw, 300px\" \/><\/figure><\/div><\/div>\n\n\n\n<div class=\"wp-block-column is-layout-flow wp-block-column-is-layout-flow\"><div class=\"wp-block-image\">\n<figure class=\"alignleft\"><img decoding=\"async\" width=\"300\" height=\"70\" src=\"\/wp-content\/uploads\/2018\/04\/Wikimedia_Foundation_logo_-_horizontal.svg_-300x70.png\" alt=\"\" class=\"wp-image-1036\" srcset=\"https:\/\/www.wikiesfera.org\/wp-content\/uploads\/2018\/04\/Wikimedia_Foundation_logo_-_horizontal.svg_-300x70.png 300w, https:\/\/www.wikiesfera.org\/wp-content\/uploads\/2018\/04\/Wikimedia_Foundation_logo_-_horizontal.svg_-768x179.png 768w, https:\/\/www.wikiesfera.org\/wp-content\/uploads\/2018\/04\/Wikimedia_Foundation_logo_-_horizontal.svg_-1024x238.png 1024w, https:\/\/www.wikiesfera.org\/wp-content\/uploads\/2018\/04\/Wikimedia_Foundation_logo_-_horizontal.svg_-150x35.png 150w, https:\/\/www.wikiesfera.org\/wp-content\/uploads\/2018\/04\/Wikimedia_Foundation_logo_-_horizontal.svg_-400x93.png 400w, https:\/\/www.wikiesfera.org\/wp-content\/uploads\/2018\/04\/Wikimedia_Foundation_logo_-_horizontal.svg_.png 2000w\" sizes=\"(max-width: 300px) 100vw, 300px\" \/><\/figure><\/div><\/div>\n\n\n\n<div class=\"wp-block-column is-layout-flow wp-block-column-is-layout-flow\"><\/div>\n\n\n\n<div class=\"wp-block-column is-layout-flow wp-block-column-is-layout-flow\"><\/div>\n<\/div>\n\n\n\n<p> &nbsp;&nbsp;<\/p>","protected":false},"excerpt":{"rendered":"<p>&gt; Tem\u00e1tica El domingo 28 de enero de 2018, con motivo de la entrega de los Premios Goya que tendr\u00edan lugar una semana despu\u00e9s, se dedic\u00f3 en Medialab-Prado una editatona a las directoras de cine para hacer visible la ausencia de contenido relacionado con ellas en Wikipedia. > Experta Como en cada editatona, invitamos a [&hellip;]<\/p>","protected":false},"author":1,"featured_media":4182,"comment_status":"closed","ping_status":"closed","template":"","format":"gallery","meta":{"_coblocks_attr":"","_coblocks_dimensions":"","_coblocks_responsive_height":"","_coblocks_accordion_ie_support":"","footnotes":""},"class_list":["post-934","portfolio","type-portfolio","status-publish","format-gallery","has-post-thumbnail","hentry","portfolio_category-156","portfolio_category-editatonas","portfolio_category-glam","portfolio_category-medialab","portfolio-entry","span_1_of_4 col clr"],"_links":{"self":[{"href":"https:\/\/www.wikiesfera.org\/en\/wp-json\/wp\/v2\/portfolio\/934","targetHints":{"allow":["GET"]}}],"collection":[{"href":"https:\/\/www.wikiesfera.org\/en\/wp-json\/wp\/v2\/portfolio"}],"about":[{"href":"https:\/\/www.wikiesfera.org\/en\/wp-json\/wp\/v2\/types\/portfolio"}],"author":[{"embeddable":true,"href":"https:\/\/www.wikiesfera.org\/en\/wp-json\/wp\/v2\/users\/1"}],"replies":[{"embeddable":true,"href":"https:\/\/www.wikiesfera.org\/en\/wp-json\/wp\/v2\/comments?post=934"}],"version-history":[{"count":14,"href":"https:\/\/www.wikiesfera.org\/en\/wp-json\/wp\/v2\/portfolio\/934\/revisions"}],"predecessor-version":[{"id":10592,"href":"https:\/\/www.wikiesfera.org\/en\/wp-json\/wp\/v2\/portfolio\/934\/revisions\/10592"}],"wp:featuredmedia":[{"embeddable":true,"href":"https:\/\/www.wikiesfera.org\/en\/wp-json\/wp\/v2\/media\/4182"}],"wp:attachment":[{"href":"https:\/\/www.wikiesfera.org\/en\/wp-json\/wp\/v2\/media?parent=934"}],"curies":[{"name":"wp","href":"https:\/\/api.w.org\/{rel}","templated":true}]}}