{"id":6455,"date":"2024-12-02T12:53:34","date_gmt":"2024-12-02T12:53:34","guid":{"rendered":"https:\/\/www.wikiesfera.org\/?post_type=portfolio&#038;p=6455"},"modified":"2026-03-26T22:30:58","modified_gmt":"2026-03-26T22:30:58","slug":"campana-de-memoria-de-las-mujeres-2024","status":"publish","type":"portfolio","link":"https:\/\/www.wikiesfera.org\/en\/portfolio-item\/campana-de-memoria-de-las-mujeres-2024\/","title":{"rendered":"Women's Memory Campaign 2024"},"content":{"rendered":"<h1 id=\"gt-tematica\" class=\"wp-block-heading\"><strong>&gt; Theme<\/strong><\/h1>\n\n\n\n<p>This November 2024, Wikiesfera organized a campaign dedicated to the retaliated women of Francoism in honor of their resistance and memory. During this month, which coincides with the anniversary of the death of Francisco Franco, the companions of Wikiesfera <strong>created and translated more than 120 Wikipedia articles related to women's memory<\/strong>, and improved dozens in <strong>four different languages<\/strong> (Spanish, Galician, Asturian and Catalan), most of them of reprisals of Francoism.&nbsp;<\/p>\n\n\n\n<p>During the campaign, an extensive translation list was proposed with names of dozens of <strong>reprisals of Francoism<\/strong> as well as other articles related to the subject, such as <strong>works of art, films, concepts<\/strong> or biographies of <strong>foreign women who participated in the Spanish Civil War<\/strong>. In addition, it was also proposed the translation of many biographies of <strong>Opponents of the Portuguese New State<\/strong>, which for the most part had been created by our comrades in <a href=\"https:\/\/meta.wikimedia.org\/wiki\/Wiki_Editoras_Lx\" data-type=\"link\" data-id=\"https:\/\/meta.wikimedia.org\/wiki\/Wiki_Editoras_Lx\" target=\"_blank\" rel=\"noreferrer noopener\"><strong>Wiki Editoras LX<\/strong><\/a>.<\/p>\n\n\n\n<p>Participated in the campaign <strong>19 people (95% women) who published 108 articles in 3 different languages (Spanish, Catalan and Asturian)<\/strong>. To these figures, we have to add the <strong>15 articles <\/strong>published during the <a href=\"https:\/\/www.wikiesfera.org\/en\/portfolio-item\/editatona-de-mujeres-memoria-y-resistencia-18n\/\" data-type=\"link\" data-id=\"https:\/\/www.wikiesfera.org\/portfolio-item\/editatona-de-mujeres-memoria-y-resistencia-18n\/\"><strong>Editatone of women, memory and resistance<\/strong> <strong>#18N<\/strong><\/a> that we celebrate in person in Madrid.<\/p>\n\n\n\n<p><\/p>\n\n\n\n<h1 id=\"gt-wikiproyecto\" class=\"wp-block-heading\"><strong>&gt; Wikiproject<\/strong><\/h1>\n\n\n\n<div class=\"wp-block-columns is-layout-flex wp-container-core-columns-is-layout-9d6595d7 wp-block-columns-is-layout-flex\">\n<div class=\"wp-block-column is-layout-flow wp-block-column-is-layout-flow\" style=\"flex-basis:100%\">\n<p>In addition, this campaign is part of the new <a href=\"https:\/\/es.wikipedia.org\/wiki\/Wikiproyecto:Memoria_de_las_mujeres\" data-type=\"link\" data-id=\"https:\/\/es.wikipedia.org\/wiki\/Wikiproyecto:Memoria_de_las_mujeres\" target=\"_blank\" rel=\"noreferrer noopener\"><strong>Wikiproject:Memory of women<\/strong><\/a>, which aims to <strong>document, make visible and preserve the stories of persecuted, retaliated or silenced women throughout history<\/strong>. Through the creation and improvement of articles on Wikipedia and its sister projects, <strong>We invite you to join this collective effort<\/strong> to rescue the contributions and experiences of these women in different contexts and times, promoting a fairer and more inclusive narrative that contributes to combat gender biases in spaces of free knowledge.<\/p>\n<\/div>\n\n\n\n<div class=\"wp-block-column is-layout-flow wp-block-column-is-layout-flow\" style=\"flex-basis:30%\">\n<figure class=\"wp-block-image size-full\"><img fetchpriority=\"high\" decoding=\"async\" width=\"800\" height=\"800\" src=\"https:\/\/www.wikiesfera.org\/wp-content\/uploads\/2024\/12\/icono_wikiproyecto-memoria-de-mujeres.png\" alt=\"\" class=\"wp-image-6489\" style=\"aspect-ratio:1;object-fit:cover\" srcset=\"https:\/\/www.wikiesfera.org\/wp-content\/uploads\/2024\/12\/icono_wikiproyecto-memoria-de-mujeres.png 800w, https:\/\/www.wikiesfera.org\/wp-content\/uploads\/2024\/12\/icono_wikiproyecto-memoria-de-mujeres-300x300.png 300w, https:\/\/www.wikiesfera.org\/wp-content\/uploads\/2024\/12\/icono_wikiproyecto-memoria-de-mujeres-150x150.png 150w, https:\/\/www.wikiesfera.org\/wp-content\/uploads\/2024\/12\/icono_wikiproyecto-memoria-de-mujeres-768x768.png 768w, https:\/\/www.wikiesfera.org\/wp-content\/uploads\/2024\/12\/icono_wikiproyecto-memoria-de-mujeres-400x400.png 400w\" sizes=\"(max-width: 800px) 100vw, 800px\" \/><\/figure>\n<\/div>\n<\/div>\n\n\n\n<hr class=\"wp-block-separator has-alpha-channel-opacity\"\/>\n\n\n\n<h1 id=\"gt-resultados\" class=\"wp-block-heading\"><strong>&gt; Results<\/strong><\/h1>\n\n\n\n<ul class=\"wp-block-list\">\n<li>Number of <strong><span style=\"text-decoration: underline;\">PARTICIPANTS<\/span>: 19<\/strong><\/li>\n\n\n\n<li>Number of <span style=\"text-decoration: underline;\"><strong>ARTICLES<\/strong><\/span> published: <strong>108<\/strong><\/li>\n\n\n\n<li>Number of editions in <span style=\"text-decoration: underline;\"><strong>SHEET<\/strong><\/span> Wikidata: <strong>+ 600<\/strong><\/li>\n\n\n\n<li>Number <span style=\"text-decoration: underline;\"><strong>EDITIONS<\/strong><\/span> on Wikipedia (eswiki, astwiki, cawiki, gawiki): <strong>+<\/strong> <strong>1.300<\/strong><\/li>\n<\/ul>\n\n\n\n<h2 id=\"articulos-publicados-en-wikipedia-en-espanol-91\" class=\"wp-block-heading\"><strong>&gt;&gt; Articles published on Wikipedia in <span style=\"text-decoration: underline;\">Spanish<\/span>: 91<\/strong><\/h2>\n\n\n\n<h3 id=\"represaliadas-por-el-franquismo-y-mujeres-en-la-guerra-civil-54\" class=\"wp-block-heading\"><strong>&gt;&gt;&gt; Retaliation for Francoism and women in the civil war: 54<\/strong><\/h3>\n\n\n\n<div class=\"wp-block-columns is-not-stacked-on-mobile is-layout-flex wp-container-core-columns-is-layout-9d6595d7 wp-block-columns-is-layout-flex\">\n<div class=\"wp-block-column is-layout-flow wp-block-column-is-layout-flow\" style=\"flex-basis:80%\">\n<ul class=\"wp-block-list\">\n<li><a href=\"https:\/\/es.wikipedia.org\/wiki\/Les_Candases\" data-type=\"link\" data-id=\"https:\/\/es.wikipedia.org\/wiki\/Les_Candases\">Les Candases<\/a> (1938)<\/li>\n\n\n\n<li><a href=\"https:\/\/es.wikipedia.org\/wiki\/Las_Ni%C3%B1as_del_Aguaucho\" data-type=\"link\" data-id=\"https:\/\/es.wikipedia.org\/wiki\/Las_Ni%C3%B1as_del_Aguaucho\">The Girls of Aguaucho<\/a> (1936)<\/li>\n\n\n\n<li><a href=\"https:\/\/es.wikipedia.org\/wiki\/Mar%C3%ADa_Torralbo_Belmonte\" data-type=\"link\" data-id=\"https:\/\/es.wikipedia.org\/wiki\/Mar%C3%ADa_Torralbo_Belmonte\">Maria Torralbo Belmonte (disambiguation)<\/a>, guerrilla (?-1944)<\/li>\n\n\n\n<li><a href=\"https:\/\/es.wikipedia.org\/wiki\/Dolores_Vald%C3%A9s_Fern%C3%A1ndez\" data-type=\"link\" data-id=\"https:\/\/es.wikipedia.org\/wiki\/Dolores_Vald%C3%A9s_Fern%C3%A1ndez\">Dolores Vald\u00e9s Fernandez (disambiguation)<\/a>, activist (1882-1967)<\/li>\n\n\n\n<li><a href=\"https:\/\/es.wikipedia.org\/wiki\/Maria_Gr%C3%A0cia_Bassa_i_Rocas\">Maria Gr\u00e0cia Bassa i Rocas<\/a>, poet and journalist (1883-1961)<\/li>\n\n\n\n<li><a href=\"https:\/\/es.wikipedia.org\/wiki\/Jacinta_Landa_Vaz\" data-type=\"link\" data-id=\"https:\/\/es.wikipedia.org\/wiki\/Jacinta_Landa_Vaz\">Jacinta Landa Vaz<\/a>, teacher and musicologist (1884-1993) <\/li>\n\n\n\n<li><a href=\"https:\/\/es.wikipedia.org\/wiki\/Carmen_Navarro_S%C3%A1nchez\" data-type=\"link\" data-id=\"https:\/\/es.wikipedia.org\/wiki\/Carmen_Navarro_S%C3%A1nchez\">Carmen Navarro Sanchez<\/a>, midwife (1887-1956)<\/li>\n\n\n\n<li><a href=\"https:\/\/es.wikipedia.org\/wiki\/Caterina_Casas_Maym%C3%B3\" data-type=\"link\" data-id=\"https:\/\/es.wikipedia.org\/wiki\/Caterina_Casas_Maym%C3%B3\">Caterina Casas Maym\u00f3<\/a>, politics (1888-1974)<\/li>\n\n\n\n<li><a href=\"https:\/\/es.wikipedia.org\/wiki\/Mar%C3%ADa_Alicia_Via%C3%B1o_Garc%C3%ADa\">Mar\u00eda Alicia Via\u00f1o Garc\u00eda<\/a>, teacher (1888-1979)<\/li>\n\n\n\n<li><a href=\"https:\/\/es.wikipedia.org\/wiki\/Maria_Enriqueta_Montoro_Bravo\">Maria Enriqueta Montoro Bravo<\/a>, Communist (1892-1969)<\/li>\n\n\n\n<li><a href=\"https:\/\/es.wikipedia.org\/wiki\/Luisa_Xifr%C3%A9_Morros\">Luisa Xifr\u00e9 Morros<\/a>, politics and midwife (1893-1939)<\/li>\n\n\n\n<li><a href=\"https:\/\/es.wikipedia.org\/wiki\/Jenny_Kher_Lazarus\">Jenny Kher Lazarus<\/a>, Jewish (1895-1942)<\/li>\n\n\n\n<li><a href=\"https:\/\/es.wikipedia.org\/wiki\/Concepci%C3%B3_Giol_Grau\" data-type=\"link\" data-id=\"https:\/\/es.wikipedia.org\/wiki\/Concepci%C3%B3_Giol_Grau\">Concepci\u00f3 Giol Grau<\/a>, midwife (1896-1989)<\/li>\n\n\n\n<li><a href=\"https:\/\/es.wikipedia.org\/wiki\/Mar%C3%ADa_Amate_L%C3%B3pez\">Maria Amate Lopez (disambiguation)<\/a>, midwife (1897- dp. 1940)<\/li>\n\n\n\n<li><a href=\"https:\/\/es.wikipedia.org\/wiki\/K%C3%A4the_Dahlem\">K\u00e4the Dahlem<\/a>, politics (1899-1974)<\/li>\n\n\n\n<li><a href=\"https:\/\/es.wikipedia.org\/wiki\/Dolors_Mart%C3%AD_Dom%C3%A8nech\" data-type=\"link\" data-id=\"https:\/\/es.wikipedia.org\/wiki\/Dolors_Mart%C3%AD_Dom%C3%A8nech\">Dolors Mart\u00ed Dom\u00e8nech<\/a>, politics (1901-1970)<\/li>\n\n\n\n<li><a href=\"https:\/\/es.wikipedia.org\/wiki\/Josefina_Torrens\">Josefina Torrens<\/a>, swimmer (1902-2006)<\/li>\n\n\n\n<li><a href=\"https:\/\/es.wikipedia.org\/wiki\/Francisca_Conejero_Tom%C3%A0s\" data-type=\"link\" data-id=\"https:\/\/es.wikipedia.org\/wiki\/Francisca_Conejero_Tom%C3%A0s\">Francisca Conejero Tom\u00e0s<\/a>, anarchist (1903-1998)<\/li>\n\n\n\n<li><a href=\"https:\/\/es.wikipedia.org\/wiki\/Carmen_Sierra_Dom%C3%ADnguez\" data-type=\"link\" data-id=\"https:\/\/es.wikipedia.org\/wiki\/Carmen_Sierra_Dom%C3%ADnguez\">Carmen Sierra<\/a>, teacher and politician (1906-1996) <\/li>\n\n\n\n<li><a href=\"https:\/\/es.wikipedia.org\/wiki\/Mar%C3%ADa_Victoria_D%C3%ADaz_Riva\">Maria Victoria Diaz Riva (disambiguation)<\/a>, teacher and inspector (1904-1972)<\/li>\n\n\n\n<li><a href=\"https:\/\/es.wikipedia.org\/wiki\/Wanda_Morbitzer_Tozer\">Wanda Morbitzer Tozer<\/a>, politics (1904-1990)<\/li>\n\n\n\n<li><a href=\"https:\/\/es.wikipedia.org\/wiki\/Nora_Chegodayeva\">Nora Chegodayeva<\/a>, interpreter and translator (1905-1971)<\/li>\n\n\n\n<li><a href=\"https:\/\/es.wikipedia.org\/wiki\/Carmen_Sierra_Dom%C3%ADnguez\">Carmen Sierra Dominguez<\/a>, teacher and politician (1906-1996) <\/li>\n\n\n\n<li><a href=\"https:\/\/es.wikipedia.org\/wiki\/Lisa_Gavri%C4%8D\">Lisa Gavri\u010d<\/a>, Brigadier (1907-1974)<\/li>\n\n\n\n<li><a href=\"https:\/\/es.wikipedia.org\/wiki\/Elena_Pi%C3%B1eiro_Castro\" data-type=\"link\" data-id=\"https:\/\/es.wikipedia.org\/wiki\/Elena_Pi%C3%B1eiro_Castro\">Elena Pi\u00f1eiro Castro<\/a>, pharmaceutical (1907-1997)<\/li>\n\n\n\n<li><a href=\"https:\/\/es.wikipedia.org\/wiki\/Mavis_Bacca_Dowden\">Mavis Bacca Dowden<\/a>, violinist (1908-1943)<\/li>\n\n\n\n<li><a href=\"https:\/\/es.wikipedia.org\/wiki\/Frantxia_Haltzuet\" data-type=\"link\" data-id=\"https:\/\/es.wikipedia.org\/wiki\/Frantxia_Haltzuet\">Frantxia Haltzuet<\/a>, resistance (1908-1945)<\/li>\n<\/ul>\n<\/div>\n\n\n\n<div class=\"wp-block-column is-layout-flow wp-block-column-is-layout-flow\" style=\"flex-basis:80%\">\n<ul start=\"28\" class=\"wp-block-list\">\n<li><a href=\"https:\/\/es.wikipedia.org\/wiki\/Mar%C3%ADa_Bouzas_P%C3%A9rez\">Pilar Bouzas Perez<\/a>, teacher (1908-1975)<\/li>\n\n\n\n<li><a href=\"https:\/\/es.wikipedia.org\/wiki\/Mar%C3%ADa_Bouzas_P%C3%A9rez\">Maria Bouzas Perez (disambiguation)<\/a>, teacher (1908-dp. 1975)<\/li>\n\n\n\n<li><a href=\"https:\/\/es.wikipedia.org\/wiki\/Mar%C3%ADa_Luisa_Rend%C3%B3n_Martell\">Maria Luisa Rendon Martell (disambiguation)<\/a>, activist (1909-1981)<\/li>\n\n\n\n<li><a href=\"https:\/\/es.wikipedia.org\/wiki\/Maria_Mar%C3%AD_Guasch\">Maria Mar\u00ed Guasch<\/a>, politics (1909-2001)<\/li>\n\n\n\n<li><a href=\"https:\/\/es.wikipedia.org\/wiki\/Am%C3%A8lia_Jover_Velasco\" data-type=\"link\" data-id=\"https:\/\/es.wikipedia.org\/wiki\/Am%C3%A8lia_Jover_Velasco\">Am\u00e8lia Jover Velasco<\/a>, anarchist (1910-1997)<\/li>\n\n\n\n<li><a href=\"https:\/\/es.wikipedia.org\/wiki\/Alicia_Dorado\" data-type=\"link\" data-id=\"https:\/\/es.wikipedia.org\/wiki\/Alicia_Dorado\">Alicia Dorado<\/a>, anarchist (1911-1937)<\/li>\n\n\n\n<li><a href=\"https:\/\/es.wikipedia.org\/wiki\/Nieves_Fariza_Alonso\">Nieves Fariza Alonso<\/a>, teacher (1911-1975)<\/li>\n\n\n\n<li><a href=\"https:\/\/es.wikipedia.org\/wiki\/Patience_Darton\">Patience Darton<\/a>, nurse (1911-1996)<\/li>\n\n\n\n<li><a href=\"https:\/\/es.wikipedia.org\/wiki\/Coloma_Ser%C3%B3_Costa\" data-type=\"link\" data-id=\"https:\/\/es.wikipedia.org\/wiki\/Coloma_Ser%C3%B3_Costa\">Coloma Ser\u00f3 Costa<\/a>, teacher (1912-1996)<\/li>\n\n\n\n<li><a href=\"https:\/\/es.wikipedia.org\/w\/index.php?title=Primitiva_Lodeiro_Otero&amp;wvprov=sticky-header\">Primitiva Lodeiro Otero<\/a>, dressmaker (1913-1997)<\/li>\n\n\n\n<li><a href=\"https:\/\/es.wikipedia.org\/wiki\/Dolors_Canals_i_Farriols\" data-type=\"link\" data-id=\"https:\/\/es.wikipedia.org\/wiki\/Dolors_Canals_i_Farriols\">Dolors Canals i Farriols<\/a>, medical (1913-2010)<\/li>\n\n\n\n<li><a href=\"https:\/\/es.wikipedia.org\/wiki\/Elisa_D%C3%ADaz_Riva\" data-type=\"link\" data-id=\"https:\/\/es.wikipedia.org\/wiki\/Elisa_D%C3%ADaz_Riva\">Elisa D\u00edaz Riva<\/a>, chemistry (1914-?)<\/li>\n\n\n\n<li><a href=\"https:\/\/es.wikipedia.org\/wiki\/Peregrina_Mart%C3%ADnez_Santos\">Pilgrim Martinez Santos<\/a>, teacher (1914-dp. 1958)<\/li>\n\n\n\n<li><a href=\"https:\/\/es.wikipedia.org\/wiki\/Oliva_Zafa_Castillo\">Oliva Zafa Castle<\/a>, Republican (1915-1938)<\/li>\n\n\n\n<li><a href=\"https:\/\/es.wikipedia.org\/wiki\/Rosa_Estruch_Espin%C3%B3s\">Rosa Estruch Espin\u00f3s<\/a>, teacher (1915-1978)&nbsp;&nbsp;&nbsp;&nbsp;&nbsp;&nbsp;<\/li>\n\n\n\n<li><a href=\"https:\/\/es.wikipedia.org\/wiki\/Carmen_Orozco_Mu%C3%B1oz#Trayectoria\" data-type=\"link\" data-id=\"https:\/\/es.wikipedia.org\/wiki\/Carmen_Orozco_Mu%C3%B1oz#Trayectoria\">Carmen Orozco Mu\u00f1oz<\/a>, teacher and guerrilla (1916-1977) <\/li>\n\n\n\n<li><a href=\"https:\/\/es.wikipedia.org\/wiki\/Paquita_Jolis_Puig\">Paquita Jolis Puig<\/a>, anarchist (1916-1982)<\/li>\n\n\n\n<li><a href=\"https:\/\/es.wikipedia.org\/wiki\/Dolores_Gonz%C3%A1lez_Nicol%C3%A1s\" data-type=\"link\" data-id=\"https:\/\/es.wikipedia.org\/wiki\/Dolores_Gonz%C3%A1lez_Nicol%C3%A1s\">Dolores Gonz\u00e1lez Nicol\u00e1s<\/a>, activist (1917-2018)<\/li>\n\n\n\n<li><a href=\"https:\/\/es.wikipedia.org\/wiki\/Lu%C3%ADsa_Viqueira_Landa\">Lu\u00edsa Viqueira Landa<\/a>, biologist and activist (1918-2014)<\/li>\n\n\n\n<li><a href=\"https:\/\/es.wikipedia.org\/wiki\/Mar%C3%ADa_Rodr%C3%ADguez_Ju%C3%A1rez\">Maria Rodriguez Juarez (disambiguation)<\/a>, guerrilla (1920-2010)<\/li>\n\n\n\n<li><a href=\"https:\/\/es.wikipedia.org\/wiki\/Karolina_Babecka_Pons\">Karolina Babecka Pons<\/a>, journalist (1922-2009)<\/li>\n\n\n\n<li><a href=\"https:\/\/es.wikipedia.org\/wiki\/Laura_Irasuegi_Otal\">Laura Irasuegi Otal<\/a>, engineer (1923-2016)<\/li>\n\n\n\n<li><a href=\"https:\/\/es.wikipedia.org\/wiki\/Carmen_Temprano_Salorio\" data-type=\"link\" data-id=\"https:\/\/es.wikipedia.org\/wiki\/Carmen_Temprano_Salorio\">Carmen Early Salorio<\/a>, guerrilla (1926-1949)<\/li>\n\n\n\n<li><a href=\"https:\/\/es.wikipedia.org\/wiki\/Esperanza_Mart%C3%ADnez_Garc%C3%ADa\" data-type=\"link\" data-id=\"https:\/\/es.wikipedia.org\/wiki\/Esperanza_Mart%C3%ADnez_Garc%C3%ADa\">Esperanza Mart\u00ednez Garc\u00eda <\/a>(Sole), maquis (1927-)<\/li>\n\n\n\n<li><a href=\"https:\/\/es.wikipedia.org\/wiki\/Josefina_Lamberto\">Josefina Lamberto<\/a>, (1929-2022) activist<\/li>\n\n\n\n<li><a href=\"https:\/\/es.wikipedia.org\/wiki\/Amadora_Mart%C3%ADnez_Garc%C3%ADa\" data-type=\"link\" data-id=\"https:\/\/es.wikipedia.org\/wiki\/Amadora_Mart%C3%ADnez_Garc%C3%ADa\">Amadora Mart\u00ednez Garc\u00eda<\/a>, guerrilla (1931-2015)<\/li>\n\n\n\n<li><a href=\"https:\/\/es.wikipedia.org\/wiki\/Victoria_Escrich_Vidal\">Victoria Escrich Vidal<\/a>, activist (1952-105)<\/li>\n<\/ul>\n<\/div>\n<\/div>\n\n\n\n<h3 id=\"cultura-y-contexto-historico-de-la-represion-franquista-10\" class=\"wp-block-heading\"><strong>&gt;&gt;&gt; Culture and historical context of Francoist repression: 10<\/strong><\/h3>\n\n\n\n<div class=\"wp-block-columns is-not-stacked-on-mobile is-layout-flex wp-container-core-columns-is-layout-9d6595d7 wp-block-columns-is-layout-flex\">\n<div class=\"wp-block-column is-layout-flow wp-block-column-is-layout-flow\" style=\"flex-basis:80%\">\n<ul class=\"wp-block-list\">\n<li><a href=\"https:\/\/es.wikipedia.org\/wiki\/Derechos_de_las_mujeres_durante_el_franquismo_y_la_Transici%C3%B3n\" data-type=\"link\" data-id=\"https:\/\/es.wikipedia.org\/wiki\/Derechos_de_las_mujeres_durante_el_franquismo_y_la_Transici%C3%B3n\" target=\"_blank\" rel=\"noreferrer noopener\">Women's rights during Francoism and the Transition<\/a><\/li>\n\n\n\n<li><em><a href=\"https:\/\/es.wikipedia.org\/wiki\/Tomasa_Cuevas\" data-type=\"link\" data-id=\"https:\/\/es.wikipedia.org\/wiki\/Tomasa_Cuevas\" target=\"_blank\" rel=\"noreferrer noopener\">Testimonies of women in Francoist prisons<\/a><\/em>, book by Tomasa Cuevas<\/li>\n\n\n\n<li><em><a href=\"https:\/\/es.wikipedia.org\/wiki\/Guerrilleras,_la_ilusi%C3%B3n_de_una_esperanza\" data-type=\"link\" data-id=\"https:\/\/es.wikipedia.org\/wiki\/Guerrilleras,_la_ilusi%C3%B3n_de_una_esperanza\" target=\"_blank\" rel=\"noreferrer noopener\">Guerrillas, the illusion of a hope<\/a><\/em>, memoirs by Esperanza Mart\u00ednez Garc\u00eda<\/li>\n\n\n\n<li><em><a href=\"https:\/\/es.wikipedia.org\/wiki\/Mujeres_en_el_infierno\" data-type=\"link\" data-id=\"https:\/\/es.wikipedia.org\/wiki\/Mujeres_en_el_infierno\" target=\"_blank\" rel=\"noreferrer noopener\">Women in Hell<\/a><\/em>, Book of Testimonies in Exile<\/li>\n\n\n\n<li><em><a href=\"https:\/\/es.wikipedia.org\/wiki\/Memorias_de_una_guerrillera\" data-type=\"link\" data-id=\"https:\/\/es.wikipedia.org\/wiki\/Memorias_de_una_guerrillera\" target=\"_blank\" rel=\"noreferrer noopener\">Memoirs of a guerrilla<\/a><\/em>, documentary about Remedios Montero Mart\u00ednez&nbsp;<\/li>\n<\/ul>\n<\/div>\n\n\n\n<div class=\"wp-block-column is-layout-flow wp-block-column-is-layout-flow\" style=\"flex-basis:80%\">\n<ul class=\"wp-block-list\">\n<li><em><a href=\"https:\/\/es.wikipedia.org\/wiki\/Pelonas\" data-type=\"link\" data-id=\"https:\/\/es.wikipedia.org\/wiki\/Pelonas\" target=\"_blank\" rel=\"noreferrer noopener\">Pelonas<\/a><\/em>, short film<\/li>\n\n\n\n<li><em><a href=\"https:\/\/es.wikipedia.org\/wiki\/Sacar_a_la_luz\" data-type=\"link\" data-id=\"https:\/\/es.wikipedia.org\/wiki\/Sacar_a_la_luz\" target=\"_blank\" rel=\"noreferrer noopener\">Bring out the light, the memory of the skins<\/a><\/em>, documentary<\/li>\n\n\n\n<li><a href=\"https:\/\/es.wikipedia.org\/wiki\/La_mujer_que_llora\" data-type=\"link\" data-id=\"https:\/\/es.wikipedia.org\/wiki\/La_mujer_que_llora\" target=\"_blank\" rel=\"noreferrer noopener\"><em>The woman who cries<\/em><\/a>, painting by Pablo Picasso<\/li>\n\n\n\n<li><a href=\"https:\/\/es.wikipedia.org\/wiki\/La_Dona_a_la_Reraguarda\" data-type=\"link\" data-id=\"https:\/\/es.wikipedia.org\/wiki\/La_Dona_a_la_Reraguarda\" target=\"_blank\" rel=\"noreferrer noopener\">La Dona to the Reraguarda<\/a>, Section of the Propaganda Commissariat<\/li>\n\n\n\n<li><a href=\"https:\/\/es.wikipedia.org\/wiki\/Residencia_Internacional_de_Se%C3%B1oritas_Estudiantes\" data-type=\"link\" data-id=\"https:\/\/es.wikipedia.org\/wiki\/Residencia_Internacional_de_Se%C3%B1oritas_Estudiantes\" target=\"_blank\" rel=\"noreferrer noopener\">International Residence of Ladies Students<\/a><\/li>\n<\/ul>\n<\/div>\n<\/div>\n\n\n\n<h3 id=\"divulgadoras-de-memoria-3\" class=\"wp-block-heading\"><strong>&gt;&gt;&gt; Memory Disseminators: 3<\/strong><\/h3>\n\n\n\n<ul class=\"wp-block-list\">\n<li><a href=\"https:\/\/es.wikipedia.org\/wiki\/%C3%81ngeles_Taro\" target=\"_blank\" rel=\"noreferrer noopener\">Angels Taro<\/a><\/li>\n\n\n\n<li><a href=\"https:\/\/es.wikipedia.org\/wiki\/Elena_Cabrera\" target=\"_blank\" rel=\"noreferrer noopener\">Elena Cabrera<\/a><\/li>\n\n\n\n<li><a href=\"https:\/\/es.wikipedia.org\/wiki\/Sara_S%C3%A1nchez_Calvo\" target=\"_blank\" rel=\"noreferrer noopener\">Sara S\u00e1nchez Calvo<\/a><\/li>\n<\/ul>\n\n\n\n<h3 id=\"opositoras-el-estado-nuevo-de-portugal-25\" class=\"wp-block-heading\"><strong>&gt;&gt;&gt; Opponents of the New State of Portugal: 25<\/strong><\/h3>\n\n\n\n<div class=\"wp-block-columns is-not-stacked-on-mobile is-layout-flex wp-container-core-columns-is-layout-9d6595d7 wp-block-columns-is-layout-flex\">\n<div class=\"wp-block-column is-layout-flow wp-block-column-is-layout-flow\" style=\"flex-basis:80%\">\n<ul class=\"wp-block-list\">\n<li><a href=\"https:\/\/es.wikipedia.org\/wiki\/Maria_dos_Santos_Machado\" data-type=\"link\" data-id=\"https:\/\/es.wikipedia.org\/wiki\/Maria_dos_Santos_Machado\">Maria dos Santos Machado<\/a>, teacher and activist (1890-1958)<\/li>\n\n\n\n<li><a href=\"https:\/\/es.wikipedia.org\/wiki\/L%C3%ADlia_da_Fonseca\" data-type=\"link\" data-id=\"https:\/\/es.wikipedia.org\/wiki\/L%C3%ADlia_da_Fonseca\">L\u00edlia da Fonseca<\/a>, journalist and writer (1906-1991)<\/li>\n\n\n\n<li><a href=\"https:\/\/es.wikipedia.org\/wiki\/Cesina_Bermudes\" data-type=\"link\" data-id=\"https:\/\/es.wikipedia.org\/wiki\/Cesina_Bermudes\">Cesina Bermudes<\/a>, obstetrician (1908-2001)<\/li>\n\n\n\n<li><a href=\"https:\/\/es.wikipedia.org\/wiki\/Maria_L%C3%BAcia_Vassalo_Namorado\" data-type=\"link\" data-id=\"https:\/\/es.wikipedia.org\/wiki\/Maria_L%C3%BAcia_Vassalo_Namorado\">Maria L\u00facia Vassalo Namorado<\/a>, writer, teacher and journalist (1909-2000)<\/li>\n\n\n\n<li><a href=\"https:\/\/es.wikipedia.org\/wiki\/Mar%C3%ADa_Alzira_Lemos\" data-type=\"link\" data-id=\"https:\/\/es.wikipedia.org\/wiki\/Mar%C3%ADa_Alzira_Lemos\">Maria Alzira Lemos (disambiguation)<\/a>, politics (1910-2005)<\/li>\n\n\n\n<li><a href=\"https:\/\/es.wikipedia.org\/wiki\/Pilar_Ribeiro\" data-type=\"link\" data-id=\"https:\/\/es.wikipedia.org\/wiki\/Pilar_Ribeiro\">Pilar Ribeiro<\/a>, mathematics (1911-2011)<\/li>\n\n\n\n<li><a href=\"https:\/\/es.wikipedia.org\/wiki\/Maria_Palmira_Tito_de_Morais\" data-type=\"link\" data-id=\"https:\/\/es.wikipedia.org\/wiki\/Maria_Palmira_Tito_de_Morais\">Maria Palmira Titus of Morais<\/a>, nurse and teacher (1912-2003)<\/li>\n\n\n\n<li><a href=\"https:\/\/es.wikipedia.org\/wiki\/Virg%C3%ADnia_Moura\" data-type=\"link\" data-id=\"https:\/\/es.wikipedia.org\/wiki\/Virg%C3%ADnia_Moura\">Virg\u00ednia Moura<\/a>, civil engineer (1915-1998)<\/li>\n\n\n\n<li><a href=\"https:\/\/es.wikipedia.org\/wiki\/Aida_Magro\" data-type=\"link\" data-id=\"https:\/\/es.wikipedia.org\/wiki\/Aida_Magro\">Aida Magro<\/a>, chemical engineer (1918-2011)<\/li>\n\n\n\n<li><a href=\"https:\/\/es.wikipedia.org\/wiki\/Aida_Paula\" data-type=\"link\" data-id=\"https:\/\/es.wikipedia.org\/wiki\/Aida_Paula\">Aida Paula<\/a>, activist (1918-1993)<\/li>\n\n\n\n<li><a href=\"https:\/\/es.wikipedia.org\/wiki\/Maria_Alda_Nogueira\" data-type=\"link\" data-id=\"https:\/\/es.wikipedia.org\/wiki\/Maria_Alda_Nogueira\">Maria Alda Nogueira<\/a>, politics (1923-1998)<\/li>\n\n\n\n<li><a href=\"https:\/\/es.wikipedia.org\/wiki\/Isaura_Borges_Coelho\" data-type=\"link\" data-id=\"https:\/\/es.wikipedia.org\/wiki\/Isaura_Borges_Coelho\">Isaura Borges Coelho<\/a>, nurse (1926-2019)<\/li>\n\n\n\n<li><a href=\"https:\/\/es.wikipedia.org\/wiki\/Mar%C3%ADa_Eugenia_Cunhal\" data-type=\"link\" data-id=\"https:\/\/es.wikipedia.org\/wiki\/Mar%C3%ADa_Eugenia_Cunhal\">Maria Eug\u00e9nia Cunhal<\/a>, writer, teacher and translator (1927-2015)<\/li>\n<\/ul>\n<\/div>\n\n\n\n<div class=\"wp-block-column is-layout-flow wp-block-column-is-layout-flow\" style=\"flex-basis:80%\">\n<ul class=\"wp-block-list\">\n<li><a href=\"https:\/\/es.wikipedia.org\/wiki\/Fernanda_de_Paiva_Tom%C3%A1s\" data-type=\"link\" data-id=\"https:\/\/es.wikipedia.org\/wiki\/Fernanda_de_Paiva_Tom%C3%A1s\">Fernanda of Paiva Tomas<\/a>, politics (1928-1984)<\/li>\n\n\n\n<li><a href=\"https:\/\/es.wikipedia.org\/wiki\/Margarida_Tengarrinha\" data-type=\"link\" data-id=\"https:\/\/es.wikipedia.org\/wiki\/Margarida_Tengarrinha\">Margarida Tengarrinha<\/a>, artist, writer and politician (1928-2023)<\/li>\n\n\n\n<li><a href=\"https:\/\/es.wikipedia.org\/wiki\/Fernanda_Peleja_Patricio\" data-type=\"link\" data-id=\"https:\/\/es.wikipedia.org\/wiki\/Fernanda_Peleja_Patricio\">Fernanda Peleja Patricio<\/a>, politics (1929-2000)<\/li>\n\n\n\n<li><a href=\"https:\/\/es.wikipedia.org\/wiki\/Maria_Rosa_Viseu\" data-type=\"link\" data-id=\"https:\/\/es.wikipedia.org\/wiki\/Maria_Rosa_Viseu\">Maria Rosa Viseu<\/a>, farmer (1935-2014)<\/li>\n\n\n\n<li><a href=\"https:\/\/es.wikipedia.org\/wiki\/Ivone_Dias_Louren%C3%A7o\" data-type=\"link\" data-id=\"https:\/\/es.wikipedia.org\/wiki\/Ivone_Dias_Louren%C3%A7o\">Ivone Dias Louren\u00e7o<\/a>, politics (1937-2008)<\/li>\n\n\n\n<li><a href=\"https:\/\/es.wikipedia.org\/wiki\/Helena_Pato\" data-type=\"link\" data-id=\"https:\/\/es.wikipedia.org\/wiki\/Helena_Pato\">Helena Duck<\/a>, teacher and activist (1939)<\/li>\n\n\n\n<li><a href=\"https:\/\/es.wikipedia.org\/wiki\/Snu_Abecassis\" data-type=\"link\" data-id=\"https:\/\/es.wikipedia.org\/wiki\/Snu_Abecassis\">Snu Abecassis<\/a>, editor (1940-1980)<\/li>\n\n\n\n<li><a href=\"https:\/\/es.wikipedia.org\/wiki\/Helena_Neves\" data-type=\"link\" data-id=\"https:\/\/es.wikipedia.org\/wiki\/Helena_Neves\">Helena Neves<\/a>, politics and teacher (1945)<\/li>\n\n\n\n<li><a href=\"https:\/\/es.wikipedia.org\/wiki\/Luisa_Basto\" data-type=\"link\" data-id=\"https:\/\/es.wikipedia.org\/wiki\/Luisa_Basto\">Luisa Basto<\/a>, singer (1947)<\/li>\n\n\n\n<li><a href=\"https:\/\/es.wikipedia.org\/wiki\/Isabel_Lhano\" data-type=\"link\" data-id=\"https:\/\/es.wikipedia.org\/wiki\/Isabel_Lhano\">Isabel Lhano<\/a>, artist (1953-2023)<\/li>\n\n\n\n<li><a href=\"https:\/\/es.wikipedia.org\/wiki\/Manifiesto_de_Caxias\" data-type=\"link\" data-id=\"https:\/\/es.wikipedia.org\/wiki\/Manifiesto_de_Caxias\">Caixas Manifesto<\/a> (1961)<\/li>\n\n\n\n<li><a href=\"https:\/\/es.wikipedia.org\/wiki\/Mujeres_de_Cou%C3%A7o\" data-type=\"link\" data-id=\"https:\/\/es.wikipedia.org\/wiki\/Mujeres_de_Cou%C3%A7o\">Women of Cou\u00e7o<\/a> (1960-1961)<\/li>\n<\/ul>\n<\/div>\n<\/div>\n\n\n\n<h2 id=\"articulos-publicados-en-wikipedia-en-asturiano-16\" class=\"wp-block-heading\"><strong>&gt;&gt; Articles published on Wikipedia in <span style=\"text-decoration: underline;\">Asturian:<\/span> 16<\/strong><\/h2>\n\n\n\n<div class=\"wp-block-columns is-not-stacked-on-mobile is-layout-flex wp-container-core-columns-is-layout-9d6595d7 wp-block-columns-is-layout-flex\">\n<div class=\"wp-block-column is-layout-flow wp-block-column-is-layout-flow\" style=\"flex-basis:80%\">\n<ul class=\"wp-block-list\">\n<li><a href=\"https:\/\/ast.wikipedia.org\/wiki\/Julia_Mor%C3%A1n\" data-type=\"link\" data-id=\"https:\/\/ast.wikipedia.org\/wiki\/Julia_Mor%C3%A1n\">Julia Moran (disambiguation)<\/a>, activist (1896-1937)<\/li>\n\n\n\n<li><a href=\"https:\/\/ast.wikipedia.org\/wiki\/M%C3%A1xima_Vallinas_Fern%C3%A1ndez\" data-type=\"link\" data-id=\"https:\/\/ast.wikipedia.org\/wiki\/M%C3%A1xima_Vallinas_Fern%C3%A1ndez\">M\u00e1xima Vallinas Fernandez (disambiguation)<\/a>, housewife (1896-1938)<\/li>\n\n\n\n<li><a href=\"https:\/\/ast.wikipedia.org\/wiki\/Juana_%C3%81lvarez_Molina\" data-type=\"link\" data-id=\"https:\/\/ast.wikipedia.org\/wiki\/Juana_%C3%81lvarez_Molina\">Juana Alvarez Molina (disambiguation)<\/a>, housewife (1897-1937)<\/li>\n\n\n\n<li><a href=\"https:\/\/ast.wikipedia.org\/wiki\/Rosario_Montes\" data-type=\"link\" data-id=\"https:\/\/ast.wikipedia.org\/wiki\/Rosario_Montes\">Rosario Montes<\/a>, militiawoman (1898-1937)<\/li>\n\n\n\n<li><a href=\"https:\/\/ast.wikipedia.org\/wiki\/Estefan%C3%ADa_Cueto_Puertas\" data-type=\"link\" data-id=\"https:\/\/ast.wikipedia.org\/wiki\/Estefan%C3%ADa_Cueto_Puertas\">Estefan\u00eda Cueto Doors<\/a>, dressmaker (1899-1939)<\/li>\n\n\n\n<li><a href=\"https:\/\/ast.wikipedia.org\/wiki\/Eladia_Garc%C3%ADa_Palacios\" data-type=\"link\" data-id=\"https:\/\/ast.wikipedia.org\/wiki\/Eladia_Garc%C3%ADa_Palacios\">Eladia Garc\u00eda Palacios<\/a>, teacher (1904-1937)<\/li>\n\n\n\n<li><a href=\"https:\/\/ast.wikipedia.org\/wiki\/Belarmina_Su%C3%A1rez_Mu%C3%B1iz\" data-type=\"link\" data-id=\"https:\/\/ast.wikipedia.org\/wiki\/Belarmina_Su%C3%A1rez_Mu%C3%B1iz\">Belarmina Su\u00e1rez Mu\u00f1iz<\/a>, trade unionist (1909-1938)<\/li>\n\n\n\n<li><a href=\"https:\/\/ast.wikipedia.org\/wiki\/Olvido_Fanjul\" data-type=\"link\" data-id=\"https:\/\/ast.wikipedia.org\/wiki\/Olvido_Fanjul\">Forgetting Fanjul<\/a>, Republican (1910-2001)<\/li>\n<\/ul>\n<\/div>\n\n\n\n<div class=\"wp-block-column is-layout-flow wp-block-column-is-layout-flow\" style=\"flex-basis:80%\">\n<ul class=\"wp-block-list\">\n<li><a href=\"https:\/\/ast.wikipedia.org\/wiki\/Anita_V%C3%A1zquez_Barranc%C3%BAa\" data-type=\"link\" data-id=\"https:\/\/ast.wikipedia.org\/wiki\/Anita_V%C3%A1zquez_Barranc%C3%BAa\">Anita V\u00e1zquez Barranc\u00faa<\/a>, militiawoman (1911-1938)<\/li>\n\n\n\n<li><a href=\"https:\/\/ast.wikipedia.org\/wiki\/Primitiva_Lodeiro_Otero\" data-type=\"link\" data-id=\"https:\/\/ast.wikipedia.org\/wiki\/Primitiva_Lodeiro_Otero\">Primitiva Lodeiro Otero<\/a>, dressmaker and politician (1913-1997)<\/li>\n\n\n\n<li><a href=\"https:\/\/ast.wikipedia.org\/wiki\/Anita_Orejas\" data-type=\"link\" data-id=\"https:\/\/ast.wikipedia.org\/wiki\/Anita_Orejas\">Anita Ears<\/a>, nurse (1914-1937)<\/li>\n\n\n\n<li><a href=\"https:\/\/ast.wikipedia.org\/wiki\/Oliva_Zafa_Castillo\" data-type=\"link\" data-id=\"https:\/\/ast.wikipedia.org\/wiki\/Oliva_Zafa_Castillo\">Oliva Zafa Castle<\/a>, Republican (1915-1938)<\/li>\n\n\n\n<li><a href=\"https:\/\/ast.wikipedia.org\/wiki\/Luzdivina_Megido\" data-type=\"link\" data-id=\"https:\/\/ast.wikipedia.org\/wiki\/Luzdivina_Megido\">Luzdivina Megiddo<\/a>, teacher (1916-1984)<\/li>\n\n\n\n<li><a href=\"https:\/\/ast.wikipedia.org\/wiki\/Celestina_Marr%C3%B3n\" data-type=\"link\" data-id=\"https:\/\/ast.wikipedia.org\/wiki\/Celestina_Marr%C3%B3n\">Celestine Brown<\/a>, trade unionist (1926-2016)<\/li>\n\n\n\n<li><a href=\"https:\/\/ast.wikipedia.org\/wiki\/Tina_P%C3%A9rez\" data-type=\"link\" data-id=\"https:\/\/ast.wikipedia.org\/wiki\/Tina_P%C3%A9rez\">Tina Perez<\/a>, activist (1929-1965)<\/li>\n\n\n\n<li><a href=\"https:\/\/ast.wikipedia.org\/wiki\/Les_Candases\" data-type=\"link\" data-id=\"https:\/\/ast.wikipedia.org\/wiki\/Les_Candases\">Les Candases<\/a> (1938)<\/li>\n<\/ul>\n<\/div>\n<\/div>\n\n\n\n<h2 id=\"articulos-publicados-en-wikipedia-en-catalan-1\" class=\"wp-block-heading\"><strong>&gt;&gt; Articles published on Wikipedia in <span style=\"text-decoration: underline;\">Catalan<\/span>: 1<\/strong><\/h2>\n\n\n\n<ul class=\"wp-block-list\">\n<li><a href=\"https:\/\/ca.wikipedia.org\/wiki\/Alicia_Dorado\" data-type=\"link\" data-id=\"https:\/\/ca.wikipedia.org\/wiki\/Alicia_Dorado\" target=\"_blank\" rel=\"noreferrer noopener\">Alicia Dorado<\/a>, anarchist (1911-1937)<\/li>\n<\/ul>\n\n\n\n<hr class=\"wp-block-separator has-alpha-channel-opacity\"\/>\n\n\n\n<h1 id=\"gt-colabora\" class=\"wp-block-heading\"><strong>&gt; Collaborate<\/strong><\/h1>\n\n\n\n<div class=\"wp-block-columns is-layout-flex wp-container-core-columns-is-layout-9d6595d7 wp-block-columns-is-layout-flex\">\n<div class=\"wp-block-column is-layout-flow wp-block-column-is-layout-flow\">\n<figure class=\"wp-block-image size-large is-resized\"><img decoding=\"async\" width=\"1024\" height=\"238\" src=\"http:\/\/www.wikiesfera.org\/wp-content\/uploads\/2018\/04\/Wikimedia_Foundation_logo_-_horizontal.svg_-1024x238.png\" alt=\"\" class=\"wp-image-1036\" style=\"width:241px;height:auto\" srcset=\"https:\/\/www.wikiesfera.org\/wp-content\/uploads\/2018\/04\/Wikimedia_Foundation_logo_-_horizontal.svg_-1024x238.png 1024w, https:\/\/www.wikiesfera.org\/wp-content\/uploads\/2018\/04\/Wikimedia_Foundation_logo_-_horizontal.svg_-300x70.png 300w, https:\/\/www.wikiesfera.org\/wp-content\/uploads\/2018\/04\/Wikimedia_Foundation_logo_-_horizontal.svg_-768x179.png 768w, https:\/\/www.wikiesfera.org\/wp-content\/uploads\/2018\/04\/Wikimedia_Foundation_logo_-_horizontal.svg_-150x35.png 150w, https:\/\/www.wikiesfera.org\/wp-content\/uploads\/2018\/04\/Wikimedia_Foundation_logo_-_horizontal.svg_-400x93.png 400w, https:\/\/www.wikiesfera.org\/wp-content\/uploads\/2018\/04\/Wikimedia_Foundation_logo_-_horizontal.svg_.png 2000w\" sizes=\"(max-width: 1024px) 100vw, 1024px\" \/><\/figure>\n<\/div>\n\n\n\n<div class=\"wp-block-column is-layout-flow wp-block-column-is-layout-flow\"><\/div>\n\n\n\n<div class=\"wp-block-column is-layout-flow wp-block-column-is-layout-flow\"><\/div>\n\n\n\n<div class=\"wp-block-column is-layout-flow wp-block-column-is-layout-flow\"><\/div>\n<\/div>\n\n\n\n<p><\/p>","protected":false},"excerpt":{"rendered":"<p>&gt; Topic This November 2024, Wikiesfera organized a campaign dedicated to the retaliated women of Francoism in honor of their resistance and memory. During this month, which coincides with the anniversary of the death of Francisco Franco, the colleagues of Wikiesfera created and translated more than 120 Wikipedia articles related to the memory of [...]<\/p>","protected":false},"author":1,"featured_media":11668,"comment_status":"closed","ping_status":"closed","template":"","format":"gallery","meta":{"_coblocks_attr":"","_coblocks_dimensions":"","_coblocks_responsive_height":"","_coblocks_accordion_ie_support":"","footnotes":""},"class_list":["post-6455","portfolio","type-portfolio","status-publish","format-gallery","has-post-thumbnail","hentry","portfolio_category-341","portfolio_category-campanas","portfolio_category-memoria","portfolio_category-wikimedia-foundation","portfolio-entry","span_1_of_4 col clr"],"_links":{"self":[{"href":"https:\/\/www.wikiesfera.org\/en\/wp-json\/wp\/v2\/portfolio\/6455","targetHints":{"allow":["GET"]}}],"collection":[{"href":"https:\/\/www.wikiesfera.org\/en\/wp-json\/wp\/v2\/portfolio"}],"about":[{"href":"https:\/\/www.wikiesfera.org\/en\/wp-json\/wp\/v2\/types\/portfolio"}],"author":[{"embeddable":true,"href":"https:\/\/www.wikiesfera.org\/en\/wp-json\/wp\/v2\/users\/1"}],"replies":[{"embeddable":true,"href":"https:\/\/www.wikiesfera.org\/en\/wp-json\/wp\/v2\/comments?post=6455"}],"version-history":[{"count":45,"href":"https:\/\/www.wikiesfera.org\/en\/wp-json\/wp\/v2\/portfolio\/6455\/revisions"}],"predecessor-version":[{"id":7920,"href":"https:\/\/www.wikiesfera.org\/en\/wp-json\/wp\/v2\/portfolio\/6455\/revisions\/7920"}],"wp:featuredmedia":[{"embeddable":true,"href":"https:\/\/www.wikiesfera.org\/en\/wp-json\/wp\/v2\/media\/11668"}],"wp:attachment":[{"href":"https:\/\/www.wikiesfera.org\/en\/wp-json\/wp\/v2\/media?parent=6455"}],"curies":[{"name":"wp","href":"https:\/\/api.w.org\/{rel}","templated":true}]}}