{"id":2978,"date":"2022-05-02T11:35:47","date_gmt":"2022-05-02T11:35:47","guid":{"rendered":"\/?post_type=portfolio&#038;p=2978"},"modified":"2025-12-29T22:09:22","modified_gmt":"2025-12-29T22:09:22","slug":"editatona-virtual-de-mujeres-lesbianas-27a","status":"publish","type":"portfolio","link":"https:\/\/www.wikiesfera.org\/en\/portfolio-item\/editatona-virtual-de-mujeres-lesbianas-27a\/","title":{"rendered":"Virtual Editatona of Lesbian Women #27A"},"content":{"rendered":"<h1 id=\"gt-tematica\" class=\"wp-block-heading\"><strong>&gt; Theme<\/strong><\/h1>\n\n\n<div class=\"wp-block-image\">\n<figure class=\"alignright\"><img fetchpriority=\"high\" decoding=\"async\" width=\"300\" height=\"180\" src=\"\/wp-content\/uploads\/2022\/05\/1280px-Labrys_Lesbian_Flag.svg_-300x180.png\" alt=\"\" class=\"wp-image-2987\" srcset=\"https:\/\/www.wikiesfera.org\/wp-content\/uploads\/2022\/05\/1280px-Labrys_Lesbian_Flag.svg_-300x180.png 300w, https:\/\/www.wikiesfera.org\/wp-content\/uploads\/2022\/05\/1280px-Labrys_Lesbian_Flag.svg_-1024x614.png 1024w, https:\/\/www.wikiesfera.org\/wp-content\/uploads\/2022\/05\/1280px-Labrys_Lesbian_Flag.svg_-768x461.png 768w, https:\/\/www.wikiesfera.org\/wp-content\/uploads\/2022\/05\/1280px-Labrys_Lesbian_Flag.svg_-150x90.png 150w, https:\/\/www.wikiesfera.org\/wp-content\/uploads\/2022\/05\/1280px-Labrys_Lesbian_Flag.svg_-400x240.png 400w, https:\/\/www.wikiesfera.org\/wp-content\/uploads\/2022\/05\/1280px-Labrys_Lesbian_Flag.svg_.png 1280w\" sizes=\"(max-width: 300px) 100vw, 300px\" \/><\/figure><\/div>\n\n\n<p>Taking advantage of the <strong><a href=\"https:\/\/es.wikipedia.org\/wiki\/D%C3%ADa_de_la_Visibilidad_L%C3%A9sbica\" target=\"_blank\" rel=\"noreferrer noopener\">Lesbian Visibility Day<\/a><\/strong>, which is held every <strong>26 April<\/strong>, last Wednesday from 6 pm we dedicated a day from Wikiesfera to<strong> make visible on Wikipedia<\/strong>, by creating and translating articles, the <strong>biographies of lesbian women<\/strong> from different areas.<\/p>\n\n\n\n<p>Although there are different designs, for the call of this editatona, we use the <strong>Labrys flag<\/strong>:<\/p>\n\n\n\n<p><em>This flag is composed of several symbols of the lesbian community: on the one hand, the <strong>violet background<\/strong> refers to the Saphic women who used violets as an identifying symbol; the <strong>Black Triangle<\/strong> refers to the one used during the Nazi holocaust to identify women considered \u2018asocial\u2019; y <\/em><em>the <strong>labrys<\/strong> It is a double-edged axe used by the Amazons in matriarchal societies in Europe and Asia, and represents the empowerment of women.<\/em><\/p>\n\n\n\n<hr class=\"wp-block-separator has-alpha-channel-opacity\"\/>\n\n\n\n<h1 id=\"experta\" class=\"wp-block-heading\"><strong>&gt; Expert<\/strong><\/h1>\n\n\n\n<p>As in each editatona, we invite an expert in the subject that we are going to deal with. On this occasion, we have the specialist in Art and Feminism <strong>Encina Villanueva Lorenzana<\/strong> (<a href=\"https:\/\/twitter.com\/_Waslala_\" target=\"_blank\" rel=\"noopener noreferrer\">@_Waslala_<\/a>) who spoke to us about the situation of lesbian women and their double invisibility in the narrative of history.<\/p>\n\n\n\n<p><iframe src=\"https:\/\/www.youtube.com\/embed\/KmZ_TKpuhyQ\" width=\"560\" height=\"315\" frameborder=\"0\" allowfullscreen=\"allowfullscreen\" data-mce-fragment=\"1\"><span data-mce-type=\"bookmark\" style=\"display: inline-block; width: 0px; overflow: hidden; line-height: 0;\" class=\"mce_SELRES_start\"><\/span><\/iframe><\/p>\n\n\n\n<hr class=\"wp-block-separator has-alpha-channel-opacity\"\/>\n\n\n\n<h1 id=\"gt-resultados\" class=\"wp-block-heading\"><strong>&gt; Results<\/strong><\/h1>\n\n\n\n<ul class=\"wp-block-list\">\n<li>Number of <strong><u>PARTICIPANTS:<\/u> 17<\/strong><\/li>\n\n\n\n<li>Number of <strong><span style=\"text-decoration: underline;\">PUBLISHED ARTICLES<\/span>: 30<\/strong><\/li>\n<\/ul>\n\n\n\n<p><strong>&gt;&gt; Articles&nbsp;<span style=\"text-decoration: underline;\">created<\/span>:\u00a03<\/strong><\/p>\n\n\n\n<ol class=\"wp-block-list\">\n<li><a href=\"https:\/\/es.wikipedia.org\/wiki\/Mila_Mart%C3%ADnez\" target=\"_blank\" rel=\"noopener\">Mila Martinez<\/a> (1962) Spanish writer<\/li>\n\n\n\n<li><a href=\"https:\/\/es.wikipedia.org\/wiki\/Zanele_Muholi\" target=\"_blank\" rel=\"noopener\">Zanele Muholi<\/a> (1972) South African artist and activist<\/li>\n\n\n\n<li><a href=\"https:\/\/es.wikipedia.org\/wiki\/Lidia_Garc%C3%ADa\" target=\"_blank\" rel=\"noopener\">Lidia Garc\u00eda, <em>The Queer Ca\u00f1\u00ed Bot<\/em><\/a> (1989) Spanish activist<\/li>\n<\/ol>\n\n\n\n<p><strong>&gt;&gt; Articles&nbsp;<span style=\"text-decoration: underline;\">translated<\/span>&nbsp;to Spanish: 27<\/strong><\/p>\n\n\n\n<ol class=\"wp-block-list\">\n<li><span class=\"b\"><a href=\"https:\/\/es.wikipedia.org\/wiki\/Marie_Equi\" target=\"_blank\" rel=\"noopener\">Marie Equi<\/a>&nbsp;<\/span><span class=\"\">(1872-1952) American doctor and activist<\/span><\/li>\n\n\n\n<li><a href=\"https:\/\/es.wikipedia.org\/wiki\/A%27Lelia_Walker\" target=\"_blank\" rel=\"noopener\">A\u2019Lelia Walker<\/a> (1885-1931) American businesswoman and patron<\/li>\n\n\n\n<li><a href=\"https:\/\/es.wikipedia.org\/wiki\/Corina_Freire\" target=\"_blank\" rel=\"noopener\"><span class=\"author-a-c4z71zz90zwxiz68zz84zm34z87zz74zz122zr b\">Corina Freire <\/span><\/a><span class=\"author-a-c4z71zz90zwxiz68zz84zm34z87zz74zz122zr\">(1897-1975) Portuguese singer, actress and businesswoman<\/span><\/li>\n\n\n\n<li><a href=\"https:\/\/es.wikipedia.org\/wiki\/Ana_de_Gonta_Cola%C3%A7o\" target=\"_blank\" rel=\"noopener\"><span class=\"b\">Anne of Gonta Cola\u00e7o<\/span><\/a><span class=\"\">&nbsp;(1903-1954) Portuguese sculptor and plastic artist<\/span><\/li>\n\n\n\n<li><span class=\"author-a-c4z71zz90zwxiz68zz84zm34z87zz74zz122zr b\"><a href=\"https:\/\/es.wikipedia.org\/wiki\/Maria_Adelaide_Lima_Cruz\" target=\"_blank\" rel=\"noopener\">Maria Adelaide Lima Cruz<\/a><\/span><span class=\"author-a-c4z71zz90zwxiz68zz84zm34z87zz74zz122zr\">&nbsp;(1908-1985) Portuguese painter, illustrator, set designer and costume designer<\/span><\/li>\n\n\n\n<li><a href=\"https:\/\/es.wikipedia.org\/wiki\/Mar%C3%ADa_Irene_Forn%C3%A9s\" target=\"_blank\" rel=\"noopener\"><span class=\"b\">Maria Irene Forn\u00e9s (disambiguation) <\/span><\/a><span class=\"\">(1930-2018) Cuban-American writer, playwright and director<\/span><\/li>\n\n\n\n<li><a href=\"https:\/\/es.wikipedia.org\/wiki\/Sidney_Abbott\" target=\"_blank\" rel=\"noopener\"><span class=\"b\">Sidney Abbott<\/span><\/a><span class=\"\"> (1937-2015) American writer and activist<\/span><\/li>\n\n\n\n<li><span class=\"b\"><a href=\"https:\/\/es.wikipedia.org\/wiki\/Julia_Nicol\" target=\"_blank\" rel=\"noopener\">Julia Nicol<\/a>&nbsp;<\/span><span class=\"\">(1956-2019) South African activist and librarian<\/span><\/li>\n\n\n\n<li><span class=\"b\"><a href=\"https:\/\/es.wikipedia.org\/wiki\/Laura_Aguilar\" target=\"_blank\" rel=\"noopener\">Laura Aguilar<\/a><\/span><span class=\"\"> (1959-2018) American photographer<\/span><\/li>\n\n\n\n<li><a href=\"https:\/\/es.wikipedia.org\/wiki\/Kagendo_Murungi\" target=\"_blank\" rel=\"noopener\">Kagendo Murungi<\/a> (1971-2017) feminist, LGBT rights activist and Kenyan filmmaker<\/li>\n\n\n\n<li><span class=\"b\"><a href=\"https:\/\/es.wikipedia.org\/wiki\/Carole_Pope\" target=\"_blank\" rel=\"noopener\">Carole Pope<\/a><\/span><span class=\"\"> (1950) Canadian rock singer-songwriter<\/span><\/li>\n\n\n\n<li><a href=\"https:\/\/es.wikipedia.org\/wiki\/Lynda_Topp\" target=\"_blank\" rel=\"noopener\"><span class=\"b\">Lynda Topp<\/span><\/a><span class=\"\"> (1958) New Zealand singer and comedian<\/span><\/li>\n\n\n\n<li><a href=\"https:\/\/es.wikipedia.org\/wiki\/Elizabeth_Khaxas\" target=\"_blank\" rel=\"noopener\"><span class=\"b\">Elizabeth Khaxas<\/span><\/a><span class=\"\"> (1960) Namibian writer and activist<\/span><\/li>\n\n\n\n<li><span class=\"b\"><a href=\"https:\/\/es.wikipedia.org\/wiki\/Kaho_Nakayama\" target=\"_blank\" rel=\"noopener\">Kaho Nakayama<\/a>&nbsp;<\/span><span class=\"\">(1960) Japanese writer<\/span><\/li>\n\n\n\n<li><a href=\"https:\/\/es.wikipedia.org\/wiki\/Mpho_Tutu_van_Furth\" target=\"_blank\" rel=\"noopener\">Mpho Tutu van Furth<\/a> (1963) Anglican priest, South African author and activist<\/li>\n\n\n\n<li><a href=\"https:\/\/es.wikipedia.org\/wiki\/Susan_Allen\" target=\"_blank\" rel=\"noopener\"><span class=\"b\">Susan Allen<\/span><\/a><span class=\"\"> (1963) American politics<\/span><\/li>\n\n\n\n<li><a href=\"https:\/\/es.wikipedia.org\/wiki\/Mickalene_Thomas\" target=\"_blank\" rel=\"noopener\"><span class=\"b\">Mickalene Thomas<\/span><\/a><span class=\"\"> (1971) African American visual artist<\/span><\/li>\n\n\n\n<li><a href=\"https:\/\/es.wikipedia.org\/wiki\/Monica_Tabengwa\" target=\"_blank\" rel=\"noopener\">Monica Tabengwa<\/a> (1971) human rights activist, lawyer and Botswana researcher.<\/li>\n\n\n\n<li><a href=\"https:\/\/es.wikipedia.org\/wiki\/Dana_Olmert\" target=\"_blank\" rel=\"noopener\"><span class=\"b\">Dana Olmert<\/span><\/a><span class=\"\"> (1972) Israeli activist, literary theorist and editor<\/span><\/li>\n\n\n\n<li><a href=\"https:\/\/es.wikipedia.org\/wiki\/Samira_Saraya\" target=\"_blank\" rel=\"noopener\"><span class=\"b\">Samira Saraya <\/span><\/a><span class=\"\">(1975) Palestinian-Israeli actress, filmmaker, poet and rapper<\/span><\/li>\n\n\n\n<li><a href=\"https:\/\/es.wikipedia.org\/wiki\/Maria_Beraldo\" target=\"_blank\" rel=\"noopener\"><span class=\"b\">Maria Beraldo<\/span><\/a><span class=\"\"> (1988) Brazilian singer, composer and clarinetist<\/span><\/li>\n\n\n\n<li><a href=\"https:\/\/es.wikipedia.org\/wiki\/Isadora_Cerullo\" target=\"_blank\" rel=\"noopener\"><span class=\"b\">Isadora Cerullo<\/span><\/a><span class=\"\"> (1991) Brazilian-American rugby player<\/span><\/li>\n\n\n\n<li><a href=\"https:\/\/es.wikipedia.org\/wiki\/Aweng_Ade-Chuol\" target=\"_blank\" rel=\"noopener\">Aweng Ade-Chuol<\/a> Australian model, actress and artist<\/li>\n\n\n\n<li><a href=\"https:\/\/es.wikipedia.org\/wiki\/Beth_Clayton\" target=\"_blank\" rel=\"noopener\"><span class=\"b\">Beth Clayton<\/span><\/a><span class=\"\"> American mezzo-soprano opera singer<\/span><\/li>\n\n\n\n<li><a href=\"https:\/\/es.wikipedia.org\/wiki\/Ellen_Shumsky\" target=\"_blank\" rel=\"noopener\"><span class=\"b\">Ellen Shumsky<\/span><\/a><span class=\"\"> American activist and writer, coa<\/span><span class=\"author-a-z76z2z72zz67zr2gz67zz79zvpz85zpz71zvz85z\">u<\/span><span class=\"\">t<\/span><span class=\"author-a-z76z2z72zz67zr2gz67zz79zvpz85zpz71zvz85z\">o<\/span><span class=\"\">manifest ra <em>The Woman-Identified Woman<\/em><\/span><\/li>\n\n\n\n<li><a href=\"https:\/\/es.wikipedia.org\/wiki\/Kathleen_Satchwell\" target=\"_blank\" rel=\"noopener\"><span class=\"b\">Kathleen Satchwell<\/span><\/a><span class=\"\"> South African Judge<\/span><\/li>\n\n\n\n<li><span class=\"author-a-mz67z0z90zeaz65zcz82zz68zz76zz83zz88zz68zz79zf b\"><a href=\"https:\/\/es.wikipedia.org\/wiki\/Maya_Gallus\" target=\"_blank\" rel=\"noopener\">Maya Gallus<\/a> Canadian film director, screenwriter and producer<\/span><\/li>\n<\/ol>\n\n\n\n<hr class=\"wp-block-separator has-alpha-channel-opacity\"\/>\n\n\n\n<h1 id=\"gt-colaboran\" class=\"wp-block-heading\"><strong>&gt; Collaborate<\/strong><\/h1>\n\n\n\n<div class=\"wp-block-columns is-layout-flex wp-container-core-columns-is-layout-9d6595d7 wp-block-columns-is-layout-flex\">\n<div class=\"wp-block-column is-layout-flow wp-block-column-is-layout-flow\"><div class=\"wp-block-image\">\n<figure class=\"alignleft\"><img decoding=\"async\" width=\"300\" height=\"123\" src=\"http:\/\/www.wikiesfera.org\/wp-content\/uploads\/2023\/04\/logo_medialab-matadero_negro-300x123.png\" alt=\"Medialab logo in Matadero\" class=\"wp-image-3941\" srcset=\"https:\/\/www.wikiesfera.org\/wp-content\/uploads\/2023\/04\/logo_medialab-matadero_negro-300x123.png 300w, https:\/\/www.wikiesfera.org\/wp-content\/uploads\/2023\/04\/logo_medialab-matadero_negro-1024x419.png 1024w, https:\/\/www.wikiesfera.org\/wp-content\/uploads\/2023\/04\/logo_medialab-matadero_negro-768x314.png 768w, https:\/\/www.wikiesfera.org\/wp-content\/uploads\/2023\/04\/logo_medialab-matadero_negro-150x61.png 150w, https:\/\/www.wikiesfera.org\/wp-content\/uploads\/2023\/04\/logo_medialab-matadero_negro-400x164.png 400w, https:\/\/www.wikiesfera.org\/wp-content\/uploads\/2023\/04\/logo_medialab-matadero_negro.png 1100w\" sizes=\"(max-width: 300px) 100vw, 300px\" \/><\/figure><\/div><\/div>\n\n\n\n<div class=\"wp-block-column is-layout-flow wp-block-column-is-layout-flow\"><div class=\"wp-block-image\">\n<figure class=\"alignleft\"><img decoding=\"async\" width=\"300\" height=\"70\" src=\"\/wp-content\/uploads\/2018\/04\/Wikimedia_Foundation_logo_-_horizontal.svg_-300x70.png\" alt=\"\" class=\"wp-image-1036\" srcset=\"https:\/\/www.wikiesfera.org\/wp-content\/uploads\/2018\/04\/Wikimedia_Foundation_logo_-_horizontal.svg_-300x70.png 300w, https:\/\/www.wikiesfera.org\/wp-content\/uploads\/2018\/04\/Wikimedia_Foundation_logo_-_horizontal.svg_-768x179.png 768w, https:\/\/www.wikiesfera.org\/wp-content\/uploads\/2018\/04\/Wikimedia_Foundation_logo_-_horizontal.svg_-1024x238.png 1024w, https:\/\/www.wikiesfera.org\/wp-content\/uploads\/2018\/04\/Wikimedia_Foundation_logo_-_horizontal.svg_-150x35.png 150w, https:\/\/www.wikiesfera.org\/wp-content\/uploads\/2018\/04\/Wikimedia_Foundation_logo_-_horizontal.svg_-400x93.png 400w, https:\/\/www.wikiesfera.org\/wp-content\/uploads\/2018\/04\/Wikimedia_Foundation_logo_-_horizontal.svg_.png 2000w\" sizes=\"(max-width: 300px) 100vw, 300px\" \/><\/figure><\/div><\/div>\n\n\n\n<div class=\"wp-block-column is-layout-flow wp-block-column-is-layout-flow\"><\/div>\n\n\n\n<div class=\"wp-block-column is-layout-flow wp-block-column-is-layout-flow\"><\/div>\n<\/div>\n\n\n\n<p>&nbsp; &nbsp; <\/p>","protected":false},"excerpt":{"rendered":"<p>&gt; Theme Taking advantage of Lesbian Visibility Day, which is celebrated every April 26, last Wednesday from 6 pm we dedicated a day from Wikiesfera to make visible on Wikipedia, through the creation and translation of articles, the biographies of lesbian women from different areas. Although there are several designs, for the call [...]<\/p>","protected":false},"author":7,"featured_media":4189,"comment_status":"closed","ping_status":"closed","template":"","format":"gallery","meta":{"_coblocks_attr":"","_coblocks_dimensions":"","_coblocks_responsive_height":"","_coblocks_accordion_ie_support":"","footnotes":""},"class_list":["post-2978","portfolio","type-portfolio","status-publish","format-gallery","has-post-thumbnail","hentry","portfolio_category-164","portfolio_category-editatonas","portfolio_category-equidad","portfolio_category-lgbt","portfolio_category-medialab","portfolio-entry","span_1_of_4 col clr"],"_links":{"self":[{"href":"https:\/\/www.wikiesfera.org\/en\/wp-json\/wp\/v2\/portfolio\/2978","targetHints":{"allow":["GET"]}}],"collection":[{"href":"https:\/\/www.wikiesfera.org\/en\/wp-json\/wp\/v2\/portfolio"}],"about":[{"href":"https:\/\/www.wikiesfera.org\/en\/wp-json\/wp\/v2\/types\/portfolio"}],"author":[{"embeddable":true,"href":"https:\/\/www.wikiesfera.org\/en\/wp-json\/wp\/v2\/users\/7"}],"replies":[{"embeddable":true,"href":"https:\/\/www.wikiesfera.org\/en\/wp-json\/wp\/v2\/comments?post=2978"}],"version-history":[{"count":19,"href":"https:\/\/www.wikiesfera.org\/en\/wp-json\/wp\/v2\/portfolio\/2978\/revisions"}],"predecessor-version":[{"id":10600,"href":"https:\/\/www.wikiesfera.org\/en\/wp-json\/wp\/v2\/portfolio\/2978\/revisions\/10600"}],"wp:featuredmedia":[{"embeddable":true,"href":"https:\/\/www.wikiesfera.org\/en\/wp-json\/wp\/v2\/media\/4189"}],"wp:attachment":[{"href":"https:\/\/www.wikiesfera.org\/en\/wp-json\/wp\/v2\/media?parent=2978"}],"curies":[{"name":"wp","href":"https:\/\/api.w.org\/{rel}","templated":true}]}}