{"id":2134,"date":"2021-05-28T10:19:29","date_gmt":"2021-05-28T10:19:29","guid":{"rendered":"\/?post_type=portfolio&#038;p=2134"},"modified":"2025-12-23T19:15:07","modified_gmt":"2025-12-23T19:15:07","slug":"editaton-sobre-tecnopolitica","status":"publish","type":"portfolio","link":"https:\/\/www.wikiesfera.org\/en\/portfolio-item\/editaton-sobre-tecnopolitica\/","title":{"rendered":"Editathon on technopolitics"},"content":{"rendered":"<h1 id=\"gt-tematica\" class=\"wp-block-heading\"><strong>&gt; Theme<\/strong><\/h1>\n\n\n\n<h1 id=\"\" class=\"wp-block-heading\"><strong><figure><img fetchpriority=\"high\" decoding=\"async\" class=\"alignright wp-image-2141\" src=\"\/wp-content\/uploads\/2021\/05\/tecnopolitica-300x169.png\" alt=\"\" width=\"400\" height=\"225\" srcset=\"https:\/\/www.wikiesfera.org\/wp-content\/uploads\/2021\/05\/tecnopolitica-300x169.png 300w, https:\/\/www.wikiesfera.org\/wp-content\/uploads\/2021\/05\/tecnopolitica-1024x576.png 1024w, https:\/\/www.wikiesfera.org\/wp-content\/uploads\/2021\/05\/tecnopolitica-768x432.png 768w, https:\/\/www.wikiesfera.org\/wp-content\/uploads\/2021\/05\/tecnopolitica-1536x864.png 1536w, https:\/\/www.wikiesfera.org\/wp-content\/uploads\/2021\/05\/tecnopolitica-150x84.png 150w, https:\/\/www.wikiesfera.org\/wp-content\/uploads\/2021\/05\/tecnopolitica-400x225.png 400w, https:\/\/www.wikiesfera.org\/wp-content\/uploads\/2021\/05\/tecnopolitica.png 1600w\" sizes=\"(max-width: 400px) 100vw, 400px\" \/><\/figure><\/strong><\/h1>\n\n\n\n<p>Last Thursday, May 27, taking advantage of the tenth anniversary of the <a href=\"https:\/\/es.wikipedia.org\/wiki\/Movimiento_15-M\" target=\"_blank\" rel=\"noopener\">15M Movement<\/a> in Spain, the <strong><a href=\"https:\/\/www.barcelona.cat\/infobarcelona\/ca\/tema\/drets-digitals\/el-canodrom-es-transforma-en-un-ateneu-dinnovacio-digital-i-democratica_1004550.html\" target=\"_blank\" rel=\"noopener\">Ateneu d\u2019Innovaci\u00f3 Digital i Democr\u00e0tica<\/a><\/strong> located in the Can\u00f2drom de Barcelona (<a href=\"https:\/\/twitter.com\/CanodromBCN\" target=\"_blank\" rel=\"noopener\">@CanodromBCN<\/a>) organized an editathon to document various initiatives on technopolitics and citizen participation on Wikipedia.<\/p>\n\n\n\n<p>The following were also invited: <strong>Ester Bonet<\/strong> (<a href=\"https:\/\/twitter.com\/esterbonets\" target=\"_blank\" rel=\"noopener\">@esterbonets<\/a>) of <a href=\"https:\/\/www.upf.edu\/es\/web\/hacklab\/viquidones-upf\" target=\"_blank\" rel=\"noopener\">ViquidonesUPF<\/a> (<a href=\"https:\/\/twitter.com\/ViquidonesUPF\" target=\"_blank\" rel=\"noopener\">@ViquidonesUPF<\/a>) who told us the origin of this group of editors of the encyclopedia in Catalan. He exposed the problems with which they find themselves on the content of <a href=\"https:\/\/ca.wikipedia.org\/wiki\/Portada\" target=\"_blank\" rel=\"noopener\">Viquip\u00e8dia<\/a>, and explained how they work to reduce the gender gap and introduce the gender perspective in encyclopedic articles.<\/p>\n\n\n\n<hr class=\"wp-block-separator has-alpha-channel-opacity\"\/>\n\n\n\n<h1 id=\"gt-resultados\" class=\"wp-block-heading\"><strong>&gt; Results<\/strong><\/h1>\n\n\n\n<ul class=\"wp-block-list\">\n<li>Number of <strong><span style=\"text-decoration: underline;\">PARTICIPANTS<\/span>: 11<\/strong><\/li>\n\n\n\n<li>Number of <strong><span style=\"text-decoration: underline;\">PUBLISHED ARTICLES<\/span>: 10<\/strong><\/li>\n<\/ul>\n\n\n\n<h3 id=\"gtgt-articulosnbspcreados-en-espanolnbsp3\" class=\"wp-block-heading\"><strong>&gt;&gt; Articles <span style=\"text-decoration: underline;\">created<\/span> in Spanish: 3<\/strong><\/h3>\n\n\n\n<ol class=\"wp-block-list\">\n<li><a data-saferedirecturl=\"https:\/\/www.google.com\/url?q=https:\/\/es.wikipedia.org\/wiki\/Tecnopol%25C3%25ADtica&amp;source=gmail&amp;ust=1622541119721000&amp;usg=AFQjCNE7bUW6_TiDBymwqmfCd-NEXVn9Cw\" href=\"https:\/\/es.wikipedia.org\/wiki\/Tecnopol%C3%ADtica\" target=\"_blank\" rel=\"noopener\">Technopolitics<\/a><\/li>\n\n\n\n<li><a href=\"https:\/\/es.wikipedia.org\/wiki\/Decidim\" target=\"_blank\" rel=\"noopener\">Decidim<\/a><\/li>\n\n\n\n<li><a data-saferedirecturl=\"https:\/\/www.google.com\/url?q=https:\/\/es.wikipedia.org\/wiki\/DemocracyOS&amp;source=gmail&amp;ust=1622541119721000&amp;usg=AFQjCNEiss3Rl96bWAiiPbp9w_jNFUdfig\" href=\"https:\/\/es.wikipedia.org\/wiki\/DemocracyOS\" target=\"_blank\" rel=\"noopener\">DemocracyOS<\/a><\/li>\n<\/ol>\n\n\n\n<h3 id=\"articulos%25c2%25a0traducidos-a-espanol%25c2%25a05\" class=\"wp-block-heading\"><strong>&gt;&gt; Articles\u00a0<span style=\"text-decoration: underline;\">translated<\/span> to Spanish:\u00a05<\/strong><\/h3>\n\n\n\n<ol class=\"wp-block-list\">\n<li><a data-saferedirecturl=\"https:\/\/www.google.com\/url?q=https:\/\/es.wikipedia.org\/wiki\/Goteo&amp;source=gmail&amp;ust=1622541119721000&amp;usg=AFQjCNGShF9vAMBrV8xEMmzxtJEOqNwpow\" href=\"https:\/\/es.wikipedia.org\/wiki\/Goteo\" target=\"_blank\" rel=\"noopener\">Drip<\/a><\/li>\n\n\n\n<li><a data-saferedirecturl=\"https:\/\/www.google.com\/url?q=https:\/\/es.wikipedia.org\/wiki\/Alaveteli&amp;source=gmail&amp;ust=1622541119721000&amp;usg=AFQjCNFWcZuNtJnwux3r-1vm6pdm5Jx3-w\" href=\"https:\/\/es.wikipedia.org\/wiki\/Alaveteli\" target=\"_blank\" rel=\"noopener\">Alaveteli<\/a><\/li>\n\n\n\n<li><a data-saferedirecturl=\"https:\/\/www.google.com\/url?q=https:\/\/es.wikipedia.org\/wiki\/FixMyStreet&amp;source=gmail&amp;ust=1622541119721000&amp;usg=AFQjCNH5uhK0K4CF1AjVoShJNlJr34y2Xw\" href=\"https:\/\/es.wikipedia.org\/wiki\/FixMyStreet\" target=\"_blank\" rel=\"noopener\">FixMyStreet<\/a><\/li>\n\n\n\n<li><a data-saferedirecturl=\"https:\/\/www.google.com\/url?q=https:\/\/es.wikipedia.org\/wiki\/FixMyStreet.com&amp;source=gmail&amp;ust=1622541119721000&amp;usg=AFQjCNG7btW6262pMaJUfKnmYga4xN05wA\" href=\"https:\/\/es.wikipedia.org\/wiki\/FixMyStreet.com\" target=\"_blank\" rel=\"noopener\">FixMyStreet.com<\/a><\/li>\n\n\n\n<li><a href=\"https:\/\/es.wikipedia.org\/wiki\/Congreso_de_Soberan%C3%ADa_Tecnol%C3%B3gica\" target=\"_blank\" rel=\"noopener\">Congress of technological sovereignty<\/a>&nbsp;(SobTec)<\/li>\n<\/ol>\n\n\n\n<h3 id=\"gtgt-articulosnbspcreados-en-viquipedianbsp1\" class=\"wp-block-heading\"><strong>&gt;&gt; Articles <span style=\"text-decoration: underline;\">created<\/span> in Viquip\u00e8dia: 1<\/strong><\/h3>\n\n\n\n<ol class=\"wp-block-list\">\n<li><a data-saferedirecturl=\"https:\/\/www.google.com\/url?q=https:\/\/ca.wikipedia.org\/wiki\/Congr%25C3%25A9s_de_Sobir%25C3%25A0nia_Tecnol%25C3%25B2gica&amp;source=gmail&amp;ust=1622541119721000&amp;usg=AFQjCNHHt4Uzx92QkxEUL7B9Jb8Gw_Pu5g\" href=\"https:\/\/ca.wikipedia.org\/wiki\/Congr%C3%A9s_de_Sobir%C3%A0nia_Tecnol%C3%B2gica\" target=\"_blank\" rel=\"noopener\">Congr\u00e9s de Sobir\u00e0nia Tecnol\u00f2gica<\/a>&nbsp;(SobTec)<\/li>\n<\/ol>\n\n\n\n<h3 id=\"gtgt-articulosnbsptraducidos-en-viquipedianbsp1\" class=\"wp-block-heading\"><strong>&gt;&gt; Articles <span style=\"text-decoration: underline;\">translated<\/span> in Viquip\u00e8dia: 1<\/strong><\/h3>\n\n\n\n<ol class=\"wp-block-list\">\n<li><a data-saferedirecturl=\"https:\/\/www.google.com\/url?q=https:\/\/ca.wikipedia.org\/wiki\/Goteo&amp;source=gmail&amp;ust=1622541119721000&amp;usg=AFQjCNFBwQqvKv74w3Ew4G8JZ0eJI6TiGg\" href=\"https:\/\/ca.wikipedia.org\/wiki\/Goteo\" target=\"_blank\" rel=\"noopener\">Drip<\/a><\/li>\n<\/ol>\n\n\n\n<hr class=\"wp-block-separator has-alpha-channel-opacity\"\/>\n\n\n\n<h1 id=\"gt-colaboran\" class=\"wp-block-heading\"><strong>&gt; Collaborate<\/strong><\/h1>\n\n\n\n<div class=\"wp-block-columns are-vertically-aligned-top is-layout-flex wp-container-core-columns-is-layout-9d6595d7 wp-block-columns-is-layout-flex\">\n<div class=\"wp-block-column is-vertically-aligned-top is-layout-flow wp-block-column-is-layout-flow\"><div class=\"wp-block-image\">\n<figure class=\"alignleft\"><img decoding=\"async\" width=\"300\" height=\"112\" src=\"\/wp-content\/uploads\/2021\/05\/AyuntamientoBCNLogo-300x112.png\" alt=\"\" class=\"wp-image-2135\" srcset=\"https:\/\/www.wikiesfera.org\/wp-content\/uploads\/2021\/05\/AyuntamientoBCNLogo-300x112.png 300w, https:\/\/www.wikiesfera.org\/wp-content\/uploads\/2021\/05\/AyuntamientoBCNLogo-150x56.png 150w, https:\/\/www.wikiesfera.org\/wp-content\/uploads\/2021\/05\/AyuntamientoBCNLogo.png 367w\" sizes=\"(max-width: 300px) 100vw, 300px\" \/><\/figure><\/div><\/div>\n\n\n\n<div class=\"wp-block-column is-vertically-aligned-top is-layout-flow wp-block-column-is-layout-flow\"><div class=\"wp-block-image\">\n<figure class=\"alignleft\"><img decoding=\"async\" width=\"300\" height=\"70\" src=\"\/wp-content\/uploads\/2018\/04\/Wikimedia_Foundation_logo_-_horizontal.svg_-300x70.png\" alt=\"\" class=\"wp-image-1036\" srcset=\"https:\/\/www.wikiesfera.org\/wp-content\/uploads\/2018\/04\/Wikimedia_Foundation_logo_-_horizontal.svg_-300x70.png 300w, https:\/\/www.wikiesfera.org\/wp-content\/uploads\/2018\/04\/Wikimedia_Foundation_logo_-_horizontal.svg_-768x179.png 768w, https:\/\/www.wikiesfera.org\/wp-content\/uploads\/2018\/04\/Wikimedia_Foundation_logo_-_horizontal.svg_-1024x238.png 1024w, https:\/\/www.wikiesfera.org\/wp-content\/uploads\/2018\/04\/Wikimedia_Foundation_logo_-_horizontal.svg_-150x35.png 150w, https:\/\/www.wikiesfera.org\/wp-content\/uploads\/2018\/04\/Wikimedia_Foundation_logo_-_horizontal.svg_-400x93.png 400w, https:\/\/www.wikiesfera.org\/wp-content\/uploads\/2018\/04\/Wikimedia_Foundation_logo_-_horizontal.svg_.png 2000w\" sizes=\"(max-width: 300px) 100vw, 300px\" \/><\/figure><\/div><\/div>\n\n\n\n<div class=\"wp-block-column is-vertically-aligned-top is-layout-flow wp-block-column-is-layout-flow\"><\/div>\n\n\n\n<div class=\"wp-block-column is-vertically-aligned-top is-layout-flow wp-block-column-is-layout-flow\"><\/div>\n<\/div>","protected":false},"excerpt":{"rendered":"<p>&gt; Topic On Thursday 27 May, taking advantage of the 10th anniversary of the 15M Movement in Spain, the Ateneu d\u2019Innovaci\u00f3 Digital i Democr\u00e0tica located in the Can\u00f2drom de Barcelona (@CanodromBCN) organised an editathon to document various initiatives on technopolitics and citizen participation on Wikipedia. Ester Bonet (@esterbonets) from ViquidonesUPF (@ViquidonesUPF) was also invited to [...]<\/p>","protected":false},"author":1,"featured_media":2137,"comment_status":"closed","ping_status":"closed","template":"","format":"gallery","meta":{"_coblocks_attr":"","_coblocks_dimensions":"","_coblocks_responsive_height":"","_coblocks_accordion_ie_support":"","footnotes":""},"class_list":["post-2134","portfolio","type-portfolio","status-publish","format-gallery","has-post-thumbnail","hentry","portfolio_category-159","portfolio_category-editatones","portfolio-entry","span_1_of_4 col clr"],"_links":{"self":[{"href":"https:\/\/www.wikiesfera.org\/en\/wp-json\/wp\/v2\/portfolio\/2134","targetHints":{"allow":["GET"]}}],"collection":[{"href":"https:\/\/www.wikiesfera.org\/en\/wp-json\/wp\/v2\/portfolio"}],"about":[{"href":"https:\/\/www.wikiesfera.org\/en\/wp-json\/wp\/v2\/types\/portfolio"}],"author":[{"embeddable":true,"href":"https:\/\/www.wikiesfera.org\/en\/wp-json\/wp\/v2\/users\/1"}],"replies":[{"embeddable":true,"href":"https:\/\/www.wikiesfera.org\/en\/wp-json\/wp\/v2\/comments?post=2134"}],"version-history":[{"count":13,"href":"https:\/\/www.wikiesfera.org\/en\/wp-json\/wp\/v2\/portfolio\/2134\/revisions"}],"predecessor-version":[{"id":10518,"href":"https:\/\/www.wikiesfera.org\/en\/wp-json\/wp\/v2\/portfolio\/2134\/revisions\/10518"}],"wp:featuredmedia":[{"embeddable":true,"href":"https:\/\/www.wikiesfera.org\/en\/wp-json\/wp\/v2\/media\/2137"}],"wp:attachment":[{"href":"https:\/\/www.wikiesfera.org\/en\/wp-json\/wp\/v2\/media?parent=2134"}],"curies":[{"name":"wp","href":"https:\/\/api.w.org\/{rel}","templated":true}]}}