{"id":1421,"date":"2020-03-02T18:51:30","date_gmt":"2020-03-02T18:51:30","guid":{"rendered":"\/?post_type=portfolio&#038;p=1421"},"modified":"2025-12-23T19:57:53","modified_gmt":"2025-12-23T19:57:53","slug":"editatona-de-periodistas-29f","status":"publish","type":"portfolio","link":"https:\/\/www.wikiesfera.org\/en\/portfolio-item\/editatona-de-periodistas-29f\/","title":{"rendered":"Editatona of journalists #29F"},"content":{"rendered":"<h1 id=\"gt-tematica\" class=\"wp-block-heading\"><strong>&gt; Theme<\/strong><\/h1>\n\n\n\n<h1 id=\"\" class=\"wp-block-heading\"><strong><figure><img fetchpriority=\"high\" decoding=\"async\" class=\"alignright wp-image-1445\" src=\"\/wp-content\/uploads\/2020\/03\/directivas-lamarea-300x206.jpeg\" alt=\"\" width=\"400\" height=\"274\" srcset=\"https:\/\/www.wikiesfera.org\/wp-content\/uploads\/2020\/03\/directivas-lamarea-300x206.jpeg 300w, https:\/\/www.wikiesfera.org\/wp-content\/uploads\/2020\/03\/directivas-lamarea-1024x702.jpeg 1024w, https:\/\/www.wikiesfera.org\/wp-content\/uploads\/2020\/03\/directivas-lamarea-768x527.jpeg 768w, https:\/\/www.wikiesfera.org\/wp-content\/uploads\/2020\/03\/directivas-lamarea-1536x1053.jpeg 1536w, https:\/\/www.wikiesfera.org\/wp-content\/uploads\/2020\/03\/directivas-lamarea-2048x1404.jpeg 2048w, https:\/\/www.wikiesfera.org\/wp-content\/uploads\/2020\/03\/directivas-lamarea-150x103.jpeg 150w, https:\/\/www.wikiesfera.org\/wp-content\/uploads\/2020\/03\/directivas-lamarea-400x274.jpeg 400w\" sizes=\"(max-width: 400px) 100vw, 400px\" \/><\/figure><\/strong><\/h1>\n\n\n\n<p>Last Saturday, February 29, on the occasion of the <strong><a href=\"https:\/\/es.wikipedia.org\/wiki\/D%C3%ADa_Internacional_de_la_Mujer\" target=\"_blank\" rel=\"noopener noreferrer\">International Women's Day<\/a><\/strong> on 8 March, a&nbsp;<a href=\"https:\/\/www.medialab-prado.es\/actividades\/editatona-sobre-mujeres-periodistas-en-wikipedia-29f\" target=\"_blank\" rel=\"noopener noreferrer\">editatona to Spanish journalists<\/a>&nbsp;at the Digital Culture Centre <strong>Medialab Prado<\/strong> of Madrid to make visible the absence of content related to them in Wikipedia. From 11:00 am, participants and organizers gathered in the Alameda 1 room of Medialab Prado to talk about the history of women who tell history through journalism.<\/p>\n\n\n\n<p>By having the support of the <a href=\"https:\/\/www.oxfamintermon.org\/es\/taxonomy\/term\/1037\/0\" target=\"_blank\" rel=\"noopener noreferrer\">Oxfam Intermon Home Program<\/a>, led by&nbsp;<strong>Zinnia Quir\u00f3s&nbsp;<\/strong>(<a href=\"https:\/\/twitter.com\/zinniaqc\" target=\"_blank\" rel=\"noopener noreferrer\">@zinniaqc<\/a>), we could have some juices and buns to regain strength.<\/p>\n\n\n\n<hr class=\"wp-block-separator has-alpha-channel-opacity\"\/>\n\n\n\n<h1 id=\"expertas\" class=\"wp-block-heading\"><strong>&gt; Experts<\/strong><\/h1>\n\n\n\n<p>As in each edition, we invite an expert in the subject we are going to deal with. On this occasion, we have the director of <em>The Tide<\/em> <strong>Magda Flag<\/strong> (<a href=\"https:\/\/twitter.com\/magdabandera\" target=\"_blank\" rel=\"noopener noreferrer\">@magdabandera<\/a>) and with the freelance journalist <strong>Anita Botwin<\/strong> (<a href=\"https:\/\/twitter.com\/AnitaBotwin\" target=\"_blank\" rel=\"noopener noreferrer\">@AnitaBotwin<\/a>), who told us about the invisibility and difficulty of women in the world of journalism.<\/p>\n\n\n\n<hr class=\"wp-block-separator has-alpha-channel-opacity\"\/>\n\n\n\n<h1 id=\"gt-resultados\" class=\"wp-block-heading\"><strong>&gt; Results<\/strong><\/h1>\n\n\n\n<ul class=\"wp-block-list\">\n<li>Number of <strong><span style=\"text-decoration: underline;\">PARTICIPANTS<\/span>: 21<\/strong><\/li>\n\n\n\n<li>Number of <strong><span style=\"text-decoration: underline;\">ARTICLES CREATED:<\/span> 13<\/strong><\/li>\n<\/ul>\n\n\n\n<ol class=\"wp-block-list\">\n<li><a href=\"https:\/\/es.wikipedia.org\/wiki\/Mar%C3%ADa_del_Mar_Terrones_Villanueva\" target=\"_blank\" rel=\"noopener noreferrer\">Mar\u00eda del Mar Terrones Villanueva<\/a> (1892\u20131980)<\/li>\n\n\n\n<li><a href=\"https:\/\/es.wikipedia.org\/wiki\/Jesusa_Granda\" target=\"_blank\" rel=\"noopener noreferrer\">Jesusa Granda and Lah\u00edn<\/a> (1895\u20131907)<\/li>\n\n\n\n<li><a href=\"https:\/\/es.wikipedia.org\/wiki\/Carolina_Pecharrom%C3%A1n\" target=\"_blank\" rel=\"noopener noreferrer\">Carolina Pecharrom\u00e1n de la Cruz<\/a> (1969)<\/li>\n\n\n\n<li><a href=\"https:\/\/es.wikipedia.org\/wiki\/Mavi_Do%C3%B1ate\" target=\"_blank\" rel=\"noopener noreferrer\">Mavi Do\u00f1ate Herranz<\/a> (1971)<\/li>\n\n\n\n<li><a href=\"https:\/\/es.wikipedia.org\/wiki\/Mar_Abad\" target=\"_blank\" rel=\"noopener noreferrer\">Mar Abad<\/a> (1972)<\/li>\n\n\n\n<li><a href=\"https:\/\/es.wikipedia.org\/wiki\/Luz_S%C3%A1nchez-Mellado\" target=\"_blank\" rel=\"noopener noreferrer\">Luz S\u00e1nchez-Mellado<\/a> (1973)<\/li>\n\n\n\n<li><a href=\"https:\/\/es.wikipedia.org\/wiki\/Delia_Rodr%C3%ADguez_Mar%C3%ADn\" target=\"_blank\" rel=\"noopener noreferrer\">Delia Rodr\u00edguez Mar\u00edn<\/a> (1978)<\/li>\n\n\n\n<li><a href=\"https:\/\/es.wikipedia.org\/wiki\/Raquel_Villa%C3%A9cija\" target=\"_blank\" rel=\"noopener noreferrer\">Raquel Villa\u00e9cija Ruiz<\/a> (1981)<\/li>\n\n\n\n<li><a href=\"https:\/\/es.wikipedia.org\/wiki\/Carmen_G._de_la_Cueva\" target=\"_blank\" rel=\"noopener noreferrer\">Carmen G. de la Cueva<\/a> (1986)<\/li>\n\n\n\n<li><a href=\"https:\/\/es.wikipedia.org\/wiki\/Luc%C3%ADa_Taboada\" target=\"_blank\" rel=\"noopener noreferrer\">Lucia Taboada<\/a> (1986)<\/li>\n\n\n\n<li><a href=\"https:\/\/es.wikipedia.org\/wiki\/Emma_Calder%C3%B3n_y_de_G%C3%A1lvez\" target=\"_blank\" rel=\"noopener noreferrer\">Emma Calder\u00f3n and de G\u00e1lvez<\/a><\/li>\n\n\n\n<li><a href=\"https:\/\/es.wikipedia.org\/wiki\/Mar%C3%ADa_Jes%C3%BAs_Espinosa_de_los_Monteros\" target=\"_blank\" rel=\"noopener noreferrer\">Mar\u00eda Jes\u00fas Espinosa de los Monteros<\/a><\/li>\n\n\n\n<li><a href=\"https:\/\/es.wikipedia.org\/wiki\/Mar%C3%ADa_Manjavacas\" target=\"_blank\" rel=\"noopener noreferrer\">Maria Manjavacas Quintanar (disambiguation)<\/a><\/li>\n<\/ol>\n\n\n\n<hr class=\"wp-block-separator has-alpha-channel-opacity\"\/>\n\n\n\n<h1 id=\"colaboran\" class=\"wp-block-heading\"><strong>&gt; Collaborate<\/strong><\/h1>\n\n\n\n<div class=\"wp-block-columns is-layout-flex wp-container-core-columns-is-layout-9d6595d7 wp-block-columns-is-layout-flex\">\n<div class=\"wp-block-column is-layout-flow wp-block-column-is-layout-flow\"><div class=\"wp-block-image\">\n<figure class=\"alignleft\"><img decoding=\"async\" width=\"300\" height=\"80\" src=\"\/wp-content\/uploads\/2018\/04\/logo-MLP-2018_transparente-300x80.png\" alt=\"\" class=\"wp-image-1033\" srcset=\"https:\/\/www.wikiesfera.org\/wp-content\/uploads\/2018\/04\/logo-MLP-2018_transparente-300x80.png 300w, https:\/\/www.wikiesfera.org\/wp-content\/uploads\/2018\/04\/logo-MLP-2018_transparente-768x205.png 768w, https:\/\/www.wikiesfera.org\/wp-content\/uploads\/2018\/04\/logo-MLP-2018_transparente-1024x273.png 1024w, https:\/\/www.wikiesfera.org\/wp-content\/uploads\/2018\/04\/logo-MLP-2018_transparente-150x40.png 150w, https:\/\/www.wikiesfera.org\/wp-content\/uploads\/2018\/04\/logo-MLP-2018_transparente-400x107.png 400w\" sizes=\"(max-width: 300px) 100vw, 300px\" \/><\/figure><\/div><\/div>\n\n\n\n<div class=\"wp-block-column is-layout-flow wp-block-column-is-layout-flow\"><div class=\"wp-block-image\">\n<figure class=\"alignleft\"><img decoding=\"async\" width=\"300\" height=\"64\" src=\"\/wp-content\/uploads\/2018\/04\/logo-oxfam-horizontal-300x64.png\" alt=\"\" class=\"wp-image-1035\" srcset=\"https:\/\/www.wikiesfera.org\/wp-content\/uploads\/2018\/04\/logo-oxfam-horizontal-300x64.png 300w, https:\/\/www.wikiesfera.org\/wp-content\/uploads\/2018\/04\/logo-oxfam-horizontal-150x32.png 150w, https:\/\/www.wikiesfera.org\/wp-content\/uploads\/2018\/04\/logo-oxfam-horizontal.png 317w\" sizes=\"(max-width: 300px) 100vw, 300px\" \/><\/figure><\/div><\/div>\n\n\n\n<div class=\"wp-block-column is-layout-flow wp-block-column-is-layout-flow\"><div class=\"wp-block-image\">\n<figure class=\"alignleft\"><img loading=\"lazy\" decoding=\"async\" width=\"300\" height=\"70\" src=\"\/wp-content\/uploads\/2018\/04\/Wikimedia_Foundation_logo_-_horizontal.svg_-300x70.png\" alt=\"\" class=\"wp-image-1036\" srcset=\"https:\/\/www.wikiesfera.org\/wp-content\/uploads\/2018\/04\/Wikimedia_Foundation_logo_-_horizontal.svg_-300x70.png 300w, https:\/\/www.wikiesfera.org\/wp-content\/uploads\/2018\/04\/Wikimedia_Foundation_logo_-_horizontal.svg_-768x179.png 768w, https:\/\/www.wikiesfera.org\/wp-content\/uploads\/2018\/04\/Wikimedia_Foundation_logo_-_horizontal.svg_-1024x238.png 1024w, https:\/\/www.wikiesfera.org\/wp-content\/uploads\/2018\/04\/Wikimedia_Foundation_logo_-_horizontal.svg_-150x35.png 150w, https:\/\/www.wikiesfera.org\/wp-content\/uploads\/2018\/04\/Wikimedia_Foundation_logo_-_horizontal.svg_-400x93.png 400w, https:\/\/www.wikiesfera.org\/wp-content\/uploads\/2018\/04\/Wikimedia_Foundation_logo_-_horizontal.svg_.png 2000w\" sizes=\"(max-width: 300px) 100vw, 300px\" \/><\/figure><\/div><\/div>\n\n\n\n<div class=\"wp-block-column is-layout-flow wp-block-column-is-layout-flow\"><\/div>\n<\/div>","protected":false},"excerpt":{"rendered":"<p>&gt; Tem\u00e1tica El pasado s\u00e1bado 29 de febrero, con motivo del D\u00eda Internacional de la Mujer del 8 de marzo, se dedic\u00f3 una&nbsp;editatona a las periodistas espa\u00f1olas&nbsp;en el centro de cultura digital Medialab Prado de Madrid para hacer visible la ausencia de contenido relacionado con ellas en Wikipedia. Desde las 11:00 horas, participantes y organizadoras [&hellip;]<\/p>","protected":false},"author":1,"featured_media":4182,"comment_status":"closed","ping_status":"closed","template":"","format":"gallery","meta":{"_coblocks_attr":"","_coblocks_dimensions":"","_coblocks_responsive_height":"","_coblocks_accordion_ie_support":"","footnotes":""},"class_list":["post-1421","portfolio","type-portfolio","status-publish","format-gallery","has-post-thumbnail","hentry","portfolio_category-158","portfolio_category-editatonas","portfolio_category-genero","portfolio_category-medialab","portfolio-entry","span_1_of_4 col clr"],"_links":{"self":[{"href":"https:\/\/www.wikiesfera.org\/en\/wp-json\/wp\/v2\/portfolio\/1421","targetHints":{"allow":["GET"]}}],"collection":[{"href":"https:\/\/www.wikiesfera.org\/en\/wp-json\/wp\/v2\/portfolio"}],"about":[{"href":"https:\/\/www.wikiesfera.org\/en\/wp-json\/wp\/v2\/types\/portfolio"}],"author":[{"embeddable":true,"href":"https:\/\/www.wikiesfera.org\/en\/wp-json\/wp\/v2\/users\/1"}],"replies":[{"embeddable":true,"href":"https:\/\/www.wikiesfera.org\/en\/wp-json\/wp\/v2\/comments?post=1421"}],"version-history":[{"count":11,"href":"https:\/\/www.wikiesfera.org\/en\/wp-json\/wp\/v2\/portfolio\/1421\/revisions"}],"predecessor-version":[{"id":10557,"href":"https:\/\/www.wikiesfera.org\/en\/wp-json\/wp\/v2\/portfolio\/1421\/revisions\/10557"}],"wp:featuredmedia":[{"embeddable":true,"href":"https:\/\/www.wikiesfera.org\/en\/wp-json\/wp\/v2\/media\/4182"}],"wp:attachment":[{"href":"https:\/\/www.wikiesfera.org\/en\/wp-json\/wp\/v2\/media?parent=1421"}],"curies":[{"name":"wp","href":"https:\/\/api.w.org\/{rel}","templated":true}]}}