{"id":1203,"date":"2018-07-08T16:31:38","date_gmt":"2018-07-08T16:31:38","guid":{"rendered":"\/?post_type=portfolio&#038;p=1203"},"modified":"2025-12-23T20:23:50","modified_gmt":"2025-12-23T20:23:50","slug":"editatona-de-filosofas-7j","status":"publish","type":"portfolio","link":"https:\/\/www.wikiesfera.org\/en\/portfolio-item\/editatona-de-filosofas-7j\/","title":{"rendered":"Editatone of philosophers #7J 2018"},"content":{"rendered":"<h1 id=\"gt-tematica\" class=\"wp-block-heading\"><strong>&gt; Theme<\/strong><\/h1>\n\n\n<div class=\"wp-block-image\">\n<figure class=\"alignright\"><img fetchpriority=\"high\" decoding=\"async\" width=\"300\" height=\"210\" src=\"\/wp-content\/uploads\/2018\/07\/9788415373599-300x210.jpg\" alt=\"\" class=\"wp-image-1207\" srcset=\"https:\/\/www.wikiesfera.org\/wp-content\/uploads\/2018\/07\/9788415373599-300x210.jpg 300w, https:\/\/www.wikiesfera.org\/wp-content\/uploads\/2018\/07\/9788415373599-768x537.jpg 768w, https:\/\/www.wikiesfera.org\/wp-content\/uploads\/2018\/07\/9788415373599-150x105.jpg 150w, https:\/\/www.wikiesfera.org\/wp-content\/uploads\/2018\/07\/9788415373599-400x280.jpg 400w, https:\/\/www.wikiesfera.org\/wp-content\/uploads\/2018\/07\/9788415373599.jpg 800w\" sizes=\"(max-width: 300px) 100vw, 300px\" \/><\/figure><\/div>\n\n\n<p>Last Saturday, July 7, in the center of digital culture <strong>Medialab Prado<\/strong> of Madrid was dedicated a <a href=\"https:\/\/www.medialab-prado.es\/actividades\/editatona-sobre-filosofas-en-wikipedia-7j\" target=\"_blank\" rel=\"noopener noreferrer\">Editatone to Philosophers<\/a>&nbsp;to make visible the absence of content related to them on Wikipedia. From 10:00 am, participants and organizers gathered in the Alameda 1 room of the center to talk about the current situation of women in the world of philosophy.<\/p>\n\n\n\n<p>On this occasion, we put more effort into translating articles from other languages into Spanish as there were many important profiles that were already created on the English, French, German and Italian Wikipedias. Although there are still many biographies to be created and translated, the success of this call has been enormous in terms of the visibility of these women, our referents in the field of philosophy, in the free encyclopedia.<\/p>\n\n\n\n<p>By having the support of the <a href=\"https:\/\/www.oxfamintermon.org\/es\/taxonomy\/term\/1037\/0\" target=\"_blank\" rel=\"noopener noreferrer\">Oxfam Intermon Home Program<\/a>, led by&nbsp;<strong>Zinnia Quir\u00f3s&nbsp;<\/strong>(<a href=\"https:\/\/twitter.com\/zinniaqc\" target=\"_blank\" rel=\"noopener noreferrer\">@zinniaqc<\/a>), we could have some juices and buns to replenish strength and raffle among the assistants books of different authors that deal with philosophy or tell us about philosophers. The titles were varied, from&nbsp;<i>&nbsp;A walk through the life of Simone de Beauvoir&nbsp;<\/i>by Carmen G. de la Cueva, passing through <em>In the face of the pain of others<\/em>&nbsp;Susan Sontag 's <em>Forest clearings<\/em> by Mar\u00eda Zambrano.<\/p>\n\n\n\n<hr class=\"wp-block-separator has-alpha-channel-opacity\"\/>\n\n\n\n<h1 id=\"experta\" class=\"wp-block-heading\"><strong>&gt; Expert<\/strong><\/h1>\n\n\n\n<p>As in each editatona, we invite an expert in the subject that we are going to deal with. On this occasion, we have the philosopher and feminist <strong>Anne of Michael&nbsp;<\/strong>(<a href=\"https:\/\/twitter.com\/AnadeMiguelAl\" target=\"_blank\" rel=\"noopener noreferrer\">@AnadeMiguelAl<\/a>), author of the book <em>Illustrated History of Feminist Theory<\/em>, which told us about the invisibility of women in the world of philosophy.<\/p>\n\n\n\n<p><iframe src=\"https:\/\/www.youtube.com\/embed\/vWTJ5UL2GLM\" width=\"560\" height=\"315\" frameborder=\"0\" allowfullscreen=\"allowfullscreen\" data-mce-fragment=\"1\"><span data-mce-type=\"bookmark\" style=\"display: inline-block; width: 0px; overflow: hidden; line-height: 0;\" class=\"mce_SELRES_start\"><\/span><span data-mce-type=\"bookmark\" style=\"display: inline-block; width: 0px; overflow: hidden; line-height: 0;\" class=\"mce_SELRES_start\"><\/span><span data-mce-type=\"bookmark\" style=\"display: inline-block; width: 0px; overflow: hidden; line-height: 0;\" class=\"mce_SELRES_start\"><\/span><span data-mce-type=\"bookmark\" style=\"display: inline-block; width: 0px; overflow: hidden; line-height: 0;\" class=\"mce_SELRES_start\"><\/span><\/iframe><\/p>\n\n\n\n<hr class=\"wp-block-separator has-alpha-channel-opacity\"\/>\n\n\n\n<h1 id=\"gt-resultados\" class=\"wp-block-heading\"><strong>&gt; Results<\/strong><\/h1>\n\n\n\n<ul class=\"wp-block-list\">\n<li>Number of <strong><span style=\"text-decoration: underline;\">PARTICIPANTS<\/span>: 28<\/strong><\/li>\n\n\n\n<li>Number of <strong><span style=\"text-decoration: underline;\">PUBLISHED ARTICLES<\/span>: 32<\/strong><\/li>\n<\/ul>\n\n\n\n<h3 class=\"wp-block-heading\" id=\"gtgt-articulos-creados-3\"><strong>&gt;&gt; Articles\u00a0<span style=\"text-decoration: underline;\">created<\/span>:\u00a02<\/strong><\/h3>\n\n\n\n<ol class=\"wp-block-list\">\n<li><a title=\"Ana Mar\u00eda Leyra\" href=\"https:\/\/es.wikipedia.org\/wiki\/Ana_Mar%C3%ADa_Leyra\" target=\"_blank\" rel=\"noopener noreferrer\">Ana Mar\u00eda Leyra<\/a> (1947)<\/li>\n\n\n\n<li><a title=\"Nuria S\u00e1nchez Madrid\" href=\"https:\/\/es.wikipedia.org\/wiki\/Nuria_S%C3%A1nchez_Madrid\" target=\"_blank\" rel=\"noopener noreferrer\">Nuria S\u00e1nchez Madrid<\/a> (1973)<\/li>\n<\/ol>\n\n\n\n<h3 id=\"articulos%25c2%25a0traducidos-a-espanol%25c2%25a030\" class=\"wp-block-heading\"><strong>&gt;&gt; Articles\u00a0<span style=\"text-decoration: underline;\">translated<\/span> to Spanish:\u00a030<\/strong><\/h3>\n\n\n\n<ol class=\"wp-block-list\">\n<li><a title=\"Gargi Vachaknavi\" href=\"https:\/\/es.wikipedia.org\/wiki\/Gargi_Vachaknavi\" target=\"_blank\" rel=\"noopener noreferrer\">Gargi Vachaknavi<\/a> (s. VII BC)<\/li>\n\n\n\n<li><a title=\"Themistochlea\" href=\"https:\/\/es.wikipedia.org\/wiki\/Temistoclea\" target=\"_blank\" rel=\"noopener noreferrer\">Themistochlea<\/a> (s. VI BC)<\/li>\n\n\n\n<li><a title=\"Emesa&#039;s Theodora\" href=\"https:\/\/es.wikipedia.org\/wiki\/Teodora_de_Emesa\" target=\"_blank\" rel=\"noopener noreferrer\">Emesa's Theodora<\/a> (s. V B.C.)<\/li>\n\n\n\n<li><a title=\"Lasthenia of Mantinea\" href=\"https:\/\/es.wikipedia.org\/wiki\/Lastenia_de_Mantinea\" target=\"_blank\" rel=\"noopener noreferrer\">Lasthenia of Mantinea<\/a> (s. IV BC)<\/li>\n\n\n\n<li><a title=\"Nicarete de M\u00e9gara\" href=\"https:\/\/es.wikipedia.org\/wiki\/Nicarete_de_M%C3%A9gara\" target=\"_blank\" rel=\"noopener noreferrer\">Nicarete de M\u00e9gara<\/a> (s. IV BC)<\/li>\n\n\n\n<li><a title=\"Aesara of Lucania\" href=\"https:\/\/es.wikipedia.org\/wiki\/Aesara\" target=\"_blank\" rel=\"noopener noreferrer\">Aesara of Lucania<\/a> (s. IV\u2013s. III BC)<\/li>\n\n\n\n<li><a title=\"Axiotea de Fliunte\" href=\"https:\/\/es.wikipedia.org\/wiki\/Axiotea_de_Fliunte\" target=\"_blank\" rel=\"noopener noreferrer\">Axiotea de Fliunte<\/a> (s. III BC)<\/li>\n\n\n\n<li><a title=\"Cyrene Ptolemaide\" href=\"https:\/\/es.wikipedia.org\/wiki\/Ptolemaida_de_Cirene\" target=\"_blank\" rel=\"noopener noreferrer\">Cyrene Ptolemaide<\/a> (s. III BC)<\/li>\n\n\n\n<li><a title=\"Xie Daoyun\" href=\"https:\/\/es.wikipedia.org\/wiki\/Xie_Daoyun\" target=\"_blank\" rel=\"noopener noreferrer\">Xie Daoyun<\/a> (340\u2013399)<\/li>\n\n\n\n<li><a title=\"Johanna Charlotte Unzer\" href=\"https:\/\/es.wikipedia.org\/wiki\/Johanna_Charlotte_Unzer\" target=\"_blank\" rel=\"noopener noreferrer\">Johanna Charlotte Unzer<\/a> (1724-1782)<\/li>\n\n\n\n<li><a title=\"Hedwig Dohm\" href=\"https:\/\/es.wikipedia.org\/wiki\/Hedwig_Dohm\" target=\"_blank\" rel=\"noopener noreferrer\">Hedwig Dohm<\/a> (1831-1919)<\/li>\n\n\n\n<li><a title=\"Hedwig Bender\" href=\"https:\/\/es.wikipedia.org\/wiki\/Hedwig_Bender\" target=\"_blank\" rel=\"noopener noreferrer\">Hedwig Bender<\/a> (1854\u20131928)<\/li>\n\n\n\n<li><a title=\"Constance Naden\" href=\"https:\/\/es.wikipedia.org\/wiki\/Constance_Naden\" target=\"_blank\" rel=\"noopener noreferrer\">Constance Naden<\/a> (1858-1889)<\/li>\n\n\n\n<li><a href=\"https:\/\/es.wikipedia.org\/wiki\/Lenore_Ripke-K%C3%BChn\" target=\"_blank\" rel=\"noopener noreferrer\">Lenore Ripke-K\u00fchn<\/a> (1878\u20131955)<\/li>\n\n\n\n<li><a title=\"Alice Ambrose\" href=\"https:\/\/es.wikipedia.org\/wiki\/Alice_Ambrose\">Alice Ambrose<\/a> (1906\u20132001)<\/li>\n\n\n\n<li><a title=\"Raya Dunayevskaya\" href=\"https:\/\/es.wikipedia.org\/wiki\/Raya_Dunayevskaya\" target=\"_blank\" rel=\"noopener noreferrer\">Raya Dunayevskaya<\/a> (1910\u20131987)<\/li>\n\n\n\n<li><a title=\"Mary Hesse\" href=\"https:\/\/es.wikipedia.org\/wiki\/Mary_Hesse\" target=\"_blank\" rel=\"noopener noreferrer\">Mary Hesse<\/a> (1924\u20132016)<\/li>\n\n\n\n<li><a title=\"Fran\u00e7oise Collin\" href=\"https:\/\/es.wikipedia.org\/wiki\/Fran%C3%A7oise_Collin\" target=\"_blank\" rel=\"noopener noreferrer\">Fran\u00e7oise Collin<\/a> (1928\u20132012)<\/li>\n\n\n\n<li><a title=\"Carla Lonzi\" href=\"https:\/\/es.wikipedia.org\/wiki\/Carla_Lonzi\" target=\"_blank\" rel=\"noopener noreferrer\">Carla Lonzi<\/a> (1931\u20131982)<\/li>\n\n\n\n<li><a title=\"Marilyn Frye\" href=\"https:\/\/es.wikipedia.org\/wiki\/Marilyn_Frye\" target=\"_blank\" rel=\"noopener noreferrer\">Marilyn Frye<\/a> (1941)<\/li>\n\n\n\n<li><a title=\"Fran\u00e7oise Dastur\" href=\"https:\/\/es.wikipedia.org\/wiki\/Fran%C3%A7oise_Dastur\" target=\"_blank\" rel=\"noopener noreferrer\">Fran\u00e7oise Dastur<\/a> (1942)<\/li>\n\n\n\n<li><a title=\"Blandine Kriegel\" href=\"https:\/\/es.wikipedia.org\/wiki\/Blandine_Kriegel\" target=\"_blank\" rel=\"noopener noreferrer\">Blandine Kriegel<\/a> (1943)<\/li>\n\n\n\n<li><a title=\"Barbara Cassin\" href=\"https:\/\/es.wikipedia.org\/wiki\/Barbara_Cassin\" target=\"_blank\" rel=\"noopener noreferrer\">Barbara Cassin<\/a> (1947)<\/li>\n\n\n\n<li><a title=\"Catherine Chalier\" href=\"https:\/\/es.wikipedia.org\/wiki\/Catherine_Chalier\" target=\"_blank\" rel=\"noopener noreferrer\">Catherine Chalier<\/a> (1947)<\/li>\n\n\n\n<li><a title=\"Mich\u00e8le Le D\u0153uff\" href=\"https:\/\/es.wikipedia.org\/wiki\/Mich%C3%A8le_Le_D%C5%93uff\" target=\"_blank\" rel=\"noopener noreferrer\">Mich\u00e8le Le D\u0153uff<\/a> (1948)<\/li>\n\n\n\n<li><a title=\"Ruth Hagengruber\" href=\"https:\/\/es.wikipedia.org\/wiki\/Ruth_Hagengruber\" target=\"_blank\" rel=\"noopener noreferrer\">Ruth Hagengruber<\/a> (1958)<\/li>\n\n\n\n<li><a title=\"Natalie Depraz\" href=\"https:\/\/es.wikipedia.org\/wiki\/Natalie_Depraz\" target=\"_blank\" rel=\"noopener noreferrer\">Natalie Depraz<\/a> (1964)<\/li>\n\n\n\n<li><a title=\"Tamar Gendler\" href=\"https:\/\/es.wikipedia.org\/wiki\/Tamar_Gendler\" target=\"_blank\" rel=\"noopener noreferrer\">Tamar Gendler<\/a> (1965)<\/li>\n\n\n\n<li><a title=\"Monique David-M\u00e9nard\" href=\"https:\/\/es.wikipedia.org\/wiki\/Monique_David-M%C3%A9nard\" target=\"_blank\" rel=\"noopener noreferrer\">Monique David-M\u00e9nard<\/a><\/li>\n\n\n\n<li><a title=\"Myriam Revault d&#039;Allonnes\" href=\"https:\/\/es.wikipedia.org\/wiki\/Myriam_Revault_d%27Allonnes\" target=\"_blank\" rel=\"noopener noreferrer\">Myriam Revault d\u2019Allonnes<\/a><\/li>\n<\/ol>\n\n\n\n<hr class=\"wp-block-separator has-alpha-channel-opacity\"\/>\n\n\n\n<h1 id=\"colaboran\" class=\"wp-block-heading\"><strong>&gt; Collaborate<\/strong><\/h1>\n\n\n\n<div class=\"wp-block-columns is-layout-flex wp-container-core-columns-is-layout-9d6595d7 wp-block-columns-is-layout-flex\">\n<div class=\"wp-block-column is-layout-flow wp-block-column-is-layout-flow\"><div class=\"wp-block-image\">\n<figure class=\"alignleft\"><img decoding=\"async\" width=\"300\" height=\"80\" src=\"\/wp-content\/uploads\/2018\/04\/logo-MLP-2018_transparente-300x80.png\" alt=\"\" class=\"wp-image-1033\" srcset=\"https:\/\/www.wikiesfera.org\/wp-content\/uploads\/2018\/04\/logo-MLP-2018_transparente-300x80.png 300w, https:\/\/www.wikiesfera.org\/wp-content\/uploads\/2018\/04\/logo-MLP-2018_transparente-768x205.png 768w, https:\/\/www.wikiesfera.org\/wp-content\/uploads\/2018\/04\/logo-MLP-2018_transparente-1024x273.png 1024w, https:\/\/www.wikiesfera.org\/wp-content\/uploads\/2018\/04\/logo-MLP-2018_transparente-150x40.png 150w, https:\/\/www.wikiesfera.org\/wp-content\/uploads\/2018\/04\/logo-MLP-2018_transparente-400x107.png 400w\" sizes=\"(max-width: 300px) 100vw, 300px\" \/><\/figure><\/div><\/div>\n\n\n\n<div class=\"wp-block-column is-layout-flow wp-block-column-is-layout-flow\"><div class=\"wp-block-image\">\n<figure class=\"alignleft\"><img decoding=\"async\" width=\"300\" height=\"64\" src=\"\/wp-content\/uploads\/2018\/04\/logo-oxfam-horizontal-300x64.png\" alt=\"\" class=\"wp-image-1035\" srcset=\"https:\/\/www.wikiesfera.org\/wp-content\/uploads\/2018\/04\/logo-oxfam-horizontal-300x64.png 300w, https:\/\/www.wikiesfera.org\/wp-content\/uploads\/2018\/04\/logo-oxfam-horizontal-150x32.png 150w, https:\/\/www.wikiesfera.org\/wp-content\/uploads\/2018\/04\/logo-oxfam-horizontal.png 317w\" sizes=\"(max-width: 300px) 100vw, 300px\" \/><\/figure><\/div><\/div>\n\n\n\n<div class=\"wp-block-column is-layout-flow wp-block-column-is-layout-flow\"><div class=\"wp-block-image\">\n<figure class=\"alignleft\"><img loading=\"lazy\" decoding=\"async\" width=\"300\" height=\"70\" src=\"\/wp-content\/uploads\/2018\/04\/Wikimedia_Foundation_logo_-_horizontal.svg_-300x70.png\" alt=\"\" class=\"wp-image-1036\" srcset=\"https:\/\/www.wikiesfera.org\/wp-content\/uploads\/2018\/04\/Wikimedia_Foundation_logo_-_horizontal.svg_-300x70.png 300w, https:\/\/www.wikiesfera.org\/wp-content\/uploads\/2018\/04\/Wikimedia_Foundation_logo_-_horizontal.svg_-768x179.png 768w, https:\/\/www.wikiesfera.org\/wp-content\/uploads\/2018\/04\/Wikimedia_Foundation_logo_-_horizontal.svg_-1024x238.png 1024w, https:\/\/www.wikiesfera.org\/wp-content\/uploads\/2018\/04\/Wikimedia_Foundation_logo_-_horizontal.svg_-150x35.png 150w, https:\/\/www.wikiesfera.org\/wp-content\/uploads\/2018\/04\/Wikimedia_Foundation_logo_-_horizontal.svg_-400x93.png 400w, https:\/\/www.wikiesfera.org\/wp-content\/uploads\/2018\/04\/Wikimedia_Foundation_logo_-_horizontal.svg_.png 2000w\" sizes=\"(max-width: 300px) 100vw, 300px\" \/><\/figure><\/div><\/div>\n\n\n\n<div class=\"wp-block-column is-layout-flow wp-block-column-is-layout-flow\"><\/div>\n<\/div>\n\n\n\n<p><\/p>","protected":false},"excerpt":{"rendered":"<p>&gt; Tem\u00e1tica El pasado s\u00e1bado 7 de julio,&nbsp;en el centro de cultura digital Medialab Prado de Madrid se dedic\u00f3 una editatona a las fil\u00f3sofas&nbsp;para hacer visible la ausencia de contenido relacionado con ellas en Wikipedia. Desde las 10:00 horas, participantes y organizadoras nos juntamos en la sala Alameda 1 del centro para hablar sobre la [&hellip;]<\/p>","protected":false},"author":1,"featured_media":4182,"comment_status":"closed","ping_status":"closed","template":"","format":"gallery","meta":{"_coblocks_attr":"","_coblocks_dimensions":"","_coblocks_responsive_height":"","_coblocks_accordion_ie_support":"","footnotes":""},"class_list":["post-1203","portfolio","type-portfolio","status-publish","format-gallery","has-post-thumbnail","hentry","portfolio_category-156","portfolio_category-editatonas","portfolio_category-genero","portfolio_category-medialab","portfolio-entry","span_1_of_4 col clr"],"_links":{"self":[{"href":"https:\/\/www.wikiesfera.org\/en\/wp-json\/wp\/v2\/portfolio\/1203","targetHints":{"allow":["GET"]}}],"collection":[{"href":"https:\/\/www.wikiesfera.org\/en\/wp-json\/wp\/v2\/portfolio"}],"about":[{"href":"https:\/\/www.wikiesfera.org\/en\/wp-json\/wp\/v2\/types\/portfolio"}],"author":[{"embeddable":true,"href":"https:\/\/www.wikiesfera.org\/en\/wp-json\/wp\/v2\/users\/1"}],"replies":[{"embeddable":true,"href":"https:\/\/www.wikiesfera.org\/en\/wp-json\/wp\/v2\/comments?post=1203"}],"version-history":[{"count":24,"href":"https:\/\/www.wikiesfera.org\/en\/wp-json\/wp\/v2\/portfolio\/1203\/revisions"}],"predecessor-version":[{"id":10579,"href":"https:\/\/www.wikiesfera.org\/en\/wp-json\/wp\/v2\/portfolio\/1203\/revisions\/10579"}],"wp:featuredmedia":[{"embeddable":true,"href":"https:\/\/www.wikiesfera.org\/en\/wp-json\/wp\/v2\/media\/4182"}],"wp:attachment":[{"href":"https:\/\/www.wikiesfera.org\/en\/wp-json\/wp\/v2\/media?parent=1203"}],"curies":[{"name":"wp","href":"https:\/\/api.w.org\/{rel}","templated":true}]}}